{"id":9001,"date":"2024-09-16T10:45:56","date_gmt":"2024-09-16T08:45:56","guid":{"rendered":"https:\/\/kastela.hr\/en\/?page_id=9001"},"modified":"2024-11-26T11:08:11","modified_gmt":"2024-11-26T10:08:11","slug":"gospodarstvo","status":"publish","type":"page","link":"https:\/\/kastela.hr\/en\/teme-za-gradane\/gospodarstvo\/","title":{"rendered":"Gospodarstvo"},"content":{"rendered":"\n<p>Prostor dana\u0161njeg Grada Ka\u0161tela posljednjih je desetlje\u0107a do\u017eivio zna\u010dajne promjene ekonomske strukture gospodarstva iz nekada\u0161njeg industrijskog grada u grad u kojem dominiraju trgova\u010dke i uslu\u017ene djelatnosti s naglaskom na razvoj turizma.<\/p>\n\n\n\n<p>Grad Ka\u0161tela se posljednjih nekoliko godina nalazi na samom vrhu gradova s najve\u0107im prirodnim prirastom te bilje\u017ei visoke brojke doseljenih stanovnika, \u010dime se profilirao kao jedan od najpo\u017eeljnijih gradova za \u017eivot. Geografska pozicija i karakteristike te prometna povezanost s gradovima u okolici, samo su neki od \u010dimbenika koji su imali veliki zna\u010daj u demografskom rastu, uz poticajne &nbsp;demografske mjere i kontinuirani infrastrukturni razvoj.<\/p>\n\n\n\n<h2 class=\"wp-block-heading\"><strong>PROGRAM POTICANJA RAZVOJA PODUZETNI\u0160TVA<\/strong><\/h2>\n\n\n\n<p>Dodjela namjenskih, bespovratnih nov\u010danih sredstava iz Prora\u010duna Grada Ka\u0161tela kao mjera poticanja razvoja poduzetni\u0161tva na podru\u010dju Grada Ka\u0161tela. Korisnici ovog Javnog poziva su tvrtke, obrti te ostali subjekti kategorizirani sukladno Zakonu o poticanju razvoja malog gospodarstva (\u201eNarodne novine\u201c br. 29\/02, 63\/07, 53\/12, 56\/13, 121\/16) koji se svrstavaju u mikro i male subjekte malog gospodarstva sa sjedi\u0161tem i koji obavljaju gospodarsku djelatnost na podru\u010dju Grada Ka\u0161tela, osim trgova\u010dkih dru\u0161tava i ustanova u kojima Grad Ka\u0161tela, druga jedinica lokalne (regionalne) samouprave ili Republika Hrvatska ima vlasni\u010dki udjel u temeljnom kapitalu.<\/p>\n\n\n\n<p>Grad Ka\u0161tela dodjeljuje nepovratne potpore poduzetnicima. Pravo na potporu imaju i trgova\u010dka dru\u0161tva te obrti koji su upisani u registar Trgova\u010dkog suda i Obrtni registar. Cjelokupno ulaganje mora se provesti na podru\u010dju Grada Ka\u0161tela.<\/p>\n\n\n\n<p>Javni poziv za podno\u0161enje prijava za dodjelu nepovratnih potpora iz Programa mjera poticanja razvoja<\/p>\n\n\n\n<p>poduzetni\u0161tva na podru\u010dju Grada Ka\u0161tela se raspisuje jednom godi\u0161nje.<\/p>\n\n\n\n<h2 class=\"wp-block-heading\"><strong>PROGRAM POTOPORE POLJOPRIVREDI<\/strong><\/h2>\n\n\n\n<p>Pravna osnova za dono\u0161enje Programa potpore poljoprivredi je Zakon o poljoprivredi (\u201eNarodne novine\u201c, broj 118\/1\/, 42\/20, 127\/20, 52\/51 i 152\/22) i Zakon o dr\u017eavnim potporama (\u201eNarodne novine\u201c broj 47\/14 i 69\/17). Program ispunjava sve uvjete iz Uredbe Komisije (EU) br.148\/20123 od 18.prosinca 2013. o primjeni \u010dlanka 107. i 108. Ugovora o funkcioniranju Europske unije na potporu de minimis u poljoprivrednom sektoru (SL L 352, 24. prosinac 2013.) i Uredbe Komisije (EU) 2016\/316 od 21. velja\u010de 2019. o izmjeni Uredbe (EU) br. 1408\/2013 o primjeni \u010dlanka 107. i 108. Ugovora o funkcioniranju Europske unije na potpore de minimis u poljoprivrednom sektoru (SL L 51 1,22. velja\u010de 2019.)<\/p>\n\n\n\n<p>Korisnici programa su primarni poljoprivredni proizvo\u0111a\u010di koji zadovoljavaju i druge uvjete propisane Programom.<\/p>\n\n\n\n<p>Dodjela potpora provodi se kroz mjere i aktivnosti:<\/p>\n\n\n\n<p>Mjera 1. Sufinanciranje nabave sadnog materijala za trajne nasade<\/p>\n\n\n\n<p>Mjera2. Ulaganje u materijalnu ili nematerijalnu imovinu na poljoprivrednim gospodarstvima, povezanu s primarnom poljoprivrednom proizvodnjom u sektoru vinogradarstva, vinarstva, vo\u0107arstva, povrtlarstva, cvje\u0107arstva, ljekovitog i za\u010dinskog bila.<\/p>\n\n\n\n<p>2.1. Ulaganje u plastenike, staklenike i protugradne mre\u017ee<\/p>\n\n\n\n<p>2.2. Nabavka i odr\u017eavanje mehanizacije i opreme<\/p>\n\n\n\n<p>2.3. Ulaganje u sustave navodnjavanja<\/p>\n\n\n\n<p>2.4. Ulaganje u pripremu poljoprivrednog zemlji\u0161ta<\/p>\n\n\n\n<h2 class=\"wp-block-heading\"><strong>RAZVOJNA AGENCIJA GRADA KA\u0160TELA &#8211; KASTELARA<\/strong><\/h2>\n\n\n\n<p>Razvojna agencija Grada Ka\u0161tela \u2013 KASTELARA \u2013 je poduzetni\u010dka potporna institucija, osnovana 2018. godine, u sklopu projekta \u201eRazvoj poduzetni\u010dke potporne institucije Grada Ka\u0161tela\u201c (KK.03.1.2.10.0011).<\/p>\n\n\n\n<p>Razvojna agencija je usmjerena na razvoj novih usluga i ja\u010danje kapaciteta poduzetni\u0161tva na podru\u010dju Grada Ka\u0161tela, \u010dime se \u017eeli doprinijeti stvaranju poticajnog okru\u017eenja za razvoj poslovanja postoje\u0107ih te poticanju pokretanja novih malih i srednjih poduze\u0107a. Aktivnosti Razvojne agencije Grada Ka\u0161tela baziraju se na valorizaciji lokalnih resursa i iskori\u0161tavanju postoje\u0107ih razvojnih potencijala, intenzivnom povezivanju s kulturnom ba\u0161tinom, kreativnim industrijama uz primjenu kreativnih rje\u0161enja i inovacija u sektorima turizma, poljoprivrede i poduzetni\u0161tva, kao va\u017enim razvojnim resursima ovog podru\u010dja.<\/p>\n\n\n\n<p>Cilj osnivanja: pru\u017eanje stru\u010dne i tehni\u010dke pomo\u0107i pri poticanju gospodarstva, turizma, poljoprivrede i organizacija civilnog dru\u0161tva u Gradu Ka\u0161tela, osmi\u0161ljavanje i provo\u0111enje programa razvoja poduzetni\u010dke infrastrukture Grada Ka\u0161tela, poticanje razvoja malog i srednjeg poduzetni\u0161tva, promocija gospodarstva i turizma Grada Ka\u0161tela, poticanje pripreme razvojnih projekata na podru\u010dju jedinice lokalne samouprave, sudjelovanje u izradi razvojnih projekata te pomo\u0107 Gradu Ka\u0161tela u pripremi projekata u skladu sa \u017eupanijskim i nacionalnim razvojnim strategijama.<\/p>\n\n\n\n<p>Misija: kreiranje i provedba mjera za razvoj poduzetni\u0161tva s ciljem podizanja konkurentnosti gospodarstva Grada Ka\u0161tela<\/p>\n\n\n\n<p>Usluge Razvojne agencije Grada Ka\u0161tela su namijenjene svim gra\u0111anima i poduzetnicima s podru\u010dja Ka\u0161tela, kroz individualna savjetovanja, radionice i informiranja o dostupnim javnim pozivima i natje\u010dajima kao i asistencija kod prijava na iste:<\/p>\n\n\n\n<ul class=\"wp-block-list\">\n<li>HZZ Potpore za samozapo\u0161ljavanje \u2013 provjerit s Marijanom<\/li>\n\n\n\n<li>Otvaranje obrta<\/li>\n\n\n\n<li>Potpore poduzetnicima<\/li>\n\n\n\n<li>FZOEU &#8211; Javni poziv za energetsku obnovu obiteljskih ku\u0107a (ugradnja solarnih sustava, energetska obnova fasada obiteljskih ku\u0107a te ugradnja dizalica topline)<\/li>\n\n\n\n<li>Programi za poticanje poduzetni\u0161tva Splitsko-dalmatinske \u017eupanije<\/li>\n\n\n\n<li>Natje\u010daji Ministarstva turizma i sporta<\/li>\n<\/ul>\n\n\n\n<p>Vi\u0161e o agenciji na <a href=\"http:\/\/www.kastelara.hr\" target=\"_blank\" rel=\"noreferrer noopener\">www.kastelara.hr<\/a><\/p>\n\n\n\n<h2 class=\"wp-block-heading\">Korisni linkovi<\/h2>\n\n\n<div class=\"prilozeni_linkovi\"><ul class='no-ul'><li><a href=\"https:\/\/mingo.gov.hr\/\" target=\"_blank\"><img decoding=\"async\" src=\"https:\/\/kastela.hr\/en\/wp-content\/themes\/kastela\/img\/file-icons\/link.png\" alt=\"\" style=\"width:16px; height:16px; margin-right: 5px;\">Ministarstvo gospodarstva<\/a><\/li>\n\n<li><a href=\"https:\/\/mint.gov.hr\/\" target=\"_blank\"><img decoding=\"async\" src=\"https:\/\/kastela.hr\/en\/wp-content\/themes\/kastela\/img\/file-icons\/link.png\" alt=\"\" style=\"width:16px; height:16px; margin-right: 5px;\">Ministarstvo turizma i sporta<\/a><\/li>\n\n<li><a href=\"https:\/\/poljoprivreda.gov.hr\/\" target=\"_blank\"><img decoding=\"async\" src=\"https:\/\/kastela.hr\/en\/wp-content\/themes\/kastela\/img\/file-icons\/link.png\" alt=\"\" style=\"width:16px; height:16px; margin-right: 5px;\">Ministarstvo poljoprivrede, \u0161umarstva i ribarstva<\/a><\/li>\n\n<li><a href=\"https:\/\/razvoj.gov.hr\/\" target=\"_blank\"><img decoding=\"async\" src=\"https:\/\/kastela.hr\/en\/wp-content\/themes\/kastela\/img\/file-icons\/link.png\" alt=\"\" style=\"width:16px; height:16px; margin-right: 5px;\">Ministarstvo regionalnoga razvoja i fondova Europske unije<\/a><\/li>\n\n<li><a href=\"https:\/\/hamagbicro.hr\/\" target=\"_blank\"><img decoding=\"async\" src=\"https:\/\/kastela.hr\/en\/wp-content\/themes\/kastela\/img\/file-icons\/link.png\" alt=\"\" style=\"width:16px; height:16px; margin-right: 5px;\">HAMAG BICRO \u2013 Hrvatska agencija za malo gospodarstvo<\/a><\/li>\n\n<li><a href=\"https:\/\/www.hgk.hr\/\" target=\"_blank\"><img decoding=\"async\" src=\"https:\/\/kastela.hr\/en\/wp-content\/themes\/kastela\/img\/file-icons\/link.png\" alt=\"\" style=\"width:16px; height:16px; margin-right: 5px;\">Hrvatska gospodarska komora<\/a><\/li>\n\n<li><a href=\"https:\/\/www.hok.hr\/\" target=\"_blank\"><img decoding=\"async\" src=\"https:\/\/kastela.hr\/en\/wp-content\/themes\/kastela\/img\/file-icons\/link.png\" alt=\"\" style=\"width:16px; height:16px; margin-right: 5px;\">Hrvatska obrtni\u010dka komora<\/a><\/li>\n\n<li><a href=\"https:\/\/www.hup.hr\/\" target=\"_blank\"><img decoding=\"async\" src=\"https:\/\/kastela.hr\/en\/wp-content\/themes\/kastela\/img\/file-icons\/link.png\" alt=\"\" style=\"width:16px; height:16px; margin-right: 5px;\">Hrvatska udruga poslodavaca<\/a><\/li>\n\n<li><a href=\"https:\/\/www.kastela-info.hr\/\" target=\"_blank\"><img decoding=\"async\" src=\"https:\/\/kastela.hr\/en\/wp-content\/themes\/kastela\/img\/file-icons\/link.png\" alt=\"\" style=\"width:16px; height:16px; margin-right: 5px;\">Turisti\u010dka zajednica Grada Ka\u0161tela<\/a><\/li>\n\n<li><a href=\"https:\/\/www.hbor.hr\/\" target=\"_blank\"><img decoding=\"async\" src=\"https:\/\/kastela.hr\/en\/wp-content\/themes\/kastela\/img\/file-icons\/link.png\" alt=\"\" style=\"width:16px; height:16px; margin-right: 5px;\">Hrvatska banka za obnovu i razvitak<\/a><\/li>\n\n<li><a href=\"https:\/\/www.dalmacija.hr\/natjecaji\" target=\"_blank\"><img decoding=\"async\" src=\"https:\/\/kastela.hr\/en\/wp-content\/themes\/kastela\/img\/file-icons\/link.png\" alt=\"\" style=\"width:16px; height:16px; margin-right: 5px;\">Splitsko-dalmatinska \u017eupanija (za dodjelu potpora poduzetnicima i poljoprivrednicima)<\/a><\/li>\n\n<li><a href=\"https:\/\/mjere.hzz.hr\/mjere\/potpore-za-samozaposljavanje-2024\/\" target=\"_blank\"><img decoding=\"async\" src=\"https:\/\/kastela.hr\/en\/wp-content\/themes\/kastela\/img\/file-icons\/link.png\" alt=\"\" style=\"width:16px; height:16px; margin-right: 5px;\">Hrvatski zavod za zapo\u0161ljavanje (poticaji za samozapo\u0161aljavanje)<\/a><\/li>\n\n<\/ul><\/div>\n\n\n<h2 class=\"wp-block-heading\">Objave<\/h2>\n\n\n<div class=\"prilozeni_linkovi\"><ul class='no-ul'><li><a href=\"https:\/\/kastela.hr\/en\/obavijest\/javni-uvid-u-program-raspolaganja-poljoprivrednim-zemljistem-u-vlasnistvu-republike-hrvatske-za-grad-kastela\/\" target=\"_self\"><img decoding=\"async\" src=\"https:\/\/kastela.hr\/en\/wp-content\/themes\/kastela\/img\/file-icons\/link.png\" alt=\"\" style=\"width:16px; height:16px; margin-right: 5px;\">Javni uvid u Program raspolaganja poljoprivrednim zemlji\u0161tem u vlasni\u0161tvu Republike Hrvatske za Grad Ka\u0161tela<\/a><\/li>\n\n<\/ul><\/div>\n\n\n<h2 class=\"wp-block-heading\">Dokumenti<\/h2>\n\n\n<div class\"datoteke-mape-blok\"><ul class=\"glasnici-contain no-ul\"><li class=\"glasnik-container\"><div class=\"glasnik-title accordion inactive\"><div class=\"acc-icon\"><img decoding=\"async\" src=\"https:\/\/kastela.hr\/en\/wp-content\/themes\/kastela\/img\/folder.svg\" alt=\"close\" class=\"acc-close\"><img decoding=\"async\" src=\"https:\/\/kastela.hr\/en\/wp-content\/themes\/kastela\/img\/folder-open.svg\" alt=\"open\" class=\"acc-open\"><\/div>Popis imovine Grada Ka\u0161tela<\/div><ul class=\"glasnik-items acc-content\" style=\"display:none;\"><li><a href=\"https:\/\/kastela.hr\/en\/wp-content\/uploads\/datoteke\/dokumenti\/teme-za-gradane\/gospodarstvo\/popis-imovine-grada-kastela\/odluka-o-ustrojavanju-evidencije-komunalne-infrastrukture-grada-kastela.pdf\" target=\"_blank\"><img decoding=\"async\" src=\"https:\/\/kastela.hr\/en\/wp-content\/themes\/kastela\/img\/file-icons\/document-pdf.png\" alt=\"pdf icon\" style=\"width:16px; height:16px; margin-right: 5px;\">Odluka o ustrojavanju evidencije komunalne infrastrukture Grada Kas\u030ctela.pdf<\/a><\/li><li><a href=\"https:\/\/kastela.hr\/en\/wp-content\/uploads\/datoteke\/dokumenti\/teme-za-gradane\/gospodarstvo\/popis-imovine-grada-kastela\/kastel-sucurac.xlsx\" target=\"_blank\"><img decoding=\"async\" src=\"https:\/\/kastela.hr\/en\/wp-content\/themes\/kastela\/img\/file-icons\/document-excel.png\" alt=\"xlsx icon\" style=\"width:16px; height:16px; margin-right: 5px;\">Kas\u030ctel Suc\u0301urac.xlsx<\/a><\/li><li><a href=\"https:\/\/kastela.hr\/en\/wp-content\/uploads\/datoteke\/dokumenti\/teme-za-gradane\/gospodarstvo\/popis-imovine-grada-kastela\/kastel-gomilica.xlsx\" target=\"_blank\"><img decoding=\"async\" src=\"https:\/\/kastela.hr\/en\/wp-content\/themes\/kastela\/img\/file-icons\/document-excel.png\" alt=\"xlsx icon\" style=\"width:16px; height:16px; margin-right: 5px;\">Kas\u030ctel Gomilica.xlsx<\/a><\/li><li><a href=\"https:\/\/kastela.hr\/en\/wp-content\/uploads\/datoteke\/dokumenti\/teme-za-gradane\/gospodarstvo\/popis-imovine-grada-kastela\/kastel-kambelovac.xlsx\" target=\"_blank\"><img decoding=\"async\" src=\"https:\/\/kastela.hr\/en\/wp-content\/themes\/kastela\/img\/file-icons\/document-excel.png\" alt=\"xlsx icon\" style=\"width:16px; height:16px; margin-right: 5px;\">Kas\u030ctel Kambelovac.xlsx<\/a><\/li><li><a href=\"https:\/\/kastela.hr\/en\/wp-content\/uploads\/datoteke\/dokumenti\/teme-za-gradane\/gospodarstvo\/popis-imovine-grada-kastela\/kastel-luksic.xlsx\" target=\"_blank\"><img decoding=\"async\" src=\"https:\/\/kastela.hr\/en\/wp-content\/themes\/kastela\/img\/file-icons\/document-excel.png\" alt=\"xlsx icon\" style=\"width:16px; height:16px; margin-right: 5px;\">Kas\u030ctel Luks\u030cic\u0301.xlsx<\/a><\/li><li><a href=\"https:\/\/kastela.hr\/en\/wp-content\/uploads\/datoteke\/dokumenti\/teme-za-gradane\/gospodarstvo\/popis-imovine-grada-kastela\/kastel-stari.xlsx\" target=\"_blank\"><img decoding=\"async\" src=\"https:\/\/kastela.hr\/en\/wp-content\/themes\/kastela\/img\/file-icons\/document-excel.png\" alt=\"xlsx icon\" style=\"width:16px; height:16px; margin-right: 5px;\">Kas\u030ctel Stari.xlsx<\/a><\/li><li><a href=\"https:\/\/kastela.hr\/en\/wp-content\/uploads\/datoteke\/dokumenti\/teme-za-gradane\/gospodarstvo\/popis-imovine-grada-kastela\/kastel-novi.xlsx\" target=\"_blank\"><img decoding=\"async\" src=\"https:\/\/kastela.hr\/en\/wp-content\/themes\/kastela\/img\/file-icons\/document-excel.png\" alt=\"xlsx icon\" style=\"width:16px; height:16px; margin-right: 5px;\">Kas\u030ctel Novi.xlsx<\/a><\/li><li><a href=\"https:\/\/kastela.hr\/en\/wp-content\/uploads\/datoteke\/dokumenti\/teme-za-gradane\/gospodarstvo\/popis-imovine-grada-kastela\/kastel-stafilic.xlsx\" target=\"_blank\"><img decoding=\"async\" src=\"https:\/\/kastela.hr\/en\/wp-content\/themes\/kastela\/img\/file-icons\/document-excel.png\" alt=\"xlsx icon\" style=\"width:16px; height:16px; margin-right: 5px;\">Kas\u030ctel S\u030ctafilic\u0301.xlsx<\/a><\/li><li><a href=\"https:\/\/kastela.hr\/en\/wp-content\/uploads\/datoteke\/dokumenti\/teme-za-gradane\/gospodarstvo\/popis-imovine-grada-kastela\/javna-parkiralista.xlsx\" target=\"_blank\"><img decoding=\"async\" src=\"https:\/\/kastela.hr\/en\/wp-content\/themes\/kastela\/img\/file-icons\/document-excel.png\" alt=\"xlsx icon\" style=\"width:16px; height:16px; margin-right: 5px;\">JAVNA PARKIRALIS\u030cTA.xlsx<\/a><\/li><li><a href=\"https:\/\/kastela.hr\/en\/wp-content\/uploads\/datoteke\/dokumenti\/teme-za-gradane\/gospodarstvo\/popis-imovine-grada-kastela\/javna-rasvjeta.xlsx\" target=\"_blank\"><img decoding=\"async\" src=\"https:\/\/kastela.hr\/en\/wp-content\/themes\/kastela\/img\/file-icons\/document-excel.png\" alt=\"xlsx icon\" style=\"width:16px; height:16px; margin-right: 5px;\">JAVNA RASVJETA.xlsx<\/a><\/li><li><a href=\"https:\/\/kastela.hr\/en\/wp-content\/uploads\/datoteke\/dokumenti\/teme-za-gradane\/gospodarstvo\/popis-imovine-grada-kastela\/javne-prometne-povrsine-na-kojima-nije-dopusten-promet-motornim-vozilima.xlsx\" target=\"_blank\"><img decoding=\"async\" src=\"https:\/\/kastela.hr\/en\/wp-content\/themes\/kastela\/img\/file-icons\/document-excel.png\" alt=\"xlsx icon\" style=\"width:16px; height:16px; margin-right: 5px;\">JAVNE PROMETNE POVRS\u030cINE NA KOJIMA NIJE DOPUS\u030cTEN PROMET MOTORNIM VOZILIMA.xlsx<\/a><\/li><li><a href=\"https:\/\/kastela.hr\/en\/wp-content\/uploads\/datoteke\/dokumenti\/teme-za-gradane\/gospodarstvo\/popis-imovine-grada-kastela\/javne-zelene-povrsine.xlsx\" target=\"_blank\"><img decoding=\"async\" src=\"https:\/\/kastela.hr\/en\/wp-content\/themes\/kastela\/img\/file-icons\/document-excel.png\" alt=\"xlsx icon\" style=\"width:16px; height:16px; margin-right: 5px;\">JAVNE ZELENE POVRS\u030cINE.xlsx<\/a><\/li><li><a href=\"https:\/\/kastela.hr\/en\/wp-content\/uploads\/datoteke\/dokumenti\/teme-za-gradane\/gospodarstvo\/popis-imovine-grada-kastela\/gradevine-i-uredaji-javne-namjene.xlsx\" target=\"_blank\"><img decoding=\"async\" src=\"https:\/\/kastela.hr\/en\/wp-content\/themes\/kastela\/img\/file-icons\/document-excel.png\" alt=\"xlsx icon\" style=\"width:16px; height:16px; margin-right: 5px;\">GRA\u0110EVINE I URE\u0110AJI JAVNE NAMJENE.xlsx<\/a><\/li><li><a href=\"https:\/\/kastela.hr\/en\/wp-content\/uploads\/datoteke\/dokumenti\/teme-za-gradane\/gospodarstvo\/popis-imovine-grada-kastela\/groblja.xlsx\" target=\"_blank\"><img decoding=\"async\" src=\"https:\/\/kastela.hr\/en\/wp-content\/themes\/kastela\/img\/file-icons\/document-excel.png\" alt=\"xlsx icon\" style=\"width:16px; height:16px; margin-right: 5px;\">GROBLJA.xlsx<\/a><\/li><li><a href=\"https:\/\/kastela.hr\/en\/wp-content\/uploads\/datoteke\/dokumenti\/teme-za-gradane\/gospodarstvo\/popis-imovine-grada-kastela\/nerazvrstane-ceste.xlsx\" target=\"_blank\"><img decoding=\"async\" src=\"https:\/\/kastela.hr\/en\/wp-content\/themes\/kastela\/img\/file-icons\/document-excel.png\" alt=\"xlsx icon\" style=\"width:16px; height:16px; margin-right: 5px;\">NERAZVRSTANE CESTE.xlsx<\/a><\/li><\/ul><\/ul><\/div>\n\n<div class=\"prilozeni_linkovi\"><ul class='no-ul'><li><a href=\"https:\/\/kastela.hr\/en\/2018\/01\/30\/provedbeni-program-grada-kastela-2022-2025\/\" target=\"_self\"><img decoding=\"async\" src=\"https:\/\/kastela.hr\/en\/wp-content\/themes\/kastela\/img\/file-icons\/link.png\" alt=\"\" style=\"width:16px; height:16px; margin-right: 5px;\">Provedbeni program Grada Ka\u0161tela 2022. \u2013 2025.<\/a><\/li>\n\n<\/ul><\/div>","protected":false},"excerpt":{"rendered":"<p>Prostor dana\u0161njeg Grada Ka\u0161tela posljednjih je desetlje\u0107a do\u017eivio zna\u010dajne promjene ekonomske strukture gospodarstva iz nekada\u0161njeg industrijskog grada u grad u [&hellip;]<\/p>\n","protected":false},"author":1,"featured_media":0,"parent":8985,"menu_order":0,"comment_status":"closed","ping_status":"closed","template":"","meta":{"_acf_changed":false,"footnotes":""},"class_list":["post-9001","page","type-page","status-publish","hentry"],"acf":[],"_links":{"self":[{"href":"https:\/\/kastela.hr\/en\/wp-json\/wp\/v2\/pages\/9001","targetHints":{"allow":["GET"]}}],"collection":[{"href":"https:\/\/kastela.hr\/en\/wp-json\/wp\/v2\/pages"}],"about":[{"href":"https:\/\/kastela.hr\/en\/wp-json\/wp\/v2\/types\/page"}],"author":[{"embeddable":true,"href":"https:\/\/kastela.hr\/en\/wp-json\/wp\/v2\/users\/1"}],"replies":[{"embeddable":true,"href":"https:\/\/kastela.hr\/en\/wp-json\/wp\/v2\/comments?post=9001"}],"version-history":[{"count":9,"href":"https:\/\/kastela.hr\/en\/wp-json\/wp\/v2\/pages\/9001\/revisions"}],"predecessor-version":[{"id":13191,"href":"https:\/\/kastela.hr\/en\/wp-json\/wp\/v2\/pages\/9001\/revisions\/13191"}],"up":[{"embeddable":true,"href":"https:\/\/kastela.hr\/en\/wp-json\/wp\/v2\/pages\/8985"}],"wp:attachment":[{"href":"https:\/\/kastela.hr\/en\/wp-json\/wp\/v2\/media?parent=9001"}],"curies":[{"name":"wp","href":"https:\/\/api.w.org\/{rel}","templated":true}]}}