{"id":8991,"date":"2024-09-16T10:44:21","date_gmt":"2024-09-16T08:44:21","guid":{"rendered":"https:\/\/kastela.hr\/en\/?page_id=8991"},"modified":"2024-11-29T14:22:33","modified_gmt":"2024-11-29T13:22:33","slug":"odgoj-i-obrazovanje","status":"publish","type":"page","link":"https:\/\/kastela.hr\/en\/teme-za-gradane\/odgoj-i-obrazovanje\/","title":{"rendered":"Odgoj i obrazovanje"},"content":{"rendered":"\n<h2 class=\"wp-block-heading\">Pred\u0161kolski odgoj<\/h2>\n\n\n\n<p>Program pred\u0161kolskog odgoja i obrazovanja te skrbi o djeci pred\u0161kolske dobi u Gradu Ka\u0161tela ostvaruje se u ustanovi pred\u0161kolskog odgoja u vlasni\u0161tvu Grada Ka\u0161tela i u ustanovama u vlasni\u0161tvu fizi\u010dkih osoba i vjerskih zajednica budu\u0107i da je Grad iste utvrdio kao svoju javnu potrebu. Financira se sredstvima prora\u010duna Grada Ka\u0161tela te sudjelovanjem roditelja u cijeni programa pred\u0161kolskog odgoja u koji su uklju\u010dena njihova djeca.<\/p>\n\n\n\n<p>Osnovna uloga i cilj pred\u0161kolskog odgoja jest da pridonosi cjelovitom razvoju osobnosti djeteta, kvaliteti njegovog \u017eivota, koju ostvarujemo osiguravanjem uvjeta za zadovoljavanjem dje\u010djih potreba i o\u017eivotvorenje dje\u010djih prava u vrti\u0107u.<\/p>\n\n\n\n<p>Rad DV Ka\u0161tela ostvaruje se kroz razli\u010dite programe:<\/p>\n\n\n\n<ul class=\"wp-block-list\">\n<li><strong>redoviti programi <\/strong>njege, odgoja i obrazovanja, zdravstvene za\u0161tite, prehrane i socijalne skrbi o djeci rane i pred\u0161kolske dobi (od navr\u0161ene 1 godine \u017eivota do polaska u osnovnu \u0161kolu)<\/li>\n\n\n\n<li><strong>programi javnih potreba<\/strong><\/li>\n\n\n\n<li><strong>posebni programi<\/strong><\/li>\n\n\n\n<li><strong>kra\u0107i programi<\/strong><\/li>\n<\/ul>\n\n\n\n<p>Vi\u0161e o programima koji se provode u DV Ka\u0161tela mo\u017eete prona\u0107i na njihovim mre\u017enim stranicama u nastavku.<\/p>\n\n\n<div class=\"prilozeni_linkovi\"><ul class='no-ul'><li><a href=\"https:\/\/dv-kastela.hr\/programi\/\" target=\"_blank\"><img decoding=\"async\" src=\"https:\/\/kastela.hr\/en\/wp-content\/themes\/kastela\/img\/file-icons\/link.png\" alt=\"\" style=\"width:16px; height:16px; margin-right: 5px;\">Ka\u0161tela &#8211; Dje\u010dji vrti\u0107i<\/a><\/li>\n\n<\/ul><\/div>\n\n\n<p>&nbsp;<strong>&nbsp;&nbsp;&nbsp;&nbsp;&nbsp; &nbsp;&nbsp;&nbsp;&nbsp;&nbsp;&nbsp;&nbsp;&nbsp;POPIS GRADSKIH VRTI\u0106A<\/strong><\/p>\n\n\n\n<figure class=\"wp-block-table\"><table class=\"has-fixed-layout\"><tbody><tr><td>Grad Ka\u0161tela osniva\u010d je i vlasnik ustanove Dje\u010dji vrti\u0107 Ka\u0161tela koji se sastoji od 11 jedinica u kojima se provode razli\u010diti programi odgoja i obrazovanja djece rane i pred\u0161kolske dobi. &nbsp;<br><br><strong><a href=\"https:\/\/dv-kastela.hr\/jedinice\/maginja\/\" data-type=\"link\" data-id=\"https:\/\/dv-kastela.hr\/jedinice\/maginja\/\">DV MAGINJA<\/a><\/strong><br>Kneza Trpimira 8, 21212 Ka\u0161tel Su\u0107urac<br>Tel: +385 (0) 21 224 619<br><strong><a href=\"https:\/\/dv-kastela.hr\/jedinice\/neven\/\">DV NEVEN<\/a><\/strong><br>Obala kralja Tomislava 21, 21212 Ka\u0161tel Su\u0107urac Tel: +385 (0) 21 440 219 <br><strong><a href=\"https:\/\/dv-kastela.hr\/jedinice\/tamaris\/\">DV TAMARIS<\/a><\/strong> <br>Obala kralja Tomislava 51, 21213 Ka\u0161tel Gomilica Tel: +385 (0) 21 223 004<br><strong><a href=\"https:\/\/dv-kastela.hr\/jedinice\/mendula\/\">DV MENDULA<\/a><\/strong> <br>Obala kralja Tomislava BB, 21214 Ka\u0161tel Kambelovac Tel: +385 (0) 21 220 205<br><strong><a href=\"https:\/\/dv-kastela.hr\/jedinice\/smokvica\/\">DV SMOKVICA<\/a><\/strong> <br>Don Frane Bege 6, 21214 Ka\u0161tel Kambelovac <br>Tel: +385 (0) 21 220 622<br><strong><a href=\"https:\/\/dv-kastela.hr\/jedinice\/tratincica\/\">DV TRATIN\u010cICA<\/a><\/strong> <br>Franje Tu\u0111mana 383, 21214 Ka\u0161tel Kambelovac Tel: +385 (0) 21 220 026<br><strong><a href=\"https:\/\/dv-kastela.hr\/jedinice\/tresnjica\/\">DV TRE\u0160NJICA<\/a><\/strong> <br>Stipe Rodina 3, 21215 Ka\u0161tel Luk\u0161i\u0107 <br>Tel: +385 (0) 21 227 649<br><a href=\"https:\/\/dv-kastela.hr\/jedinice\/radun\/\"><strong>DV VI\u0160NJICA<\/strong> <\/a><br>Vele njive&nbsp;1, 21216 Ka\u0161tel Stari <br>Tel: +385 (0) 21 881 002<br><a href=\"https:\/\/dv-kastela.hr\/jedinice\/zizula\/\"><strong>DV \u017dI\u017dULA<\/strong> <\/a><br>Ulica Birnja 13, 21216 Ka\u0161tel Stari <br>Tel: +385 (0) 21 230 242<br><strong><a href=\"https:\/\/dv-kastela.hr\/jedinice\/rudine\/\">DV MURTILICA<\/a><\/strong> <br>Put mira&nbsp;29,&nbsp;21216 Ka\u0161tel Novi <br>Tel: +385 (0) 21 238 550<br><strong><a href=\"https:\/\/dv-kastela.hr\/jedinice\/maslina\/\">DV MASLINA<\/a><\/strong> <br>Lucijin put 36, 21217 Ka\u0161tel \u0160tafili\u0107&nbsp; <br>Tel: +385 (0) 21 &nbsp;235-275 &nbsp;<\/td><td><strong>DJE\u010cJI VRTI\u0106 KA\u0160TELA<\/strong> <br>Ulica Birnja 13, 21216 Ka\u0161tel Stari <br><br>web: <a href=\"https:\/\/dv-kastela.hr\/\">https:\/\/dv-kastela.hr\/<\/a> <br><strong>e-mail:<\/strong>&nbsp;<a href=\"mailto:vrtic.kastel@inet.hr\">vrtic.kastel@inet.hr<\/a> <br><br><strong>tel:<\/strong>&nbsp;+385 (0) 21 224 739 <br><br>Ravnateljica: Ivanka Vu\u010dica &nbsp; &nbsp;<\/td><\/tr><\/tbody><\/table><\/figure>\n\n\n\n<hr class=\"wp-block-separator has-alpha-channel-opacity\"\/>\n\n\n\n<p><a id=\"_msocom_1\"><\/a><\/p>\n\n\n\n<p>&nbsp;&nbsp;&nbsp;&nbsp;&nbsp;&nbsp; &nbsp;&nbsp;&nbsp;&nbsp;<strong>&nbsp;&nbsp;&nbsp;&nbsp;&nbsp;UPISI DJECE U GRADSKI VRTI\u0106<\/strong><\/p>\n\n\n\n<figure class=\"wp-block-table\"><table class=\"has-fixed-layout\"><tbody><tr><td>DV Ka\u0161tela svake godine raspisuju natje\u010daj za upis djece u dje\u010dji vrti\u0107. Na mre\u017enim stranicama vrti\u0107a te objektima vrti\u0107a objavljuju se <strong>Obavijest o slobodnim mjestima<\/strong> te <strong>Oglas o upisu<\/strong>. &nbsp;Upisi se u pravilu provode tijekom svibnja elektronskim putem. U oglasu su navedene sve upute o upisu za svaku pedago\u0161ku godinu. <br><br>Red prvenstva pri upisu utvr\u0111en je <a>Odlukom o na\u010dinu ostvarivanja prednosti pri upisu djece u Dje\u010dji vrti\u0107 Ka\u0161tela<\/a>, dok se cjelokupni postupak upisa provodi sukladno <a>Pravilniku o upisima i mjerilima djece u dje\u010dje vrti\u0107e i jaslice, te o pravima i obvezama roditelja ili skrbnika djece<\/a>. Pomo\u0107 u smje\u0161taju djece u vrti\u0107e i jaslice osigurava se sukladno <a>Odluci za utvr\u0111ivanje visine, na\u010dinu i uvjetima pla\u0107anja u\u010de\u0161\u0107a roditelja u cijeni programa dje\u010djih vrti\u0107a i jaslica.<\/a>&nbsp;<\/td><\/tr><\/tbody><\/table><\/figure>\n\n\n\n<hr class=\"wp-block-separator has-alpha-channel-opacity\"\/>\n\n\n\n<p><strong>VRTI\u0106I DRUGIH OSNIVA\u010cA, VJERSKI VRTI\u0106I I OBRTI ZA \u010cUVANJE DJECE<\/strong><\/p>\n\n\n\n<p>Dje\u010dji vrti\u0107i drugih osniva\u010da, vjerski vrti\u0107i te obrti za \u010duvanje djece samostalno utvr\u0111uju svoju ekonomsku cijenu, kao i kriterije i visinu sudjelovanja roditelja u cijeni njihovih programa. Grad Ka\u0161tela na podru\u010dju Ka\u0161tela sufinancira dje\u010dji vrti\u0107 \u010carobni pianino i Sunce moje malo, vjerske vrti\u0107e Blagovijest, Jordanovac i Mali Isus, te obrt za \u010duvanje djece Obla\u010di\u0107. <\/p>\n\n\n\n<p>Grad Ka\u0161tela sufinancira pred\u0161kolsku djelatnost u dje\u010djim vrti\u0107ima drugih osniva\u010da i obrta za \u010duvanje djece samo ukoliko roditelji (ili samo jedan od roditelja) zajedno s djetetom imaju prebivali\u0161te ili boravi\u0161te na podru\u010dju Grada Ka\u0161tela, te ukoliko su roditelji u radnom odnosu. Za djecu koja s roditeljima imaju prebivali\u0161te ili boravi\u0161te na podru\u010dju Grada Ka\u0161tela te su djeca zaposlenih roditelja, a upisana su u dje\u010dji vrti\u0107 drugih osniva\u010da i obrta za \u010duvanje djece sredstva za njihov boravak osiguravaju se u prora\u010dunu Odjela za dru\u0161tvene djelatnosti i zajedni\u010dke poslove.<\/p>\n\n\n\n<p>Ukoliko su zadovoljene potrebe za upisom djece koja s roditeljima imaju prebivali\u0161te ili boravi\u0161te na podru\u010dju Grada Ka\u0161tela te su roditelji zaposleni, a u odgojno-obrazovnim skupinama je ostalo raspolo\u017eivih mjesta, utoliko pravo upisa imaju i djeca koja nemaju prebivali\u0161te ili boravi\u0161te na podru\u010dju Grada Ka\u0161tela ili roditelji nisu zaposleni, ali po posebnim uvjetima koje roditelj dogovara s Dje\u010djim vrti\u0107em ili Obrtom za \u010duvanje djece. Za roditelje djece koja su upisana u dje\u010dji vrti\u0107, a koja zadovoljavaju jedan od socijalnih uvjeta<a href=\"https:\/\/www.rijeka.hr\/teme-za-gradane\/obitelj-i-drustvena-skrb\/socijalna-skrb\/naknade-mjesecnih-troskova-novcane-pomoci\/naknade-troskova\/podmirenje-troskova-boravka-jaslicamavrticima\/\"><strong>,<\/strong><\/a>&nbsp;sredstva za njihov boravak osiguravaju se u prora\u010dunu Upravnog odjela za dru\u0161tvene djelatnosti i zajedni\u010dke poslove.<\/p>\n\n\n\n<p><strong>Popis privatnih vrti\u0107a, vjerskih vrti\u0107a i obrta za \u010duvanje djece<\/strong><\/p>\n\n\n\n<figure class=\"wp-block-table\"><table class=\"has-fixed-layout\"><tbody><tr><td><strong>KA\u0160TEL GOMILICA \u2013 DONJA <\/strong><br>Fra Fulgencija Careva 1, 21213 Ka\u0161tel Gomilica mob: 091\/395-6752 <br>e-mail: <a href=\"mailto:gomilica.carobnipianino@gmail.com\">gomilica.carobnipianino@gmail.com<\/a> &nbsp; <strong>KA\u0160TEL GOMILICA \u2013 GORNJA <\/strong><br>Milinkova 24, 21213 Ka\u0161tel Gomilica <br>mob: 095\/395-6767 e-mail: <a href=\"mailto:gomilica2.carobnipianino@gmail.com\">gomilica2.carobnipianino@gmail.com<\/a> &nbsp; <br><strong>KA\u0160TEL LUK\u0160I\u0106 <\/strong><br>Hradec Kralove 4, 21215 Ka\u0161tel Luk\u0161i\u0107 <br>mob (jaslice): 095\/395-6768 <br>mob (vrti\u0107): 091\/395-6757 <br>e-mail: <a href=\"mailto:luksic.carobnipianino@gmail.com\">luksic.carobnipianino@gmail.com<\/a> &nbsp; <br><strong>KA\u0160TEL STARI<\/strong><br>Grgura Ninskog 12, 21216 Ka\u0161tel Stari <br>mob: 091\/395-6748 <br>e-mail: <a href=\"mailto:stari.carobnipianino@gmail.com\">stari.carobnipianino@gmail.com<\/a> &nbsp; <br><strong>RESNIK <\/strong><br>Njiva sv. Petra 12, 21217 <br>mob: 091\/395-6758 <br>e-mail: <a href=\"mailto:resnik@carobnipianino@gmail.com\">resnik@carobnipianino@gmail.com<\/a><\/td><td><strong>DJE\u010cJI VRTI\u0106 \u010cAROBNI PIANINO<\/strong><br>Terzi\u0107eva 9, 21000 Split <br><br>web: <a href=\"https:\/\/www.carobni-pianino.hr\/\">https:\/\/www.carobni-pianino.hr\/<\/a> <br><strong>e-mail:<\/strong>&nbsp;<a href=\"mailto:carobni.pianino@gmail.com\">carobni.pianino@gmail.com<\/a>,&nbsp;&nbsp;&nbsp; &nbsp;&nbsp;&nbsp;&nbsp; <br>            <a href=\"mailto:ravnateljicacp@gmail.com\">ravnateljicacp@gmail.com<\/a><br><br>Ravnateljica: Virna Mudni\u0107 &nbsp;<\/td><\/tr><\/tbody><\/table><\/figure>\n\n\n\n<figure class=\"wp-block-table\"><table class=\"has-fixed-layout\"><tbody><tr><td><strong>DJE\u010cJI VRTI\u0106 SUNCE MOJE MALO <\/strong><br>Kroz blata 6, 21212 Ka\u0161tel Su\u0107urac <br>web: <a href=\"http:\/\/www.djeciji-vrtic-sunce-moje-malo.hr\/\">http:\/\/www.djeciji-vrtic-sunce-moje-malo.hr\/<\/a> <br>tel: +385 (0) 21 224-635 &nbsp;&nbsp;+385 (0) 21 586-403 <br>mob: &nbsp;<a href=\"tel:00385915839962\">+385 091 583 99 62<\/a> <br><strong>e-mail:<\/strong>&nbsp;<a href=\"mailto:suncemojemal@gmail.com\">suncemojemal@gmail.com<\/a> &nbsp; <br>Vlasnica: Ivana Radi\u0107 <\/td><\/tr><\/tbody><\/table><\/figure>\n\n\n\n<figure class=\"wp-block-table\"><table class=\"has-fixed-layout\"><tbody><tr><td><strong>DJE\u010cJI VRTI\u0106 BLAGOVIJEST<\/strong> <br>Bana Jela\u010di\u0107a 55, 21216 Ka\u0161tel Stari <br>web: <a href=\"https:\/\/dv-blagovijest.hr\/wp\/\">https:\/\/dv-blagovijest.hr\/wp\/<\/a> <br>mob (vrti\u0107): +385 095 488 87 77 <br>mob (ravnateljica):&nbsp; +385 098 975 90 27 <br>e-mail: <a href=\"mailto:blagovijest@gmail.com\">blagovijest@gmail.com<\/a> &nbsp; &nbsp; <br><strong>DJE\u010cJI VRTI\u0106 JORDANOVAC<\/strong> <br>Uz sv. Ivana 8, 21215 Ka\u0161tel Luk\u0161i\u0107 <br>web: <a href=\"https:\/\/dv-jordanovac.hr\/\">https:\/\/dv-jordanovac.hr\/<\/a> <br>tel: +385 (0)21 49 46 58 <br>e-mail: <a href=\"mailto:djvrticjordanovac@optinet.hr\">djvrticjordanovac@optinet.hr<\/a> <br>Voditeljica vrti\u0107a: sestra Kruna Plazoni\u0107 &nbsp; &nbsp; <br><strong>DJE\u010cJI VRTI\u0106 MALI ISUS<\/strong> <br>Don Klementa Tadina 17, 21214 Ka\u0161tel Kambelovac <br>web: <a href=\"http:\/\/dvmi.hr\/\">http:\/\/dvmi.hr\/<\/a> <br>tel: +385 (0) 21 262&nbsp;152 <br>e-mail: <a href=\"mailto:info@dvmi.hr\">info@dvmi.hr<\/a> <br>Ravnateljica: sestra Martina Grmoja<\/td><\/tr><\/tbody><\/table><\/figure>\n\n\n\n<figure class=\"wp-block-table\"><table class=\"has-fixed-layout\"><tbody><tr><td><strong>OBRT ZA \u010cUVANJE DJECE OBLA\u010cI\u0106<\/strong> <br>Cesta dr. Franje Tu\u0111mana 697, 21216 Ka\u0161tel Stari &nbsp; <br>mob: e-mail: <a href=\"mailto:ivana12111991@gmail.com\">ivana12111991@gmail.com<\/a> <br>Vlasnica: Ivana Baku\u0161i\u0107<\/td><\/tr><\/tbody><\/table><\/figure>\n\n\n\n<p>&nbsp;&nbsp;&nbsp;&nbsp;&nbsp;&nbsp;&nbsp;&nbsp;&nbsp;&nbsp;&nbsp;&nbsp;&nbsp;&nbsp;<strong>&nbsp; Upis djece u privatne vrti\u0107e, vjerske vrti\u0107e i obrt za \u010duvanje djece<\/strong><\/p>\n\n\n\n<figure class=\"wp-block-table\"><table class=\"has-fixed-layout\"><tbody><tr><td>Upisi u vrti\u0107e\/jaslice drugih osniva\u010da te vjerske vrti\u0107e uskla\u0111eni su s upisima u DV Ka\u0161tela. Upisi u vrti\u0107e\/jaslice drugih osniva\u010da iznimno se mogu obavljati i tijekom cijele pedago\u0161ke godine sukladno raspolo\u017eivim kapacitetima vrti\u0107a\/jaslica. Sve informacije o upisima u privatne dje\u010dje vrti\u0107e, vjerske vrti\u0107e i obrt za \u010duvanje djece mo\u017eete prona\u0107i na njihovim mre\u017enim stranicama ili na njihove kontakt brojeve. &nbsp; <\/td><\/tr><\/tbody><\/table><\/figure>\n\n\n\n<p><strong>PROGRAM PRED\u0160KOLE<\/strong><\/p>\n\n\n\n<figure class=\"wp-block-table\"><table class=\"has-fixed-layout\"><tbody><tr><td>Program pred\u0161kole je obvezan za svu djecu u godini dana prije polaska u osnovnu \u0161kolu i besplatan je za svu djecu roditelja s prebivali\u0161tem na podru\u010dju grada Ka\u0161tela. <br>Cilj programa je osigurati okru\u017eje u kojem \u0107e djeca maksimalno razviti svoje potencijale, zadovoljiti svoje aktualne interese i time ste\u0107i znanja, vje\u0161tine i navike koje \u0107e im omogu\u0107iti uspje\u0161nu prilagodbu novim uvjetima \u017eivota, rasta i razvoja koje ih o\u010dekuju u \u0161koli. Programom pred\u0161kole \u017eeli se utjecati na cjeloviti razvoj djeteta te ga kvalitetno pripremiti za polazak u \u0161kolu. <br>Programi pred\u0161kole se provode u DV Ka\u0161tela, te u vrti\u0107ima drugih osniva\u010da i vjerskih vrti\u0107a. &nbsp; <\/td><\/tr><\/tbody><\/table><\/figure>\n\n\n\n<p><strong>PRED\u0160KOLSKI ODGOJ ZA DJECU S TE\u0160KO\u0106AMA U RAZVOJU<\/strong><\/p>\n\n\n\n<figure class=\"wp-block-table\"><table class=\"has-fixed-layout\"><tbody><tr><td>S ciljem da se zadovolje posebne potrebe djece te da se potakne maksimalni razvoja njihovih sposobnosti i vje\u0161tina, Grad Ka\u0161tela u suradnji s udrugom Na\u0161a dica kontinuirano radi na uklju\u010divanju djece s te\u0161ko\u0107ama u razvoju u vrti\u0107ke skupine. Programi za djecu s te\u0161ko\u0107ama u razvoju trenutno se realiziraju u DV Ka\u0161tela i DV \u010carobni pianino kroz integraciju djece u redovite skupine uz podr\u0161ku osobnih asistenata koji su osposobljeni za rad s djecom s te\u0161ko\u0107ama. Sva djeca s te\u0161ko\u0107ama u razvoju koja su u dje\u010djim vrti\u0107ima oslobo\u0111eni su pla\u0107anja vrti\u0107a,&nbsp; a sredstva za njihov boravak osiguravaju se u prora\u010dunu Upravnog odjela za dru\u0161tvene djelatnosti i zajedni\u010dke poslove. Vi\u0161e informacija o uklju\u010divanju djece s te\u0161ko\u0107ama u razvoju mo\u017eete dobiti direktno kod navedenih vrti\u0107a.<br>Uklju\u010divanje djece s te\u0161ko\u0107ama u redovite skupine, zajedno s djecom urednog razvoja, tzv. inkluzija, izuzetno je va\u017ena za dijete s te\u0161ko\u0107om. Dijete ima priliku za u\u010destalo dru\u017eenje s vr\u0161njacima i realizaciju va\u017enih socijalnih interakcija.&nbsp; Kroz igru i do\u017eivljaj uspjeha u igri ono osna\u017euje&nbsp;vlastite potencijale,&nbsp;ostvaruje&nbsp;osobni rast i kompenzaciju za ona podru\u010dja u kojima ima odre\u0111enih te\u0161ko\u0107a. Sukladno svojim mogu\u0107nostima i interesima dijete ima priliku upustiti se u slo\u017eenije dru\u0161tvene odnose i razli\u010dite pedago\u0161ke aktivnosti mu pru\u017eaju idealan prostor za u\u010dvr\u0161\u0107ivanje samopouzdanja, razvoj pozitivne slike o sebi i sveukupnu osobnu afirmaciju. Inkluzija djeteta s razvojnim te\u0161ko\u0107ama u redovitu odgojnu skupinu&nbsp;kod&nbsp;roditelja razvija osje\u0107aj kako je njihovo dijete jednako svoj drugoj djeci (premda ima odre\u0111enih razvojnih specifi\u010dnosti).&nbsp;Roditelji stje\u010du uvjerenje kako dijete dobiva iste mogu\u0107nosti za razvoj i napredovanje kao i ostala djeca te dobivaju priliku realnije procijeniti djetetov razvojni potencijal (u odnosu na djecu bez razvojnih te\u0161ko\u0107a). Djeca iz odgojno-obrazovne skupine u koju je uklju\u010deno dijete s te\u0161ko\u0107ama razvijaju senzibilizaciju za uo\u010davanje i po\u0161tivanje razli\u010ditosti, \u0161to ima direktni pozitivni u\u010dinak na razvoj socijalne kompetencije.&nbsp;Ona tako\u0111er razvijaju empati\u010dnost, razumijevanje, shva\u0107anje i prihva\u0107anje te\u0161ko\u0107a te istovremeno razvijaju samopo\u0161tovanje, osje\u0107aj ponosa i osobne odgovornosti zbog me\u0111usobnog pomaganja i suradnje. Prisustvo djeteta s te\u0161ko\u0107ama u razvoju oboga\u0107uje iskustvo i kreativnost odgajatelja u iznala\u017eenju novih strategija, pristupa i metoda koje vode prema kvalitetnim i u\u010dinkovitim rje\u0161enjima.<\/td><\/tr><\/tbody><\/table><\/figure>\n\n\n\n<p><a id=\"_msocom_1\"><\/a><\/p>\n\n\n\n<h2 class=\"wp-block-heading\">\u0160kolstvo<\/h2>\n\n\n\n<p><strong>OSNOVNE \u0160KOLE<\/strong><strong><\/strong><\/p>\n\n\n\n<figure class=\"wp-block-table\"><table class=\"has-fixed-layout\"><tbody><tr><td><strong>Osnovno\u0161kolski odgoj i obrazovanje<\/strong>&nbsp;po\u010dinje upisom u prvi razred osnovne \u0161kole. Ono je obvezno za svu djecu, u pravilu traje od \u0161este do petnaeste godine \u017eivota, a za u\u010denike s vi\u0161estrukim te\u0161ko\u0107ama u razvoju najdulje do 21. godine \u017eivota.&nbsp;<strong>Osnovna \u0161kola traje osam godina i izvodi redovite i posebne programe<\/strong>. U Gradu Ka\u0161tela nalazi se 5 osnovnih \u0161kola \u010diji je osniva\u010d Splitsko \u2013 dalmatinska \u017eupanija. Kako bi financijski olak\u0161ali roditeljima \u0161kolaraca Grad Ka\u0161tela <strong>financira nabavu radnih bilje\u017enica<\/strong> za obvezne i izborne predmete za u\u010denike osnovnih \u0161kola na podru\u010dju Grada Ka\u0161tela. Grad uz pomo\u0107 Osnovnih \u0161kola sa podru\u010dja Ka\u0161tela osigurava da djecu radni materijali do\u010dekaju prvog dana \u0161kole u njihovim u\u010dionicama. Grad Ka\u0161tela, iako nije osniva\u010d i vlasnik, poma\u017ee \u0161kolama na svom podru\u010dju u realizaciji programa i projekata koji nisu obuhva\u0107eni financiranjem od strane Ministarstva znanosti, obrazovanja i sporta RH, a to su izvannastavne aktivnosti koje pridonose kvalitetnijem obrazovanju i razvoju djece. Tako\u0111er, Grad Ka\u0161tela sufinancira program produ\u017eenog boravka u\u010denika koji se provodi u O\u0160 Bija\u0107i, te sufinancira pomo\u0107nike u nastavi.<\/td><td><a href=\"http:\/\/os-kneztrpimir-kastelgomilica.skole.hr\/\" target=\"_blank\" rel=\"noreferrer noopener\">O\u0160 kneza Trpimira<\/a>, K. Gomilica<br><a href=\"http:\/\/os-ostrog-kastelluksic.skole.hr\/\" target=\"_blank\" rel=\"noreferrer noopener\">O\u0160 Ostrog<\/a>, K. Luk\u0161i\u0107<br><a href=\"http:\/\/os-flukasa-kastelstari.skole.hr\/\" target=\"_blank\" rel=\"noreferrer noopener\">O\u0160 prof. Filipa Lukasa<\/a>, K. Stari<br><a href=\"http:\/\/os-bijaci-kastelnovi.skole.hr\/\" target=\"_blank\" rel=\"noreferrer noopener\">O\u0160 Bija\u0107i<\/a>, K. Novi<br><a href=\"https:\/\/os-knezmislav-kastelsucurac.skole.hr\/?news_id=1646\" target=\"_blank\" rel=\"noreferrer noopener\">O\u0160 kneza Mislava<\/a>, K. Su\u0107urac<\/td><\/tr><\/tbody><\/table><\/figure>\n\n\n\n<p><strong>SREDNJE \u0160KOLE<\/strong><strong><\/strong><\/p>\n\n\n\n<figure class=\"wp-block-table\"><table class=\"has-fixed-layout\"><tbody><tr><td>Srednjo\u0161kolskim obrazovanjem svakome se pod jednakim uvjetima i prema njegovim sposobnostima, nakon zavr\u0161etka osnovnog \u0161kolovanja, omogu\u0107ava stjecanje kompetencija za uklju\u010divanje na tr\u017ei\u0161te rada i nastavak obrazovanja na visokim u\u010dili\u0161tima. Djelatnost srednjeg odgoja i obrazovanja u gradu ka\u0161tela obavlja se u S\u0160 Bra\u0107e Radi\u0107 \u010diji je osniva\u010d Splitsko \u2013 dalmatinska \u017eupanija. <strong>&nbsp;<\/strong> <br>Grad Ka\u0161tela, iako nije osniva\u010d i vlasnik, poma\u017ee srednjoj \u0161koli na svom podru\u010dju u realizaciji raznih programa i projekata koji pridonose kvalitetnijem obrazovanju i razvoju mladih.<\/td><td>\u00a0<a href=\"http:\/\/ss-bracaradic-kastelstafilicnehaj.skole.hr\/\" target=\"_blank\" rel=\"noreferrer noopener\">S\u0160 bra\u0107e Radi\u0107<\/a>, K. \u0160tafili\u0107<\/td><\/tr><\/tbody><\/table><\/figure>\n\n\n\n<hr class=\"wp-block-separator has-alpha-channel-opacity\"\/>\n\n\n\n<p><a id=\"_msocom_1\"><\/a><\/p>\n\n\n\n<p><\/p>\n\n\n<div class=\"poveznice-opis-blok-container\">    <a class=\"poveznice-blok-link\" href=\"https:\/\/kastela.hr\/en\/kategorija\/stipendije\/\" target=\"_self\">\n\n\n\n<div class=\"poveznice-opis-blok-item\"><div class=\"poveznice-blok-naslov\">Stipendije Grada Ka\u0161tela<\/div><\/div><\/a><\/div>\n\n\n<p><\/p>\n","protected":false},"excerpt":{"rendered":"<p>Pred\u0161kolski odgoj Program pred\u0161kolskog odgoja i obrazovanja te skrbi o djeci pred\u0161kolske dobi u Gradu Ka\u0161tela ostvaruje se u ustanovi [&hellip;]<\/p>\n","protected":false},"author":1,"featured_media":0,"parent":8985,"menu_order":0,"comment_status":"closed","ping_status":"closed","template":"","meta":{"_acf_changed":false,"footnotes":""},"class_list":["post-8991","page","type-page","status-publish","hentry"],"acf":[],"_links":{"self":[{"href":"https:\/\/kastela.hr\/en\/wp-json\/wp\/v2\/pages\/8991","targetHints":{"allow":["GET"]}}],"collection":[{"href":"https:\/\/kastela.hr\/en\/wp-json\/wp\/v2\/pages"}],"about":[{"href":"https:\/\/kastela.hr\/en\/wp-json\/wp\/v2\/types\/page"}],"author":[{"embeddable":true,"href":"https:\/\/kastela.hr\/en\/wp-json\/wp\/v2\/users\/1"}],"replies":[{"embeddable":true,"href":"https:\/\/kastela.hr\/en\/wp-json\/wp\/v2\/comments?post=8991"}],"version-history":[{"count":16,"href":"https:\/\/kastela.hr\/en\/wp-json\/wp\/v2\/pages\/8991\/revisions"}],"predecessor-version":[{"id":15361,"href":"https:\/\/kastela.hr\/en\/wp-json\/wp\/v2\/pages\/8991\/revisions\/15361"}],"up":[{"embeddable":true,"href":"https:\/\/kastela.hr\/en\/wp-json\/wp\/v2\/pages\/8985"}],"wp:attachment":[{"href":"https:\/\/kastela.hr\/en\/wp-json\/wp\/v2\/media?parent=8991"}],"curies":[{"name":"wp","href":"https:\/\/api.w.org\/{rel}","templated":true}]}}