{"id":8989,"date":"2024-09-16T10:43:54","date_gmt":"2024-09-16T08:43:54","guid":{"rendered":"https:\/\/kastela.hr\/en\/?page_id=8989"},"modified":"2024-11-25T11:07:10","modified_gmt":"2024-11-25T10:07:10","slug":"obitelj-i-drustvena-skrb","status":"publish","type":"page","link":"https:\/\/kastela.hr\/en\/teme-za-gradane\/obitelj-i-drustvena-skrb\/","title":{"rendered":"Obitelj i dru\u0161tvena skrb"},"content":{"rendered":"\n<h3 class=\"wp-block-heading\">Zahtjev za stjecanje prava na privremenu nov\u010danu pomo\u0107<\/h3>\n\n\n\n<p>Zbog pandemije uzrokovane koronavirusnom infekcijom, Gradsko vije\u0107e izglasalo je mjeru pomo\u0107i najugro\u017eenijim sugra\u0111anima. Podr\u0161ku vije\u0107nika dobio je Prijedlog odluke o privremenoj nov\u010danoj pomo\u0107i, \u0161to zna\u010di da se iznos od 1000 kn dodjeljuje samcima i iznos od 2000 kn ku\u0107anstvima mjese\u010dno za travanj, svibanj i lipanj 2020. godine i to onima koji ostvaruju uvjete. Nov\u010dana pomo\u0107 mo\u017ee se ostvariti samo u sljede\u0107im slu\u010dajevima: ako je korisnik zbog situacije uzrokovane pandemijom dobio poslovno uvjetovani otkaz, ako korisnik ima status stalnog sezonca, ako je korisnik uredno prijavljen na HZZ i ne ostvaruje nov\u010danu naknadu po drugoj osnovi te ako je korisnik dr\u017eavljanin RH i ima neprekidno prijavljeno boravi\u0161te na podru\u010dju Grada Ka\u0161tela najmanje godinu dana od podno\u0161enja zahtjeva.<\/p>\n\n\n\n<p>U Nastavku mo\u017eete preuzeti i popuniti obrazac Zahjteva<\/p>\n\n\n<div class=\"prilozene_datoteke\"><ul class='no-ul'><li><a href=\"https:\/\/kastela.hr\/en\/wp-content\/uploads\/datoteke\/dokumenti\/teme-za-gradane\/obitelj-i-drustvena-skrb\/zahtjev-za-stjecanje-prava-za-privremenu-novcanu-pomoc.docx\" target=\"_blank\"><img decoding=\"async\" src=\"https:\/\/kastela.hr\/en\/wp-content\/themes\/kastela\/img\/file-icons\/document-word.png\" alt=\"docx icon\" style=\"width:16px; height:16px; margin-right: 5px;\">Zahtjev za stjecanje prava za privremenu novc\u030canu pomoc\u0301.docx<\/a><\/li><\/ul><\/div>\n\n\n<hr class=\"wp-block-separator has-alpha-channel-opacity\"\/>\n\n\n\n<h3 class=\"wp-block-heading\">Javni poziv za financiranje programa i projekata iz podru\u010dja socijalne skrbi, zdravstvene za\u0161tite i udruga proisteklih iz Domovinskog rata koji su od javnog interesa za Grad Ka\u0161tela u 2020. godini<\/h3>\n\n\n\n<p>Grad Ka\u0161tela objavljuje Javni poziv za financiranje programa i projekata iz podru\u010dja socijalne skrbi, zdravstvene za\u0161tite i udruga proisteklih iz Domovinskog rata koji su od javnog interesa za Grad Ka\u0161tela u 2020. godini.<\/p>\n\n\n\n<p>Predmet ovog Javnog poziva je prikupljanje prijava programa i projekata iz podru\u010dja socijalne skrbi i zdravstvene za\u0161tite te djelatnosti udruga proisteklih iz Domovinskog rata na podru\u010dju grada Ka\u0161tela u 2020. godini koji su od javnog interesa za Grad Ka\u0161tela.<\/p>\n\n\n\n<p>&nbsp;Grad \u0107e u 2020. godini dodatno sufinancirati provedbu programa\/projekata iz sljede\u0107ih podru\u010dja:<\/p>\n\n\n\n<p>1. Socijalna skrb<\/p>\n\n\n\n<p>2. Zdravstvena za\u0161tita i unapre\u0111enje zdravlja<\/p>\n\n\n\n<p>3. Socijalna i pravna za\u0161tita hrvatskih branitelja iz Domovinskog rata i \u010dlanova njihovih obitelji<\/p>\n\n\n\n<p>Javni poziv je otvoren od 27. studenog do 30. prosinca 2019.<\/p>\n\n\n\n<p>Prijave koje nisu napisane ra\u010dunalom na odgovaraju\u0107em obrascu, potpisane od ovla\u0161tene osobe i dostavljene u tiskanom obliku u navedenom roku, kao ione kojima nedostaje neki od tra\u017eenih priloga (obrazaca)ne\u0107e se razmatrati.<\/p>\n\n\n<div class=\"prilozene_datoteke\"><ul class='no-ul'><li><a href=\"https:\/\/kastela.hr\/en\/wp-content\/uploads\/datoteke\/dokumenti\/teme-za-gradane\/obitelj-i-drustvena-skrb\/javni-poziv-za-financiranje-programa-i-projekata-iz-podrucja-socijalne-skrbi-zdravstvene-zastite-i-udruga-proisteklih-iz-domovinskog-rata-koji-su-od-javnog-interesa-za-grad-kastela-u-2020.-godini\/javni-poziv-za-financiranje-programa-i-projekata-iz-podrucja-socijalne-skrbi-zdravstvene-zastite-i-udruga-proisteklih-iz-domovinskog-rata.pdf\" target=\"_blank\"><img decoding=\"async\" src=\"https:\/\/kastela.hr\/en\/wp-content\/themes\/kastela\/img\/file-icons\/document-pdf.png\" alt=\"pdf icon\" style=\"width:16px; height:16px; margin-right: 5px;\">Javni poziv za financiranje programa i projekata iz podruc\u030cja socijalne skrbi, zdravstvene zas\u030ctite i udruga proisteklih iz Domovinskog rata.pdf<\/a><\/li><li><a href=\"https:\/\/kastela.hr\/en\/wp-content\/uploads\/datoteke\/dokumenti\/teme-za-gradane\/obitelj-i-drustvena-skrb\/javni-poziv-za-financiranje-programa-i-projekata-iz-podrucja-socijalne-skrbi-zdravstvene-zastite-i-udruga-proisteklih-iz-domovinskog-rata-koji-su-od-javnog-interesa-za-grad-kastela-u-2020.-godini\/izvjestaj-o-realizaciji-programa-za-2019.doc\" target=\"_blank\"><img decoding=\"async\" src=\"https:\/\/kastela.hr\/en\/wp-content\/themes\/kastela\/img\/file-icons\/document-word.png\" alt=\"doc icon\" style=\"width:16px; height:16px; margin-right: 5px;\">Izvjestaj o realizaciji programa za 2019..doc<\/a><\/li><li><a href=\"https:\/\/kastela.hr\/en\/wp-content\/uploads\/datoteke\/dokumenti\/teme-za-gradane\/obitelj-i-drustvena-skrb\/javni-poziv-za-financiranje-programa-i-projekata-iz-podrucja-socijalne-skrbi-zdravstvene-zastite-i-udruga-proisteklih-iz-domovinskog-rata-koji-su-od-javnog-interesa-za-grad-kastela-u-2020.-godini\/upute-prijaviteljima-za-natjecaj-u-socijalnoj-skrbi-2.doc\" target=\"_blank\"><img decoding=\"async\" src=\"https:\/\/kastela.hr\/en\/wp-content\/themes\/kastela\/img\/file-icons\/document-word.png\" alt=\"doc icon\" style=\"width:16px; height:16px; margin-right: 5px;\">UPUTE PRIJAVITELJIMA ZA NATJECAJ U SOCIJALNOJ SKRBI-2.doc<\/a><\/li><li><a href=\"https:\/\/kastela.hr\/en\/wp-content\/uploads\/datoteke\/dokumenti\/teme-za-gradane\/obitelj-i-drustvena-skrb\/javni-poziv-za-financiranje-programa-i-projekata-iz-podrucja-socijalne-skrbi-zdravstvene-zastite-i-udruga-proisteklih-iz-domovinskog-rata-koji-su-od-javnog-interesa-za-grad-kastela-u-2020.-godini\/procjena-kvalitete-prijavljenih-projekata-2.doc\" target=\"_blank\"><img decoding=\"async\" src=\"https:\/\/kastela.hr\/en\/wp-content\/themes\/kastela\/img\/file-icons\/document-word.png\" alt=\"doc icon\" style=\"width:16px; height:16px; margin-right: 5px;\">Procjena kvalitete prijavljenih projekata-2.doc<\/a><\/li><li><a href=\"https:\/\/kastela.hr\/en\/wp-content\/uploads\/datoteke\/dokumenti\/teme-za-gradane\/obitelj-i-drustvena-skrb\/javni-poziv-za-financiranje-programa-i-projekata-iz-podrucja-socijalne-skrbi-zdravstvene-zastite-i-udruga-proisteklih-iz-domovinskog-rata-koji-su-od-javnog-interesa-za-grad-kastela-u-2020.-godini\/obrazac-5.-izjava-o-ispunjenju-obveza-iz-prethodnih-ugovora-2.doc\" target=\"_blank\"><img decoding=\"async\" src=\"https:\/\/kastela.hr\/en\/wp-content\/themes\/kastela\/img\/file-icons\/document-word.png\" alt=\"doc icon\" style=\"width:16px; height:16px; margin-right: 5px;\">Obrazac 5. Izjava o ispunjenju obveza iz prethodnih ugovora-2.doc<\/a><\/li><li><a href=\"https:\/\/kastela.hr\/en\/wp-content\/uploads\/datoteke\/dokumenti\/teme-za-gradane\/obitelj-i-drustvena-skrb\/javni-poziv-za-financiranje-programa-i-projekata-iz-podrucja-socijalne-skrbi-zdravstvene-zastite-i-udruga-proisteklih-iz-domovinskog-rata-koji-su-od-javnog-interesa-za-grad-kastela-u-2020.-godini\/obrazac-4.-izjava-o-nepostojanju-dvostrukog-financiranja-projekta-2.doc\" target=\"_blank\"><img decoding=\"async\" src=\"https:\/\/kastela.hr\/en\/wp-content\/themes\/kastela\/img\/file-icons\/document-word.png\" alt=\"doc icon\" style=\"width:16px; height:16px; margin-right: 5px;\">Obrazac 4. Izjava o nepostojanju dvostrukog financiranja projekta-2.doc<\/a><\/li><li><a href=\"https:\/\/kastela.hr\/en\/wp-content\/uploads\/datoteke\/dokumenti\/teme-za-gradane\/obitelj-i-drustvena-skrb\/javni-poziv-za-financiranje-programa-i-projekata-iz-podrucja-socijalne-skrbi-zdravstvene-zastite-i-udruga-proisteklih-iz-domovinskog-rata-koji-su-od-javnog-interesa-za-grad-kastela-u-2020.-godini\/obrazac-3.-izjava-o-partnerstvu-2.doc\" target=\"_blank\"><img decoding=\"async\" src=\"https:\/\/kastela.hr\/en\/wp-content\/themes\/kastela\/img\/file-icons\/document-word.png\" alt=\"doc icon\" style=\"width:16px; height:16px; margin-right: 5px;\">Obrazac 3. Izjava o partnerstvu-2.doc<\/a><\/li><li><a href=\"https:\/\/kastela.hr\/en\/wp-content\/uploads\/datoteke\/dokumenti\/teme-za-gradane\/obitelj-i-drustvena-skrb\/javni-poziv-za-financiranje-programa-i-projekata-iz-podrucja-socijalne-skrbi-zdravstvene-zastite-i-udruga-proisteklih-iz-domovinskog-rata-koji-su-od-javnog-interesa-za-grad-kastela-u-2020.-godini\/obrazac-2-proracun-projekta-ili-programa-1.xls\" target=\"_blank\"><img decoding=\"async\" src=\"https:\/\/kastela.hr\/en\/wp-content\/themes\/kastela\/img\/file-icons\/document-excel.png\" alt=\"xls icon\" style=\"width:16px; height:16px; margin-right: 5px;\">Obrazac 2 Prorac\u030cun projekta ili programa-1.xls<\/a><\/li><li><a href=\"https:\/\/kastela.hr\/en\/wp-content\/uploads\/datoteke\/dokumenti\/teme-za-gradane\/obitelj-i-drustvena-skrb\/javni-poziv-za-financiranje-programa-i-projekata-iz-podrucja-socijalne-skrbi-zdravstvene-zastite-i-udruga-proisteklih-iz-domovinskog-rata-koji-su-od-javnog-interesa-za-grad-kastela-u-2020.-godini\/obrazac-1.-prijava-projekta_socijalna-skrb-1.doc\" target=\"_blank\"><img decoding=\"async\" src=\"https:\/\/kastela.hr\/en\/wp-content\/themes\/kastela\/img\/file-icons\/document-word.png\" alt=\"doc icon\" style=\"width:16px; height:16px; margin-right: 5px;\">Obrazac 1. Prijava projekta_socijalna skrb-1.doc<\/a><\/li><\/ul><\/div>\n\n\n<hr class=\"wp-block-separator has-alpha-channel-opacity\"\/>\n\n\n\n<h3 class=\"wp-block-heading\">Javni poziv za financiranje programa i projekata iz podru\u010dja socijalne skrbi, zdravstvene za\u0161tite i udruga proisteklih iz Domovinskog rata koji su od javnog interesa za Grad Ka\u0161tela u 2019. godini<\/h3>\n\n\n\n<p>Grad Ka\u0161tela objavljuje Javni poziv za financiranje programa i projekata iz podru\u010dja socijalne skrbi, zdravstvene za\u0161tite i udruga proisteklih iz Domovinskog rata koji su od javnog interesa za Grad Ka\u0161tela u 2019. godini<\/p>\n\n\n\n<p>&nbsp;Predmet ovog Natje\u010daja je prikupljanje prijava programa i projekata iz podru\u010dja socijalne skrbi i zdravstvene za\u0161tite te djelatnosti udruga proisteklih iz Domovinskog rata na podru\u010dju grada Ka\u0161tela (u daljnjem tekstu: Grad ) u 2019. godini koji su od javnog interesa za Grad Ka\u0161tela.<\/p>\n\n\n\n<p>Grad \u0107e u 2019. godini sufinancirati provedbu programa\/projekata iz sljede\u0107ih podru\u010dja:<\/p>\n\n\n\n<p>Socijalna skrb<br>Zdravstvena za\u0161tita i unapre\u0111enje zdravlja<br>Socijalna i pravna za\u0161tita hrvatskih branitelja iz Domovinskog rata i \u010dlanova njihovih obitelji<\/p>\n\n\n\n<p>&nbsp;Pravo sudjelovanja na Natje\u010daju imaju udruge gra\u0111ana koje obavljaju djelatnost iz podru\u010dja navedenih u glavi II. te organizacije, ustanove ili fizi\u010dke osobe koje ispunjavaju svojstva prihvatljivih ponuditelju sukladno odredbama dokumentacije za provedbu Natje\u010daja.Prijava programa\/projekata treba biti izra\u0111ena sukladno odredbama dokumentacije za provedbu Natje\u010daja.<\/p>\n\n\n\n<p>&nbsp;Kriteriji za odabir programa\/projekata, mogu\u0107i iznosi financiranja, modeli pla\u0107anja i ostale odredbe bitne za prijavu programa\/projekata sadr\u017eane su u dokumentaciji za provedbu natje\u010daja.<\/p>\n\n\n\n<p>Ne\u0107e biti predmet stru\u010dnog procjenjivanja one prijave \u010diji prijavitelji nisu na vrijeme podnijeli izvje\u0161\u0107e o realizaciji programa-projekata sufinanciranih iz prora\u010duna Grada, odnosno koji su u 2018. godini nenamjenski tro\u0161ili ispla\u0107ena sredstva.<\/p>\n\n\n\n<p>Rok za podno\u0161enje prijava je 30 dana od dana objave Javnog poziva na mre\u017enim stranicama Grada.<\/p>\n\n\n\n<p>Krajnji rok za prijavu, odnosno dostavu prijedloga programa\/projekata je 21. sije\u010dnja 2019. godine.<\/p>\n\n\n<div class=\"prilozene_datoteke\"><ul class='no-ul'><li><a href=\"https:\/\/kastela.hr\/en\/wp-content\/uploads\/datoteke\/dokumenti\/teme-za-gradane\/obitelj-i-drustvena-skrb\/javni-poziv-za-financiranje-programa-i-projekata-iz-podrucja-socijalne-skrbi-zdravstvene-zastite-i-udruga-proisteklih-iz-domovinskog-rata-koji-su-od-javnog-interesa-za-grad-kastela-u-2019.-godini\/procjena-kvalitete-prijavljenih-projekata.doc\" target=\"_blank\"><img decoding=\"async\" src=\"https:\/\/kastela.hr\/en\/wp-content\/themes\/kastela\/img\/file-icons\/document-word.png\" alt=\"doc icon\" style=\"width:16px; height:16px; margin-right: 5px;\">Procjena kvalitete prijavljenih projekata.doc<\/a><\/li><li><a href=\"https:\/\/kastela.hr\/en\/wp-content\/uploads\/datoteke\/dokumenti\/teme-za-gradane\/obitelj-i-drustvena-skrb\/javni-poziv-za-financiranje-programa-i-projekata-iz-podrucja-socijalne-skrbi-zdravstvene-zastite-i-udruga-proisteklih-iz-domovinskog-rata-koji-su-od-javnog-interesa-za-grad-kastela-u-2019.-godini\/upute-prijaviteljima-za-natjecaj-u-socijalnoj-skrbi.doc\" target=\"_blank\"><img decoding=\"async\" src=\"https:\/\/kastela.hr\/en\/wp-content\/themes\/kastela\/img\/file-icons\/document-word.png\" alt=\"doc icon\" style=\"width:16px; height:16px; margin-right: 5px;\">UPUTE PRIJAVITELJIMA ZA NATJECAJ U SOCIJALNOJ SKRBI.doc<\/a><\/li><li><a href=\"https:\/\/kastela.hr\/en\/wp-content\/uploads\/datoteke\/dokumenti\/teme-za-gradane\/obitelj-i-drustvena-skrb\/javni-poziv-za-financiranje-programa-i-projekata-iz-podrucja-socijalne-skrbi-zdravstvene-zastite-i-udruga-proisteklih-iz-domovinskog-rata-koji-su-od-javnog-interesa-za-grad-kastela-u-2019.-godini\/obrazac-5.-izjava-o-ispunjenju-obveza-iz-prethodnih-ugovora.doc\" target=\"_blank\"><img decoding=\"async\" src=\"https:\/\/kastela.hr\/en\/wp-content\/themes\/kastela\/img\/file-icons\/document-word.png\" alt=\"doc icon\" style=\"width:16px; height:16px; margin-right: 5px;\">Obrazac 5. Izjava o ispunjenju obveza iz prethodnih ugovora.doc<\/a><\/li><li><a href=\"https:\/\/kastela.hr\/en\/wp-content\/uploads\/datoteke\/dokumenti\/teme-za-gradane\/obitelj-i-drustvena-skrb\/javni-poziv-za-financiranje-programa-i-projekata-iz-podrucja-socijalne-skrbi-zdravstvene-zastite-i-udruga-proisteklih-iz-domovinskog-rata-koji-su-od-javnog-interesa-za-grad-kastela-u-2019.-godini\/obrazac-4.-izjava-o-nepostojanju-dvostrukog-financiranja-projekta.doc\" target=\"_blank\"><img decoding=\"async\" src=\"https:\/\/kastela.hr\/en\/wp-content\/themes\/kastela\/img\/file-icons\/document-word.png\" alt=\"doc icon\" style=\"width:16px; height:16px; margin-right: 5px;\">Obrazac 4. Izjava o nepostojanju dvostrukog financiranja projekta.doc<\/a><\/li><li><a href=\"https:\/\/kastela.hr\/en\/wp-content\/uploads\/datoteke\/dokumenti\/teme-za-gradane\/obitelj-i-drustvena-skrb\/javni-poziv-za-financiranje-programa-i-projekata-iz-podrucja-socijalne-skrbi-zdravstvene-zastite-i-udruga-proisteklih-iz-domovinskog-rata-koji-su-od-javnog-interesa-za-grad-kastela-u-2019.-godini\/obrazac-3.-izjava-o-partnerstvu.doc\" target=\"_blank\"><img decoding=\"async\" src=\"https:\/\/kastela.hr\/en\/wp-content\/themes\/kastela\/img\/file-icons\/document-word.png\" alt=\"doc icon\" style=\"width:16px; height:16px; margin-right: 5px;\">Obrazac 3. Izjava o partnerstvu.doc<\/a><\/li><li><a href=\"https:\/\/kastela.hr\/en\/wp-content\/uploads\/datoteke\/dokumenti\/teme-za-gradane\/obitelj-i-drustvena-skrb\/javni-poziv-za-financiranje-programa-i-projekata-iz-podrucja-socijalne-skrbi-zdravstvene-zastite-i-udruga-proisteklih-iz-domovinskog-rata-koji-su-od-javnog-interesa-za-grad-kastela-u-2019.-godini\/obrazac-2-proracun-projekta-ili-programa.xls\" target=\"_blank\"><img decoding=\"async\" src=\"https:\/\/kastela.hr\/en\/wp-content\/themes\/kastela\/img\/file-icons\/document-excel.png\" alt=\"xls icon\" style=\"width:16px; height:16px; margin-right: 5px;\">Obrazac 2 Prorac\u030cun projekta ili programa.xls<\/a><\/li><li><a href=\"https:\/\/kastela.hr\/en\/wp-content\/uploads\/datoteke\/dokumenti\/teme-za-gradane\/obitelj-i-drustvena-skrb\/javni-poziv-za-financiranje-programa-i-projekata-iz-podrucja-socijalne-skrbi-zdravstvene-zastite-i-udruga-proisteklih-iz-domovinskog-rata-koji-su-od-javnog-interesa-za-grad-kastela-u-2019.-godini\/obrazac-1.-prijava-projekta_socijalna-skrb.doc\" target=\"_blank\"><img decoding=\"async\" src=\"https:\/\/kastela.hr\/en\/wp-content\/themes\/kastela\/img\/file-icons\/document-word.png\" alt=\"doc icon\" style=\"width:16px; height:16px; margin-right: 5px;\">Obrazac 1. Prijava projekta_socijalna skrb.doc<\/a><\/li><li><a href=\"https:\/\/kastela.hr\/en\/wp-content\/uploads\/datoteke\/dokumenti\/teme-za-gradane\/obitelj-i-drustvena-skrb\/javni-poziv-za-financiranje-programa-i-projekata-iz-podrucja-socijalne-skrbi-zdravstvene-zastite-i-udruga-proisteklih-iz-domovinskog-rata-koji-su-od-javnog-interesa-za-grad-kastela-u-2019.-godini\/natjecaj_socijalna-skrb-i-zdravstvena-zastita-2019.doc\" target=\"_blank\"><img decoding=\"async\" src=\"https:\/\/kastela.hr\/en\/wp-content\/themes\/kastela\/img\/file-icons\/document-word.png\" alt=\"doc icon\" style=\"width:16px; height:16px; margin-right: 5px;\">Natjec\u030caj_socijalna skrb i zdravstvena zas\u030ctita 2019..doc<\/a><\/li><\/ul><\/div>\n\n\n<p><\/p>\n\n\n\n<h2 class=\"wp-block-heading\">Dokumenti<\/h2>\n\n\n<div class\"datoteke-mape-blok\"><ul class=\"glasnici-contain no-ul\"><li class=\"glasnik-container\"><div class=\"glasnik-title accordion inactive\"><div class=\"acc-icon\"><img decoding=\"async\" src=\"https:\/\/kastela.hr\/en\/wp-content\/themes\/kastela\/img\/folder.svg\" alt=\"close\" class=\"acc-close\"><img decoding=\"async\" src=\"https:\/\/kastela.hr\/en\/wp-content\/themes\/kastela\/img\/folder-open.svg\" alt=\"open\" class=\"acc-open\"><\/div>Programi javnih potreba Grada Ka\u0161tela u socijalnoj skrbi i zdravstvenoj za\u0161titi grada Ka\u0161tela za 2022. godinu<\/div><ul class=\"glasnik-items acc-content\" style=\"display:none;\"><li><a href=\"https:\/\/kastela.hr\/en\/wp-content\/uploads\/datoteke\/dokumenti\/teme-za-gradane\/obitelj-i-drustvena-skrb\/programi-javnih-potreba-grada-kastela-u-socijalnoj-skrbi-i-zdravstvenoj-zastiti-grada-kastela-za-2022.-godinu\/odluka-o-planu-raspodjele-financijskih-potpora-za-programe-i-projekte-udruga-proisteklih-iz-domovinskog-rata-u-2022.-godini.pdf\" target=\"_blank\"><img decoding=\"async\" src=\"https:\/\/kastela.hr\/en\/wp-content\/themes\/kastela\/img\/file-icons\/document-pdf.png\" alt=\"pdf icon\" style=\"width:16px; height:16px; margin-right: 5px;\">Odluka o planu raspodjele financijskih potpora za programe i projekte udruga proisteklih iz Domovinskog rata u 2022. godini.pdf<\/a><\/li><li><a href=\"https:\/\/kastela.hr\/en\/wp-content\/uploads\/datoteke\/dokumenti\/teme-za-gradane\/obitelj-i-drustvena-skrb\/programi-javnih-potreba-grada-kastela-u-socijalnoj-skrbi-i-zdravstvenoj-zastiti-grada-kastela-za-2022.-godinu\/odluka-o-planu-raspodjele-financijskih-potpora-za-programe-i-projekte-udruga-iz-podrucja-socijalne-skrbi-i-zdravstvene-zastite-u-2022.pdf\" target=\"_blank\"><img decoding=\"async\" src=\"https:\/\/kastela.hr\/en\/wp-content\/themes\/kastela\/img\/file-icons\/document-pdf.png\" alt=\"pdf icon\" style=\"width:16px; height:16px; margin-right: 5px;\">Odluka o planu raspodjele financijskih potpora za programe i projekte udruga iz podruc\u030cja socijalne skrbi i zdravstvene zas\u030ctite u 2022..pdf<\/a><\/li><\/ul><\/ul><ul class=\"glasnici-contain no-ul\"><li class=\"glasnik-container\"><div class=\"glasnik-title accordion inactive\"><div class=\"acc-icon\"><img decoding=\"async\" src=\"https:\/\/kastela.hr\/en\/wp-content\/themes\/kastela\/img\/folder.svg\" alt=\"close\" class=\"acc-close\"><img decoding=\"async\" src=\"https:\/\/kastela.hr\/en\/wp-content\/themes\/kastela\/img\/folder-open.svg\" alt=\"open\" class=\"acc-open\"><\/div>2016<\/div><ul class=\"glasnik-items acc-content\" style=\"display:none;\"><li><a href=\"https:\/\/kastela.hr\/en\/wp-content\/uploads\/datoteke\/dokumenti\/teme-za-gradane\/obitelj-i-drustvena-skrb\/2016\/poziv-za-programe-javnih-potreba-u-socijalnoj-skrbi-2016.-g.pdf\" target=\"_blank\"><img decoding=\"async\" src=\"https:\/\/kastela.hr\/en\/wp-content\/themes\/kastela\/img\/file-icons\/document-pdf.png\" alt=\"pdf icon\" style=\"width:16px; height:16px; margin-right: 5px;\">Poziv za programe javnih potreba u socijalnoj skrbi 2016. g..pdf<\/a><\/li><li><a href=\"https:\/\/kastela.hr\/en\/wp-content\/uploads\/datoteke\/dokumenti\/teme-za-gradane\/obitelj-i-drustvena-skrb\/2016\/prijavnica-programa-za-socijalnu-skrb-i-zdravstvenu-zastitu-2016.-g.doc\" target=\"_blank\"><img decoding=\"async\" src=\"https:\/\/kastela.hr\/en\/wp-content\/themes\/kastela\/img\/file-icons\/document-word.png\" alt=\"doc icon\" style=\"width:16px; height:16px; margin-right: 5px;\">Prijavnica programa za socijalnu skrb i zdravstvenu zas\u030ctitu 2016. g..doc<\/a><\/li><\/ul><\/ul><ul class=\"glasnici-contain no-ul\"><li class=\"glasnik-container\"><div class=\"glasnik-title accordion inactive\"><div class=\"acc-icon\"><img decoding=\"async\" src=\"https:\/\/kastela.hr\/en\/wp-content\/themes\/kastela\/img\/folder.svg\" alt=\"close\" class=\"acc-close\"><img decoding=\"async\" src=\"https:\/\/kastela.hr\/en\/wp-content\/themes\/kastela\/img\/folder-open.svg\" alt=\"open\" class=\"acc-open\"><\/div>2015<\/div><ul class=\"glasnik-items acc-content\" style=\"display:none;\"><li><a href=\"https:\/\/kastela.hr\/en\/wp-content\/uploads\/datoteke\/dokumenti\/teme-za-gradane\/obitelj-i-drustvena-skrb\/2015\/odluka-o-socijalnoj-skrbi.pdf\" target=\"_blank\"><img decoding=\"async\" src=\"https:\/\/kastela.hr\/en\/wp-content\/themes\/kastela\/img\/file-icons\/document-pdf.png\" alt=\"pdf icon\" style=\"width:16px; height:16px; margin-right: 5px;\">Odluka o socijalnoj skrbi.pdf<\/a><\/li><li><a href=\"https:\/\/kastela.hr\/en\/wp-content\/uploads\/datoteke\/dokumenti\/teme-za-gradane\/obitelj-i-drustvena-skrb\/2015\/izmjene-odluke-o-socijalnoj-skrbi-sl.-glasnik-15-12-str.3.pdf\" target=\"_blank\"><img decoding=\"async\" src=\"https:\/\/kastela.hr\/en\/wp-content\/themes\/kastela\/img\/file-icons\/document-pdf.png\" alt=\"pdf icon\" style=\"width:16px; height:16px; margin-right: 5px;\">Izmjene odluke o socijalnoj skrbi (Sl. glasnik 15-12, str.3).pdf<\/a><\/li><li><a href=\"https:\/\/kastela.hr\/en\/wp-content\/uploads\/datoteke\/dokumenti\/teme-za-gradane\/obitelj-i-drustvena-skrb\/2015\/prijavnica-programa-za-socijalnu-skrb-i-zdravstvenu-zastitu-2015.doc\" target=\"_blank\"><img decoding=\"async\" src=\"https:\/\/kastela.hr\/en\/wp-content\/themes\/kastela\/img\/file-icons\/document-word.png\" alt=\"doc icon\" style=\"width:16px; height:16px; margin-right: 5px;\">Prijavnica programa za socijalnu skrb i zdravstvenu zas\u030ctitu 2015..doc<\/a><\/li><li><a href=\"https:\/\/kastela.hr\/en\/wp-content\/uploads\/datoteke\/dokumenti\/teme-za-gradane\/obitelj-i-drustvena-skrb\/2015\/poziv-za-predlaganje-programa-u-socijalnoj-skrbi-i-zdravstvenoj-zastiti-2015.doc\" target=\"_blank\"><img decoding=\"async\" src=\"https:\/\/kastela.hr\/en\/wp-content\/themes\/kastela\/img\/file-icons\/document-word.png\" alt=\"doc icon\" style=\"width:16px; height:16px; margin-right: 5px;\">Poziv za predlaganje programa u socijalnoj skrbi i zdravstvenoj zas\u030ctiti 2015..doc<\/a><\/li><\/ul><\/ul><\/div>","protected":false},"excerpt":{"rendered":"<p>Zahtjev za stjecanje prava na privremenu nov\u010danu pomo\u0107 Zbog pandemije uzrokovane koronavirusnom infekcijom, Gradsko vije\u0107e izglasalo je mjeru pomo\u0107i najugro\u017eenijim [&hellip;]<\/p>\n","protected":false},"author":1,"featured_media":0,"parent":8985,"menu_order":0,"comment_status":"closed","ping_status":"closed","template":"","meta":{"_acf_changed":false,"footnotes":""},"class_list":["post-8989","page","type-page","status-publish","hentry"],"acf":[],"_links":{"self":[{"href":"https:\/\/kastela.hr\/en\/wp-json\/wp\/v2\/pages\/8989","targetHints":{"allow":["GET"]}}],"collection":[{"href":"https:\/\/kastela.hr\/en\/wp-json\/wp\/v2\/pages"}],"about":[{"href":"https:\/\/kastela.hr\/en\/wp-json\/wp\/v2\/types\/page"}],"author":[{"embeddable":true,"href":"https:\/\/kastela.hr\/en\/wp-json\/wp\/v2\/users\/1"}],"replies":[{"embeddable":true,"href":"https:\/\/kastela.hr\/en\/wp-json\/wp\/v2\/comments?post=8989"}],"version-history":[{"count":5,"href":"https:\/\/kastela.hr\/en\/wp-json\/wp\/v2\/pages\/8989\/revisions"}],"predecessor-version":[{"id":13130,"href":"https:\/\/kastela.hr\/en\/wp-json\/wp\/v2\/pages\/8989\/revisions\/13130"}],"up":[{"embeddable":true,"href":"https:\/\/kastela.hr\/en\/wp-json\/wp\/v2\/pages\/8985"}],"wp:attachment":[{"href":"https:\/\/kastela.hr\/en\/wp-json\/wp\/v2\/media?parent=8989"}],"curies":[{"name":"wp","href":"https:\/\/api.w.org\/{rel}","templated":true}]}}