{"id":8969,"date":"2024-09-16T10:40:27","date_gmt":"2024-09-16T08:40:27","guid":{"rendered":"https:\/\/kastela.hr\/en\/?page_id=8969"},"modified":"2025-10-15T11:47:08","modified_gmt":"2025-10-15T09:47:08","slug":"rudine","status":"publish","type":"page","link":"https:\/\/kastela.hr\/en\/mjesni-odbori\/rudine\/","title":{"rendered":"Rudine"},"content":{"rendered":"\n<p>MJESNI ODBOR RUDINE, 21 216 Ka\u0161tel Novi, Put mira 14<\/p>\n\n\n\n<p>Predsjednik Vije\u0107a: IVAN STOJKOVI\u0106<\/p>\n\n\n\n<p>Mobitel: 095 \/531-4880<\/p>\n\n\n\n<p>e &#8211; mail:&nbsp;&nbsp;<a href=\"mailto:mo-rudine@grad.kastela.hr\" target=\"_blank\" rel=\"noreferrer noopener\">mo-rudine@grad.kastela.hr<\/a><\/p>\n\n\n\n<p>RADNO VRIJEME \u2013 prema prethodnom dogovoru<\/p>\n\n\n\n<p><strong>VIJE\u0106E MJESNOG ODBORA RUDINE:<\/strong><\/p>\n\n\n\n<ol class=\"wp-block-list\">\n<li>IVAN STOJKOVI\u0106 \u2013 predsjednik<\/li>\n\n\n\n<li>NELA KELAM<\/li>\n\n\n\n<li>IVAN BRE\u0160KOVI\u0106<\/li>\n\n\n\n<li>MARKO BOTI\u0106<\/li>\n\n\n\n<li>BRUNO PUTNIK<\/li>\n\n\n\n<li>ANTE BOTI\u0106<\/li>\n<\/ol>\n\n\n\n<h2 class=\"wp-block-heading\">Dokumenti<\/h2>\n\n\n<div class=\"prilozene_datoteke\"><ul class='no-ul'><li><a href=\"https:\/\/kastela.hr\/en\/wp-content\/uploads\/datoteke\/dokumenti\/mjesna-samouprava\/rudine\/pravila-mjesnog-odbora-rudine.pdf\" target=\"_blank\"><img decoding=\"async\" src=\"https:\/\/kastela.hr\/en\/wp-content\/themes\/kastela\/img\/file-icons\/document-pdf.png\" alt=\"pdf icon\" style=\"width:16px; height:16px; margin-right: 5px;\">Pravila Mjesnog odbora Rudine.pdf<\/a><\/li><li><a href=\"https:\/\/kastela.hr\/en\/wp-content\/uploads\/datoteke\/dokumenti\/mjesna-samouprava\/rudine\/poslovnik-o-radu-vijeca-mjesnog-odbora-rudine.pdf\" target=\"_blank\"><img decoding=\"async\" src=\"https:\/\/kastela.hr\/en\/wp-content\/themes\/kastela\/img\/file-icons\/document-pdf.png\" alt=\"pdf icon\" style=\"width:16px; height:16px; margin-right: 5px;\">Poslovnik o radu Vijec\u0301a Mjesnog odbora Rudine.pdf<\/a><\/li><\/ul><\/div>","protected":false},"excerpt":{"rendered":"<p>MJESNI ODBOR RUDINE, 21 216 Ka\u0161tel Novi, Put mira 14 Predsjednik Vije\u0107a: IVAN STOJKOVI\u0106 Mobitel: 095 \/531-4880 e &#8211; mail:&nbsp;&nbsp;mo-rudine@grad.kastela.hr [&hellip;]<\/p>\n","protected":false},"author":1,"featured_media":0,"parent":8949,"menu_order":0,"comment_status":"closed","ping_status":"closed","template":"","meta":{"_acf_changed":false,"footnotes":""},"class_list":["post-8969","page","type-page","status-publish","hentry"],"acf":[],"_links":{"self":[{"href":"https:\/\/kastela.hr\/en\/wp-json\/wp\/v2\/pages\/8969","targetHints":{"allow":["GET"]}}],"collection":[{"href":"https:\/\/kastela.hr\/en\/wp-json\/wp\/v2\/pages"}],"about":[{"href":"https:\/\/kastela.hr\/en\/wp-json\/wp\/v2\/types\/page"}],"author":[{"embeddable":true,"href":"https:\/\/kastela.hr\/en\/wp-json\/wp\/v2\/users\/1"}],"replies":[{"embeddable":true,"href":"https:\/\/kastela.hr\/en\/wp-json\/wp\/v2\/comments?post=8969"}],"version-history":[{"count":5,"href":"https:\/\/kastela.hr\/en\/wp-json\/wp\/v2\/pages\/8969\/revisions"}],"predecessor-version":[{"id":15467,"href":"https:\/\/kastela.hr\/en\/wp-json\/wp\/v2\/pages\/8969\/revisions\/15467"}],"up":[{"embeddable":true,"href":"https:\/\/kastela.hr\/en\/wp-json\/wp\/v2\/pages\/8949"}],"wp:attachment":[{"href":"https:\/\/kastela.hr\/en\/wp-json\/wp\/v2\/media?parent=8969"}],"curies":[{"name":"wp","href":"https:\/\/api.w.org\/{rel}","templated":true}]}}