{"id":8963,"date":"2024-09-16T10:39:25","date_gmt":"2024-09-16T08:39:25","guid":{"rendered":"https:\/\/kastela.hr\/en\/?page_id=8963"},"modified":"2024-11-25T08:18:39","modified_gmt":"2024-11-25T07:18:39","slug":"kastel-stari","status":"publish","type":"page","link":"https:\/\/kastela.hr\/en\/mjesni-odbori\/kastel-stari\/","title":{"rendered":"Ka\u0161tel Stari"},"content":{"rendered":"\n<p>MJESNI ODBOR KA\u0160TEL STARI, 21 216 Ka\u0161tel Stari, Ulica kneza\u00a0 Vi\u0161eslava 4<\/p>\n\n\n\n<p>Predsjednica Vije\u0107a: TINA RUNJI\u0106 \u0106UK<\/p>\n\n\n\n<p>e &#8211; mail adresa:&nbsp;&nbsp;<a href=\"mailto:mo-kastel-stari@grad.kastela.hr\" target=\"_blank\" rel=\"noreferrer noopener\">mo-kastel-stari@grad.kastela.hr<\/a><\/p>\n\n\n\n<p><strong>VIJE\u0106E MJESNOG ODBORA KA\u0160TEL STARI:<\/strong><\/p>\n\n\n\n<ol class=\"wp-block-list\">\n<li>TINA RUNJI\u0106 \u0106UK &#8211; predsjednica<\/li>\n\n\n\n<li>MARKO BILI\u0106<\/li>\n\n\n\n<li>DAMIR DUNDI\u0106<\/li>\n\n\n\n<li>IVNA DRNASIN<\/li>\n\n\n\n<li>TAMARA SMOKROVI\u0106<\/li>\n\n\n\n<li>mr.sc. MILIJA BALDI\u0106-LUK\u0160I\u0106, dr.<\/li>\n\n\n\n<li>mr.sc. SILVIA JELAVI\u0106-\u0160AKO, dipl.oec.<\/li>\n<\/ol>\n\n\n\n<h2 class=\"wp-block-heading\">Dokumenti<\/h2>\n\n\n<div class=\"prilozene_datoteke\"><ul class='no-ul'><li><a href=\"https:\/\/kastela.hr\/en\/wp-content\/uploads\/datoteke\/dokumenti\/mjesna-samouprava\/kastel-stari\/poslovnik-o-radu-vijeca-mjesnog-odbora-kastel-stari.pdf\" target=\"_blank\"><img decoding=\"async\" src=\"https:\/\/kastela.hr\/en\/wp-content\/themes\/kastela\/img\/file-icons\/document-pdf.png\" alt=\"pdf icon\" style=\"width:16px; height:16px; margin-right: 5px;\">POSLOVNIK O RADU VIJEC\u0301A MJESNOG ODBORA KAS\u030cTEL STARI.pdf<\/a><\/li><li><a href=\"https:\/\/kastela.hr\/en\/wp-content\/uploads\/datoteke\/dokumenti\/mjesna-samouprava\/kastel-stari\/pravila-mjesnog-odbora-kastel-stari.pdf\" target=\"_blank\"><img decoding=\"async\" src=\"https:\/\/kastela.hr\/en\/wp-content\/themes\/kastela\/img\/file-icons\/document-pdf.png\" alt=\"pdf icon\" style=\"width:16px; height:16px; margin-right: 5px;\">PRAVILA MJESNOG ODBORA KAS\u030cTEL STARI.pdf<\/a><\/li><\/ul><\/div>","protected":false},"excerpt":{"rendered":"<p>MJESNI ODBOR KA\u0160TEL STARI, 21 216 Ka\u0161tel Stari, Ulica kneza\u00a0 Vi\u0161eslava 4 Predsjednica Vije\u0107a: TINA RUNJI\u0106 \u0106UK e &#8211; mail [&hellip;]<\/p>\n","protected":false},"author":1,"featured_media":0,"parent":8949,"menu_order":0,"comment_status":"closed","ping_status":"closed","template":"","meta":{"_acf_changed":false,"footnotes":""},"class_list":["post-8963","page","type-page","status-publish","hentry"],"acf":[],"_links":{"self":[{"href":"https:\/\/kastela.hr\/en\/wp-json\/wp\/v2\/pages\/8963","targetHints":{"allow":["GET"]}}],"collection":[{"href":"https:\/\/kastela.hr\/en\/wp-json\/wp\/v2\/pages"}],"about":[{"href":"https:\/\/kastela.hr\/en\/wp-json\/wp\/v2\/types\/page"}],"author":[{"embeddable":true,"href":"https:\/\/kastela.hr\/en\/wp-json\/wp\/v2\/users\/1"}],"replies":[{"embeddable":true,"href":"https:\/\/kastela.hr\/en\/wp-json\/wp\/v2\/comments?post=8963"}],"version-history":[{"count":3,"href":"https:\/\/kastela.hr\/en\/wp-json\/wp\/v2\/pages\/8963\/revisions"}],"predecessor-version":[{"id":12846,"href":"https:\/\/kastela.hr\/en\/wp-json\/wp\/v2\/pages\/8963\/revisions\/12846"}],"up":[{"embeddable":true,"href":"https:\/\/kastela.hr\/en\/wp-json\/wp\/v2\/pages\/8949"}],"wp:attachment":[{"href":"https:\/\/kastela.hr\/en\/wp-json\/wp\/v2\/media?parent=8963"}],"curies":[{"name":"wp","href":"https:\/\/api.w.org\/{rel}","templated":true}]}}