{"id":12762,"date":"2024-11-22T17:35:30","date_gmt":"2024-11-22T16:35:30","guid":{"rendered":"https:\/\/kastela.hr\/en\/?page_id=12762"},"modified":"2024-11-22T18:12:33","modified_gmt":"2024-11-22T17:12:33","slug":"izbori-za-clanove-vijeca-mjesnih-odbora","status":"publish","type":"page","link":"https:\/\/kastela.hr\/en\/mjesni-odbori\/mjesna-samouprava\/izbori-za-clanove-vijeca-mjesnih-odbora\/","title":{"rendered":"Izbori za \u010dlanove vije\u0107a mjesnih odbora"},"content":{"rendered":"\n<h2 class=\"wp-block-heading\">Izbori za \u010dlanove vije\u0107a mjesnih odbora 2022.<\/h2>\n\n\n<div class=\"prilozeni_linkovi\"><ul class='no-ul'><li><a href=\"https:\/\/kastela.hr\/en\/2022\/09\/29\/konacni-rezultati-izbora-za-clanove-vijeca-mjesnih-odbora\/\" target=\"_blank\"><img decoding=\"async\" src=\"https:\/\/kastela.hr\/en\/wp-content\/themes\/kastela\/img\/file-icons\/link.png\" alt=\"\" style=\"width:16px; height:16px; margin-right: 5px;\">Kona\u010dni rezultati izbora za \u010dlanove vije\u0107a mjesnih odbora<\/a><\/li>\n\n<li><a href=\"https:\/\/kastela.hr\/en\/2022\/09\/26\/rezultati-izbora-za-clanove-vijeca-mjesnih-odbora-privremeni\/\" target=\"_blank\"><img decoding=\"async\" src=\"https:\/\/kastela.hr\/en\/wp-content\/themes\/kastela\/img\/file-icons\/link.png\" alt=\"\" style=\"width:16px; height:16px; margin-right: 5px;\">Rezultati izbora za \u010dlanove vije\u0107a mjesnih odbora (privremeni)<\/a><\/li>\n\n<li><a href=\"https:\/\/kastela.hr\/en\/2022\/09\/09\/objava-pravovaljanih-zbirnih-i-kandidacijskih-listi-za-izbor-clanova-vijeca-mjesnih-odbora\/\" target=\"_blank\"><img decoding=\"async\" src=\"https:\/\/kastela.hr\/en\/wp-content\/themes\/kastela\/img\/file-icons\/link.png\" alt=\"\" style=\"width:16px; height:16px; margin-right: 5px;\">Objava pravovaljanih zbirnih i kandidacijskih listi za izbor \u010dlanova vije\u0107a mjesnih odbora<\/a><\/li>\n\n<li><a href=\"https:\/\/kastela.hr\/en\/2022\/08\/25\/izbori-za-clanove-vijeca-mjesnih-odbora-2022\/\" target=\"_blank\"><img decoding=\"async\" src=\"https:\/\/kastela.hr\/en\/wp-content\/themes\/kastela\/img\/file-icons\/link.png\" alt=\"\" style=\"width:16px; height:16px; margin-right: 5px;\">Izbori za \u010dlanove vije\u0107a mjesnih odbora 2022.<\/a><\/li>\n\n<\/ul><\/div>\n\n\n<p><\/p>\n\n\n<div class\"datoteke-mape-blok\"><ul class=\"glasnici-contain no-ul\"><li class=\"glasnik-container\"><div class=\"glasnik-title accordion inactive\"><div class=\"acc-icon\"><img decoding=\"async\" src=\"https:\/\/kastela.hr\/en\/wp-content\/themes\/kastela\/img\/folder.svg\" alt=\"close\" class=\"acc-close\"><img decoding=\"async\" src=\"https:\/\/kastela.hr\/en\/wp-content\/themes\/kastela\/img\/folder-open.svg\" alt=\"open\" class=\"acc-open\"><\/div>Izbori za \u010dlanove vije\u0107a mjesnih odbora<\/div><ul class=\"glasnik-items acc-content\" style=\"display:none;\"><li class=\"glasnik-container glasnik-container-sub\"><div class=\"glasnik-title accordion inactive\"><div class=\"acc-icon\"><img decoding=\"async\" src=\"https:\/\/kastela.hr\/en\/wp-content\/themes\/kastela\/img\/folder.svg\" alt=\"close\" class=\"acc-close\"><img decoding=\"async\" src=\"https:\/\/kastela.hr\/en\/wp-content\/themes\/kastela\/img\/folder-open.svg\" alt=\"open\" class=\"acc-open\"><\/div>2018<\/div><ul class=\"glasnik-items acc-content\" style=\"display:none;\"><li class=\"glasnik-container glasnik-container-sub\"><div class=\"glasnik-title accordion inactive\"><div class=\"acc-icon\"><img decoding=\"async\" src=\"https:\/\/kastela.hr\/en\/wp-content\/themes\/kastela\/img\/folder.svg\" alt=\"close\" class=\"acc-close\"><img decoding=\"async\" src=\"https:\/\/kastela.hr\/en\/wp-content\/themes\/kastela\/img\/folder-open.svg\" alt=\"open\" class=\"acc-open\"><\/div>5. Obrasci za postupak kandidiranja<\/div><ul class=\"glasnik-items acc-content\" style=\"display:none;\"><li><a href=\"https:\/\/kastela.hr\/en\/wp-content\/uploads\/datoteke\/dokumenti\/mjesna-samouprava\/izbori-za-clanove-vijeca-mjesnih-odbora\/2018\/obrasci-za-postupak-kandidiranja\/5.-vmo-1-prijedlog-kandidacijske-liste-politicke-stranke-za-clanove-vijeca-mjesnih-odbora.pdf\" target=\"_blank\"><img decoding=\"async\" src=\"https:\/\/kastela.hr\/en\/wp-content\/themes\/kastela\/img\/file-icons\/document-pdf.png\" alt=\"pdf icon\" style=\"width:16px; height:16px; margin-right: 5px;\">5.-VMO-1-prijedlog-kandidacijske-liste-politic\u030cke-stranke-za-c\u030clanove-vijec\u0301a-mjesnih-odbora.pdf<\/a><\/li><li><a href=\"https:\/\/kastela.hr\/en\/wp-content\/uploads\/datoteke\/dokumenti\/mjesna-samouprava\/izbori-za-clanove-vijeca-mjesnih-odbora\/2018\/obrasci-za-postupak-kandidiranja\/6.-vmo-2-prijedlog-kandidacijske-liste-grupe-biraca-za-clanove-vijeca-mjesnih-odbora.pdf\" target=\"_blank\"><img decoding=\"async\" src=\"https:\/\/kastela.hr\/en\/wp-content\/themes\/kastela\/img\/file-icons\/document-pdf.png\" alt=\"pdf icon\" style=\"width:16px; height:16px; margin-right: 5px;\">6.-VMO-2-prijedlog-kandidacijske-liste-grupe-birac\u030ca-za-c\u030clanove-vijec\u0301a-mjesnih-odbora.pdf<\/a><\/li><li><a href=\"https:\/\/kastela.hr\/en\/wp-content\/uploads\/datoteke\/dokumenti\/mjesna-samouprava\/izbori-za-clanove-vijeca-mjesnih-odbora\/2018\/obrasci-za-postupak-kandidiranja\/7.-vmo-3-popis-biraca-koji-podrzavaju-kandidacijsku-listu-grupe-biraca.pdf\" target=\"_blank\"><img decoding=\"async\" src=\"https:\/\/kastela.hr\/en\/wp-content\/themes\/kastela\/img\/file-icons\/document-pdf.png\" alt=\"pdf icon\" style=\"width:16px; height:16px; margin-right: 5px;\">7.-VMO-3-popis-birac\u030ca-koji-podrz\u030cavaju-kandidacijsku-listu-grupe-birac\u030ca.pdf<\/a><\/li><li><a href=\"https:\/\/kastela.hr\/en\/wp-content\/uploads\/datoteke\/dokumenti\/mjesna-samouprava\/izbori-za-clanove-vijeca-mjesnih-odbora\/2018\/obrasci-za-postupak-kandidiranja\/8.-vmo-4-ocitovanje-kandidata-o-prihvacanju-kandidature-za-clana-vijeca-mjesnog-odbora.pdf\" target=\"_blank\"><img decoding=\"async\" src=\"https:\/\/kastela.hr\/en\/wp-content\/themes\/kastela\/img\/file-icons\/document-pdf.png\" alt=\"pdf icon\" style=\"width:16px; height:16px; margin-right: 5px;\">8.-VMO-4-oc\u030citovanje-kandidata-o-prihvac\u0301anju-kandidature-za-c\u030clana-vijec\u0301a-mjesnog-odbora.pdf<\/a><\/li><\/ul><\/li><li class=\"glasnik-container glasnik-container-sub\"><div class=\"glasnik-title accordion inactive\"><div class=\"acc-icon\"><img decoding=\"async\" src=\"https:\/\/kastela.hr\/en\/wp-content\/themes\/kastela\/img\/folder.svg\" alt=\"close\" class=\"acc-close\"><img decoding=\"async\" src=\"https:\/\/kastela.hr\/en\/wp-content\/themes\/kastela\/img\/folder-open.svg\" alt=\"open\" class=\"acc-open\"><\/div>11. Obrasci za provedbu izbora<\/div><ul class=\"glasnik-items acc-content\" style=\"display:none;\"><li><a href=\"https:\/\/kastela.hr\/en\/wp-content\/uploads\/datoteke\/dokumenti\/mjesna-samouprava\/izbori-za-clanove-vijeca-mjesnih-odbora\/2018\/obrasci-za-provedbu-izbora\/vmo-6-izjava-o-prihvacanju-duznosti-clana-tijela-za-provedbu-izbora.pdf\" target=\"_blank\"><img decoding=\"async\" src=\"https:\/\/kastela.hr\/en\/wp-content\/themes\/kastela\/img\/file-icons\/document-pdf.png\" alt=\"pdf icon\" style=\"width:16px; height:16px; margin-right: 5px;\">VMO-6-Izjava-o-prihvac\u0301anju-duz\u030cnosti-c\u030clana-tijela-za-provedbu-izbora.pdf<\/a><\/li><\/ul><\/li><li class=\"glasnik-container glasnik-container-sub\"><div class=\"glasnik-title accordion inactive\"><div class=\"acc-icon\"><img decoding=\"async\" src=\"https:\/\/kastela.hr\/en\/wp-content\/themes\/kastela\/img\/folder.svg\" alt=\"close\" class=\"acc-close\"><img decoding=\"async\" src=\"https:\/\/kastela.hr\/en\/wp-content\/themes\/kastela\/img\/folder-open.svg\" alt=\"open\" class=\"acc-open\"><\/div>13. Kandidacijske i zbirne liste<\/div><ul class=\"glasnik-items acc-content\" style=\"display:none;\"><li><a href=\"https:\/\/kastela.hr\/en\/wp-content\/uploads\/datoteke\/dokumenti\/mjesna-samouprava\/izbori-za-clanove-vijeca-mjesnih-odbora\/2018\/kandidacijske-i-zbirne-liste\/mjesni-odbor-kastel-sucurac\/hdz-sucurac.pdf\" target=\"_blank\"><img decoding=\"async\" src=\"https:\/\/kastela.hr\/en\/wp-content\/themes\/kastela\/img\/file-icons\/document-pdf.png\" alt=\"pdf icon\" style=\"width:16px; height:16px; margin-right: 5px;\">HDZ-sucurac.pdf<\/a><\/li><li><a href=\"https:\/\/kastela.hr\/en\/wp-content\/uploads\/datoteke\/dokumenti\/mjesna-samouprava\/izbori-za-clanove-vijeca-mjesnih-odbora\/2018\/kandidacijske-i-zbirne-liste\/mjesni-odbor-kastel-sucurac\/hsp-sucurac.pdf\" target=\"_blank\"><img decoding=\"async\" src=\"https:\/\/kastela.hr\/en\/wp-content\/themes\/kastela\/img\/file-icons\/document-pdf.png\" alt=\"pdf icon\" style=\"width:16px; height:16px; margin-right: 5px;\">hsp-sucurac.pdf<\/a><\/li><li><a href=\"https:\/\/kastela.hr\/en\/wp-content\/uploads\/datoteke\/dokumenti\/mjesna-samouprava\/izbori-za-clanove-vijeca-mjesnih-odbora\/2018\/kandidacijske-i-zbirne-liste\/mjesni-odbor-kastel-sucurac\/zbirna-lista-sucurac.pdf\" target=\"_blank\"><img decoding=\"async\" src=\"https:\/\/kastela.hr\/en\/wp-content\/themes\/kastela\/img\/file-icons\/document-pdf.png\" alt=\"pdf icon\" style=\"width:16px; height:16px; margin-right: 5px;\">zbirna-lista-sucurac.pdf<\/a><\/li><li><a href=\"https:\/\/kastela.hr\/en\/wp-content\/uploads\/datoteke\/dokumenti\/mjesna-samouprava\/izbori-za-clanove-vijeca-mjesnih-odbora\/2018\/kandidacijske-i-zbirne-liste\/mjesni-odbor-kastel-gomilica\/zbirna-gomilica.pdf\" target=\"_blank\"><img decoding=\"async\" src=\"https:\/\/kastela.hr\/en\/wp-content\/themes\/kastela\/img\/file-icons\/document-pdf.png\" alt=\"pdf icon\" style=\"width:16px; height:16px; margin-right: 5px;\">zbirna-gomilica.pdf<\/a><\/li><li><a href=\"https:\/\/kastela.hr\/en\/wp-content\/uploads\/datoteke\/dokumenti\/mjesna-samouprava\/izbori-za-clanove-vijeca-mjesnih-odbora\/2018\/kandidacijske-i-zbirne-liste\/mjesni-odbor-kastel-gomilica\/hdz-gomilica.pdf\" target=\"_blank\"><img decoding=\"async\" src=\"https:\/\/kastela.hr\/en\/wp-content\/themes\/kastela\/img\/file-icons\/document-pdf.png\" alt=\"pdf icon\" style=\"width:16px; height:16px; margin-right: 5px;\">hdz-gomilica.pdf<\/a><\/li><li><a href=\"https:\/\/kastela.hr\/en\/wp-content\/uploads\/datoteke\/dokumenti\/mjesna-samouprava\/izbori-za-clanove-vijeca-mjesnih-odbora\/2018\/kandidacijske-i-zbirne-liste\/hdz-hss-kambelovac.pdf\" target=\"_blank\"><img decoding=\"async\" src=\"https:\/\/kastela.hr\/en\/wp-content\/themes\/kastela\/img\/file-icons\/document-pdf.png\" alt=\"pdf icon\" style=\"width:16px; height:16px; margin-right: 5px;\">hdz-hss-kambelovac.pdf<\/a><\/li><li><a href=\"https:\/\/kastela.hr\/en\/wp-content\/uploads\/datoteke\/dokumenti\/mjesna-samouprava\/izbori-za-clanove-vijeca-mjesnih-odbora\/2018\/kandidacijske-i-zbirne-liste\/zbirna-lista-kambelovac.pdf\" target=\"_blank\"><img decoding=\"async\" src=\"https:\/\/kastela.hr\/en\/wp-content\/themes\/kastela\/img\/file-icons\/document-pdf.png\" alt=\"pdf icon\" style=\"width:16px; height:16px; margin-right: 5px;\">zbirna-lista-kambelovac.pdf<\/a><\/li><li><a href=\"https:\/\/kastela.hr\/en\/wp-content\/uploads\/datoteke\/dokumenti\/mjesna-samouprava\/izbori-za-clanove-vijeca-mjesnih-odbora\/2018\/kandidacijske-i-zbirne-liste\/zbirna-luksic.pdf\" target=\"_blank\"><img decoding=\"async\" src=\"https:\/\/kastela.hr\/en\/wp-content\/themes\/kastela\/img\/file-icons\/document-pdf.png\" alt=\"pdf icon\" style=\"width:16px; height:16px; margin-right: 5px;\">zbirna-luksic.pdf<\/a><\/li><li><a href=\"https:\/\/kastela.hr\/en\/wp-content\/uploads\/datoteke\/dokumenti\/mjesna-samouprava\/izbori-za-clanove-vijeca-mjesnih-odbora\/2018\/kandidacijske-i-zbirne-liste\/hsp-luksic.pdf\" target=\"_blank\"><img decoding=\"async\" src=\"https:\/\/kastela.hr\/en\/wp-content\/themes\/kastela\/img\/file-icons\/document-pdf.png\" alt=\"pdf icon\" style=\"width:16px; height:16px; margin-right: 5px;\">hsp-luksic.pdf<\/a><\/li><li><a href=\"https:\/\/kastela.hr\/en\/wp-content\/uploads\/datoteke\/dokumenti\/mjesna-samouprava\/izbori-za-clanove-vijeca-mjesnih-odbora\/2018\/kandidacijske-i-zbirne-liste\/hdz-luksic.pdf\" target=\"_blank\"><img decoding=\"async\" src=\"https:\/\/kastela.hr\/en\/wp-content\/themes\/kastela\/img\/file-icons\/document-pdf.png\" alt=\"pdf icon\" style=\"width:16px; height:16px; margin-right: 5px;\">hdz-luksic.pdf<\/a><\/li><li><a href=\"https:\/\/kastela.hr\/en\/wp-content\/uploads\/datoteke\/dokumenti\/mjesna-samouprava\/izbori-za-clanove-vijeca-mjesnih-odbora\/2018\/kandidacijske-i-zbirne-liste\/hdz-hss-stari.pdf\" target=\"_blank\"><img decoding=\"async\" src=\"https:\/\/kastela.hr\/en\/wp-content\/themes\/kastela\/img\/file-icons\/document-pdf.png\" alt=\"pdf icon\" style=\"width:16px; height:16px; margin-right: 5px;\">hdz-hss-stari.pdf<\/a><\/li><li><a href=\"https:\/\/kastela.hr\/en\/wp-content\/uploads\/datoteke\/dokumenti\/mjesna-samouprava\/izbori-za-clanove-vijeca-mjesnih-odbora\/2018\/kandidacijske-i-zbirne-liste\/hdz-stari.pdf\" target=\"_blank\"><img decoding=\"async\" src=\"https:\/\/kastela.hr\/en\/wp-content\/themes\/kastela\/img\/file-icons\/document-pdf.png\" alt=\"pdf icon\" style=\"width:16px; height:16px; margin-right: 5px;\">hdz-stari.pdf<\/a><\/li><li><a href=\"https:\/\/kastela.hr\/en\/wp-content\/uploads\/datoteke\/dokumenti\/mjesna-samouprava\/izbori-za-clanove-vijeca-mjesnih-odbora\/2018\/kandidacijske-i-zbirne-liste\/zbirna-radun.pdf\" target=\"_blank\"><img decoding=\"async\" src=\"https:\/\/kastela.hr\/en\/wp-content\/themes\/kastela\/img\/file-icons\/document-pdf.png\" alt=\"pdf icon\" style=\"width:16px; height:16px; margin-right: 5px;\">zbirna-radun.pdf<\/a><\/li><li><a href=\"https:\/\/kastela.hr\/en\/wp-content\/uploads\/datoteke\/dokumenti\/mjesna-samouprava\/izbori-za-clanove-vijeca-mjesnih-odbora\/2018\/kandidacijske-i-zbirne-liste\/hdz-radun.pdf\" target=\"_blank\"><img decoding=\"async\" src=\"https:\/\/kastela.hr\/en\/wp-content\/themes\/kastela\/img\/file-icons\/document-pdf.png\" alt=\"pdf icon\" style=\"width:16px; height:16px; margin-right: 5px;\">hdz-radun.pdf<\/a><\/li><li><a href=\"https:\/\/kastela.hr\/en\/wp-content\/uploads\/datoteke\/dokumenti\/mjesna-samouprava\/izbori-za-clanove-vijeca-mjesnih-odbora\/2018\/kandidacijske-i-zbirne-liste\/zbirna-novi.pdf\" target=\"_blank\"><img decoding=\"async\" src=\"https:\/\/kastela.hr\/en\/wp-content\/themes\/kastela\/img\/file-icons\/document-pdf.png\" alt=\"pdf icon\" style=\"width:16px; height:16px; margin-right: 5px;\">zbirna-novi.pdf<\/a><\/li><li><a href=\"https:\/\/kastela.hr\/en\/wp-content\/uploads\/datoteke\/dokumenti\/mjesna-samouprava\/izbori-za-clanove-vijeca-mjesnih-odbora\/2018\/kandidacijske-i-zbirne-liste\/hsp-novi.pdf\" target=\"_blank\"><img decoding=\"async\" src=\"https:\/\/kastela.hr\/en\/wp-content\/themes\/kastela\/img\/file-icons\/document-pdf.png\" alt=\"pdf icon\" style=\"width:16px; height:16px; margin-right: 5px;\">hsp-novi.pdf<\/a><\/li><li><a href=\"https:\/\/kastela.hr\/en\/wp-content\/uploads\/datoteke\/dokumenti\/mjesna-samouprava\/izbori-za-clanove-vijeca-mjesnih-odbora\/2018\/kandidacijske-i-zbirne-liste\/hdz-hss-novi.pdf\" target=\"_blank\"><img decoding=\"async\" src=\"https:\/\/kastela.hr\/en\/wp-content\/themes\/kastela\/img\/file-icons\/document-pdf.png\" alt=\"pdf icon\" style=\"width:16px; height:16px; margin-right: 5px;\">hdz-hss-novi.pdf<\/a><\/li><li><a href=\"https:\/\/kastela.hr\/en\/wp-content\/uploads\/datoteke\/dokumenti\/mjesna-samouprava\/izbori-za-clanove-vijeca-mjesnih-odbora\/2018\/kandidacijske-i-zbirne-liste\/zbirna-rudine.pdf\" target=\"_blank\"><img decoding=\"async\" src=\"https:\/\/kastela.hr\/en\/wp-content\/themes\/kastela\/img\/file-icons\/document-pdf.png\" alt=\"pdf icon\" style=\"width:16px; height:16px; margin-right: 5px;\">zbirna-rudine.pdf<\/a><\/li><li><a href=\"https:\/\/kastela.hr\/en\/wp-content\/uploads\/datoteke\/dokumenti\/mjesna-samouprava\/izbori-za-clanove-vijeca-mjesnih-odbora\/2018\/kandidacijske-i-zbirne-liste\/hdz-rudine.pdf\" target=\"_blank\"><img decoding=\"async\" src=\"https:\/\/kastela.hr\/en\/wp-content\/themes\/kastela\/img\/file-icons\/document-pdf.png\" alt=\"pdf icon\" style=\"width:16px; height:16px; margin-right: 5px;\">hdz-rudine.pdf<\/a><\/li><li><a href=\"https:\/\/kastela.hr\/en\/wp-content\/uploads\/datoteke\/dokumenti\/mjesna-samouprava\/izbori-za-clanove-vijeca-mjesnih-odbora\/2018\/kandidacijske-i-zbirne-liste\/zbirna-stafilic.pdf\" target=\"_blank\"><img decoding=\"async\" src=\"https:\/\/kastela.hr\/en\/wp-content\/themes\/kastela\/img\/file-icons\/document-pdf.png\" alt=\"pdf icon\" style=\"width:16px; height:16px; margin-right: 5px;\">zbirna-s\u030ctafilic\u0301.pdf<\/a><\/li><li><a href=\"https:\/\/kastela.hr\/en\/wp-content\/uploads\/datoteke\/dokumenti\/mjesna-samouprava\/izbori-za-clanove-vijeca-mjesnih-odbora\/2018\/kandidacijske-i-zbirne-liste\/hdz-stafilic.pdf\" target=\"_blank\"><img decoding=\"async\" src=\"https:\/\/kastela.hr\/en\/wp-content\/themes\/kastela\/img\/file-icons\/document-pdf.png\" alt=\"pdf icon\" style=\"width:16px; height:16px; margin-right: 5px;\">hdz-stafilic.pdf<\/a><\/li><\/ul><\/li><li class=\"glasnik-container glasnik-container-sub\"><div class=\"glasnik-title accordion inactive\"><div class=\"acc-icon\"><img decoding=\"async\" src=\"https:\/\/kastela.hr\/en\/wp-content\/themes\/kastela\/img\/folder.svg\" alt=\"close\" class=\"acc-close\"><img decoding=\"async\" src=\"https:\/\/kastela.hr\/en\/wp-content\/themes\/kastela\/img\/folder-open.svg\" alt=\"open\" class=\"acc-open\"><\/div>Odluka o izboru \u010dlanova vije\u0107a mjesnih odbora na podru\u010dju Grada Ka\u0161tela<\/div><ul class=\"glasnik-items acc-content\" style=\"display:none;\"><li><a href=\"https:\/\/kastela.hr\/en\/wp-content\/uploads\/datoteke\/dokumenti\/mjesna-samouprava\/izbori-za-clanove-vijeca-mjesnih-odbora\/2018\/odluka-o-izboru-clanova-vijeca-mjesnih-odbora-na-podrucju-grada-kastela\/odluka-o-izmjeni-i-dopunama-odluke-o-izboru-clanova-vijeca-mjesnih-odbora-na-podrucju-grada-kastela.pdf\" target=\"_blank\"><img decoding=\"async\" src=\"https:\/\/kastela.hr\/en\/wp-content\/themes\/kastela\/img\/file-icons\/document-pdf.png\" alt=\"pdf icon\" style=\"width:16px; height:16px; margin-right: 5px;\">Odluka-o-izmjeni-i-dopunama-Odluke-o-izboru-c\u030clanova-vijec\u0301a-mjesnih-odbora-na-podruc\u030cju-Grada-Kas\u030ctela.pdf<\/a><\/li><li><a href=\"https:\/\/kastela.hr\/en\/wp-content\/uploads\/datoteke\/dokumenti\/mjesna-samouprava\/izbori-za-clanove-vijeca-mjesnih-odbora\/2018\/odluka-o-izboru-clanova-vijeca-mjesnih-odbora-na-podrucju-grada-kastela\/odluka-o-izboru-clanova-vijeca-mjesnih-odbora-na-podrucju-grada-kastela.pdf\" target=\"_blank\"><img decoding=\"async\" src=\"https:\/\/kastela.hr\/en\/wp-content\/themes\/kastela\/img\/file-icons\/document-pdf.png\" alt=\"pdf icon\" style=\"width:16px; height:16px; margin-right: 5px;\">Odluka-o-izboru-c\u030clanova-vijec\u0301a-mjesnih-odbora-na-podruc\u030cju-Grada-Kas\u030ctela.pdf<\/a><\/li><\/ul><\/li><li><a href=\"https:\/\/kastela.hr\/en\/wp-content\/uploads\/datoteke\/dokumenti\/mjesna-samouprava\/izbori-za-clanove-vijeca-mjesnih-odbora\/2018\/1.-odluka-o-raspisivanju-izbora-za-clanove-vijeca-mjesnih-odbora-na-podrucju-grada-kastela.pdf\" target=\"_blank\"><img decoding=\"async\" src=\"https:\/\/kastela.hr\/en\/wp-content\/themes\/kastela\/img\/file-icons\/document-pdf.png\" alt=\"pdf icon\" style=\"width:16px; height:16px; margin-right: 5px;\">1.-Odluka-o-raspisivanju-izbora-za-c\u030clanove-vijec\u0301a-mjesnih-odbora-na-podruc\u030cju-Grada-Kas\u030ctela.pdf<\/a><\/li><li><a href=\"https:\/\/kastela.hr\/en\/wp-content\/uploads\/datoteke\/dokumenti\/mjesna-samouprava\/izbori-za-clanove-vijeca-mjesnih-odbora\/2018\/2.-rjesenje-o-imenovanju-stalnog-sastava-izbornog-povjerenstva-za-provedbu-izbora-za-clanove-vijeca-mjesnih-odbora.pdf\" target=\"_blank\"><img decoding=\"async\" src=\"https:\/\/kastela.hr\/en\/wp-content\/themes\/kastela\/img\/file-icons\/document-pdf.png\" alt=\"pdf icon\" style=\"width:16px; height:16px; margin-right: 5px;\">2.-Rjesenje-o-imenovanju-stalnog-sastava-Izbornog-povjerenstva-za-provedbu-izbora-za-c\u030clanove-vijec\u0301a-mjesnih-odbora.pdf<\/a><\/li><li><a href=\"https:\/\/kastela.hr\/en\/wp-content\/uploads\/datoteke\/dokumenti\/mjesna-samouprava\/izbori-za-clanove-vijeca-mjesnih-odbora\/2018\/3.-obvezatne-upute-broj-1-redoslijed-izbornih-radnji-i-tijek-rokova.pdf\" target=\"_blank\"><img decoding=\"async\" src=\"https:\/\/kastela.hr\/en\/wp-content\/themes\/kastela\/img\/file-icons\/document-pdf.png\" alt=\"pdf icon\" style=\"width:16px; height:16px; margin-right: 5px;\">3.-OBVEZATNE-UPUTE-BROJ-1-redoslijed-izbornih-radnji-i-tijek-rokova.pdf<\/a><\/li><li><a href=\"https:\/\/kastela.hr\/en\/wp-content\/uploads\/datoteke\/dokumenti\/mjesna-samouprava\/izbori-za-clanove-vijeca-mjesnih-odbora\/2018\/4.-obvezatne-upute-broj-2-obrasci-za-postupak-kandidiranja-i-provedbu-izbora-za-clanove-vijeca-mjesnih-odbora.pdf\" target=\"_blank\"><img decoding=\"async\" src=\"https:\/\/kastela.hr\/en\/wp-content\/themes\/kastela\/img\/file-icons\/document-pdf.png\" alt=\"pdf icon\" style=\"width:16px; height:16px; margin-right: 5px;\">4.-OBVEZATNE-UPUTE-BROJ-2-obrasci-za-postupak-kandidiranja-i-provedbu-izbora-za-c\u030clanove-vijec\u0301a-mjesnih-odbora.pdf<\/a><\/li><li><a href=\"https:\/\/kastela.hr\/en\/wp-content\/uploads\/datoteke\/dokumenti\/mjesna-samouprava\/izbori-za-clanove-vijeca-mjesnih-odbora\/2018\/rjesenje-o-odredivanju-prosirenog-sastava-izbornog-povjerenstva.pdf\" target=\"_blank\"><img decoding=\"async\" src=\"https:\/\/kastela.hr\/en\/wp-content\/themes\/kastela\/img\/file-icons\/document-pdf.png\" alt=\"pdf icon\" style=\"width:16px; height:16px; margin-right: 5px;\">Rjes\u030cenje-o-odre\u0111ivanju-pros\u030cirenog-sastava-Izbornog-povjerenstva.pdf<\/a><\/li><li><a href=\"https:\/\/kastela.hr\/en\/wp-content\/uploads\/datoteke\/dokumenti\/mjesna-samouprava\/izbori-za-clanove-vijeca-mjesnih-odbora\/2018\/obavijest-potvrde-iz-kaznene-evidencije.pdf\" target=\"_blank\"><img decoding=\"async\" src=\"https:\/\/kastela.hr\/en\/wp-content\/themes\/kastela\/img\/file-icons\/document-pdf.png\" alt=\"pdf icon\" style=\"width:16px; height:16px; margin-right: 5px;\">OBAVIJEST-Potvrde-iz-kaznene-evidencije.pdf<\/a><\/li><li><a href=\"https:\/\/kastela.hr\/en\/wp-content\/uploads\/datoteke\/dokumenti\/mjesna-samouprava\/izbori-za-clanove-vijeca-mjesnih-odbora\/2018\/radno-vrijeme-i-kontakt-izbornog-povjerenstva.pdf\" target=\"_blank\"><img decoding=\"async\" src=\"https:\/\/kastela.hr\/en\/wp-content\/themes\/kastela\/img\/file-icons\/document-pdf.png\" alt=\"pdf icon\" style=\"width:16px; height:16px; margin-right: 5px;\">Radno-vrijeme-i-kontakt-Izbornog-povjerenstva.pdf<\/a><\/li><li><a href=\"https:\/\/kastela.hr\/en\/wp-content\/uploads\/datoteke\/dokumenti\/mjesna-samouprava\/izbori-za-clanove-vijeca-mjesnih-odbora\/2018\/objava-biracima.pdf\" target=\"_blank\"><img decoding=\"async\" src=\"https:\/\/kastela.hr\/en\/wp-content\/themes\/kastela\/img\/file-icons\/document-pdf.png\" alt=\"pdf icon\" style=\"width:16px; height:16px; margin-right: 5px;\">Objava-birac\u030cima.pdf<\/a><\/li><li><a href=\"https:\/\/kastela.hr\/en\/wp-content\/uploads\/datoteke\/dokumenti\/mjesna-samouprava\/izbori-za-clanove-vijeca-mjesnih-odbora\/2018\/obavijest-politickim-strankama-prosireni-sastav-izbornog-povjerenstva.pdf\" target=\"_blank\"><img decoding=\"async\" src=\"https:\/\/kastela.hr\/en\/wp-content\/themes\/kastela\/img\/file-icons\/document-pdf.png\" alt=\"pdf icon\" style=\"width:16px; height:16px; margin-right: 5px;\">Obavijest-politic\u030ckim-strankama-pros\u030cireni-sastav-Izbornog-povjerenstva.pdf<\/a><\/li><li><a href=\"https:\/\/kastela.hr\/en\/wp-content\/uploads\/datoteke\/dokumenti\/mjesna-samouprava\/izbori-za-clanove-vijeca-mjesnih-odbora\/2018\/podsjetnik-za-rad-birackih-odbora.pdf\" target=\"_blank\"><img decoding=\"async\" src=\"https:\/\/kastela.hr\/en\/wp-content\/themes\/kastela\/img\/file-icons\/document-pdf.png\" alt=\"pdf icon\" style=\"width:16px; height:16px; margin-right: 5px;\">PODSJETNIK-ZA-RAD-BIRAC\u030cKIH-ODBORA.pdf<\/a><\/li><li><a href=\"https:\/\/kastela.hr\/en\/wp-content\/uploads\/datoteke\/dokumenti\/mjesna-samouprava\/izbori-za-clanove-vijeca-mjesnih-odbora\/2018\/obvezatne-upute-broj-4-o-nacinu-glasovanja-biraca-s-tjelesnom-manom-nepismenih-biraca-te-biraca-koji-ne-mogu-pristupiti-na-biracko-mjesto.pdf\" target=\"_blank\"><img decoding=\"async\" src=\"https:\/\/kastela.hr\/en\/wp-content\/themes\/kastela\/img\/file-icons\/document-pdf.png\" alt=\"pdf icon\" style=\"width:16px; height:16px; margin-right: 5px;\">OBVEZATNE-UPUTE-BROJ-4-o-nac\u030cinu-glasovanja-birac\u030ca-s-tjelesnom-manom-nepismenih-birac\u030ca-te-birac\u030ca-koji-ne-mogu-pristupiti-na-birac\u030cko-mjesto.pdf<\/a><\/li><li><a href=\"https:\/\/kastela.hr\/en\/wp-content\/uploads\/datoteke\/dokumenti\/mjesna-samouprava\/izbori-za-clanove-vijeca-mjesnih-odbora\/2018\/obvezatne-upute-broj-3-o-pravim-a-i-duznostima-promatraca.pdf\" target=\"_blank\"><img decoding=\"async\" src=\"https:\/\/kastela.hr\/en\/wp-content\/themes\/kastela\/img\/file-icons\/document-pdf.png\" alt=\"pdf icon\" style=\"width:16px; height:16px; margin-right: 5px;\">OBVEZATNE-UPUTE-BROJ-3-o-pravim-a-i-duz\u030cnostima-promatrac\u030ca.pdf<\/a><\/li><li><a href=\"https:\/\/kastela.hr\/en\/wp-content\/uploads\/datoteke\/dokumenti\/mjesna-samouprava\/izbori-za-clanove-vijeca-mjesnih-odbora\/2018\/rjesenje_o_odredivanju_birackih_mjesta.pdf\" target=\"_blank\"><img decoding=\"async\" src=\"https:\/\/kastela.hr\/en\/wp-content\/themes\/kastela\/img\/file-icons\/document-pdf.png\" alt=\"pdf icon\" style=\"width:16px; height:16px; margin-right: 5px;\">RJESENJE_O_ODREDIVANJU_BIRACKIH_MJESTA.pdf<\/a><\/li><\/ul><\/li><\/ul><\/ul><\/div>\n\n<div class=\"prilozeni_linkovi\"><ul class='no-ul'><li><a href=\"https:\/\/www.zakon.hr\/search.htm?povezani=559\" target=\"_blank\"><img decoding=\"async\" src=\"https:\/\/kastela.hr\/en\/wp-content\/themes\/kastela\/img\/file-icons\/link.png\" alt=\"\" style=\"width:16px; height:16px; margin-right: 5px;\">Zakon o lokalnim izborima<\/a><\/li>\n\n<li><a href=\"https:\/\/www.zakon.hr\/z\/132\/Zakon-o-lokalnoj-i-podru%C4%8Dnoj-%28regionalnoj%29-samoupravi\" target=\"_blank\"><img decoding=\"async\" src=\"https:\/\/kastela.hr\/en\/wp-content\/themes\/kastela\/img\/file-icons\/link.png\" alt=\"\" style=\"width:16px; height:16px; margin-right: 5px;\">Zakon o lokalnoj i podru\u010dnoj (regionalnoj samoupravi)<\/a><\/li>\n\n<\/ul><\/div>","protected":false},"excerpt":{"rendered":"<p>Izbori za \u010dlanove vije\u0107a mjesnih odbora 2022.<\/p>\n","protected":false},"author":1,"featured_media":0,"parent":8951,"menu_order":0,"comment_status":"closed","ping_status":"closed","template":"","meta":{"_acf_changed":false,"footnotes":""},"class_list":["post-12762","page","type-page","status-publish","hentry"],"acf":[],"_links":{"self":[{"href":"https:\/\/kastela.hr\/en\/wp-json\/wp\/v2\/pages\/12762","targetHints":{"allow":["GET"]}}],"collection":[{"href":"https:\/\/kastela.hr\/en\/wp-json\/wp\/v2\/pages"}],"about":[{"href":"https:\/\/kastela.hr\/en\/wp-json\/wp\/v2\/types\/page"}],"author":[{"embeddable":true,"href":"https:\/\/kastela.hr\/en\/wp-json\/wp\/v2\/users\/1"}],"replies":[{"embeddable":true,"href":"https:\/\/kastela.hr\/en\/wp-json\/wp\/v2\/comments?post=12762"}],"version-history":[{"count":14,"href":"https:\/\/kastela.hr\/en\/wp-json\/wp\/v2\/pages\/12762\/revisions"}],"predecessor-version":[{"id":12828,"href":"https:\/\/kastela.hr\/en\/wp-json\/wp\/v2\/pages\/12762\/revisions\/12828"}],"up":[{"embeddable":true,"href":"https:\/\/kastela.hr\/en\/wp-json\/wp\/v2\/pages\/8951"}],"wp:attachment":[{"href":"https:\/\/kastela.hr\/en\/wp-json\/wp\/v2\/media?parent=12762"}],"curies":[{"name":"wp","href":"https:\/\/api.w.org\/{rel}","templated":true}]}}