{"id":12718,"date":"2024-11-22T14:30:01","date_gmt":"2024-11-22T13:30:01","guid":{"rendered":"https:\/\/kastela.hr\/en\/?page_id=12718"},"modified":"2024-11-22T14:40:54","modified_gmt":"2024-11-22T13:40:54","slug":"sprjecavanje-sukoba-interesa","status":"publish","type":"page","link":"https:\/\/kastela.hr\/en\/grad-kastela\/gradsko-vijece\/sprjecavanje-sukoba-interesa\/","title":{"rendered":"Sprje\u010davanje sukoba interesa"},"content":{"rendered":"\n<p>Zakonom o sprje\u010davanju sukoba interesa koji je stupio na snagu 25. prosinca 2021. g. (\u201eNarodne novine\u201c&nbsp; broj 143\/21) (u daljnjem testu: Zakon) ure\u0111uje se sprje\u010davanje sukoba izme\u0111u privatnog i javnog interesa u obna\u0161anju javnih du\u017enosti te izme\u0111u ostalog, obveze \u010dlanova predstavni\u010dkih tijela jedinica lokalnih samouprava odnosno vije\u0107nika gradskih vije\u0107a.<\/p>\n\n\n\n<p>Sukladno \u010dlanku 4. stavak 3. vije\u0107nik je du\u017ean pisanim putem u roku od 15 dana od stupanja na du\u017enost ili stjecanja udjela obavijestiti predsjednika Gradskog vije\u0107a ako ima 5% ili vi\u0161e udjela u vlasni\u0161tvu poslovnog subjekta.<\/p>\n\n\n<div class=\"prilozene_datoteke\"><ul class='no-ul'><li><a href=\"https:\/\/kastela.hr\/en\/wp-content\/uploads\/datoteke\/dokumenti\/gradsko-vijece\/sprijecavanje-sukoba-interesa\/obavijest-josip-berket.pdf\" target=\"_blank\"><img decoding=\"async\" src=\"https:\/\/kastela.hr\/en\/wp-content\/themes\/kastela\/img\/file-icons\/document-pdf.png\" alt=\"pdf icon\" style=\"width:16px; height:16px; margin-right: 5px;\">Obavijest &#8211; Josip Berket.pdf<\/a><\/li><\/ul><\/div>\n\n\n<p>Popis udjela iz stavka 3. ovoga \u010dlanka objavljuje se i redovito a\u017eurira na mre\u017enim stranicama jedinice lokalne i podru\u010dne (regionalne) samouprave.<\/p>\n\n\n<div class=\"prilozene_datoteke\"><ul class='no-ul'><li><a href=\"https:\/\/kastela.hr\/en\/wp-content\/uploads\/datoteke\/dokumenti\/gradsko-vijece\/sprijecavanje-sukoba-interesa\/doris-grgurin.pdf\" target=\"_blank\"><img decoding=\"async\" src=\"https:\/\/kastela.hr\/en\/wp-content\/themes\/kastela\/img\/file-icons\/document-pdf.png\" alt=\"pdf icon\" style=\"width:16px; height:16px; margin-right: 5px;\">Doris Grgurin.pdf<\/a><\/li><li><a href=\"https:\/\/kastela.hr\/en\/wp-content\/uploads\/datoteke\/dokumenti\/gradsko-vijece\/sprijecavanje-sukoba-interesa\/teo-antunovic.pdf\" target=\"_blank\"><img decoding=\"async\" src=\"https:\/\/kastela.hr\/en\/wp-content\/themes\/kastela\/img\/file-icons\/document-pdf.png\" alt=\"pdf icon\" style=\"width:16px; height:16px; margin-right: 5px;\">Teo Antunovic\u0301.pdf<\/a><\/li><li><a href=\"https:\/\/kastela.hr\/en\/wp-content\/uploads\/datoteke\/dokumenti\/gradsko-vijece\/sprijecavanje-sukoba-interesa\/meri-bedalov-smoje.pdf\" target=\"_blank\"><img decoding=\"async\" src=\"https:\/\/kastela.hr\/en\/wp-content\/themes\/kastela\/img\/file-icons\/document-pdf.png\" alt=\"pdf icon\" style=\"width:16px; height:16px; margin-right: 5px;\">Meri Bedalov Smoje.pdf<\/a><\/li><li><a href=\"https:\/\/kastela.hr\/en\/wp-content\/uploads\/datoteke\/dokumenti\/gradsko-vijece\/sprijecavanje-sukoba-interesa\/branimir-matijaca.pdf\" target=\"_blank\"><img decoding=\"async\" src=\"https:\/\/kastela.hr\/en\/wp-content\/themes\/kastela\/img\/file-icons\/document-pdf.png\" alt=\"pdf icon\" style=\"width:16px; height:16px; margin-right: 5px;\">Branimir Matijaca.pdf<\/a><\/li><li><a href=\"https:\/\/kastela.hr\/en\/wp-content\/uploads\/datoteke\/dokumenti\/gradsko-vijece\/sprijecavanje-sukoba-interesa\/josip-berket.pdf\" target=\"_blank\"><img decoding=\"async\" src=\"https:\/\/kastela.hr\/en\/wp-content\/themes\/kastela\/img\/file-icons\/document-pdf.png\" alt=\"pdf icon\" style=\"width:16px; height:16px; margin-right: 5px;\">Josip Berket.pdf<\/a><\/li><li><a href=\"https:\/\/kastela.hr\/en\/wp-content\/uploads\/datoteke\/dokumenti\/gradsko-vijece\/sprijecavanje-sukoba-interesa\/antonija-topic.pdf\" target=\"_blank\"><img decoding=\"async\" src=\"https:\/\/kastela.hr\/en\/wp-content\/themes\/kastela\/img\/file-icons\/document-pdf.png\" alt=\"pdf icon\" style=\"width:16px; height:16px; margin-right: 5px;\">Antonija Topic\u0301.pdf<\/a><\/li><li><a href=\"https:\/\/kastela.hr\/en\/wp-content\/uploads\/datoteke\/dokumenti\/gradsko-vijece\/sprijecavanje-sukoba-interesa\/anto-komljen.pdf\" target=\"_blank\"><img decoding=\"async\" src=\"https:\/\/kastela.hr\/en\/wp-content\/themes\/kastela\/img\/file-icons\/document-pdf.png\" alt=\"pdf icon\" style=\"width:16px; height:16px; margin-right: 5px;\">Anto Komljen.pdf<\/a><\/li><li><a href=\"https:\/\/kastela.hr\/en\/wp-content\/uploads\/datoteke\/dokumenti\/gradsko-vijece\/sprijecavanje-sukoba-interesa\/zeljan-jurlin.pdf\" target=\"_blank\"><img decoding=\"async\" src=\"https:\/\/kastela.hr\/en\/wp-content\/themes\/kastela\/img\/file-icons\/document-pdf.png\" alt=\"pdf icon\" style=\"width:16px; height:16px; margin-right: 5px;\">Z\u030celjan Jurlin.pdf<\/a><\/li><li><a href=\"https:\/\/kastela.hr\/en\/wp-content\/uploads\/datoteke\/dokumenti\/gradsko-vijece\/sprijecavanje-sukoba-interesa\/nela-kelam.pdf\" target=\"_blank\"><img decoding=\"async\" src=\"https:\/\/kastela.hr\/en\/wp-content\/themes\/kastela\/img\/file-icons\/document-pdf.png\" alt=\"pdf icon\" style=\"width:16px; height:16px; margin-right: 5px;\">Nela Kelam.pdf<\/a><\/li><li><a href=\"https:\/\/kastela.hr\/en\/wp-content\/uploads\/datoteke\/dokumenti\/gradsko-vijece\/sprijecavanje-sukoba-interesa\/mili-novak.pdf\" target=\"_blank\"><img decoding=\"async\" src=\"https:\/\/kastela.hr\/en\/wp-content\/themes\/kastela\/img\/file-icons\/document-pdf.png\" alt=\"pdf icon\" style=\"width:16px; height:16px; margin-right: 5px;\">Mili Novak.pdf<\/a><\/li><li><a href=\"https:\/\/kastela.hr\/en\/wp-content\/uploads\/datoteke\/dokumenti\/gradsko-vijece\/sprijecavanje-sukoba-interesa\/meri-skopljanac-gagic.pdf\" target=\"_blank\"><img decoding=\"async\" src=\"https:\/\/kastela.hr\/en\/wp-content\/themes\/kastela\/img\/file-icons\/document-pdf.png\" alt=\"pdf icon\" style=\"width:16px; height:16px; margin-right: 5px;\">Meri S\u030ckopljanac Gagic\u0301.pdf<\/a><\/li><li><a href=\"https:\/\/kastela.hr\/en\/wp-content\/uploads\/datoteke\/dokumenti\/gradsko-vijece\/sprijecavanje-sukoba-interesa\/mario-skopljanac.pdf\" target=\"_blank\"><img decoding=\"async\" src=\"https:\/\/kastela.hr\/en\/wp-content\/themes\/kastela\/img\/file-icons\/document-pdf.png\" alt=\"pdf icon\" style=\"width:16px; height:16px; margin-right: 5px;\">Mario S\u030ckopljanac.pdf<\/a><\/li><li><a href=\"https:\/\/kastela.hr\/en\/wp-content\/uploads\/datoteke\/dokumenti\/gradsko-vijece\/sprijecavanje-sukoba-interesa\/mario-banovac.pdf\" target=\"_blank\"><img decoding=\"async\" src=\"https:\/\/kastela.hr\/en\/wp-content\/themes\/kastela\/img\/file-icons\/document-pdf.png\" alt=\"pdf icon\" style=\"width:16px; height:16px; margin-right: 5px;\">Mario Banovac.pdf<\/a><\/li><li><a href=\"https:\/\/kastela.hr\/en\/wp-content\/uploads\/datoteke\/dokumenti\/gradsko-vijece\/sprijecavanje-sukoba-interesa\/luka-pera.pdf\" target=\"_blank\"><img decoding=\"async\" src=\"https:\/\/kastela.hr\/en\/wp-content\/themes\/kastela\/img\/file-icons\/document-pdf.png\" alt=\"pdf icon\" style=\"width:16px; height:16px; margin-right: 5px;\">Luka Pera.pdf<\/a><\/li><li><a href=\"https:\/\/kastela.hr\/en\/wp-content\/uploads\/datoteke\/dokumenti\/gradsko-vijece\/sprijecavanje-sukoba-interesa\/jure-ugrina.pdf\" target=\"_blank\"><img decoding=\"async\" src=\"https:\/\/kastela.hr\/en\/wp-content\/themes\/kastela\/img\/file-icons\/document-pdf.png\" alt=\"pdf icon\" style=\"width:16px; height:16px; margin-right: 5px;\">Jure Ugrina.pdf<\/a><\/li><li><a href=\"https:\/\/kastela.hr\/en\/wp-content\/uploads\/datoteke\/dokumenti\/gradsko-vijece\/sprijecavanje-sukoba-interesa\/goran-samardzic.pdf\" target=\"_blank\"><img decoding=\"async\" src=\"https:\/\/kastela.hr\/en\/wp-content\/themes\/kastela\/img\/file-icons\/document-pdf.png\" alt=\"pdf icon\" style=\"width:16px; height:16px; margin-right: 5px;\">Goran Samardz\u030cic\u0301.pdf<\/a><\/li><li><a href=\"https:\/\/kastela.hr\/en\/wp-content\/uploads\/datoteke\/dokumenti\/gradsko-vijece\/sprijecavanje-sukoba-interesa\/bosko-dzolic.pdf\" target=\"_blank\"><img decoding=\"async\" src=\"https:\/\/kastela.hr\/en\/wp-content\/themes\/kastela\/img\/file-icons\/document-pdf.png\" alt=\"pdf icon\" style=\"width:16px; height:16px; margin-right: 5px;\">Bos\u030cko Dz\u030colic\u0301.pdf<\/a><\/li><li><a href=\"https:\/\/kastela.hr\/en\/wp-content\/uploads\/datoteke\/dokumenti\/gradsko-vijece\/sprijecavanje-sukoba-interesa\/josko-botic.pdf\" target=\"_blank\"><img decoding=\"async\" src=\"https:\/\/kastela.hr\/en\/wp-content\/themes\/kastela\/img\/file-icons\/document-pdf.png\" alt=\"pdf icon\" style=\"width:16px; height:16px; margin-right: 5px;\">Jos\u030cko Botic\u0301.pdf<\/a><\/li><li><a href=\"https:\/\/kastela.hr\/en\/wp-content\/uploads\/datoteke\/dokumenti\/gradsko-vijece\/sprijecavanje-sukoba-interesa\/drasko-kulis.pdf\" target=\"_blank\"><img decoding=\"async\" src=\"https:\/\/kastela.hr\/en\/wp-content\/themes\/kastela\/img\/file-icons\/document-pdf.png\" alt=\"pdf icon\" style=\"width:16px; height:16px; margin-right: 5px;\">Dras\u030cko Kulis\u030c.pdf<\/a><\/li><\/ul><\/div>\n\n\n<p>Stavkom 5. istog \u010dlanka Zakona propisano je da je vije\u0107nik\u00a0 du\u017ean pisanim putem obavijestiti Gradsko vije\u0107e o stupanju u poslovni odnos poslovnih subjekata u njegovu vlasni\u0161tvu i vlasni\u0161tvu \u010dlanova njegove obitelji s Gradom Ka\u0161tela te s trgova\u010dkim dru\u0161tvima i drugim pravnim osobama kojima je Grad Ka\u0161tela osniva\u010d ili \u010dlan.<\/p>\n\n\n<div class=\"prilozene_datoteke\"><ul class='no-ul'><li><a href=\"https:\/\/kastela.hr\/en\/wp-content\/uploads\/datoteke\/dokumenti\/gradsko-vijece\/sprijecavanje-sukoba-interesa\/josip-berket-1.pdf\" target=\"_blank\"><img decoding=\"async\" src=\"https:\/\/kastela.hr\/en\/wp-content\/themes\/kastela\/img\/file-icons\/document-pdf.png\" alt=\"pdf icon\" style=\"width:16px; height:16px; margin-right: 5px;\">Josip Berket.pdf<\/a><\/li><li><a href=\"https:\/\/kastela.hr\/en\/wp-content\/uploads\/datoteke\/dokumenti\/gradsko-vijece\/sprijecavanje-sukoba-interesa\/kodeks-ponasanja-clanova-vijeca-grada-kastela.pdf\" target=\"_blank\"><img decoding=\"async\" src=\"https:\/\/kastela.hr\/en\/wp-content\/themes\/kastela\/img\/file-icons\/document-pdf.png\" alt=\"pdf icon\" style=\"width:16px; height:16px; margin-right: 5px;\">Kodeks ponas\u030canja c\u030clanova vijec\u0301a Grada Kas\u030ctela.pdf<\/a><\/li><li><a href=\"https:\/\/kastela.hr\/en\/wp-content\/uploads\/datoteke\/dokumenti\/sluzbeni-glasnici\/2022\/sluzbeni-glasnik-broj-19.pdf\" target=\"_blank\"><img decoding=\"async\" src=\"https:\/\/kastela.hr\/en\/wp-content\/themes\/kastela\/img\/file-icons\/document-pdf.png\" alt=\"pdf icon\" style=\"width:16px; height:16px; margin-right: 5px;\">Sluz\u030cbeni glasnik broj 19.pdf<\/a><\/li><\/ul><\/div>","protected":false},"excerpt":{"rendered":"<p>Zakonom o sprje\u010davanju sukoba interesa koji je stupio na snagu 25. prosinca 2021. g. (\u201eNarodne novine\u201c&nbsp; broj 143\/21) (u daljnjem [&hellip;]<\/p>\n","protected":false},"author":1,"featured_media":0,"parent":8893,"menu_order":0,"comment_status":"closed","ping_status":"closed","template":"","meta":{"_acf_changed":false,"footnotes":""},"class_list":["post-12718","page","type-page","status-publish","hentry"],"acf":[],"_links":{"self":[{"href":"https:\/\/kastela.hr\/en\/wp-json\/wp\/v2\/pages\/12718","targetHints":{"allow":["GET"]}}],"collection":[{"href":"https:\/\/kastela.hr\/en\/wp-json\/wp\/v2\/pages"}],"about":[{"href":"https:\/\/kastela.hr\/en\/wp-json\/wp\/v2\/types\/page"}],"author":[{"embeddable":true,"href":"https:\/\/kastela.hr\/en\/wp-json\/wp\/v2\/users\/1"}],"replies":[{"embeddable":true,"href":"https:\/\/kastela.hr\/en\/wp-json\/wp\/v2\/comments?post=12718"}],"version-history":[{"count":4,"href":"https:\/\/kastela.hr\/en\/wp-json\/wp\/v2\/pages\/12718\/revisions"}],"predecessor-version":[{"id":12747,"href":"https:\/\/kastela.hr\/en\/wp-json\/wp\/v2\/pages\/12718\/revisions\/12747"}],"up":[{"embeddable":true,"href":"https:\/\/kastela.hr\/en\/wp-json\/wp\/v2\/pages\/8893"}],"wp:attachment":[{"href":"https:\/\/kastela.hr\/en\/wp-json\/wp\/v2\/media?parent=12718"}],"curies":[{"name":"wp","href":"https:\/\/api.w.org\/{rel}","templated":true}]}}