{"id":12690,"date":"2024-11-22T14:18:26","date_gmt":"2024-11-22T13:18:26","guid":{"rendered":"https:\/\/kastela.hr\/en\/?page_id=12690"},"modified":"2024-11-22T14:28:29","modified_gmt":"2024-11-22T13:28:29","slug":"nagrade-grada","status":"publish","type":"page","link":"https:\/\/kastela.hr\/en\/grad-kastela\/gradsko-vijece\/nagrade-grada\/","title":{"rendered":"Nagrade Grada"},"content":{"rendered":"\n<p>U povodu Dana Grada Ka\u0161tela dodjeljuju se javna priznanja zaslu\u017enim gra\u0111anima, udrugama i pravnim osobama, te se taj dan i na ovaj na\u010din sve\u010dano obilje\u017eava. Osim javnih priznanja iz \u010dlanka 14. Statuta Grada Ka\u0161tela, Gradsko vije\u0107e mo\u017ee donijeti i odluku o dodjeli drugih javnih priznanja i nagrada .<\/p>\n\n\n\n<p>Javna priznanja su:<\/p>\n\n\n\n<ul class=\"wp-block-list\">\n<li>Nagrada Grada Ka\u0161tela za \u017eivotno djelo<\/li>\n\n\n\n<li>Godi\u0161nja nagrada Grada Ka\u0161tela<\/li>\n\n\n\n<li>Po\u010dasni gra\u0111anin Grada Ka\u0161tela\u00a0<\/li>\n<\/ul>\n\n\n\n<h2 class=\"wp-block-heading\">Dokumenti<\/h2>\n\n\n<div class=\"prilozene_datoteke\"><ul class='no-ul'><li><a href=\"https:\/\/kastela.hr\/en\/wp-content\/uploads\/datoteke\/dokumenti\/sluzbeni-glasnici\/2023\/sluzbeni-glasnik-broj-5.pdf\" target=\"_blank\"><img decoding=\"async\" src=\"https:\/\/kastela.hr\/en\/wp-content\/themes\/kastela\/img\/file-icons\/document-pdf.png\" alt=\"pdf icon\" style=\"width:16px; height:16px; margin-right: 5px;\">Slu\u017ebeni glasnik broj 5.pdf<\/a><\/li><\/ul><\/div>\n\n<div class\"datoteke-mape-blok\"><ul class=\"glasnici-contain no-ul\"><li class=\"glasnik-container\"><div class=\"glasnik-title accordion inactive\"><div class=\"acc-icon\"><img decoding=\"async\" src=\"https:\/\/kastela.hr\/en\/wp-content\/themes\/kastela\/img\/folder.svg\" alt=\"close\" class=\"acc-close\"><img decoding=\"async\" src=\"https:\/\/kastela.hr\/en\/wp-content\/themes\/kastela\/img\/folder-open.svg\" alt=\"open\" class=\"acc-open\"><\/div>Arhiva<\/div><ul class=\"glasnik-items acc-content\" style=\"display:none;\"><li><a href=\"https:\/\/kastela.hr\/en\/wp-content\/uploads\/datoteke\/dokumenti\/gradsko-vijece\/nagrade-grada\/javni-poziv-za-podnosenje-prijedloga-za-dodjelu-javnih-priznanja-za-2014.-godinu.pdf\" target=\"_blank\"><img decoding=\"async\" src=\"https:\/\/kastela.hr\/en\/wp-content\/themes\/kastela\/img\/file-icons\/document-pdf.png\" alt=\"pdf icon\" style=\"width:16px; height:16px; margin-right: 5px;\">Javni poziv za podnos\u030cenje prijedloga za dodjelu javnih priznanja za 2014. godinu.pdf<\/a><\/li><li><a href=\"https:\/\/kastela.hr\/en\/wp-content\/uploads\/datoteke\/dokumenti\/gradsko-vijece\/nagrade-grada\/nagrada-grada-za-2016.doc\" target=\"_blank\"><img decoding=\"async\" src=\"https:\/\/kastela.hr\/en\/wp-content\/themes\/kastela\/img\/file-icons\/document-word.png\" alt=\"doc icon\" style=\"width:16px; height:16px; margin-right: 5px;\">Nagrada Grada za 2016.doc<\/a><\/li><li><a href=\"https:\/\/kastela.hr\/en\/wp-content\/uploads\/datoteke\/dokumenti\/gradsko-vijece\/nagrade-grada\/nagrada-grada-za-2015.odt\" target=\"_blank\"><img decoding=\"async\" src=\"https:\/\/kastela.hr\/en\/wp-content\/themes\/kastela\/img\/file-icons\/document-odt.png\" alt=\"odt icon\" style=\"width:16px; height:16px; margin-right: 5px;\">Nagrada Grada za 2015.odt<\/a><\/li><li><a href=\"https:\/\/kastela.hr\/en\/wp-content\/uploads\/datoteke\/dokumenti\/gradsko-vijece\/nagrade-grada\/nagrade-grada-za-2008.docx\" target=\"_blank\"><img decoding=\"async\" src=\"https:\/\/kastela.hr\/en\/wp-content\/themes\/kastela\/img\/file-icons\/document-word.png\" alt=\"docx icon\" style=\"width:16px; height:16px; margin-right: 5px;\">NAGRADE GRADA ZA 2008.docx<\/a><\/li><li><a href=\"https:\/\/kastela.hr\/en\/wp-content\/uploads\/datoteke\/dokumenti\/gradsko-vijece\/nagrade-grada\/nagrade-grada-za-2007.docx\" target=\"_blank\"><img decoding=\"async\" src=\"https:\/\/kastela.hr\/en\/wp-content\/themes\/kastela\/img\/file-icons\/document-word.png\" alt=\"docx icon\" style=\"width:16px; height:16px; margin-right: 5px;\">NAGRADE GRADA ZA 2007.docx<\/a><\/li><li><a href=\"https:\/\/kastela.hr\/en\/wp-content\/uploads\/datoteke\/dokumenti\/gradsko-vijece\/nagrade-grada\/nagrade-grada-za-2006.docx\" target=\"_blank\"><img decoding=\"async\" src=\"https:\/\/kastela.hr\/en\/wp-content\/themes\/kastela\/img\/file-icons\/document-word.png\" alt=\"docx icon\" style=\"width:16px; height:16px; margin-right: 5px;\">NAGRADE GRADA ZA 2006.docx<\/a><\/li><li><a href=\"https:\/\/kastela.hr\/en\/wp-content\/uploads\/datoteke\/dokumenti\/gradsko-vijece\/nagrade-grada\/nagrade-grada-za-2005.docx\" target=\"_blank\"><img decoding=\"async\" src=\"https:\/\/kastela.hr\/en\/wp-content\/themes\/kastela\/img\/file-icons\/document-word.png\" alt=\"docx icon\" style=\"width:16px; height:16px; margin-right: 5px;\">NAGRADE GRADA ZA 2005.docx<\/a><\/li><li><a href=\"https:\/\/kastela.hr\/en\/wp-content\/uploads\/datoteke\/dokumenti\/gradsko-vijece\/nagrade-grada\/nagrade-grada-za-2004.docx\" target=\"_blank\"><img decoding=\"async\" src=\"https:\/\/kastela.hr\/en\/wp-content\/themes\/kastela\/img\/file-icons\/document-word.png\" alt=\"docx icon\" style=\"width:16px; height:16px; margin-right: 5px;\">NAGRADE GRADA ZA 2004.docx<\/a><\/li><li><a href=\"https:\/\/kastela.hr\/en\/wp-content\/uploads\/datoteke\/dokumenti\/gradsko-vijece\/nagrade-grada\/nagrade-grada-za-2003.docx\" target=\"_blank\"><img decoding=\"async\" src=\"https:\/\/kastela.hr\/en\/wp-content\/themes\/kastela\/img\/file-icons\/document-word.png\" alt=\"docx icon\" style=\"width:16px; height:16px; margin-right: 5px;\">NAGRADE GRADA ZA 2003.docx<\/a><\/li><li><a href=\"https:\/\/kastela.hr\/en\/wp-content\/uploads\/datoteke\/dokumenti\/gradsko-vijece\/nagrade-grada\/nagrade-grada-za-2002.docx\" target=\"_blank\"><img decoding=\"async\" src=\"https:\/\/kastela.hr\/en\/wp-content\/themes\/kastela\/img\/file-icons\/document-word.png\" alt=\"docx icon\" style=\"width:16px; height:16px; margin-right: 5px;\">NAGRADE GRADA ZA 2002.docx<\/a><\/li><li><a href=\"https:\/\/kastela.hr\/en\/wp-content\/uploads\/datoteke\/dokumenti\/gradsko-vijece\/nagrade-grada\/nagrade-grada-za-2001.docx\" target=\"_blank\"><img decoding=\"async\" src=\"https:\/\/kastela.hr\/en\/wp-content\/themes\/kastela\/img\/file-icons\/document-word.png\" alt=\"docx icon\" style=\"width:16px; height:16px; margin-right: 5px;\">NAGRADE GRADA ZA 2001.docx<\/a><\/li><li><a href=\"https:\/\/kastela.hr\/en\/wp-content\/uploads\/datoteke\/dokumenti\/gradsko-vijece\/nagrade-grada\/nagrade-grada-za-2000.docx\" target=\"_blank\"><img decoding=\"async\" src=\"https:\/\/kastela.hr\/en\/wp-content\/themes\/kastela\/img\/file-icons\/document-word.png\" alt=\"docx icon\" style=\"width:16px; height:16px; margin-right: 5px;\">NAGRADE GRADA ZA 2000.docx<\/a><\/li><li><a href=\"https:\/\/kastela.hr\/en\/wp-content\/uploads\/datoteke\/dokumenti\/sluzbeni-glasnici\/2014\/sluzbeni-glasnik-broj-14.pdf\" target=\"_blank\"><img decoding=\"async\" src=\"https:\/\/kastela.hr\/en\/wp-content\/themes\/kastela\/img\/file-icons\/document-pdf.png\" alt=\"pdf icon\" style=\"width:16px; height:16px; margin-right: 5px;\">Sluz\u030cbeni glasnik broj 14.pdf<\/a><\/li><li><a href=\"https:\/\/kastela.hr\/en\/wp-content\/uploads\/datoteke\/dokumenti\/sluzbeni-glasnici\/2010\/sluzbeni-glasnik-broj-18.pdf\" target=\"_blank\"><img decoding=\"async\" src=\"https:\/\/kastela.hr\/en\/wp-content\/themes\/kastela\/img\/file-icons\/document-pdf.png\" alt=\"pdf icon\" style=\"width:16px; height:16px; margin-right: 5px;\">Sluz\u030cbeni glasnik broj 18.pdf<\/a><\/li><li><a href=\"https:\/\/kastela.hr\/en\/wp-content\/uploads\/datoteke\/dokumenti\/gradsko-vijece\/nagrade-grada\/nagrade-grada-za-2009.-g.pdf\" target=\"_blank\"><img decoding=\"async\" src=\"https:\/\/kastela.hr\/en\/wp-content\/themes\/kastela\/img\/file-icons\/document-pdf.png\" alt=\"pdf icon\" style=\"width:16px; height:16px; margin-right: 5px;\">Nagrade Grada za 2009. g..pdf<\/a><\/li><li><a href=\"https:\/\/kastela.hr\/en\/wp-content\/uploads\/datoteke\/dokumenti\/gradsko-vijece\/nagrade-grada\/nagrade-grada-za-2010.-g.pdf\" target=\"_blank\"><img decoding=\"async\" src=\"https:\/\/kastela.hr\/en\/wp-content\/themes\/kastela\/img\/file-icons\/document-pdf.png\" alt=\"pdf icon\" style=\"width:16px; height:16px; margin-right: 5px;\">Nagrade Grada za 2010. g..pdf<\/a><\/li><li><a href=\"https:\/\/kastela.hr\/en\/wp-content\/uploads\/datoteke\/dokumenti\/gradsko-vijece\/nagrade-grada\/nagrade-grada-za-2011-g.pdf\" target=\"_blank\"><img decoding=\"async\" src=\"https:\/\/kastela.hr\/en\/wp-content\/themes\/kastela\/img\/file-icons\/document-pdf.png\" alt=\"pdf icon\" style=\"width:16px; height:16px; margin-right: 5px;\">Nagrade Grada za 2011 g..pdf<\/a><\/li><li><a href=\"https:\/\/kastela.hr\/en\/wp-content\/uploads\/datoteke\/dokumenti\/gradsko-vijece\/nagrade-grada\/nagrade-grada-za-2012.-g.pdf\" target=\"_blank\"><img decoding=\"async\" src=\"https:\/\/kastela.hr\/en\/wp-content\/themes\/kastela\/img\/file-icons\/document-pdf.png\" alt=\"pdf icon\" style=\"width:16px; height:16px; margin-right: 5px;\">Nagrade Grada za 2012. g..pdf<\/a><\/li><li><a href=\"https:\/\/kastela.hr\/en\/wp-content\/uploads\/datoteke\/dokumenti\/gradsko-vijece\/nagrade-grada\/nagrade-grada-za-2013-g.pdf\" target=\"_blank\"><img decoding=\"async\" src=\"https:\/\/kastela.hr\/en\/wp-content\/themes\/kastela\/img\/file-icons\/document-pdf.png\" alt=\"pdf icon\" style=\"width:16px; height:16px; margin-right: 5px;\">Nagrade Grada za 2013 g..pdf<\/a><\/li><li><a href=\"https:\/\/kastela.hr\/en\/wp-content\/uploads\/datoteke\/dokumenti\/gradsko-vijece\/nagrade-grada\/nagrade-grada-za-2014.-g.pdf\" target=\"_blank\"><img decoding=\"async\" src=\"https:\/\/kastela.hr\/en\/wp-content\/themes\/kastela\/img\/file-icons\/document-pdf.png\" alt=\"pdf icon\" style=\"width:16px; height:16px; margin-right: 5px;\">Nagrade Grada za 2014. g..pdf<\/a><\/li><\/ul><\/ul><\/div>","protected":false},"excerpt":{"rendered":"<p>U povodu Dana Grada Ka\u0161tela dodjeljuju se javna priznanja zaslu\u017enim gra\u0111anima, udrugama i pravnim osobama, te se taj dan i [&hellip;]<\/p>\n","protected":false},"author":1,"featured_media":0,"parent":8893,"menu_order":0,"comment_status":"closed","ping_status":"closed","template":"","meta":{"_acf_changed":false,"footnotes":""},"class_list":["post-12690","page","type-page","status-publish","hentry"],"acf":[],"_links":{"self":[{"href":"https:\/\/kastela.hr\/en\/wp-json\/wp\/v2\/pages\/12690","targetHints":{"allow":["GET"]}}],"collection":[{"href":"https:\/\/kastela.hr\/en\/wp-json\/wp\/v2\/pages"}],"about":[{"href":"https:\/\/kastela.hr\/en\/wp-json\/wp\/v2\/types\/page"}],"author":[{"embeddable":true,"href":"https:\/\/kastela.hr\/en\/wp-json\/wp\/v2\/users\/1"}],"replies":[{"embeddable":true,"href":"https:\/\/kastela.hr\/en\/wp-json\/wp\/v2\/comments?post=12690"}],"version-history":[{"count":4,"href":"https:\/\/kastela.hr\/en\/wp-json\/wp\/v2\/pages\/12690\/revisions"}],"predecessor-version":[{"id":12716,"href":"https:\/\/kastela.hr\/en\/wp-json\/wp\/v2\/pages\/12690\/revisions\/12716"}],"up":[{"embeddable":true,"href":"https:\/\/kastela.hr\/en\/wp-json\/wp\/v2\/pages\/8893"}],"wp:attachment":[{"href":"https:\/\/kastela.hr\/en\/wp-json\/wp\/v2\/media?parent=12690"}],"curies":[{"name":"wp","href":"https:\/\/api.w.org\/{rel}","templated":true}]}}