{"id":12505,"date":"2024-11-21T20:52:29","date_gmt":"2024-11-21T19:52:29","guid":{"rendered":"https:\/\/kastela.hr\/en\/?page_id=12505"},"modified":"2024-11-22T12:50:55","modified_gmt":"2024-11-22T11:50:55","slug":"mandatno-razdoblje-2017-2021","status":"publish","type":"page","link":"https:\/\/kastela.hr\/en\/grad-kastela\/gradsko-vijece\/sastav-gradskog-vijeca\/mandatno-razdoblje-2017-2021\/","title":{"rendered":"Mandatno razdoblje 2017.- 2021."},"content":{"rendered":"\n<h2 class=\"wp-block-heading\">Predsjednik Gradskog vije\u0107a<\/h2>\n\n\n<div class=\"osobe-blok-container\"><ul class=\"adresar-list\"><li><div class=\"osoba-ima-sliku\"><div class=\"osoba-slika\"><img loading=\"lazy\" decoding=\"async\" width=\"120\" height=\"120\" src=\"https:\/\/kastela.hr\/en\/wp-content\/uploads\/datoteke\/dokumenti\/gradsko-vijece\/sastav-gradskog-vijeca\/mandatno-razdoblje-2017.-2021\/ivan-udovicic.jpg\" class=\"attachment-thumbnail size-thumbnail\" alt=\"Ivan Udovic\u030cic\u0301\" \/><\/div><div class=\"osoba-ostatak-info\"><h3 class=\"adresar-naziv\">Ivan Udovi\u010di\u0107<\/h3><h4 class=\"adresar-titula\">(HDZ)<\/h4><\/div><\/div><\/li><\/ul><\/div>\n\n\n<h2 class=\"wp-block-heading\">Potpredsjednice Gradskog vije\u0107a:<\/h2>\n\n\n<div class=\"osobe-blok-container\"><ul class=\"adresar-list\"><li><div class=\"osoba-ima-sliku\"><div class=\"osoba-slika\"><img loading=\"lazy\" decoding=\"async\" width=\"120\" height=\"120\" src=\"https:\/\/kastela.hr\/en\/wp-content\/uploads\/datoteke\/dokumenti\/gradsko-vijece\/sastav-gradskog-vijeca\/mandatno-razdoblje-2017.-2021\/doris-grgurin.jpg\" class=\"attachment-thumbnail size-thumbnail\" alt=\"Doris Grgurin\" \/><\/div><div class=\"osoba-ostatak-info\"><h3 class=\"adresar-naziv\">Doris Grgurin<\/h3><h4 class=\"adresar-titula\">(HDZ)<\/h4><\/div><\/div><\/li><li><div class=\"osoba-ima-sliku\"><div class=\"osoba-slika\"><img loading=\"lazy\" decoding=\"async\" width=\"120\" height=\"120\" src=\"https:\/\/kastela.hr\/en\/wp-content\/uploads\/datoteke\/dokumenti\/gradsko-vijece\/sastav-gradskog-vijeca\/mandatno-razdoblje-2017.-2021\/marinka-parcina.jpg\" class=\"attachment-thumbnail size-thumbnail\" alt=\"Marinka Parc\u030cina\" \/><\/div><div class=\"osoba-ostatak-info\"><h3 class=\"adresar-naziv\">Marinka Par\u010dina<\/h3><h4 class=\"adresar-titula\">(Lista grupe bira\u010da nositelja Josipa Berketa)<\/h4><\/div><\/div><\/li><\/ul><\/div>\n\n\n<h2 class=\"wp-block-heading\">Vije\u0107nici Hrvatske demokratske zajednice \u2013 HDZ i Hrvatske selja\u010dke stranke \u2013 HSS<\/h2>\n\n\n<div class=\"osobe-blok-container\"><ul class=\"adresar-list\"><li><div class=\"osoba-ima-sliku\"><div class=\"osoba-slika\"><img loading=\"lazy\" decoding=\"async\" width=\"120\" height=\"120\" src=\"https:\/\/kastela.hr\/en\/wp-content\/uploads\/datoteke\/dokumenti\/gradsko-vijece\/sastav-gradskog-vijeca\/mandatno-razdoblje-2017.-2021\/dina-balic.jpg\" class=\"attachment-thumbnail size-thumbnail\" alt=\"Dina Balic\u0301\" \/><\/div><div class=\"osoba-ostatak-info\"><h3 class=\"adresar-naziv\">Dina Bali\u0107<\/h3><\/div><\/div><\/li><li><div class=\"osoba-ima-sliku\"><div class=\"osoba-slika\"><img loading=\"lazy\" decoding=\"async\" width=\"120\" height=\"120\" src=\"https:\/\/kastela.hr\/en\/wp-content\/uploads\/datoteke\/dokumenti\/gradsko-vijece\/sastav-gradskog-vijeca\/mandatno-razdoblje-2017.-2021\/ante-botic.jpg\" class=\"attachment-thumbnail size-thumbnail\" alt=\"Ante Botic\u0301\" \/><\/div><div class=\"osoba-ostatak-info\"><h3 class=\"adresar-naziv\">Ante Boti\u0107<\/h3><\/div><\/div><\/li><li><div class=\"osoba-ima-sliku\"><div class=\"osoba-slika\"><img loading=\"lazy\" decoding=\"async\" width=\"120\" height=\"120\" src=\"https:\/\/kastela.hr\/en\/wp-content\/uploads\/datoteke\/dokumenti\/gradsko-vijece\/sastav-gradskog-vijeca\/mandatno-razdoblje-2017.-2021\/zoran-bonacin.jpg\" class=\"attachment-thumbnail size-thumbnail\" alt=\"Zoran Bonacin\" \/><\/div><div class=\"osoba-ostatak-info\"><h3 class=\"adresar-naziv\">Zoran Bonacin<\/h3><\/div><\/div><\/li><li><div class=\"osoba-ima-sliku\"><div class=\"osoba-slika\"><img loading=\"lazy\" decoding=\"async\" width=\"120\" height=\"120\" src=\"https:\/\/kastela.hr\/en\/wp-content\/uploads\/datoteke\/dokumenti\/gradsko-vijece\/sastav-gradskog-vijeca\/mandatno-razdoblje-2017.-2021\/josko-botic.jpg\" class=\"attachment-thumbnail size-thumbnail\" alt=\"Jos\u030cko Botic\u0301\" \/><\/div><div class=\"osoba-ostatak-info\"><h3 class=\"adresar-naziv\">Jo\u0161ko Boti\u0107<\/h3><\/div><\/div><\/li><li><div class=\"osoba-ima-sliku\"><div class=\"osoba-slika\"><img loading=\"lazy\" decoding=\"async\" width=\"120\" height=\"120\" src=\"https:\/\/kastela.hr\/en\/wp-content\/uploads\/datoteke\/dokumenti\/gradsko-vijece\/sastav-gradskog-vijeca\/mandatno-razdoblje-2017.-2021\/mario-duvnjak.jpg\" class=\"attachment-thumbnail size-thumbnail\" alt=\"Mario Duvnjak\" \/><\/div><div class=\"osoba-ostatak-info\"><h3 class=\"adresar-naziv\">Mario Duvnjak<\/h3><\/div><\/div><\/li><li><div class=\"osoba-ima-sliku\"><div class=\"osoba-slika\"><img loading=\"lazy\" decoding=\"async\" width=\"120\" height=\"120\" src=\"https:\/\/kastela.hr\/en\/wp-content\/uploads\/datoteke\/dokumenti\/gradsko-vijece\/sastav-gradskog-vijeca\/mandatno-razdoblje-2017.-2021\/bosko-dzolic.jpg\" class=\"attachment-thumbnail size-thumbnail\" alt=\"Bos\u030cko Dz\u030colic\u0301\" \/><\/div><div class=\"osoba-ostatak-info\"><h3 class=\"adresar-naziv\">Bo\u0161ko D\u017eoli\u0107<\/h3><\/div><\/div><\/li><li><div class=\"osoba-ima-sliku\"><div class=\"osoba-slika\"><img loading=\"lazy\" decoding=\"async\" width=\"120\" height=\"120\" src=\"https:\/\/kastela.hr\/en\/wp-content\/uploads\/datoteke\/dokumenti\/gradsko-vijece\/sastav-gradskog-vijeca\/mandatno-razdoblje-2017.-2021\/nela-kelam.jpg\" class=\"attachment-thumbnail size-thumbnail\" alt=\"Nela Kelam\" \/><\/div><div class=\"osoba-ostatak-info\"><h3 class=\"adresar-naziv\">Nela Kelam<\/h3><\/div><\/div><\/li><li><div class=\"osoba-ima-sliku\"><div class=\"osoba-slika\"><img loading=\"lazy\" decoding=\"async\" width=\"120\" height=\"120\" src=\"https:\/\/kastela.hr\/en\/wp-content\/uploads\/datoteke\/dokumenti\/gradsko-vijece\/sastav-gradskog-vijeca\/mandatno-razdoblje-2017.-2021\/branimir-matijaca.jpg\" class=\"attachment-thumbnail size-thumbnail\" alt=\"Branimir Matijaca\" \/><\/div><div class=\"osoba-ostatak-info\"><h3 class=\"adresar-naziv\">Branimir Matijaca<\/h3><\/div><\/div><\/li><li><div class=\"osoba-ima-sliku\"><div class=\"osoba-slika\"><img loading=\"lazy\" decoding=\"async\" width=\"120\" height=\"120\" src=\"https:\/\/kastela.hr\/en\/wp-content\/uploads\/datoteke\/dokumenti\/gradsko-vijece\/sastav-gradskog-vijeca\/mandatno-razdoblje-2017.-2021\/mili-novak.jpg\" class=\"attachment-thumbnail size-thumbnail\" alt=\"Mili Novak\" \/><\/div><div class=\"osoba-ostatak-info\"><h3 class=\"adresar-naziv\">Mili Novak<\/h3><\/div><\/div><\/li><li><div class=\"osoba-ima-sliku\"><div class=\"osoba-slika\"><img loading=\"lazy\" decoding=\"async\" width=\"120\" height=\"120\" src=\"https:\/\/kastela.hr\/en\/wp-content\/uploads\/datoteke\/dokumenti\/gradsko-vijece\/sastav-gradskog-vijeca\/mandatno-razdoblje-2017.-2021\/mario-skopljanac.jpg\" class=\"attachment-thumbnail size-thumbnail\" alt=\"Mario S\u030ckopljanac\" \/><\/div><div class=\"osoba-ostatak-info\"><h3 class=\"adresar-naziv\">Mario \u0160kopljanac<\/h3><\/div><\/div><\/li><li><div class=\"osoba-ima-sliku\"><div class=\"osoba-slika\"><img loading=\"lazy\" decoding=\"async\" width=\"120\" height=\"120\" src=\"https:\/\/kastela.hr\/en\/wp-content\/uploads\/datoteke\/dokumenti\/gradsko-vijece\/sastav-gradskog-vijeca\/mandatno-razdoblje-2017.-2021\/jurica-skrapic.jpg\" class=\"attachment-thumbnail size-thumbnail\" alt=\"Jurica S\u030ckrapic\u0301\" \/><\/div><div class=\"osoba-ostatak-info\"><h3 class=\"adresar-naziv\">Jurica \u0160krapi\u0107<\/h3><\/div><\/div><\/li><\/ul><\/div>\n\n\n<h2 class=\"wp-block-heading\">Lista grupe bira\u010da nositelja Josipa Berketa<\/h2>\n\n\n<div class=\"osobe-blok-container\"><ul class=\"adresar-list\"><li><div class=\"osoba-ima-sliku\"><div class=\"osoba-slika\"><img loading=\"lazy\" decoding=\"async\" width=\"120\" height=\"120\" src=\"https:\/\/kastela.hr\/en\/wp-content\/uploads\/datoteke\/dokumenti\/gradsko-vijece\/sastav-gradskog-vijeca\/mandatno-razdoblje-2017.-2021\/josip-berket.jpg\" class=\"attachment-thumbnail size-thumbnail\" alt=\"Josip Berket\" \/><\/div><div class=\"osoba-ostatak-info\"><h3 class=\"adresar-naziv\">Josip Berket<\/h3><\/div><\/div><\/li><li><div class=\"osoba-ima-sliku\"><div class=\"osoba-slika\"><img loading=\"lazy\" decoding=\"async\" width=\"120\" height=\"120\" src=\"https:\/\/kastela.hr\/en\/wp-content\/uploads\/datoteke\/dokumenti\/gradsko-vijece\/sastav-gradskog-vijeca\/mandatno-razdoblje-2017.-2021\/marinko-kovacev.jpg\" class=\"attachment-thumbnail size-thumbnail\" alt=\"Marinko Kovac\u030cev\" \/><\/div><div class=\"osoba-ostatak-info\"><h3 class=\"adresar-naziv\">Marinko Kova\u010dev<\/h3><\/div><\/div><\/li><li><div class=\"osoba-ima-sliku\"><div class=\"osoba-slika\"><img loading=\"lazy\" decoding=\"async\" width=\"120\" height=\"120\" src=\"https:\/\/kastela.hr\/en\/wp-content\/uploads\/datoteke\/dokumenti\/gradsko-vijece\/sastav-gradskog-vijeca\/mandatno-razdoblje-2017.-2021\/goran-samardzic.jpg\" class=\"attachment-thumbnail size-thumbnail\" alt=\"Goran Samardz\u030cic\u0301\" \/><\/div><div class=\"osoba-ostatak-info\"><h3 class=\"adresar-naziv\">Goran Samard\u017ei\u0107<\/h3><\/div><\/div><\/li><li><div class=\"osoba-ima-sliku\"><div class=\"osoba-slika\"><img loading=\"lazy\" decoding=\"async\" width=\"120\" height=\"120\" src=\"https:\/\/kastela.hr\/en\/wp-content\/uploads\/datoteke\/dokumenti\/gradsko-vijece\/sastav-gradskog-vijeca\/mandatno-razdoblje-2017.-2021\/meri-skopljanac-gagic.jpg\" class=\"attachment-thumbnail size-thumbnail\" alt=\"Meri S\u030ckopljanac Gagic\u0301\" \/><\/div><div class=\"osoba-ostatak-info\"><h3 class=\"adresar-naziv\">Meri \u0160kopljanac-Gagi\u0107<\/h3><\/div><\/div><\/li><\/ul><\/div>\n\n\n<h2 class=\"wp-block-heading\">Socijaldemokratska partija Hrvatske \u2013 SDP<\/h2>\n\n\n<div class=\"osobe-blok-container\"><ul class=\"adresar-list\"><li><div class=\"osoba-ima-sliku\"><div class=\"osoba-slika\"><img loading=\"lazy\" decoding=\"async\" width=\"150\" height=\"150\" src=\"https:\/\/kastela.hr\/en\/wp-content\/uploads\/datoteke\/dokumenti\/gradsko-vijece\/sastav-gradskog-vijeca\/nema-slike.jpg\" class=\"attachment-thumbnail size-thumbnail\" alt=\"Nema Slike\" \/><\/div><div class=\"osoba-ostatak-info\"><h3 class=\"adresar-naziv\">Teodor Gavri\u0107<\/h3><\/div><\/div><\/li><li><div class=\"osoba-ima-sliku\"><div class=\"osoba-slika\"><img loading=\"lazy\" decoding=\"async\" width=\"120\" height=\"120\" src=\"https:\/\/kastela.hr\/en\/wp-content\/uploads\/datoteke\/dokumenti\/gradsko-vijece\/sastav-gradskog-vijeca\/mandatno-razdoblje-2017.-2021\/marin-salov.jpg\" class=\"attachment-thumbnail size-thumbnail\" alt=\"Marin S\u030calov\" \/><\/div><div class=\"osoba-ostatak-info\"><h3 class=\"adresar-naziv\">Marin \u0160alov<\/h3><\/div><\/div><\/li><li><div class=\"osoba-ima-sliku\"><div class=\"osoba-slika\"><img loading=\"lazy\" decoding=\"async\" width=\"150\" height=\"150\" src=\"https:\/\/kastela.hr\/en\/wp-content\/uploads\/datoteke\/dokumenti\/gradsko-vijece\/sastav-gradskog-vijeca\/nema-slike.jpg\" class=\"attachment-thumbnail size-thumbnail\" alt=\"Nema Slike\" \/><\/div><div class=\"osoba-ostatak-info\"><h3 class=\"adresar-naziv\">Filip Ple\u0107a\u0161<\/h3><\/div><\/div><\/li><li><div class=\"osoba-ima-sliku\"><div class=\"osoba-slika\"><img loading=\"lazy\" decoding=\"async\" width=\"150\" height=\"150\" src=\"https:\/\/kastela.hr\/en\/wp-content\/uploads\/datoteke\/dokumenti\/gradsko-vijece\/sastav-gradskog-vijeca\/nema-slike.jpg\" class=\"attachment-thumbnail size-thumbnail\" alt=\"Nema Slike\" \/><\/div><div class=\"osoba-ostatak-info\"><h3 class=\"adresar-naziv\">Matko Kuzmani\u0107<\/h3><\/div><\/div><\/li><\/ul><\/div>\n\n\n<h2 class=\"wp-block-heading\">Akcija mladih-AM<\/h2>\n\n\n<div class=\"osobe-blok-container\"><ul class=\"adresar-list\"><li><div class=\"osoba-ima-sliku\"><div class=\"osoba-slika\"><img loading=\"lazy\" decoding=\"async\" width=\"120\" height=\"120\" src=\"https:\/\/kastela.hr\/en\/wp-content\/uploads\/datoteke\/dokumenti\/gradsko-vijece\/sastav-gradskog-vijeca\/mandatno-razdoblje-2017.-2021\/ana-ljubica.jpg\" class=\"attachment-thumbnail size-thumbnail\" alt=\"Ana Ljubica\" \/><\/div><div class=\"osoba-ostatak-info\"><h3 class=\"adresar-naziv\">Ana Ljubica<\/h3><\/div><\/div><\/li><\/ul><\/div>\n\n\n<h2 class=\"wp-block-heading\">Lista grupe bira\u010da nositelja Ivana Gotovca<\/h2>\n\n\n<div class=\"osobe-blok-container\"><ul class=\"adresar-list\"><li><div class=\"osoba-ima-sliku\"><div class=\"osoba-slika\"><img loading=\"lazy\" decoding=\"async\" width=\"120\" height=\"120\" src=\"https:\/\/kastela.hr\/en\/wp-content\/uploads\/datoteke\/dokumenti\/gradsko-vijece\/sastav-gradskog-vijeca\/mandatno-razdoblje-2017.-2021\/ivan-gotovac.jpg\" class=\"attachment-thumbnail size-thumbnail\" alt=\"Ivan Gotovac\" \/><\/div><div class=\"osoba-ostatak-info\"><h3 class=\"adresar-naziv\">Ivan Gotovac<\/h3><\/div><\/div><\/li><\/ul><\/div>\n\n\n<h2 class=\"wp-block-heading\">Hrvatska stranka prava-HSP<\/h2>\n\n\n<div class=\"osobe-blok-container\"><ul class=\"adresar-list\"><li><div class=\"osoba-ima-sliku\"><div class=\"osoba-slika\"><img loading=\"lazy\" decoding=\"async\" width=\"150\" height=\"150\" src=\"https:\/\/kastela.hr\/en\/wp-content\/uploads\/datoteke\/dokumenti\/gradsko-vijece\/sastav-gradskog-vijeca\/nema-slike.jpg\" class=\"attachment-thumbnail size-thumbnail\" alt=\"Nema Slike\" \/><\/div><div class=\"osoba-ostatak-info\"><h3 class=\"adresar-naziv\">Ante Komljen<\/h3><\/div><\/div><\/li><\/ul><\/div>","protected":false},"excerpt":{"rendered":"<p>Predsjednik Gradskog vije\u0107a Potpredsjednice Gradskog vije\u0107a: Vije\u0107nici Hrvatske demokratske zajednice \u2013 HDZ i Hrvatske selja\u010dke stranke \u2013 HSS Lista grupe [&hellip;]<\/p>\n","protected":false},"author":1,"featured_media":0,"parent":12501,"menu_order":0,"comment_status":"closed","ping_status":"closed","template":"","meta":{"_acf_changed":false,"footnotes":""},"class_list":["post-12505","page","type-page","status-publish","hentry"],"acf":[],"_links":{"self":[{"href":"https:\/\/kastela.hr\/en\/wp-json\/wp\/v2\/pages\/12505","targetHints":{"allow":["GET"]}}],"collection":[{"href":"https:\/\/kastela.hr\/en\/wp-json\/wp\/v2\/pages"}],"about":[{"href":"https:\/\/kastela.hr\/en\/wp-json\/wp\/v2\/types\/page"}],"author":[{"embeddable":true,"href":"https:\/\/kastela.hr\/en\/wp-json\/wp\/v2\/users\/1"}],"replies":[{"embeddable":true,"href":"https:\/\/kastela.hr\/en\/wp-json\/wp\/v2\/comments?post=12505"}],"version-history":[{"count":10,"href":"https:\/\/kastela.hr\/en\/wp-json\/wp\/v2\/pages\/12505\/revisions"}],"predecessor-version":[{"id":12620,"href":"https:\/\/kastela.hr\/en\/wp-json\/wp\/v2\/pages\/12505\/revisions\/12620"}],"up":[{"embeddable":true,"href":"https:\/\/kastela.hr\/en\/wp-json\/wp\/v2\/pages\/12501"}],"wp:attachment":[{"href":"https:\/\/kastela.hr\/en\/wp-json\/wp\/v2\/media?parent=12505"}],"curies":[{"name":"wp","href":"https:\/\/api.w.org\/{rel}","templated":true}]}}