{"id":12503,"date":"2024-11-21T20:51:21","date_gmt":"2024-11-21T19:51:21","guid":{"rendered":"https:\/\/kastela.hr\/en\/?page_id=12503"},"modified":"2024-11-22T12:33:02","modified_gmt":"2024-11-22T11:33:02","slug":"mandatno-razdoblje-2021-2025","status":"publish","type":"page","link":"https:\/\/kastela.hr\/en\/grad-kastela\/gradsko-vijece\/sastav-gradskog-vijeca\/mandatno-razdoblje-2021-2025\/","title":{"rendered":"Mandatno razdoblje 2021.-2025."},"content":{"rendered":"\n<h2 class=\"wp-block-heading\">Predsjednica Gradskog vije\u0107a<\/h2>\n\n\n<div class=\"osobe-blok-container\"><ul class=\"adresar-list\"><li><div class=\"osoba-ima-sliku\"><div class=\"osoba-slika\"><img loading=\"lazy\" decoding=\"async\" width=\"150\" height=\"150\" src=\"https:\/\/kastela.hr\/en\/wp-content\/uploads\/datoteke\/dokumenti\/gradsko-vijece\/sastav-gradskog-vijeca\/mandatno-razdoblje-2021.-2025\/doris-grgurin-150x150.jpeg\" class=\"attachment-thumbnail size-thumbnail\" alt=\"Doris Grgurin\" srcset=\"https:\/\/kastela.hr\/en\/wp-content\/uploads\/datoteke\/dokumenti\/gradsko-vijece\/sastav-gradskog-vijeca\/mandatno-razdoblje-2021.-2025\/doris-grgurin-150x150.jpeg 150w, https:\/\/kastela.hr\/en\/wp-content\/uploads\/datoteke\/dokumenti\/gradsko-vijece\/sastav-gradskog-vijeca\/mandatno-razdoblje-2021.-2025\/doris-grgurin-300x300.jpeg 300w, https:\/\/kastela.hr\/en\/wp-content\/uploads\/datoteke\/dokumenti\/gradsko-vijece\/sastav-gradskog-vijeca\/mandatno-razdoblje-2021.-2025\/doris-grgurin-350x350.jpeg 350w, https:\/\/kastela.hr\/en\/wp-content\/uploads\/datoteke\/dokumenti\/gradsko-vijece\/sastav-gradskog-vijeca\/mandatno-razdoblje-2021.-2025\/doris-grgurin.jpeg 379w\" sizes=\"auto, (max-width: 150px) 100vw, 150px\" \/><\/div><div class=\"osoba-ostatak-info\"><h3 class=\"adresar-naziv\">Doris Grgurin<\/h3><h4 class=\"adresar-titula\">(HDZ)<\/h4><\/div><\/div><\/li><\/ul><\/div>\n\n\n<h2 class=\"wp-block-heading\">Potpredsjednici Gradskog vije\u0107a<\/h2>\n\n\n<div class=\"osobe-blok-container\"><ul class=\"adresar-list\"><li><div class=\"osoba-ima-sliku\"><div class=\"osoba-slika\"><img loading=\"lazy\" decoding=\"async\" width=\"150\" height=\"150\" src=\"https:\/\/kastela.hr\/en\/wp-content\/uploads\/datoteke\/dokumenti\/gradsko-vijece\/sastav-gradskog-vijeca\/mandatno-razdoblje-2021.-2025\/bosko-dzolic-150x150.jpeg\" class=\"attachment-thumbnail size-thumbnail\" alt=\"Bos\u030cko Dz\u030colic\u0301\" srcset=\"https:\/\/kastela.hr\/en\/wp-content\/uploads\/datoteke\/dokumenti\/gradsko-vijece\/sastav-gradskog-vijeca\/mandatno-razdoblje-2021.-2025\/bosko-dzolic-150x150.jpeg 150w, https:\/\/kastela.hr\/en\/wp-content\/uploads\/datoteke\/dokumenti\/gradsko-vijece\/sastav-gradskog-vijeca\/mandatno-razdoblje-2021.-2025\/bosko-dzolic-300x300.jpeg 300w, https:\/\/kastela.hr\/en\/wp-content\/uploads\/datoteke\/dokumenti\/gradsko-vijece\/sastav-gradskog-vijeca\/mandatno-razdoblje-2021.-2025\/bosko-dzolic-350x350.jpeg 350w, https:\/\/kastela.hr\/en\/wp-content\/uploads\/datoteke\/dokumenti\/gradsko-vijece\/sastav-gradskog-vijeca\/mandatno-razdoblje-2021.-2025\/bosko-dzolic.jpeg 379w\" sizes=\"auto, (max-width: 150px) 100vw, 150px\" \/><\/div><div class=\"osoba-ostatak-info\"><h3 class=\"adresar-naziv\">Bo\u0161ko D\u017eoli\u0107<\/h3><h4 class=\"adresar-titula\">(HDZ)<\/h4><\/div><\/div><\/li><li><div class=\"osoba-ima-sliku\"><div class=\"osoba-slika\"><img loading=\"lazy\" decoding=\"async\" width=\"150\" height=\"150\" src=\"https:\/\/kastela.hr\/en\/wp-content\/uploads\/datoteke\/dokumenti\/gradsko-vijece\/sastav-gradskog-vijeca\/mandatno-razdoblje-2021.-2025\/goran-samardzic-150x150.jpeg\" class=\"attachment-thumbnail size-thumbnail\" alt=\"Goran Samardz\u030cic\u0301\" srcset=\"https:\/\/kastela.hr\/en\/wp-content\/uploads\/datoteke\/dokumenti\/gradsko-vijece\/sastav-gradskog-vijeca\/mandatno-razdoblje-2021.-2025\/goran-samardzic-150x150.jpeg 150w, https:\/\/kastela.hr\/en\/wp-content\/uploads\/datoteke\/dokumenti\/gradsko-vijece\/sastav-gradskog-vijeca\/mandatno-razdoblje-2021.-2025\/goran-samardzic-300x300.jpeg 300w, https:\/\/kastela.hr\/en\/wp-content\/uploads\/datoteke\/dokumenti\/gradsko-vijece\/sastav-gradskog-vijeca\/mandatno-razdoblje-2021.-2025\/goran-samardzic-350x350.jpeg 350w, https:\/\/kastela.hr\/en\/wp-content\/uploads\/datoteke\/dokumenti\/gradsko-vijece\/sastav-gradskog-vijeca\/mandatno-razdoblje-2021.-2025\/goran-samardzic.jpeg 379w\" sizes=\"auto, (max-width: 150px) 100vw, 150px\" \/><\/div><div class=\"osoba-ostatak-info\"><h3 class=\"adresar-naziv\">Goran Samard\u017ei\u0107<\/h3><h4 class=\"adresar-titula\">(Lista grupe bira\u010da nositelja Josipa Berketa)<\/h4><\/div><\/div><\/li><\/ul><\/div>\n\n\n<h2 class=\"wp-block-heading\">Vije\u0107nici Hrvatske demokratske zajednice \u2013 HDZ<\/h2>\n\n\n<div class=\"osobe-blok-container\"><ul class=\"adresar-list\"><li><div class=\"osoba-ima-sliku\"><div class=\"osoba-slika\"><img loading=\"lazy\" decoding=\"async\" width=\"150\" height=\"150\" src=\"https:\/\/kastela.hr\/en\/wp-content\/uploads\/datoteke\/dokumenti\/gradsko-vijece\/sastav-gradskog-vijeca\/mandatno-razdoblje-2021.-2025\/josko-botic.jpg\" class=\"attachment-thumbnail size-thumbnail\" alt=\"Jos\u030cko Botic\u0301\" \/><\/div><div class=\"osoba-ostatak-info\"><h3 class=\"adresar-naziv\">Jo\u0161ko Boti\u0107<\/h3><\/div><\/div><\/li><li><div class=\"osoba-ima-sliku\"><div class=\"osoba-slika\"><img loading=\"lazy\" decoding=\"async\" width=\"150\" height=\"150\" src=\"https:\/\/kastela.hr\/en\/wp-content\/uploads\/datoteke\/dokumenti\/gradsko-vijece\/sastav-gradskog-vijeca\/mandatno-razdoblje-2021.-2025\/luka-pera-150x150.jpeg\" class=\"attachment-thumbnail size-thumbnail\" alt=\"Luka Pera\" srcset=\"https:\/\/kastela.hr\/en\/wp-content\/uploads\/datoteke\/dokumenti\/gradsko-vijece\/sastav-gradskog-vijeca\/mandatno-razdoblje-2021.-2025\/luka-pera-150x150.jpeg 150w, https:\/\/kastela.hr\/en\/wp-content\/uploads\/datoteke\/dokumenti\/gradsko-vijece\/sastav-gradskog-vijeca\/mandatno-razdoblje-2021.-2025\/luka-pera-300x300.jpeg 300w, https:\/\/kastela.hr\/en\/wp-content\/uploads\/datoteke\/dokumenti\/gradsko-vijece\/sastav-gradskog-vijeca\/mandatno-razdoblje-2021.-2025\/luka-pera-350x350.jpeg 350w, https:\/\/kastela.hr\/en\/wp-content\/uploads\/datoteke\/dokumenti\/gradsko-vijece\/sastav-gradskog-vijeca\/mandatno-razdoblje-2021.-2025\/luka-pera.jpeg 379w\" sizes=\"auto, (max-width: 150px) 100vw, 150px\" \/><\/div><div class=\"osoba-ostatak-info\"><h3 class=\"adresar-naziv\">Luka Pera<\/h3><\/div><\/div><\/li><li><div class=\"osoba-ima-sliku\"><div class=\"osoba-slika\"><img loading=\"lazy\" decoding=\"async\" width=\"150\" height=\"150\" src=\"https:\/\/kastela.hr\/en\/wp-content\/uploads\/datoteke\/dokumenti\/gradsko-vijece\/sastav-gradskog-vijeca\/mandatno-razdoblje-2021.-2025\/teo-antunovic-150x150.jpeg\" class=\"attachment-thumbnail size-thumbnail\" alt=\"Teo Antunovic\u0301\" srcset=\"https:\/\/kastela.hr\/en\/wp-content\/uploads\/datoteke\/dokumenti\/gradsko-vijece\/sastav-gradskog-vijeca\/mandatno-razdoblje-2021.-2025\/teo-antunovic-150x150.jpeg 150w, https:\/\/kastela.hr\/en\/wp-content\/uploads\/datoteke\/dokumenti\/gradsko-vijece\/sastav-gradskog-vijeca\/mandatno-razdoblje-2021.-2025\/teo-antunovic-300x300.jpeg 300w, https:\/\/kastela.hr\/en\/wp-content\/uploads\/datoteke\/dokumenti\/gradsko-vijece\/sastav-gradskog-vijeca\/mandatno-razdoblje-2021.-2025\/teo-antunovic-350x350.jpeg 350w, https:\/\/kastela.hr\/en\/wp-content\/uploads\/datoteke\/dokumenti\/gradsko-vijece\/sastav-gradskog-vijeca\/mandatno-razdoblje-2021.-2025\/teo-antunovic.jpeg 379w\" sizes=\"auto, (max-width: 150px) 100vw, 150px\" \/><\/div><div class=\"osoba-ostatak-info\"><h3 class=\"adresar-naziv\">Teo Antunovi\u0107<\/h3><\/div><\/div><\/li><li><div class=\"osoba-ima-sliku\"><div class=\"osoba-slika\"><img loading=\"lazy\" decoding=\"async\" width=\"150\" height=\"150\" src=\"https:\/\/kastela.hr\/en\/wp-content\/uploads\/datoteke\/dokumenti\/gradsko-vijece\/sastav-gradskog-vijeca\/mandatno-razdoblje-2021.-2025\/mili-novak-150x150.jpeg\" class=\"attachment-thumbnail size-thumbnail\" alt=\"Mili Novak\" srcset=\"https:\/\/kastela.hr\/en\/wp-content\/uploads\/datoteke\/dokumenti\/gradsko-vijece\/sastav-gradskog-vijeca\/mandatno-razdoblje-2021.-2025\/mili-novak-150x150.jpeg 150w, https:\/\/kastela.hr\/en\/wp-content\/uploads\/datoteke\/dokumenti\/gradsko-vijece\/sastav-gradskog-vijeca\/mandatno-razdoblje-2021.-2025\/mili-novak-300x300.jpeg 300w, https:\/\/kastela.hr\/en\/wp-content\/uploads\/datoteke\/dokumenti\/gradsko-vijece\/sastav-gradskog-vijeca\/mandatno-razdoblje-2021.-2025\/mili-novak-350x350.jpeg 350w, https:\/\/kastela.hr\/en\/wp-content\/uploads\/datoteke\/dokumenti\/gradsko-vijece\/sastav-gradskog-vijeca\/mandatno-razdoblje-2021.-2025\/mili-novak.jpeg 379w\" sizes=\"auto, (max-width: 150px) 100vw, 150px\" \/><\/div><div class=\"osoba-ostatak-info\"><h3 class=\"adresar-naziv\">Mili Novak<\/h3><\/div><\/div><\/li><li><div class=\"osoba-ima-sliku\"><div class=\"osoba-slika\"><img loading=\"lazy\" decoding=\"async\" width=\"150\" height=\"150\" src=\"https:\/\/kastela.hr\/en\/wp-content\/uploads\/datoteke\/dokumenti\/gradsko-vijece\/sastav-gradskog-vijeca\/mandatno-razdoblje-2021.-2025\/nela-kelam-150x150.jpeg\" class=\"attachment-thumbnail size-thumbnail\" alt=\"Nela Kelam\" srcset=\"https:\/\/kastela.hr\/en\/wp-content\/uploads\/datoteke\/dokumenti\/gradsko-vijece\/sastav-gradskog-vijeca\/mandatno-razdoblje-2021.-2025\/nela-kelam-150x150.jpeg 150w, https:\/\/kastela.hr\/en\/wp-content\/uploads\/datoteke\/dokumenti\/gradsko-vijece\/sastav-gradskog-vijeca\/mandatno-razdoblje-2021.-2025\/nela-kelam-300x300.jpeg 300w, https:\/\/kastela.hr\/en\/wp-content\/uploads\/datoteke\/dokumenti\/gradsko-vijece\/sastav-gradskog-vijeca\/mandatno-razdoblje-2021.-2025\/nela-kelam-350x350.jpeg 350w, https:\/\/kastela.hr\/en\/wp-content\/uploads\/datoteke\/dokumenti\/gradsko-vijece\/sastav-gradskog-vijeca\/mandatno-razdoblje-2021.-2025\/nela-kelam.jpeg 379w\" sizes=\"auto, (max-width: 150px) 100vw, 150px\" \/><\/div><div class=\"osoba-ostatak-info\"><h3 class=\"adresar-naziv\">Nela Kelam<\/h3><\/div><\/div><\/li><li><div class=\"osoba-ima-sliku\"><div class=\"osoba-slika\"><img loading=\"lazy\" decoding=\"async\" width=\"150\" height=\"150\" src=\"https:\/\/kastela.hr\/en\/wp-content\/uploads\/datoteke\/dokumenti\/gradsko-vijece\/sastav-gradskog-vijeca\/mandatno-razdoblje-2021.-2025\/antonija-topic-150x150.jpeg\" class=\"attachment-thumbnail size-thumbnail\" alt=\"Antonija Topic\u0301\" srcset=\"https:\/\/kastela.hr\/en\/wp-content\/uploads\/datoteke\/dokumenti\/gradsko-vijece\/sastav-gradskog-vijeca\/mandatno-razdoblje-2021.-2025\/antonija-topic-150x150.jpeg 150w, https:\/\/kastela.hr\/en\/wp-content\/uploads\/datoteke\/dokumenti\/gradsko-vijece\/sastav-gradskog-vijeca\/mandatno-razdoblje-2021.-2025\/antonija-topic-300x300.jpeg 300w, https:\/\/kastela.hr\/en\/wp-content\/uploads\/datoteke\/dokumenti\/gradsko-vijece\/sastav-gradskog-vijeca\/mandatno-razdoblje-2021.-2025\/antonija-topic-350x350.jpeg 350w, https:\/\/kastela.hr\/en\/wp-content\/uploads\/datoteke\/dokumenti\/gradsko-vijece\/sastav-gradskog-vijeca\/mandatno-razdoblje-2021.-2025\/antonija-topic.jpeg 379w\" sizes=\"auto, (max-width: 150px) 100vw, 150px\" \/><\/div><div class=\"osoba-ostatak-info\"><h3 class=\"adresar-naziv\">Antonija Topi\u0107<\/h3><\/div><\/div><\/li><li><div class=\"osoba-ima-sliku\"><div class=\"osoba-slika\"><img loading=\"lazy\" decoding=\"async\" width=\"150\" height=\"150\" src=\"https:\/\/kastela.hr\/en\/wp-content\/uploads\/datoteke\/dokumenti\/gradsko-vijece\/sastav-gradskog-vijeca\/mandatno-razdoblje-2021.-2025\/bosko-dzolic-150x150.jpeg\" class=\"attachment-thumbnail size-thumbnail\" alt=\"Bos\u030cko Dz\u030colic\u0301\" srcset=\"https:\/\/kastela.hr\/en\/wp-content\/uploads\/datoteke\/dokumenti\/gradsko-vijece\/sastav-gradskog-vijeca\/mandatno-razdoblje-2021.-2025\/bosko-dzolic-150x150.jpeg 150w, https:\/\/kastela.hr\/en\/wp-content\/uploads\/datoteke\/dokumenti\/gradsko-vijece\/sastav-gradskog-vijeca\/mandatno-razdoblje-2021.-2025\/bosko-dzolic-300x300.jpeg 300w, https:\/\/kastela.hr\/en\/wp-content\/uploads\/datoteke\/dokumenti\/gradsko-vijece\/sastav-gradskog-vijeca\/mandatno-razdoblje-2021.-2025\/bosko-dzolic-350x350.jpeg 350w, https:\/\/kastela.hr\/en\/wp-content\/uploads\/datoteke\/dokumenti\/gradsko-vijece\/sastav-gradskog-vijeca\/mandatno-razdoblje-2021.-2025\/bosko-dzolic.jpeg 379w\" sizes=\"auto, (max-width: 150px) 100vw, 150px\" \/><\/div><div class=\"osoba-ostatak-info\"><h3 class=\"adresar-naziv\">Bo\u0161ko D\u017eoli\u0107<\/h3><\/div><\/div><\/li><li><div class=\"osoba-ima-sliku\"><div class=\"osoba-slika\"><img loading=\"lazy\" decoding=\"async\" width=\"150\" height=\"150\" src=\"https:\/\/kastela.hr\/en\/wp-content\/uploads\/datoteke\/dokumenti\/gradsko-vijece\/sastav-gradskog-vijeca\/mandatno-razdoblje-2021.-2025\/anita-pajcic-150x150.jpg\" class=\"attachment-thumbnail size-thumbnail\" alt=\"Anita Pajc\u030cic\u0301\" srcset=\"https:\/\/kastela.hr\/en\/wp-content\/uploads\/datoteke\/dokumenti\/gradsko-vijece\/sastav-gradskog-vijeca\/mandatno-razdoblje-2021.-2025\/anita-pajcic-150x150.jpg 150w, https:\/\/kastela.hr\/en\/wp-content\/uploads\/datoteke\/dokumenti\/gradsko-vijece\/sastav-gradskog-vijeca\/mandatno-razdoblje-2021.-2025\/anita-pajcic-300x300.jpg 300w, https:\/\/kastela.hr\/en\/wp-content\/uploads\/datoteke\/dokumenti\/gradsko-vijece\/sastav-gradskog-vijeca\/mandatno-razdoblje-2021.-2025\/anita-pajcic-350x350.jpg 350w, https:\/\/kastela.hr\/en\/wp-content\/uploads\/datoteke\/dokumenti\/gradsko-vijece\/sastav-gradskog-vijeca\/mandatno-razdoblje-2021.-2025\/anita-pajcic.jpg 379w\" sizes=\"auto, (max-width: 150px) 100vw, 150px\" \/><\/div><div class=\"osoba-ostatak-info\"><h3 class=\"adresar-naziv\">Anita Paj\u010di\u0107<\/h3><\/div><\/div><\/li><li><div class=\"osoba-ima-sliku\"><div class=\"osoba-slika\"><img loading=\"lazy\" decoding=\"async\" width=\"150\" height=\"150\" src=\"https:\/\/kastela.hr\/en\/wp-content\/uploads\/datoteke\/dokumenti\/gradsko-vijece\/sastav-gradskog-vijeca\/mandatno-razdoblje-2021.-2025\/branimir-matijaca-150x150.jpg\" class=\"attachment-thumbnail size-thumbnail\" alt=\"Branimir Matijaca\" srcset=\"https:\/\/kastela.hr\/en\/wp-content\/uploads\/datoteke\/dokumenti\/gradsko-vijece\/sastav-gradskog-vijeca\/mandatno-razdoblje-2021.-2025\/branimir-matijaca-150x150.jpg 150w, https:\/\/kastela.hr\/en\/wp-content\/uploads\/datoteke\/dokumenti\/gradsko-vijece\/sastav-gradskog-vijeca\/mandatno-razdoblje-2021.-2025\/branimir-matijaca-300x300.jpg 300w, https:\/\/kastela.hr\/en\/wp-content\/uploads\/datoteke\/dokumenti\/gradsko-vijece\/sastav-gradskog-vijeca\/mandatno-razdoblje-2021.-2025\/branimir-matijaca-350x350.jpg 350w, https:\/\/kastela.hr\/en\/wp-content\/uploads\/datoteke\/dokumenti\/gradsko-vijece\/sastav-gradskog-vijeca\/mandatno-razdoblje-2021.-2025\/branimir-matijaca.jpg 361w\" sizes=\"auto, (max-width: 150px) 100vw, 150px\" \/><\/div><div class=\"osoba-ostatak-info\"><h3 class=\"adresar-naziv\">Branimir Matijaca<\/h3><\/div><\/div><\/li><li><div class=\"osoba-ima-sliku\"><div class=\"osoba-slika\"><img loading=\"lazy\" decoding=\"async\" width=\"150\" height=\"150\" src=\"https:\/\/kastela.hr\/en\/wp-content\/uploads\/datoteke\/dokumenti\/gradsko-vijece\/sastav-gradskog-vijeca\/mandatno-razdoblje-2021.-2025\/mario-skopljanac.jpg\" class=\"attachment-thumbnail size-thumbnail\" alt=\"Mario S\u030ckopljanac\" \/><\/div><div class=\"osoba-ostatak-info\"><h3 class=\"adresar-naziv\">Mario \u0160kopljanac<\/h3><\/div><\/div><\/li><\/ul><\/div>\n\n\n<h2 class=\"wp-block-heading\">Lista grupe bira\u010da nositelja Josipa Berketa<\/h2>\n\n\n<div class=\"osobe-blok-container\"><ul class=\"adresar-list\"><li><div class=\"osoba-ima-sliku\"><div class=\"osoba-slika\"><img loading=\"lazy\" decoding=\"async\" width=\"150\" height=\"150\" src=\"https:\/\/kastela.hr\/en\/wp-content\/uploads\/datoteke\/dokumenti\/gradsko-vijece\/sastav-gradskog-vijeca\/mandatno-razdoblje-2021.-2025\/josip-berket-150x150.jpeg\" class=\"attachment-thumbnail size-thumbnail\" alt=\"Josip Berket\" srcset=\"https:\/\/kastela.hr\/en\/wp-content\/uploads\/datoteke\/dokumenti\/gradsko-vijece\/sastav-gradskog-vijeca\/mandatno-razdoblje-2021.-2025\/josip-berket-150x150.jpeg 150w, https:\/\/kastela.hr\/en\/wp-content\/uploads\/datoteke\/dokumenti\/gradsko-vijece\/sastav-gradskog-vijeca\/mandatno-razdoblje-2021.-2025\/josip-berket-300x300.jpeg 300w, https:\/\/kastela.hr\/en\/wp-content\/uploads\/datoteke\/dokumenti\/gradsko-vijece\/sastav-gradskog-vijeca\/mandatno-razdoblje-2021.-2025\/josip-berket-350x350.jpeg 350w, https:\/\/kastela.hr\/en\/wp-content\/uploads\/datoteke\/dokumenti\/gradsko-vijece\/sastav-gradskog-vijeca\/mandatno-razdoblje-2021.-2025\/josip-berket.jpeg 379w\" sizes=\"auto, (max-width: 150px) 100vw, 150px\" \/><\/div><div class=\"osoba-ostatak-info\"><h3 class=\"adresar-naziv\">Josip Berket<\/h3><\/div><\/div><\/li><li><div class=\"osoba-ima-sliku\"><div class=\"osoba-slika\"><img loading=\"lazy\" decoding=\"async\" width=\"150\" height=\"150\" src=\"https:\/\/kastela.hr\/en\/wp-content\/uploads\/datoteke\/dokumenti\/gradsko-vijece\/sastav-gradskog-vijeca\/mandatno-razdoblje-2021.-2025\/meri-skopljanac-gagic-150x150.jpeg\" class=\"attachment-thumbnail size-thumbnail\" alt=\"Meri S\u030ckopljanac Gagic\u0301\" srcset=\"https:\/\/kastela.hr\/en\/wp-content\/uploads\/datoteke\/dokumenti\/gradsko-vijece\/sastav-gradskog-vijeca\/mandatno-razdoblje-2021.-2025\/meri-skopljanac-gagic-150x150.jpeg 150w, https:\/\/kastela.hr\/en\/wp-content\/uploads\/datoteke\/dokumenti\/gradsko-vijece\/sastav-gradskog-vijeca\/mandatno-razdoblje-2021.-2025\/meri-skopljanac-gagic-300x300.jpeg 300w, https:\/\/kastela.hr\/en\/wp-content\/uploads\/datoteke\/dokumenti\/gradsko-vijece\/sastav-gradskog-vijeca\/mandatno-razdoblje-2021.-2025\/meri-skopljanac-gagic-350x350.jpeg 350w, https:\/\/kastela.hr\/en\/wp-content\/uploads\/datoteke\/dokumenti\/gradsko-vijece\/sastav-gradskog-vijeca\/mandatno-razdoblje-2021.-2025\/meri-skopljanac-gagic.jpeg 379w\" sizes=\"auto, (max-width: 150px) 100vw, 150px\" \/><\/div><div class=\"osoba-ostatak-info\"><h3 class=\"adresar-naziv\">Meri \u0160kopljanac Gagi\u0107<\/h3><\/div><\/div><\/li><li><div class=\"osoba-ima-sliku\"><div class=\"osoba-slika\"><img loading=\"lazy\" decoding=\"async\" width=\"150\" height=\"150\" src=\"https:\/\/kastela.hr\/en\/wp-content\/uploads\/datoteke\/dokumenti\/gradsko-vijece\/sastav-gradskog-vijeca\/mandatno-razdoblje-2021.-2025\/goran-samardzic-150x150.jpeg\" class=\"attachment-thumbnail size-thumbnail\" alt=\"Goran Samardz\u030cic\u0301\" srcset=\"https:\/\/kastela.hr\/en\/wp-content\/uploads\/datoteke\/dokumenti\/gradsko-vijece\/sastav-gradskog-vijeca\/mandatno-razdoblje-2021.-2025\/goran-samardzic-150x150.jpeg 150w, https:\/\/kastela.hr\/en\/wp-content\/uploads\/datoteke\/dokumenti\/gradsko-vijece\/sastav-gradskog-vijeca\/mandatno-razdoblje-2021.-2025\/goran-samardzic-300x300.jpeg 300w, https:\/\/kastela.hr\/en\/wp-content\/uploads\/datoteke\/dokumenti\/gradsko-vijece\/sastav-gradskog-vijeca\/mandatno-razdoblje-2021.-2025\/goran-samardzic-350x350.jpeg 350w, https:\/\/kastela.hr\/en\/wp-content\/uploads\/datoteke\/dokumenti\/gradsko-vijece\/sastav-gradskog-vijeca\/mandatno-razdoblje-2021.-2025\/goran-samardzic.jpeg 379w\" sizes=\"auto, (max-width: 150px) 100vw, 150px\" \/><\/div><div class=\"osoba-ostatak-info\"><h3 class=\"adresar-naziv\">Goran Samard\u017ei\u0107<\/h3><\/div><\/div><\/li><\/ul><\/div>\n\n\n<h2 class=\"wp-block-heading\">MOST<\/h2>\n\n\n<div class=\"osobe-blok-container\"><ul class=\"adresar-list\"><li><div class=\"osoba-ima-sliku\"><div class=\"osoba-slika\"><img loading=\"lazy\" decoding=\"async\" width=\"150\" height=\"150\" src=\"https:\/\/kastela.hr\/en\/wp-content\/uploads\/datoteke\/dokumenti\/gradsko-vijece\/sastav-gradskog-vijeca\/mandatno-razdoblje-2021.-2025\/milija-baldic-luksic-150x150.jpeg\" class=\"attachment-thumbnail size-thumbnail\" alt=\"Milija Baldic\u0301 Luks\u030cic\u0301\" srcset=\"https:\/\/kastela.hr\/en\/wp-content\/uploads\/datoteke\/dokumenti\/gradsko-vijece\/sastav-gradskog-vijeca\/mandatno-razdoblje-2021.-2025\/milija-baldic-luksic-150x150.jpeg 150w, https:\/\/kastela.hr\/en\/wp-content\/uploads\/datoteke\/dokumenti\/gradsko-vijece\/sastav-gradskog-vijeca\/mandatno-razdoblje-2021.-2025\/milija-baldic-luksic-300x300.jpeg 300w, https:\/\/kastela.hr\/en\/wp-content\/uploads\/datoteke\/dokumenti\/gradsko-vijece\/sastav-gradskog-vijeca\/mandatno-razdoblje-2021.-2025\/milija-baldic-luksic-350x350.jpeg 350w, https:\/\/kastela.hr\/en\/wp-content\/uploads\/datoteke\/dokumenti\/gradsko-vijece\/sastav-gradskog-vijeca\/mandatno-razdoblje-2021.-2025\/milija-baldic-luksic.jpeg 379w\" sizes=\"auto, (max-width: 150px) 100vw, 150px\" \/><\/div><div class=\"osoba-ostatak-info\"><h3 class=\"adresar-naziv\">Milija Baldi\u0107 Luk\u0161i\u0107<\/h3><\/div><\/div><\/li><\/ul><\/div>\n\n\n<h2 class=\"wp-block-heading\">Domovinski pokret (DP)<\/h2>\n\n\n<div class=\"osobe-blok-container\"><ul class=\"adresar-list\"><li><div class=\"osoba-ima-sliku\"><div class=\"osoba-slika\"><img loading=\"lazy\" decoding=\"async\" width=\"150\" height=\"150\" src=\"https:\/\/kastela.hr\/en\/wp-content\/uploads\/datoteke\/dokumenti\/gradsko-vijece\/sastav-gradskog-vijeca\/mandatno-razdoblje-2021.-2025\/drasko-kulis-150x150.jpeg\" class=\"attachment-thumbnail size-thumbnail\" alt=\"Dras\u030cko Kulis\u030c\" srcset=\"https:\/\/kastela.hr\/en\/wp-content\/uploads\/datoteke\/dokumenti\/gradsko-vijece\/sastav-gradskog-vijeca\/mandatno-razdoblje-2021.-2025\/drasko-kulis-150x150.jpeg 150w, https:\/\/kastela.hr\/en\/wp-content\/uploads\/datoteke\/dokumenti\/gradsko-vijece\/sastav-gradskog-vijeca\/mandatno-razdoblje-2021.-2025\/drasko-kulis-300x300.jpeg 300w, https:\/\/kastela.hr\/en\/wp-content\/uploads\/datoteke\/dokumenti\/gradsko-vijece\/sastav-gradskog-vijeca\/mandatno-razdoblje-2021.-2025\/drasko-kulis-350x350.jpeg 350w, https:\/\/kastela.hr\/en\/wp-content\/uploads\/datoteke\/dokumenti\/gradsko-vijece\/sastav-gradskog-vijeca\/mandatno-razdoblje-2021.-2025\/drasko-kulis.jpeg 379w\" sizes=\"auto, (max-width: 150px) 100vw, 150px\" \/><\/div><div class=\"osoba-ostatak-info\"><h3 class=\"adresar-naziv\">Dra\u0161ko Kuli\u0161<\/h3><\/div><\/div><\/li><\/ul><\/div>\n\n\n<h2 class=\"wp-block-heading\">Hrvatska stranka prava (HSP)<\/h2>\n\n\n<div class=\"osobe-blok-container\"><ul class=\"adresar-list\"><li><div class=\"osoba-ima-sliku\"><div class=\"osoba-slika\"><img loading=\"lazy\" decoding=\"async\" width=\"150\" height=\"150\" src=\"https:\/\/kastela.hr\/en\/wp-content\/uploads\/datoteke\/dokumenti\/gradsko-vijece\/sastav-gradskog-vijeca\/mandatno-razdoblje-2021.-2025\/ante-komljen-150x150.jpeg\" class=\"attachment-thumbnail size-thumbnail\" alt=\"Ante Komljen\" srcset=\"https:\/\/kastela.hr\/en\/wp-content\/uploads\/datoteke\/dokumenti\/gradsko-vijece\/sastav-gradskog-vijeca\/mandatno-razdoblje-2021.-2025\/ante-komljen-150x150.jpeg 150w, https:\/\/kastela.hr\/en\/wp-content\/uploads\/datoteke\/dokumenti\/gradsko-vijece\/sastav-gradskog-vijeca\/mandatno-razdoblje-2021.-2025\/ante-komljen-300x300.jpeg 300w, https:\/\/kastela.hr\/en\/wp-content\/uploads\/datoteke\/dokumenti\/gradsko-vijece\/sastav-gradskog-vijeca\/mandatno-razdoblje-2021.-2025\/ante-komljen-350x350.jpeg 350w, https:\/\/kastela.hr\/en\/wp-content\/uploads\/datoteke\/dokumenti\/gradsko-vijece\/sastav-gradskog-vijeca\/mandatno-razdoblje-2021.-2025\/ante-komljen.jpeg 379w\" sizes=\"auto, (max-width: 150px) 100vw, 150px\" \/><\/div><div class=\"osoba-ostatak-info\"><h3 class=\"adresar-naziv\"><\/h3><\/div><\/div><\/li><\/ul><\/div>\n\n\n<h2 class=\"wp-block-heading\">Nezavisna lista mladih (NLM) i Akcija mladih (AM)<\/h2>\n\n\n<div class=\"osobe-blok-container\"><ul class=\"adresar-list\"><li><div class=\"osoba-ima-sliku\"><div class=\"osoba-slika\"><img loading=\"lazy\" decoding=\"async\" width=\"150\" height=\"150\" src=\"https:\/\/kastela.hr\/en\/wp-content\/uploads\/datoteke\/dokumenti\/gradsko-vijece\/sastav-gradskog-vijeca\/mandatno-razdoblje-2021.-2025\/jure-ugrina-150x150.jpeg\" class=\"attachment-thumbnail size-thumbnail\" alt=\"Jure Ugrina\" srcset=\"https:\/\/kastela.hr\/en\/wp-content\/uploads\/datoteke\/dokumenti\/gradsko-vijece\/sastav-gradskog-vijeca\/mandatno-razdoblje-2021.-2025\/jure-ugrina-150x150.jpeg 150w, https:\/\/kastela.hr\/en\/wp-content\/uploads\/datoteke\/dokumenti\/gradsko-vijece\/sastav-gradskog-vijeca\/mandatno-razdoblje-2021.-2025\/jure-ugrina-300x300.jpeg 300w, https:\/\/kastela.hr\/en\/wp-content\/uploads\/datoteke\/dokumenti\/gradsko-vijece\/sastav-gradskog-vijeca\/mandatno-razdoblje-2021.-2025\/jure-ugrina-350x350.jpeg 350w, https:\/\/kastela.hr\/en\/wp-content\/uploads\/datoteke\/dokumenti\/gradsko-vijece\/sastav-gradskog-vijeca\/mandatno-razdoblje-2021.-2025\/jure-ugrina.jpeg 379w\" sizes=\"auto, (max-width: 150px) 100vw, 150px\" \/><\/div><div class=\"osoba-ostatak-info\"><h3 class=\"adresar-naziv\">Jure Ugrina<\/h3><\/div><\/div><\/li><\/ul><\/div>\n\n\n<h2 class=\"wp-block-heading\">Socijaldemokratska partija Hrvatske (SDP)<\/h2>\n\n\n<div class=\"osobe-blok-container\"><ul class=\"adresar-list\"><li><div class=\"osoba-ima-sliku\"><div class=\"osoba-slika\"><img loading=\"lazy\" decoding=\"async\" width=\"150\" height=\"150\" src=\"https:\/\/kastela.hr\/en\/wp-content\/uploads\/datoteke\/dokumenti\/gradsko-vijece\/sastav-gradskog-vijeca\/mandatno-razdoblje-2021.-2025\/mario-banovac-150x150.jpeg\" class=\"attachment-thumbnail size-thumbnail\" alt=\"Mario Banovac\" srcset=\"https:\/\/kastela.hr\/en\/wp-content\/uploads\/datoteke\/dokumenti\/gradsko-vijece\/sastav-gradskog-vijeca\/mandatno-razdoblje-2021.-2025\/mario-banovac-150x150.jpeg 150w, https:\/\/kastela.hr\/en\/wp-content\/uploads\/datoteke\/dokumenti\/gradsko-vijece\/sastav-gradskog-vijeca\/mandatno-razdoblje-2021.-2025\/mario-banovac-300x300.jpeg 300w, https:\/\/kastela.hr\/en\/wp-content\/uploads\/datoteke\/dokumenti\/gradsko-vijece\/sastav-gradskog-vijeca\/mandatno-razdoblje-2021.-2025\/mario-banovac-350x350.jpeg 350w, https:\/\/kastela.hr\/en\/wp-content\/uploads\/datoteke\/dokumenti\/gradsko-vijece\/sastav-gradskog-vijeca\/mandatno-razdoblje-2021.-2025\/mario-banovac.jpeg 379w\" sizes=\"auto, (max-width: 150px) 100vw, 150px\" \/><\/div><div class=\"osoba-ostatak-info\"><h3 class=\"adresar-naziv\">Mario Banovac<\/h3><\/div><\/div><\/li><\/ul><\/div>\n\n\n<h2 class=\"wp-block-heading\">Nezavisni vije\u0107nici<\/h2>\n\n\n<div class=\"osobe-blok-container\"><ul class=\"adresar-list\"><li><div class=\"osoba-ima-sliku\"><div class=\"osoba-slika\"><img loading=\"lazy\" decoding=\"async\" width=\"150\" height=\"150\" src=\"https:\/\/kastela.hr\/en\/wp-content\/uploads\/datoteke\/dokumenti\/gradsko-vijece\/sastav-gradskog-vijeca\/mandatno-razdoblje-2021.-2025\/zeljan-jurlin-150x150.jpeg\" class=\"attachment-thumbnail size-thumbnail\" alt=\"Z\u030celjan Jurlin\" srcset=\"https:\/\/kastela.hr\/en\/wp-content\/uploads\/datoteke\/dokumenti\/gradsko-vijece\/sastav-gradskog-vijeca\/mandatno-razdoblje-2021.-2025\/zeljan-jurlin-150x150.jpeg 150w, https:\/\/kastela.hr\/en\/wp-content\/uploads\/datoteke\/dokumenti\/gradsko-vijece\/sastav-gradskog-vijeca\/mandatno-razdoblje-2021.-2025\/zeljan-jurlin-300x300.jpeg 300w, https:\/\/kastela.hr\/en\/wp-content\/uploads\/datoteke\/dokumenti\/gradsko-vijece\/sastav-gradskog-vijeca\/mandatno-razdoblje-2021.-2025\/zeljan-jurlin-350x350.jpeg 350w, https:\/\/kastela.hr\/en\/wp-content\/uploads\/datoteke\/dokumenti\/gradsko-vijece\/sastav-gradskog-vijeca\/mandatno-razdoblje-2021.-2025\/zeljan-jurlin.jpeg 379w\" sizes=\"auto, (max-width: 150px) 100vw, 150px\" \/><\/div><div class=\"osoba-ostatak-info\"><h3 class=\"adresar-naziv\">\u017deljan Jurlin<\/h3><\/div><\/div><\/li><li><div class=\"osoba-ima-sliku\"><div class=\"osoba-slika\"><img loading=\"lazy\" decoding=\"async\" width=\"150\" height=\"150\" src=\"https:\/\/kastela.hr\/en\/wp-content\/uploads\/datoteke\/dokumenti\/gradsko-vijece\/sastav-gradskog-vijeca\/mandatno-razdoblje-2021.-2025\/meri-bedalov-smoje-150x150.jpg\" class=\"attachment-thumbnail size-thumbnail\" alt=\"Meri Bedalov Smoje\" \/><\/div><div class=\"osoba-ostatak-info\"><h3 class=\"adresar-naziv\">Meri Bedalov-Smoje<\/h3><\/div><\/div><\/li><\/ul><\/div>","protected":false},"excerpt":{"rendered":"<p>Predsjednica Gradskog vije\u0107a Potpredsjednici Gradskog vije\u0107a Vije\u0107nici Hrvatske demokratske zajednice \u2013 HDZ Lista grupe bira\u010da nositelja Josipa Berketa MOST Domovinski [&hellip;]<\/p>\n","protected":false},"author":1,"featured_media":0,"parent":12501,"menu_order":0,"comment_status":"closed","ping_status":"closed","template":"","meta":{"_acf_changed":false,"footnotes":""},"class_list":["post-12503","page","type-page","status-publish","hentry"],"acf":[],"_links":{"self":[{"href":"https:\/\/kastela.hr\/en\/wp-json\/wp\/v2\/pages\/12503","targetHints":{"allow":["GET"]}}],"collection":[{"href":"https:\/\/kastela.hr\/en\/wp-json\/wp\/v2\/pages"}],"about":[{"href":"https:\/\/kastela.hr\/en\/wp-json\/wp\/v2\/types\/page"}],"author":[{"embeddable":true,"href":"https:\/\/kastela.hr\/en\/wp-json\/wp\/v2\/users\/1"}],"replies":[{"embeddable":true,"href":"https:\/\/kastela.hr\/en\/wp-json\/wp\/v2\/comments?post=12503"}],"version-history":[{"count":24,"href":"https:\/\/kastela.hr\/en\/wp-json\/wp\/v2\/pages\/12503\/revisions"}],"predecessor-version":[{"id":12580,"href":"https:\/\/kastela.hr\/en\/wp-json\/wp\/v2\/pages\/12503\/revisions\/12580"}],"up":[{"embeddable":true,"href":"https:\/\/kastela.hr\/en\/wp-json\/wp\/v2\/pages\/12501"}],"wp:attachment":[{"href":"https:\/\/kastela.hr\/en\/wp-json\/wp\/v2\/media?parent=12503"}],"curies":[{"name":"wp","href":"https:\/\/api.w.org\/{rel}","templated":true}]}}