{"id":11619,"date":"2024-10-09T13:17:51","date_gmt":"2024-10-09T11:17:51","guid":{"rendered":"https:\/\/kastela.hr\/en\/?page_id=11619"},"modified":"2024-11-13T09:23:00","modified_gmt":"2024-11-13T08:23:00","slug":"upravni-odjel-za-gospodarski-razvoj-i-fondove-europske-unije","status":"publish","type":"page","link":"https:\/\/kastela.hr\/en\/grad-kastela\/upravni-odjeli\/upravni-odjel-za-gospodarski-razvoj-i-fondove-europske-unije\/","title":{"rendered":"Upravni odjel za gospodarski razvoj i fondove Europske unije"},"content":{"rendered":"<div class=\"poveznice-opis-blok-container\">    <a class=\"poveznice-blok-link\" href=\"https:\/\/kastela.hr\/en\/grad-kastela\/upravni-odjeli\/upravni-odjel-za-gospodarski-razvoj-i-fondove-europske-unije\/djelokrug-rada-uo-za-gospodarski-razvoj-i-fondove-europske-unije\/\" target=\"_self\">\n\n\n\n<div class=\"poveznice-opis-blok-item\"><div class=\"poveznice-blok-naslov\">Djelokrug rada UO za gospodarski razvoj i fondove Europske unije<\/div><\/div><\/a>    <a class=\"poveznice-blok-link\" href=\"https:\/\/kastela.hr\/en\/grad-kastela\/upravni-odjeli\/upravni-odjel-za-gospodarski-razvoj-i-fondove-europske-unije\/odsjek-za-komunalno-redarstvo\/\" target=\"_self\">\n\n\n\n<div class=\"poveznice-opis-blok-item\"><div class=\"poveznice-blok-naslov\">Odsjek za komunalno redarstvo<\/div><\/div><\/a>    <a class=\"poveznice-blok-link\" href=\"https:\/\/kastela.hr\/en\/grad-kastela\/upravni-odjeli\/upravni-odjel-za-gospodarski-razvoj-i-fondove-europske-unije\/odsjek-za-gospodarstvo-i-komunalne-djelatnosti\/\" target=\"_self\">\n\n\n\n<div class=\"poveznice-opis-blok-item\"><div class=\"poveznice-blok-naslov\">Odsjek za gospodarstvo i komunalne djelatnosti<\/div><\/div><\/a>    <a class=\"poveznice-blok-link\" href=\"https:\/\/kastela.hr\/en\/grad-kastela\/upravni-odjeli\/upravni-odjel-za-gospodarski-razvoj-i-fondove-europske-unije\/odsjek-za-fondove-europske-unije\/\" target=\"_self\">\n\n\n\n<div class=\"poveznice-opis-blok-item\"><div class=\"poveznice-blok-naslov\">Odsjek za fondove Europske unije<\/div><\/div><\/a><\/div>\n\n\n<h2 class=\"wp-block-heading\">Kontakt informacije odjela<\/h2>\n\n\n    <ul class=\"adresar-list\">\n                    \n            <li id=\"post-280\" class=\"post-11619 page type-page status-publish hentry\">\n                <h3 class=\"adresar-naziv\">Marija Vu\u010dica, mag. ing. admin. nav.<\/h3>\n\n                \n                <h4 class=\"adresar-titula\">Pro\u010delnica Upravnog odjela za gospodarski razvoj i fondove Europske unije<\/h4>\n                <div class=\"adresar-stavka\">E-mail: <a href=\"mailto:marija.vucica@kastela.hr\">marija.vucica@kastela.hr<\/a><\/div><div class=\"adresar-stavka\">Tel:     <a href=\"tel:+38521205246\" target=\"_blank\">\n        <a href='tel:+38521205246' target='_blank'>+38521205246<\/a>    <\/a>\n\n\n    <\/div>            <\/li>\n                    \n            <li id=\"post-281\" class=\"post-11619 page type-page status-publish hentry\">\n                <h3 class=\"adresar-naziv\">\u017dana Akrap<\/h3>\n\n                \n                <h4 class=\"adresar-titula\">Vi\u0161a referentica za stru\u010dne i op\u0107e poslove<\/h4>\n                <div class=\"adresar-stavka\">E-mail: <a href=\"mailto:zana.akrap@kastela.hr\">zana.akrap@kastela.hr<\/a><\/div><div class=\"adresar-stavka\">Tel:     <a href=\"tel:+38521205237\" target=\"_blank\">\n        <a href='tel:+38521205237' target='_blank'>+38521205237<\/a>    <\/a>\n\n\n    <\/div>            <\/li>\n            <\/ul>\n    \n\n\n<h2 class=\"wp-block-heading\">Svi kontakti upravnog odjela za gospodarski razvoj i fondove Europske unije<\/h2>\n\n\n    <ul class=\"adresar-list\">\n                    \n            <li id=\"post-282\" class=\"post-11619 page type-page status-publish hentry\">\n                <h3 class=\"adresar-naziv\">Du\u0161ko Botu\u0161i\u0107<\/h3>\n\n                \n                <h4 class=\"adresar-titula\">Voditelj odsjeka za komunalno redarstvo<\/h4>\n                <div class=\"adresar-stavka\">E-mail: <a href=\"mailto:dusko.botusic@kastela.hr\">dusko.botusic@kastela.hr<\/a><\/div><div class=\"adresar-stavka\">Tel:     <a href=\"tel:+38521205238\" target=\"_blank\">\n        <a href='tel:+38521205238' target='_blank'>+38521205238<\/a>    <\/a>\n\n\n    <\/div>            <\/li>\n                    \n            <li id=\"post-295\" class=\"post-11619 page type-page status-publish hentry\">\n                <h3 class=\"adresar-naziv\">Marijana Mi\u0161erda Baji\u0107<\/h3>\n\n                \n                <h4 class=\"adresar-titula\">Voditeljica odsjeka za fondove Europske unije<\/h4>\n                <div class=\"adresar-stavka\">E-mail: <a href=\"mailto:marijana.miserda-bajic@kastela.hr\">marijana.miserda-bajic@kastela.hr<\/a><\/div><div class=\"adresar-stavka\">Tel:     <a href=\"tel:+38521205288\" target=\"_blank\">\n        <a href='tel:+38521205288' target='_blank'>+38521205288<\/a>    <\/a>\n\n\n    <\/div>            <\/li>\n            <\/ul>\n    \n\n\n<p><strong>Radno vrijeme: <br><\/strong>07:00 &#8211; 15:00 <\/p>\n\n\n\n<p><strong>Uredovno radno vrijeme <\/strong><\/p>\n\n\n\n<p><strong>Odsjek za fondove Europske unije: <br><\/strong>utorak, srijeda i \u010detvrtak od 8 do 14 sati <\/p>\n\n\n\n<p><strong>Odsjek za gospodarstvo i komunalne djelatnosti: <br><\/strong>utorak, srijeda i \u010detvrtak od 8 do 14 sati <\/p>\n\n\n\n<p><strong>Odsjek za komunalno redarstvo: <br><\/strong>utorak, srijeda i \u010detvrtak od 8 do 14 sati<\/p>\n\n\n\n<p><\/p>\n","protected":false},"excerpt":{"rendered":"<p>Kontakt informacije odjela Svi kontakti upravnog odjela za gospodarski razvoj i fondove Europske unije Radno vrijeme: 07:00 &#8211; 15:00 Uredovno [&hellip;]<\/p>\n","protected":false},"author":1,"featured_media":0,"parent":8879,"menu_order":0,"comment_status":"closed","ping_status":"closed","template":"","meta":{"_acf_changed":false,"footnotes":""},"class_list":["post-11619","page","type-page","status-publish","hentry"],"acf":[],"_links":{"self":[{"href":"https:\/\/kastela.hr\/en\/wp-json\/wp\/v2\/pages\/11619","targetHints":{"allow":["GET"]}}],"collection":[{"href":"https:\/\/kastela.hr\/en\/wp-json\/wp\/v2\/pages"}],"about":[{"href":"https:\/\/kastela.hr\/en\/wp-json\/wp\/v2\/types\/page"}],"author":[{"embeddable":true,"href":"https:\/\/kastela.hr\/en\/wp-json\/wp\/v2\/users\/1"}],"replies":[{"embeddable":true,"href":"https:\/\/kastela.hr\/en\/wp-json\/wp\/v2\/comments?post=11619"}],"version-history":[{"count":7,"href":"https:\/\/kastela.hr\/en\/wp-json\/wp\/v2\/pages\/11619\/revisions"}],"predecessor-version":[{"id":12073,"href":"https:\/\/kastela.hr\/en\/wp-json\/wp\/v2\/pages\/11619\/revisions\/12073"}],"up":[{"embeddable":true,"href":"https:\/\/kastela.hr\/en\/wp-json\/wp\/v2\/pages\/8879"}],"wp:attachment":[{"href":"https:\/\/kastela.hr\/en\/wp-json\/wp\/v2\/media?parent=11619"}],"curies":[{"name":"wp","href":"https:\/\/api.w.org\/{rel}","templated":true}]}}