{"id":11611,"date":"2024-10-09T13:12:09","date_gmt":"2024-10-09T11:12:09","guid":{"rendered":"https:\/\/kastela.hr\/en\/?page_id=11611"},"modified":"2024-11-07T10:34:25","modified_gmt":"2024-11-07T09:34:25","slug":"upravni-odjel-za-drustvene-djelatnosti-i-zajednicke-poslove","status":"publish","type":"page","link":"https:\/\/kastela.hr\/en\/grad-kastela\/upravni-odjeli\/upravni-odjel-za-drustvene-djelatnosti-i-zajednicke-poslove\/","title":{"rendered":"Upravni odjel za dru\u0161tvene djelatnosti i zajedni\u010dke poslove"},"content":{"rendered":"<div class=\"poveznice-opis-blok-container\">    <a class=\"poveznice-blok-link\" href=\"https:\/\/kastela.hr\/en\/grad-kastela\/upravni-odjeli\/upravni-odjel-za-drustvene-djelatnosti-i-zajednicke-poslove\/djelokrug-rada-uo-za-drustvene-djelatnosti-i-zajednicke-poslove\/\" target=\"_self\">\n\n\n\n<div class=\"poveznice-opis-blok-item\"><div class=\"poveznice-blok-naslov\">Djelokrug rada UO za dru\u0161tvene djelatnosti i zajedni\u010dke poslove<\/div><\/div><\/a>    <a class=\"poveznice-blok-link\" href=\"https:\/\/kastela.hr\/en\/grad-kastela\/upravni-odjeli\/upravni-odjel-za-drustvene-djelatnosti-i-zajednicke-poslove\/odsjek-za-socijalnu-skrb-i-zdravstvo\/\" target=\"_self\">\n\n\n\n<div class=\"poveznice-opis-blok-item\"><div class=\"poveznice-blok-naslov\">Odsjek za socijalnu skrb i zdravstvo<\/div><\/div><\/a>    <a class=\"poveznice-blok-link\" href=\"https:\/\/kastela.hr\/en\/grad-kastela\/upravni-odjeli\/upravni-odjel-za-drustvene-djelatnosti-i-zajednicke-poslove\/odsjek-za-odgoj-obrazovanje-sport-kulturu-i-tehnicku-kulturu\/\" target=\"_self\">\n\n\n\n<div class=\"poveznice-opis-blok-item\"><div class=\"poveznice-blok-naslov\">Odsjek za odgoj, obrazovanje, sport, kulturu i tehni\u010dku kulturu<\/div><\/div><\/a>    <a class=\"poveznice-blok-link\" href=\"https:\/\/kastela.hr\/en\/grad-kastela\/upravni-odjeli\/upravni-odjel-za-drustvene-djelatnosti-i-zajednicke-poslove\/odsjek-za-kadrovske-uredske-i-zajednicke-poslove\/\" target=\"_self\">\n\n\n\n<div class=\"poveznice-opis-blok-item\"><div class=\"poveznice-blok-naslov\">Odsjek za kadrovske, uredske i zajedni\u010dke poslove<\/div><\/div><\/a><\/div>\n\n\n<h2 class=\"wp-block-heading\">Kontakt informacije odjela<\/h2>\n\n\n    <ul class=\"adresar-list\">\n                    \n            <li id=\"post-247\" class=\"post-11611 page type-page status-publish hentry\">\n                <h3 class=\"adresar-naziv\">Antonia Kljai\u0107, mag. oec.<\/h3>\n\n                \n                <h4 class=\"adresar-titula\">Pro\u010delnica Upravnog odjela za dru\u0161tvene djelatnosti i zajedni\u010dke poslove<\/h4>\n                <div class=\"adresar-stavka\">E-mail: <a href=\"mailto:antonia.kljaic@kastela.hr\">antonia.kljaic@kastela.hr<\/a><\/div><div class=\"adresar-stavka\">Tel:     <a href=\"tel:+38521205226\" target=\"_blank\">\n        <a href='tel:+38521205226' target='_blank'>+38521205226<\/a>    <\/a>\n\n\n    <\/div>            <\/li>\n                    \n            <li id=\"post-248\" class=\"post-11611 page type-page status-publish hentry\">\n                <h3 class=\"adresar-naziv\">\u017dana Vuj\u010di\u0107<\/h3>\n\n                \n                <h4 class=\"adresar-titula\">Referent za dru\u0161tvene djelatnosti<\/h4>\n                <div class=\"adresar-stavka\">E-mail: <a href=\"mailto:zana.vujcic@kastela.hr\">zana.vujcic@kastela.hr<\/a><\/div><div class=\"adresar-stavka\">Tel:     <a href=\"tel:+38521205225\" target=\"_blank\">\n        <a href='tel:+38521205225' target='_blank'>+38521205225<\/a>    <\/a>\n\n\n    <\/div>            <\/li>\n            <\/ul>\n    \n\n\n<h2 class=\"wp-block-heading\">Svi kontakti upravnog odjela za dru\u0161tvene djelatnosti i zajedni\u010dke poslove<\/h2>\n\n\n    <ul class=\"adresar-list\">\n                    \n            <li id=\"post-249\" class=\"post-11611 page type-page status-publish hentry\">\n                <h3 class=\"adresar-naziv\">Darko Opa\u010dak<\/h3>\n\n                \n                <h4 class=\"adresar-titula\">Voditelj odsjeka za socijalnu skrb i zdravstvo<\/h4>\n                <div class=\"adresar-stavka\">E-mail: <a href=\"mailto:darko.opacak@kastela.hr\">darko.opacak@kastela.hr<\/a><\/div><div class=\"adresar-stavka\">Tel:     <a href=\"tel:+38521205219\" target=\"_blank\">\n        <a href='tel:+38521205219' target='_blank'>+38521205219<\/a>    <\/a>\n\n\n    <\/div>            <\/li>\n                    \n            <li id=\"post-251\" class=\"post-11611 page type-page status-publish hentry\">\n                <h3 class=\"adresar-naziv\">Mate Barun<\/h3>\n\n                \n                <h4 class=\"adresar-titula\">Voditelj odsjeka za odgoj, obrazovanje, sport, kulturu i tehni\u010dku kulturu<\/h4>\n                <div class=\"adresar-stavka\">E-mail: <a href=\"mailto:mate.barun@kastela.hr\">mate.barun@kastela.hr<\/a><\/div><div class=\"adresar-stavka\">Tel:     <a href=\"tel:+38521205276\" target=\"_blank\">\n        <a href='tel:+38521205276' target='_blank'>+38521205276<\/a>    <\/a>\n\n\n    <\/div>            <\/li>\n                    \n            <li id=\"post-255\" class=\"post-11611 page type-page status-publish hentry\">\n                <h3 class=\"adresar-naziv\">Julijana Ljubi\u010di\u0107<\/h3>\n\n                \n                <h4 class=\"adresar-titula\">Voditeljica odsjeka za kadrovske, uredske i zajedni\u010dke poslove<\/h4>\n                <div class=\"adresar-stavka\">E-mail: <a href=\"mailto:julijana.ljubicic@kastela.hr\">julijana.ljubicic@kastela.hr<\/a><\/div><div class=\"adresar-stavka\">Tel:     <a href=\"tel:+38521205231\" target=\"_blank\">\n        <a href='tel:+38521205231' target='_blank'>+38521205231<\/a>    <\/a>\n\n\n    <\/div>            <\/li>\n            <\/ul>\n    \n\n\n<p><strong>Radno vrijeme <br><\/strong>07:00 &#8211; 15:00 <\/p>\n\n\n\n<p><strong>Uredovno radno vrijeme <\/strong><\/p>\n\n\n\n<p><strong>Odsjek za socijalnu skrb i zdravstvo: <\/strong><br>utorak, srijeda, \u010detvrtak od 8 do 14 sati <\/p>\n\n\n\n<p><strong>Odsjek za odgoj, obrazovanje, sport, kulturu i tehni\u010dku kulturu: <\/strong><br>utorak, srijeda, \u010detvrtak od 8 do 14 sati <\/p>\n\n\n\n<p><strong>Pododsjek za uredsko poslovanje: <\/strong><br>svakim radnim danom od 8 do 14 sati<\/p>\n","protected":false},"excerpt":{"rendered":"<p>Kontakt informacije odjela Svi kontakti upravnog odjela za dru\u0161tvene djelatnosti i zajedni\u010dke poslove Radno vrijeme 07:00 &#8211; 15:00 Uredovno radno [&hellip;]<\/p>\n","protected":false},"author":1,"featured_media":0,"parent":8879,"menu_order":0,"comment_status":"closed","ping_status":"closed","template":"","meta":{"_acf_changed":false,"footnotes":""},"class_list":["post-11611","page","type-page","status-publish","hentry"],"acf":[],"_links":{"self":[{"href":"https:\/\/kastela.hr\/en\/wp-json\/wp\/v2\/pages\/11611","targetHints":{"allow":["GET"]}}],"collection":[{"href":"https:\/\/kastela.hr\/en\/wp-json\/wp\/v2\/pages"}],"about":[{"href":"https:\/\/kastela.hr\/en\/wp-json\/wp\/v2\/types\/page"}],"author":[{"embeddable":true,"href":"https:\/\/kastela.hr\/en\/wp-json\/wp\/v2\/users\/1"}],"replies":[{"embeddable":true,"href":"https:\/\/kastela.hr\/en\/wp-json\/wp\/v2\/comments?post=11611"}],"version-history":[{"count":8,"href":"https:\/\/kastela.hr\/en\/wp-json\/wp\/v2\/pages\/11611\/revisions"}],"predecessor-version":[{"id":12000,"href":"https:\/\/kastela.hr\/en\/wp-json\/wp\/v2\/pages\/11611\/revisions\/12000"}],"up":[{"embeddable":true,"href":"https:\/\/kastela.hr\/en\/wp-json\/wp\/v2\/pages\/8879"}],"wp:attachment":[{"href":"https:\/\/kastela.hr\/en\/wp-json\/wp\/v2\/media?parent=11611"}],"curies":[{"name":"wp","href":"https:\/\/api.w.org\/{rel}","templated":true}]}}