{"id":11588,"date":"2024-10-08T12:47:20","date_gmt":"2024-10-08T10:47:20","guid":{"rendered":"https:\/\/kastela.hr\/en\/?page_id=11588"},"modified":"2024-11-28T09:25:01","modified_gmt":"2024-11-28T08:25:01","slug":"upravni-odjel-za-poslove-gradonacelnika-i-strucne-poslove","status":"publish","type":"page","link":"https:\/\/kastela.hr\/en\/grad-kastela\/upravni-odjeli\/upravni-odjel-za-poslove-gradonacelnika-i-strucne-poslove\/","title":{"rendered":"Upravni odjel za poslove Gradona\u010delnika i stru\u010dne poslove"},"content":{"rendered":"<div class=\"poveznice-opis-blok-container\">    <a class=\"poveznice-blok-link\" href=\"https:\/\/kastela.hr\/en\/grad-kastela\/upravni-odjeli\/upravni-odjel-za-poslove-gradonacelnika-i-strucne-poslove\/djelokrug-rada-uo-za-poslove-gradonacelnika-i-strucne-poslove\/\" target=\"_self\">\n\n\n\n<div class=\"poveznice-opis-blok-item\"><div class=\"poveznice-blok-naslov\">Djelokrug rada UO za poslove Gradona\u010delnika i stru\u010dne poslove<\/div><\/div><\/a>    <a class=\"poveznice-blok-link\" href=\"https:\/\/kastela.hr\/en\/grad-kastela\/upravni-odjeli\/upravni-odjel-za-poslove-gradonacelnika-i-strucne-poslove\/odsjek-za-poslove-gradskog-vijeca\/\" target=\"_self\">\n\n\n\n<div class=\"poveznice-opis-blok-item\"><div class=\"poveznice-blok-naslov\">Odsjek za poslove Gradskog vije\u0107a<\/div><\/div><\/a>    <a class=\"poveznice-blok-link\" href=\"https:\/\/kastela.hr\/en\/grad-kastela\/upravni-odjeli\/upravni-odjel-za-poslove-gradonacelnika-i-strucne-poslove\/odsjek-za-informatiku\/\" target=\"_self\">\n\n\n\n<div class=\"poveznice-opis-blok-item\"><div class=\"poveznice-blok-naslov\">Odsjek za informatiku<\/div><\/div><\/a>    <a class=\"poveznice-blok-link\" href=\"https:\/\/kastela.hr\/en\/grad-kastela\/upravni-odjeli\/upravni-odjel-za-poslove-gradonacelnika-i-strucne-poslove\/odsjek-za-savjetodavne-poslove\/\" target=\"_self\">\n\n\n\n<div class=\"poveznice-opis-blok-item\"><div class=\"poveznice-blok-naslov\">Odsjek za savjetodavne poslove<\/div><\/div><\/a><\/div>\n\n\n<h2 class=\"wp-block-heading\">Kontakt informacije odjela<\/h2>\n\n\n    <ul class=\"adresar-list\">\n                    \n            <li id=\"post-195\" class=\"post-11588 page type-page status-publish hentry\">\n                <h3 class=\"adresar-naziv\">Ivana Modri\u0107, spec. publ. adm.<\/h3>\n\n                \n                <h4 class=\"adresar-titula\">Pro\u010delnica Upravnog odjela za poslove Gradona\u010delnika i stru\u010dne poslove<\/h4>\n                <div class=\"adresar-stavka\">E-mail: <a href=\"mailto:ivana.modric@kastela.hr\">ivana.modric@kastela.hr<\/a><\/div><div class=\"adresar-stavka\">Tel:     <a href=\"tel:+38521205286\" target=\"_blank\">\n        <a href='tel:+38521205286' target='_blank'>+38521205286<\/a>    <\/a>\n\n\n    <\/div><div class=\"adresar-stavka\">Fax:     <a href=\"tel:+38521224201\" target=\"_blank\">\n        <a href='tel:+38521224201' target='_blank'>+38521224201<\/a>    <\/a>\n\n\n    <\/div>            <\/li>\n                    \n            <li id=\"post-199\" class=\"post-11588 page type-page status-publish hentry\">\n                <h3 class=\"adresar-naziv\">Helena Lu\u010din<\/h3>\n\n                \n                <h4 class=\"adresar-titula\">Referentica &#8211; administrativna tajnica<\/h4>\n                <div class=\"adresar-stavka\">E-mail: <a href=\"mailto:helena.lucin@kastela.hr\">helena.lucin@kastela.hr<\/a><\/div><div class=\"adresar-stavka\">Tel:     <a href=\"tel:+38521205269\" target=\"_blank\">\n        <a href='tel:+38521205269' target='_blank'>+38521205269<\/a>    <\/a>\n\n\n    <\/div>            <\/li>\n                    \n            <li id=\"post-196\" class=\"post-11588 page type-page status-publish hentry\">\n                <h3 class=\"adresar-naziv\">Mario Kelam<\/h3>\n\n                \n                <h4 class=\"adresar-titula\">Vi\u0161i savjetnik &#8211; specijalist za strate\u0161ko planiranje<\/h4>\n                <div class=\"adresar-stavka\">E-mail: <a href=\"mailto:mario.kelam@kastela.hr\">mario.kelam@kastela.hr<\/a><\/div><div class=\"adresar-stavka\">Tel:     <a href=\"tel:+38521205257\" target=\"_blank\">\n        <a href='tel:+38521205257' target='_blank'>+38521205257<\/a>    <\/a>\n\n\n    <\/div>            <\/li>\n                    \n            <li id=\"post-197\" class=\"post-11588 page type-page status-publish hentry\">\n                <h3 class=\"adresar-naziv\">Frane Smoljo<\/h3>\n\n                \n                <h4 class=\"adresar-titula\">Stru\u010dni suradnik za protokol i odnose s javno\u0161\u0107u<\/h4>\n                <div class=\"adresar-stavka\">E-mail: <a href=\"mailto:glasnogovornik@kastela.hr\">glasnogovornik@kastela.hr<\/a><\/div><div class=\"adresar-stavka\">E-mail: <a href=\"mailto:frane.smoljo@kastela.hr\">frane.smoljo@kastela.hr<\/a><\/div><div class=\"adresar-stavka\">Tel:     <a href=\"tel:+38521205281\" target=\"_blank\">\n        <a href='tel:+38521205281' target='_blank'>+38521205281<\/a>    <\/a>\n\n\n    <\/div>            <\/li>\n                    \n            <li id=\"post-198\" class=\"post-11588 page type-page status-publish hentry\">\n                <h3 class=\"adresar-naziv\">Marija Vukovi\u0107<\/h3>\n\n                \n                <h4 class=\"adresar-titula\">Referentica za protokol<\/h4>\n                <div class=\"adresar-stavka\">E-mail: <a href=\"mailto:marija.vukovic@kastela.hr\">marija.vukovic@kastela.hr<\/a><\/div><div class=\"adresar-stavka\">Tel:     <a href=\"tel:+38521205281\" target=\"_blank\">\n        <a href='tel:+38521205281' target='_blank'>+38521205281<\/a>    <\/a>\n\n\n    <\/div>            <\/li>\n                    \n            <li id=\"post-200\" class=\"post-11588 page type-page status-publish hentry\">\n                <h3 class=\"adresar-naziv\">Ina Koudela Dukan<\/h3>\n\n                \n                <h4 class=\"adresar-titula\">Vi\u0161a stru\u010dna suradnica za protokol<\/h4>\n                <div class=\"adresar-stavka\">E-mail: <a href=\"mailto:ina.koudela.dukan@kastela.hr\">ina.koudela.dukan@kastela.hr<\/a><\/div><div class=\"adresar-stavka\">Tel:     <a href=\"tel:+38521205249\" target=\"_blank\">\n        <a href='tel:+38521205249' target='_blank'>+38521205249<\/a>    <\/a>\n\n\n    <\/div>            <\/li>\n            <\/ul>\n    \n\n\n<h2 class=\"wp-block-heading\">Svi kontakti Upravnog odjela za poslove Gradona\u010delnika i stru\u010dne poslove<\/h2>\n\n\n    <ul class=\"adresar-list\">\n                    \n            <li id=\"post-204\" class=\"post-11588 page type-page status-publish hentry\">\n                <h3 class=\"adresar-naziv\">Zorana Budi\u0161in Vitas<\/h3>\n\n                \n                <h4 class=\"adresar-titula\">Voditeljica odsjeka za informatiku<\/h4>\n                <div class=\"adresar-stavka\">E-mail: <a href=\"mailto:zorana.budisin@kastela.hr\">zorana.budisin@kastela.hr<\/a><\/div><div class=\"adresar-stavka\">Tel:     <a href=\"tel:+38521205243\" target=\"_blank\">\n        <a href='tel:+38521205243' target='_blank'>+38521205243<\/a>    <\/a>\n\n\n    <\/div>            <\/li>\n                    \n            <li id=\"post-201\" class=\"post-11588 page type-page status-publish hentry\">\n                <h3 class=\"adresar-naziv\">Grgica Benuti\u0107<\/h3>\n\n                \n                <h4 class=\"adresar-titula\">Voditelj odsjeka za savjetodavne poslove<\/h4>\n                <div class=\"adresar-stavka\">E-mail: <a href=\"mailto:grgica.benutic@kastela.hr\">grgica.benutic@kastela.hr<\/a><\/div><div class=\"adresar-stavka\">Tel:     <a href=\"tel:+38521205204\" target=\"_blank\">\n        <a href='tel:+38521205204' target='_blank'>+38521205204<\/a>    <\/a>\n\n\n    <\/div>            <\/li>\n                    \n            <li id=\"post-13203\" class=\"post-11588 page type-page status-publish hentry\">\n                <h3 class=\"adresar-naziv\">Ivan Sokol<\/h3>\n\n                \n                <h4 class=\"adresar-titula\">Referent za informati\u010dke poslove<\/h4>\n                <div class=\"adresar-stavka\">E-mail: <a href=\"mailto:ivan.sokol@kastela.hr\">ivan.sokol@kastela.hr<\/a><\/div><div class=\"adresar-stavka\">Tel:     <a href=\"tel:+38521205243\" target=\"_blank\">\n        <a href='tel:+38521205243' target='_blank'>+38521205243<\/a>    <\/a>\n\n\n    <\/div>            <\/li>\n                    \n            <li id=\"post-202\" class=\"post-11588 page type-page status-publish hentry\">\n                <h3 class=\"adresar-naziv\">Marko Par\u010dina<\/h3>\n\n                \n                <h4 class=\"adresar-titula\">Stru\u010dni suradnik za prometnu infrastrukturu<\/h4>\n                <div class=\"adresar-stavka\">E-mail: <a href=\"mailto:marko.parcina@kastela.hr\">marko.parcina@kastela.hr<\/a><\/div><div class=\"adresar-stavka\">Tel:     <a href=\"tel:+385821205248\" target=\"_blank\">\n        <a href='tel:+385821205248' target='_blank'>+385821205248<\/a>    <\/a>\n\n\n    <\/div>            <\/li>\n                    \n            <li id=\"post-203\" class=\"post-11588 page type-page status-publish hentry\">\n                <h3 class=\"adresar-naziv\">Vedrana Malenica<\/h3>\n\n                \n                <h4 class=\"adresar-titula\">Vi\u0161a savjetnica za poslove Gradskog vije\u0107a<\/h4>\n                <div class=\"adresar-stavka\">E-mail: <a href=\"mailto:vedrana.malenica@kastela.hr\">vedrana.malenica@kastela.hr<\/a><\/div><div class=\"adresar-stavka\">Tel:     <a href=\"tel:+38521205277\" target=\"_blank\">\n        <a href='tel:+38521205277' target='_blank'>+38521205277<\/a>    <\/a>\n\n\n    <\/div>            <\/li>\n            <\/ul>\n    \n\n\n<p><strong>Radno vrijeme: <\/strong><br>07:00 &#8211; 15:00 <\/p>\n\n\n\n<p><strong>Uredovno radno vrijeme: <\/strong><br>Svaki radni dan od 8 do 14 sati<\/p>\n","protected":false},"excerpt":{"rendered":"<p>Kontakt informacije odjela Svi kontakti Upravnog odjela za poslove Gradona\u010delnika i stru\u010dne poslove Radno vrijeme: 07:00 &#8211; 15:00 Uredovno radno [&hellip;]<\/p>\n","protected":false},"author":1,"featured_media":0,"parent":8879,"menu_order":0,"comment_status":"closed","ping_status":"closed","template":"","meta":{"_acf_changed":false,"footnotes":""},"class_list":["post-11588","page","type-page","status-publish","hentry"],"acf":[],"_links":{"self":[{"href":"https:\/\/kastela.hr\/en\/wp-json\/wp\/v2\/pages\/11588","targetHints":{"allow":["GET"]}}],"collection":[{"href":"https:\/\/kastela.hr\/en\/wp-json\/wp\/v2\/pages"}],"about":[{"href":"https:\/\/kastela.hr\/en\/wp-json\/wp\/v2\/types\/page"}],"author":[{"embeddable":true,"href":"https:\/\/kastela.hr\/en\/wp-json\/wp\/v2\/users\/1"}],"replies":[{"embeddable":true,"href":"https:\/\/kastela.hr\/en\/wp-json\/wp\/v2\/comments?post=11588"}],"version-history":[{"count":25,"href":"https:\/\/kastela.hr\/en\/wp-json\/wp\/v2\/pages\/11588\/revisions"}],"predecessor-version":[{"id":13862,"href":"https:\/\/kastela.hr\/en\/wp-json\/wp\/v2\/pages\/11588\/revisions\/13862"}],"up":[{"embeddable":true,"href":"https:\/\/kastela.hr\/en\/wp-json\/wp\/v2\/pages\/8879"}],"wp:attachment":[{"href":"https:\/\/kastela.hr\/en\/wp-json\/wp\/v2\/media?parent=11588"}],"curies":[{"name":"wp","href":"https:\/\/api.w.org\/{rel}","templated":true}]}}