{"id":7878,"date":"2014-10-27T09:39:07","date_gmt":"2014-10-27T08:39:07","guid":{"rendered":"https:\/\/kastela.hr\/en\/obavijest\/izbor-clanova-savjeta-mladih-3\/"},"modified":"2014-10-27T09:39:07","modified_gmt":"2014-10-27T08:39:07","slug":"izbor-clanova-savjeta-mladih-3","status":"publish","type":"obavijest","link":"https:\/\/kastela.hr\/en\/obavijest\/izbor-clanova-savjeta-mladih-3\/","title":{"rendered":"Izbor \u010dlanova Savjeta mladih"},"content":{"rendered":"<p><a href=\"https:\/\/kastela.hr\/en\/wp-content\/uploads\/2024\/08\/GRB-GRADA-KASTELA1-6.jpg\"><img loading=\"lazy\" decoding=\"async\" class=\"alignleft size-full wp-image-20606\" alt=\"GRB GRADA KASTELA\" src=\"https:\/\/kastela.hr\/en\/wp-content\/uploads\/2024\/08\/GRB-GRADA-KASTELA1-6.jpg\" width=\"93\" height=\"100\" \/><\/a>Podsje\u0107amo da je Gradsko vije\u0107e Grada Ka\u0161tela objavilo Javni poziv za isticanje kandidature za izbor \u010dlanova Savjeta mladih Grada Ka\u0161tela i njihovih zamjenika.<br \/>\nSavjet mladih osniva se u cilju sudjelovanja mladih u odlu\u010divanju o upravljanju javnim poslovima od interesa i zna\u010daja za mlade, aktivnog uklju\u010divanja mladih u javni \u017eivot te informiranje i savjetovanje mladih u gradu Ka\u0161tela.<\/p>\n<p>Danas je zadnji dan za podno\u0161enje prijave.\u00a0<strong>\u00a0<\/strong><\/p>\n<p>Prijedlozi kandidata i njihovih zamjenika za Savjet mladih Grada Ka\u0161tela s obrazlo\u017eenjima i odgovaraju\u0107om dokumentacijom mogu se predati u pisarnici Grada Ka\u0161tela ili putem po\u0161te na adresu:<\/p>\n<p>GRAD KA\u0160TELA<br \/>\nGRADSKO VIJE\u0106E<br \/>\nODBOR ZA IZBOR I IMENOVANJA<br \/>\nKa\u0161tel Su\u0107urac, Bra\u0107e Radi\u0107 1,<br \/>\ns naznakom: &#8220;<b><i>Prijedlog kandidature za izbor \u010dlanova savjeta mladih Grada Ka\u0161tela i njihovih zamjeni<\/i><\/b><strong>ka<\/strong>&#8221; &#8211; <b><i>NE OTVARATI.\u00a0<\/i><\/b><\/p>\n<p>Nepravovremeni i nepotpuni prijedlozi ne\u0107e se uzeti u razmatranje.<\/p>\n<p><strong><a href=\"http:\/\/www.kastela.hr\/wp-content\/uploads\/2014\/10\/Javni-poziv-2.pdf\">Javni poziv<\/a><\/strong><\/p>\n<p><span style=\"color: #000000;\"><a href=\"http:\/\/www.kastela.hr\/obrasci-za-udruge\"><span style=\"color: #000000;\">OBRASCI ZA UDRUGE<\/span><\/a><\/span><\/p>\n<p><span style=\"color: #000000;\"><a href=\"http:\/\/www.kastela.hr\/obrasci-za-neformalne-skupine\"><span style=\"color: #000000;\">OBRASCI ZA NEFORMALNE SKUPINE<\/span><\/a><\/span><\/p>\n<p>\u00a0<\/p>\n","protected":false},"featured_media":6243,"parent":0,"template":"","meta":{"_acf_changed":false},"obavijesti_tax":[],"class_list":["post-7878","obavijest","type-obavijest","status-publish","has-post-thumbnail","hentry"],"acf":[],"_links":{"self":[{"href":"https:\/\/kastela.hr\/en\/wp-json\/wp\/v2\/obavijest\/7878","targetHints":{"allow":["GET"]}}],"collection":[{"href":"https:\/\/kastela.hr\/en\/wp-json\/wp\/v2\/obavijest"}],"about":[{"href":"https:\/\/kastela.hr\/en\/wp-json\/wp\/v2\/types\/obavijest"}],"wp:featuredmedia":[{"embeddable":true,"href":"https:\/\/kastela.hr\/en\/wp-json\/wp\/v2\/media\/6243"}],"wp:attachment":[{"href":"https:\/\/kastela.hr\/en\/wp-json\/wp\/v2\/media?parent=7878"}],"wp:term":[{"taxonomy":"obavijesti_tax","embeddable":true,"href":"https:\/\/kastela.hr\/en\/wp-json\/wp\/v2\/obavijesti_tax?post=7878"}],"curies":[{"name":"wp","href":"https:\/\/api.w.org\/{rel}","templated":true}]}}