{"id":7816,"date":"2017-10-06T10:48:00","date_gmt":"2017-10-06T08:48:00","guid":{"rendered":"https:\/\/kastela.hr\/en\/obavijest\/odrzana-3-sjednica-gradskog-vijeca-kastela\/"},"modified":"2017-10-06T10:48:00","modified_gmt":"2017-10-06T08:48:00","slug":"odrzana-3-sjednica-gradskog-vijeca-kastela","status":"publish","type":"obavijest","link":"https:\/\/kastela.hr\/en\/obavijest\/odrzana-3-sjednica-gradskog-vijeca-kastela\/","title":{"rendered":"Odr\u017eana 3. sjednica Gradskog vije\u0107a Ka\u0161tela"},"content":{"rendered":"<p>Ka\u0161telanski gradski vije\u0107nici zasjedali su na 3. sjednici Gradskog vije\u0107a. Nakon usvajanja zapisnika s 2. sjednice Gradskog vije\u0107a i vije\u0107ni\u010dkih pitanja, vije\u0107nici su usvojili Strategiju kulturnog razvitka grada Ka\u0161tela. Strategiju je izradila tvrtka Urbanex iz Splita, a rije\u010d je o dokumentu kojemu \u0107e jedan od klju\u010dnih elemenata biti povla\u010denje sredstava iz EU fondova i to u vremenskom razdoblju od 2017. &#8211; 2023. godine. Izvje\u0161taje o svom radu u 2016. godini podnijeli su ravnatelji gradskih ustanova &ndash; Muzeja grada Ka\u0161tela, Gradske knji\u017enice, Dje\u010djeg vrti\u0107a Ka\u0161tela i Javne ustanove \u0161portski objekti, nakon \u010dega su vije\u0107nici prihvatili izvje\u0161\u0107a. Tako\u0111er, vije\u0107nici su usvojili i Polugodi\u0161nji izvje\u0161taj o izvr\u0161enju Prora\u010duna Grada Ka\u0161tela za razdoblje sije\u010danj-lipanj 2017. godine. Prihodovna strana iznosi 54,8 milijuna kuna, odnosno 37,89 posto u odnosu na planirani prihod za cijelu godinu, dok je strana koja se odnosi na rashode 53,4 milijuna, odnosno 33,73 posto od planiranih ukupnih rashoda za ovu godinu. Vije\u0107nici su dali suglasnost za osnivanje Razvojne agencije Grada Ka\u0161tela koja \u0107e se baviti povla\u010denjem sredstava iz EU fondova, poticanjem razvoja gospodarstva i organizacija civilnog dru\u0161tva, pratit \u0107e provedbe gradskih strategija, koordinirati izradu akcijskih planova, poticati razvojne projekte i pru\u017eati savjetodavnu i tehni\u010dku pomo\u0107 u pripremi projekata. Gradona\u010delnik Denis Ivanovi\u0107 objasnio je da ne\u0107e biti novog zapo\u0161ljavanja i dodatnih tro\u0161kova, nego \u0107e za ravnatelja Agencije biti postavljena jedna od tri osobe koje sada rade na EU fondovima. Funkcija ravnatelja bit \u0107e najprije volonterska, dok Agencija kroz projekte ne prona\u0111e sredstva, nakon \u010dega \u0107e se financirati iz upriho\u0111enih sredstava. Gradsko vije\u0107e Ka\u0161tela, izme\u0111u ostalog, razrije\u0161ilo je dosada\u0161nje i imenovalo nove \u010dlanove upravnih vije\u0107a gradskih ustanova.&nbsp;<\/p>\n","protected":false},"featured_media":7817,"parent":0,"template":"","meta":{"_acf_changed":false},"obavijesti_tax":[],"class_list":["post-7816","obavijest","type-obavijest","status-publish","has-post-thumbnail","hentry"],"acf":[],"_links":{"self":[{"href":"https:\/\/kastela.hr\/en\/wp-json\/wp\/v2\/obavijest\/7816","targetHints":{"allow":["GET"]}}],"collection":[{"href":"https:\/\/kastela.hr\/en\/wp-json\/wp\/v2\/obavijest"}],"about":[{"href":"https:\/\/kastela.hr\/en\/wp-json\/wp\/v2\/types\/obavijest"}],"wp:featuredmedia":[{"embeddable":true,"href":"https:\/\/kastela.hr\/en\/wp-json\/wp\/v2\/media\/7817"}],"wp:attachment":[{"href":"https:\/\/kastela.hr\/en\/wp-json\/wp\/v2\/media?parent=7816"}],"wp:term":[{"taxonomy":"obavijesti_tax","embeddable":true,"href":"https:\/\/kastela.hr\/en\/wp-json\/wp\/v2\/obavijesti_tax?post=7816"}],"curies":[{"name":"wp","href":"https:\/\/api.w.org\/{rel}","templated":true}]}}