{"id":7795,"date":"2014-05-29T05:51:59","date_gmt":"2014-05-29T03:51:59","guid":{"rendered":"https:\/\/kastela.hr\/en\/obavijest\/sazvana-9-sjednica-gradskog-vijeca\/"},"modified":"2014-05-29T05:51:59","modified_gmt":"2014-05-29T03:51:59","slug":"sazvana-9-sjednica-gradskog-vijeca","status":"publish","type":"obavijest","link":"https:\/\/kastela.hr\/en\/obavijest\/sazvana-9-sjednica-gradskog-vijeca\/","title":{"rendered":"Sazvana 9. sjednica Gradskog vije\u0107a"},"content":{"rendered":"<p><span style=\"font-family: Verdana, sans-serif;\"><span><span style=\"color: #000000;\"><a href=\"https:\/\/kastela.hr\/en\/wp-content\/uploads\/2024\/08\/vijece-7.-sjednica.jpg\"><img loading=\"lazy\" decoding=\"async\" class=\"alignleft size-thumbnail wp-image-18668\" alt=\"vijece 7. sjednica\" src=\"https:\/\/kastela.hr\/en\/wp-content\/uploads\/2024\/08\/vijece-7.-sjednica.jpg\" width=\"150\" height=\"120\" \/><\/a>Predsjednik Gradskog vije\u0107a Denis Ivanovi\u0107 sazvao je novu sjednicu vije\u0107a 9. po redu za dan 2. lipnja (ponedjeljak) 2014.g. koja \u0107e se odr\u017eati u 12:00 sati u Gradskoj vije\u0107nici. <\/span><\/span><\/span><\/p>\n<p><span style=\"font-family: Verdana, sans-serif;\"><span><span style=\"color: #000000;\">Na dnevnom redu je 26 to\u010daka:<\/span><\/span><\/span><\/p>\n<p align=\"JUSTIFY\"><span style=\"font-family: Verdana, sans-serif;\"><span><span style=\"color: #000000;\">1. <\/span><span style=\"color: #000000;\">Usvajanje Zapisnika sa 8. sjednice Gradskog vije\u0107a<br \/>\n<\/span><\/span><\/span><span style=\"color: #000000;\">2. <\/span><span style=\"color: #000000;\">Vije\u0107ni\u010dka pitanja i prijedlozi<\/span><\/p>\n<p><span style=\"font-family: Verdana, sans-serif;\"><span style=\"color: #000000;\">3. <\/span><span style=\"color: #000000;\">Financijsko izvje\u0161\u0107e Zajednice \u0161portskih udruga Ka\u0161tela za 2013. godinu<br \/>\n<\/span><\/span><span style=\"font-family: Verdana, sans-serif;\"><span style=\"color: #000000;\">Izvjestitelj: Mirko Par\u010dina, predsjednik Zajednice \u0161portskih udruga Ka\u0161tela<br \/>\n<a href=\"http:\/\/www.kastela.hr\/wp-content\/uploads\/2014\/05\/Financijsko-izvjesce-i-zakljucak.pdf\">Prijedlog zaklju\u010dka i izvje\u0161\u0107e<\/a><a href=\"http:\/\/www.kastela.hr\/wp-content\/uploads\/2014\/05\/Financijsko-izvjesce-i-zakljucak.pdf\"><br \/>\n<\/a><br \/>\n4. Izvje\u0161\u0107e o radu i izvr\u0161enju financijskog plana Muzeja grada Ka\u0161tela za 2013. godinu<br \/>\n<\/span><\/span><span style=\"font-family: Verdana, sans-serif;\"><span style=\"color: #000000;\">Izvjestiteljica: Ankica Babin, ravnateljica Muzeja grada Ka\u0161tela<br \/>\n<a href=\"http:\/\/www.kastela.hr\/wp-content\/uploads\/2014\/05\/Financijsko-izvjesce-i-zakljucak1.pdf\">Prijedlog zaklju\u010dka i izvje\u0161\u0107e<\/a><\/span><\/span><\/p>\n<p>5. Izvje\u0161\u0107e o radu i izvr\u0161enju financijskog plana Gradske knji\u017enice Ka\u0161tela za 2013. g.<br \/>\n<span style=\"font-family: Verdana, sans-serif;\"><span style=\"color: #000000;\">Izvjestiteljica: Renata Dobri\u0107, ravnateljica Gradske knji\u017enice Ka\u0161tela<br \/>\n<a href=\"http:\/\/www.kastela.hr\/wp-content\/uploads\/2014\/05\/Financijsko-izvjesce-i-zakljucak2.pdf\">Prijedlog zaklju\u010dka i izvje\u0161\u0107e<\/a><br \/>\n<\/span><\/span><\/p>\n<p><span style=\"font-family: Verdana, sans-serif;\"><span style=\"color: #000000;\">6. Izvje\u0161\u0107e o radu i izvr\u0161enju financijskog plana Dje\u010djeg vrti\u0107a &#8220;Ka\u0161tela&#8221; za pedago\u0161ku godinu\u00a0<\/span><\/span><span style=\"font-family: Verdana, sans-serif;\"><span style=\"color: #000000;\">2012\/2013. godinu<br \/>\n<\/span><\/span><span style=\"font-family: Verdana, sans-serif;\"><span style=\"color: #000000;\">Izvjestiteljica: Ivanka Vu\u010dica , ravnateljica Dje\u010djeg vrti\u0107a &#8220;Ka\u0161tela&#8221;<br \/>\n<a href=\"http:\/\/www.kastela.hr\/wp-content\/uploads\/2014\/05\/Financijsko-izvjesce-i-zakljucak3.pdf\">Prijedlog zaklju\u010dka i izvje\u0161\u0107e<\/a><\/span><\/span><\/p>\n<p><span style=\"font-family: Verdana, sans-serif;\"><span style=\"color: #000000;\">7. Izvje\u0161\u0107e o radu Javne ustanove &#8220;\u0160portski objekti Ka\u0161tela&#8221; za 2013. godinu<br \/>\n<\/span><\/span><span style=\"font-family: Verdana, sans-serif;\"><span style=\"color: #000000;\">Izvjestitelj: Ante \u0160i\u0161kov, ravnatelj JU \u0160portski objekti Ka\u0161tela<br \/>\n<a href=\"http:\/\/www.kastela.hr\/wp-content\/uploads\/2014\/05\/Financijsko-izvjesce-i-zakljucak4.pdf\">Prijedlog zaklju\u010dka i izvje\u0161\u0107e<\/a><br \/>\n<\/span><\/span><\/p>\n<p><span style=\"font-family: Verdana, sans-serif;\"><span style=\"color: #000000;\">8. I<\/span><span style=\"color: #000000;\">zvje\u0161\u0107e o izvr\u0161enju Programa javnih potreba u socijalnoj skrbi i zdravstvenoj za\u0161titi Grada\u00a0<\/span><\/span><span style=\"font-family: Verdana, sans-serif;\"><span style=\"color: #000000;\">Ka\u0161tela za 2013. godinu<br \/>\n<a href=\"http:\/\/www.kastela.hr\/wp-content\/uploads\/2014\/05\/81.pdf\">Prijedlog zaklju\u010dka i izvje\u0161\u0107e<\/a><br \/>\n<\/span><\/span><span style=\"font-family: Verdana, sans-serif;\"><span style=\"color: #000000;\">9. Izvje\u0161\u0107e o izvr\u0161enju Program javnih potreba pred\u0161kolskom odgoju Grada Ka\u0161tela za\u00a0<\/span><\/span><span style=\"font-family: Verdana, sans-serif;\"><span style=\"color: #000000;\">2013. godinu<br \/>\n<a href=\"http:\/\/www.kastela.hr\/wp-content\/uploads\/2014\/05\/Izvjesce-i-zakljucak.pdf\">Prijedlog zaklju\u010dka i izvje\u0161\u0107e<\/a><\/span><\/span><\/p>\n<p><span style=\"font-family: Verdana, sans-serif;\"><span style=\"color: #000000;\">10. Izvje\u0161\u0107e o izvr\u0161enju program javnih potreba u kulturi i tehni\u010dkoj kulturi grada Ka\u0161tela za 2013.g.<br \/>\n<\/span><\/span><a href=\"http:\/\/www.kastela.hr\/wp-content\/uploads\/2014\/05\/Izvjesce-i-zakljucak1.pdf\">Prijedlog zaklju\u010dka i izvje\u0161\u0107e<\/a><\/p>\n<p>11. Izvje\u0161\u0107e o izvr\u0161enju Program javnih potreba u sportu grada Ka\u0161tela za 2013. godinu<br \/>\n<span style=\"font-family: Verdana, sans-serif;\"><span style=\"color: #000000;\">Izvjestiteljica t.8. do t. 11. : Sandra Zoki\u0107, pro\u010delnica Upravnog odjela za dru\u0161tvene djelatnosti i\u00a0<\/span><\/span><span style=\"font-family: Verdana, sans-serif;\"><span style=\"color: #000000;\">op\u0107e poslove<br \/>\n<a href=\"http:\/\/www.kastela.hr\/wp-content\/uploads\/2014\/05\/Izvjesce-i-zakljucak2.pdf\">Prijedlog zaklju\u010dka i izvje\u0161\u0107e<\/a><\/span><\/span><\/p>\n<p><span style=\"font-family: Verdana, sans-serif;\"><span style=\"color: #000000;\">12. <\/span><span style=\"color: #000000;\">Prijedlog odluke o stavljanju izvan snage Odluke o dono\u0161enju odluke o dono\u0161enju Detaljnog\u00a0<\/span><\/span><span style=\"font-family: Verdana, sans-serif;\"><span style=\"color: #000000;\">plana ure\u0111enja dijela zone Radun 1<br \/>\n<a href=\"http:\/\/www.kastela.hr\/wp-content\/uploads\/2014\/05\/12.pdf\">Prijedlog odluke<\/a><\/span><\/span><\/p>\n<p>13. Prijedlog odluke o stavljanju izvan sange Odluke o dono\u0161enju odluke o dono\u0161enju Plana ure\u0111enja manjeg naselja &#8220;Rudine&#8221; Izvjestitelj t. 12. i t. 13 : Boris \u0160kara, privremeni pro\u010delnik Upravnog odjela za prostorno ure\u0111enje, gradnju i za\u0161titu okoli\u0161a<br \/>\n<a href=\"http:\/\/www.kastela.hr\/wp-content\/uploads\/2014\/05\/13.pdf\">Prijedlog odluke<\/a><\/p>\n<p>14. Prijedlog odluke o sudjelovanju u osnivanju lokacijske akcijske grupe &#8220;Jadro&#8221;<br \/>\n<span style=\"font-family: Verdana, sans-serif;\"><span style=\"color: #000000;\">Izvjestitelj: Mili Novak, zamjenik Gradona\u010delnika<br \/>\n<a href=\"http:\/\/www.kastela.hr\/wp-content\/uploads\/2014\/05\/14.pdf\">Prijedlog odluke<\/a><\/span><\/span><\/p>\n<p><span style=\"font-family: Verdana, sans-serif;\"><span style=\"color: #000000;\">15. <\/span><span style=\"color: #000000;\">Prijedlog odluke o dodjeli na kori\u0161tenje javnih povr\u0161ina<br \/>\n<a href=\"http:\/\/www.kastela.hr\/wp-content\/uploads\/2014\/05\/15.pdf\">Prijedlog odluke<\/a><\/span><\/span><\/p>\n<p>16. Prijedlog odluke o izmjeni i dopuni Odluke o komunalnom redu<span style=\"color: #000000;\"><span style=\"font-family: Verdana, sans-serif;\"><br \/>\n<\/span><\/span><span style=\"font-family: Verdana, sans-serif;\"><span style=\"color: #000000;\">Izvjestitelj t. 15. i t. 16.: Antonio Bartulovi\u0107, privremeni pro\u010delnik Upravnog odjela za<br \/>\n<\/span><\/span><span style=\"font-family: Verdana, sans-serif;\"><span style=\"color: #000000;\">komunalno gospodarstvo i imovinsko -pravne poslove<br \/>\n17. Prijedlog odluke o dopuni Odluke o komunalnim djelatnostima lokalnog zna\u010daja<br \/>\n<a href=\"http:\/\/www.kastela.hr\/wp-content\/uploads\/2014\/05\/17.pdf\">Zaklju\u010dak i prijedlog odluke<\/a><\/span><\/span><\/p>\n<p><span style=\"font-family: Verdana, sans-serif;\"><span style=\"color: #000000;\">18. <\/span><span style=\"color: #000000;\">Prijedlog odluke <\/span><span style=\"color: #000000;\">o izmjenama Odluke o organizaciji parkiranja<br \/>\n<a href=\"http:\/\/www.kastela.hr\/wp-content\/uploads\/2014\/05\/18.pdf\">Zaklju\u010dak i Prijedlog odluke<\/a><br \/>\n<\/span><\/span><\/p>\n<p><span style=\"font-family: Verdana, sans-serif;\"><span style=\"color: #000000;\">19. <\/span><span style=\"color: #000000;\">Prijedlog odluke o izmjeni Odluke o osnivanju Vlastitog pogona za obavljanje komunalnih\u00a0<\/span><\/span><span style=\"font-family: Verdana, sans-serif;\"><span style=\"color: #000000;\">djelatnosti u gradu Ka\u0161tela<br \/>\n<a href=\"http:\/\/www.kastela.hr\/wp-content\/uploads\/2014\/05\/19.pdf\">Zaklju\u010dak i prijedlog odluke<\/a><\/span><\/span><\/p>\n<p><span style=\"font-family: Verdana, sans-serif;\"><span style=\"color: #000000;\">Izvjestitelj t.17.do t. 19.: Ivan \u010cagalj, privremeni upravitelj Vlastitog pogona<br \/>\n20. Prijedlog I. izmjena i dopuna Prora\u010duna Grada za 2014. g. sa projekcijama za 2015. i 2016. g, i Plan razvojnih programa<br \/>\n<\/span><\/span><span style=\"font-family: Verdana, sans-serif;\"><span style=\"color: #000000;\">Izvjestitelj: An\u0111elko Drnasin, privremeni pro\u010delnik Upravnog odjela za financije, prora\u010dun i\u00a0<\/span><\/span><span style=\"font-family: Verdana, sans-serif;\"><span style=\"color: #000000;\">javnu nabavu<br \/>\n<a href=\"http:\/\/www.kastela.hr\/wp-content\/uploads\/2014\/05\/20.pdf\">Zaklju\u010dak i prijedlog I. izmjene i dopune Prora\u010duna Grada za 2014.g.<br \/>\n<\/a><br \/>\n21. Prijedlog zaklju\u010dka o odricanju prava prvokupa kulturnog dobra &#8211; stambena gra\u0111evina na kat.\u010des.3188 ZU K.O. K. \u0160tafili\u0107<br \/>\n<a href=\"http:\/\/www.kastela.hr\/wp-content\/uploads\/2014\/05\/21.pdf\">Prijedlog zaklju\u010dka<\/a><\/span><\/span><\/p>\n<p><span style=\"font-family: Verdana, sans-serif;\"><span style=\"color: #000000;\">22. Prijedlog zaklju\u010dka o odricanju prava prvokupa kulturnog dobra &#8211; stambena gra\u0111evina na kat \u010dest.3015 ZU 2734 i kat. \u010dest. 3016 ZU 2735 K.O. K. \u0160tafili\u0107<br \/>\n<a href=\"http:\/\/www.kastela.hr\/wp-content\/uploads\/2014\/05\/22.pdf\">Prijedlog zaklju\u010dka<\/a><\/span><\/span><\/p>\n<p><span style=\"font-family: Verdana, sans-serif;\"><span style=\"color: #000000;\">23. <\/span><span style=\"color: #000000;\">Prijedlog zaklju\u010dka o odricanju prava prvokupa kulturnog dobra -suvlasni\u010dki dio stambene gra\u0111evine na kat. \u010dest. 20 ZU 3611 i kat. \u010dest. 1813\/2 ZU 4713 K:O K. Stari\u00a0<\/span><\/span><span style=\"color: #000000;\"><span style=\"font-family: Verdana, sans-serif;\"><br \/>\n<\/span><\/span><span style=\"font-family: Verdana, sans-serif;\"><span style=\"color: #000000;\">Izvjestiteljica t.21. do t.23.: Sandra Zoki\u0107, pro\u010delnica Upravnog odjela za dru\u0161tvene djelatnosti i\u00a0<\/span><\/span><span style=\"font-family: Verdana, sans-serif;\"><span style=\"color: #000000;\">op\u0107e poslove<br \/>\n24. Prijedlog rje\u0161enja o izmjeni Rje\u0161enja o odre\u0111ivanju imena ulica i trgova na podru\u010dju naselja K<\/span><\/span><span style=\"font-family: Verdana, sans-serif;\"><span style=\"color: #000000;\">a\u0161tel Stari<br \/>\nizvjestitelj: Bo\u0161ko D\u017eoli\u0107, predsjednik Komisije za imena ulica i trgova i za spomenike<br \/>\n<a href=\"http:\/\/www.kastela.hr\/wp-content\/uploads\/2014\/05\/Zakljucak-i-rjesenje.pdf\">Zaklju\u010dak i Prijedlog rje\u0161enja<\/a><\/span><\/span><\/p>\n<p><span style=\"font-family: Verdana, sans-serif;\"><span style=\"color: #000000;\">25. <\/span><span style=\"color: #000000;\">P<\/span><span style=\"color: #000000;\">rijedlog odluke o i<\/span><span style=\"color: #000000;\">zmjeni Odluke o osnivanju i imenovanju \u010dlanova Povjerenstva za procjenu\u00a0<\/span><\/span><span style=\"color: #000000;\"><span style=\"font-family: Verdana, sans-serif;\">\u0161teta od <span style=\"color: #000000;\">elementarnih nepogoda<br \/>\n<a href=\"http:\/\/www.kastela.hr\/wp-content\/uploads\/2014\/05\/25.pdf\">Zaklju\u010dak i Prijedlog odluke<\/a><\/span><\/span><\/span><\/p>\n<p>26. Prijedlog odluke o izboru \u010dlanova Savjeta mladih<br \/>\n<span style=\"color: #000000;\"><span style=\"font-family: Verdana, sans-serif;\"><span style=\"color: #000000;\">Izvjestitelj t. 25. i t. 26.: Mario Duvnjak, predsjednik Odbora za izbor i imenovanja<br \/>\n<a href=\"http:\/\/www.kastela.hr\/wp-content\/uploads\/2014\/05\/Zakljucak-i-odluka.pdf\">Zaklju\u010dak i Prijedlog odluke<\/a><br \/>\n<\/span><\/span><\/span><\/p>\n<p align=\"JUSTIFY\">Predsjednik Gradskog vije\u0107a<br \/>\nDenis Ivanovi\u0107, dipl.ing. v.r.<\/p>\n<p align=\"JUSTIFY\"><span style=\"color: #000000;\"><span style=\"font-family: Verdana, sans-serif;\"><a href=\"http:\/\/www.kastela.hr\/wp-content\/uploads\/2014\/05\/POZIV_9-sjednica-Gradskog-vijeca_2.-lipnja-2014..pdf\">Poziv za 9. sjednicu Gradskog vije\u0107a<\/a><\/span><\/span><\/p>\n<p>\u00a0<\/p>\n","protected":false},"featured_media":6247,"parent":0,"template":"","meta":{"_acf_changed":false},"obavijesti_tax":[],"class_list":["post-7795","obavijest","type-obavijest","status-publish","has-post-thumbnail","hentry"],"acf":[],"_links":{"self":[{"href":"https:\/\/kastela.hr\/en\/wp-json\/wp\/v2\/obavijest\/7795","targetHints":{"allow":["GET"]}}],"collection":[{"href":"https:\/\/kastela.hr\/en\/wp-json\/wp\/v2\/obavijest"}],"about":[{"href":"https:\/\/kastela.hr\/en\/wp-json\/wp\/v2\/types\/obavijest"}],"wp:featuredmedia":[{"embeddable":true,"href":"https:\/\/kastela.hr\/en\/wp-json\/wp\/v2\/media\/6247"}],"wp:attachment":[{"href":"https:\/\/kastela.hr\/en\/wp-json\/wp\/v2\/media?parent=7795"}],"wp:term":[{"taxonomy":"obavijesti_tax","embeddable":true,"href":"https:\/\/kastela.hr\/en\/wp-json\/wp\/v2\/obavijesti_tax?post=7795"}],"curies":[{"name":"wp","href":"https:\/\/api.w.org\/{rel}","templated":true}]}}