{"id":7794,"date":"2014-10-13T06:09:37","date_gmt":"2014-10-13T04:09:37","guid":{"rendered":"https:\/\/kastela.hr\/en\/obavijest\/sazvana-11-sjednica-gradskog-vijeca\/"},"modified":"2014-10-13T06:09:37","modified_gmt":"2014-10-13T04:09:37","slug":"sazvana-11-sjednica-gradskog-vijeca","status":"publish","type":"obavijest","link":"https:\/\/kastela.hr\/en\/obavijest\/sazvana-11-sjednica-gradskog-vijeca\/","title":{"rendered":"Sazvana 11. sjednica Gradskog vije\u0107a"},"content":{"rendered":"<p><a href=\"https:\/\/kastela.hr\/en\/wp-content\/uploads\/2024\/08\/GRB-GRADA-KASTELA1-6.jpg\"><img loading=\"lazy\" decoding=\"async\" class=\"alignleft size-full wp-image-20606\" alt=\"GRB GRADA KASTELA\" src=\"https:\/\/kastela.hr\/en\/wp-content\/uploads\/2024\/08\/GRB-GRADA-KASTELA1-6.jpg\" width=\"93\" height=\"100\" \/><\/a>Nova sjednica Gradskog vije\u0107a, 11. po redu sazvana je za dan 16. listopada (\u010detvrtak) 2014. g. u 12:00 sati u Gradskoj vije\u0107nici. Me\u0111u 24 to\u010dke dnevnog reda nalaze se i prijedlog odluke o dono\u0161enju Urbanisti\u010dkog plana ure\u0111enja za Radun i Rudine, prijedlog Odluke o izmjenama Odluke o pla\u0107anju naknade za nedostaju\u0107e parkirali\u0161no ili gara\u017eno mjesto, prijedlog zaklju\u010dka o pokretanju postupka za izbor \u010dlanova Savjeta mladih i njihovih zamjenika, i dr.<\/p>\n<p>\u00a0<\/p>\n<p><strong>Dnevni red:<\/strong><\/p>\n<p>1. Usvajanje Zapisnika sa 10. sjednice Gradskog vije\u0107a<br \/>\n2. Vije\u0107ni\u010dka pitanja i prijedlozi<br \/>\n3. <a href=\"http:\/\/www.kastela.hr\/wp-content\/uploads\/2014\/10\/11111.pdf\">Prijedlog Odluke o dono\u0161enju Urbanisti\u010dkog plana ure\u0111enja Rudine (UPU br. 4)<\/a><br \/>\n4. <a href=\"http:\/\/www.kastela.hr\/wp-content\/uploads\/2014\/10\/Prijedlog-Odluke-Radun.pdf\">Prijedlog Odluke o dono\u0161enju Urbanisti\u010dkog plana ure\u0111enja Radun (UPU br. 6)<\/a><br \/>\nIzvjestitelj t. 3. i. t.4: predstavnik izra\u0111iva\u010da plana, NESEK, d.o.o. Zagreb<br \/>\n5. <a href=\"http:\/\/www.kastela.hr\/wp-content\/uploads\/2014\/10\/Prijedlog-izmjena-i-dopuna-Poslovnika.pdf\">Prijedlog izmjena i dopuna Poslovnika Gradskog vije\u0107a Grada Ka\u0161tela<\/a><br \/>\nIzvjestitelj: Petar Mustapi\u0107, predsjednik odbora za Statut, Poslovnik i normativnu djelatnost<br \/>\n6. <a href=\"http:\/\/www.kastela.hr\/wp-content\/uploads\/2014\/10\/3333.pdf\">Prijedlog odluke o izmjenama Odluke o pla\u0107anju naknade za nedostaju\u0107e parkirali\u0161no ili gara\u017eno mjesto<\/a><br \/>\n7. <a href=\"http:\/\/www.kastela.hr\/wp-content\/uploads\/2014\/10\/Prijedlog-Odluke-o-izmjenama-Odluke-o-dodjeli-na-koristenje-javnih-povrsina.pdf\">Prijedlog Odluke o izmjenama Odluke o dodjeli na kori\u0161tenje javnih povr\u0161ina<\/a><br \/>\n8. <a href=\"http:\/\/www.kastela.hr\/wp-content\/uploads\/2014\/10\/Prijedlog-Plana-davanja-koncesija-u-2015.-g..pdf\">Prijedlog Plana davanja koncesija u 2015. g.<\/a><br \/>\n9. Prijedlog srednjoro\u010dnog plana davanja koncesija na podru\u010dju Grada Ka\u0161tela za razdoblje od\u00a02014. do 2016. godine<br \/>\nIzvjestitelj t. 6.- t. 9: Antonio Bartulovi\u0107, privremeni pro\u010delnik Upravnog odjela za komunalno\u00a0gospodarstvo i imovinsko -pravne poslove<br \/>\n10. <a href=\"http:\/\/www.kastela.hr\/wp-content\/uploads\/2014\/10\/Prijedlog-odluke-o-kupovini-nekretnina-u-K.O.-Ka\u0161tel-\u0160tafili\u01071.pdf\">Prijedlog odluke o kupovini nekretnina u K.O. Ka\u0161tel \u0160tafili\u0107<\/a><br \/>\nIzvjestiteljica: Kasja Bedalov, voditeljica Odsjeka za imovinsko pravne poslove<br \/>\n11. <a href=\"http:\/\/www.kastela.hr\/wp-content\/uploads\/2014\/10\/Prijedlog-zaklju\u010dka-o-odricanju-prava-prvokupa-kulturnog-dobra-stambene-gra\u0111evine.pdf\">Prijedlog zaklju\u010dka o odricanju prava prvokupa kulturnog dobra &#8211; stambene gra\u0111evine ozna\u010dene kao \u010dest. zgr. 125 i \u010dest. zgr. 382 ZU 2690 K.O. K. Novi<\/a><br \/>\n12. <a href=\"http:\/\/www.kastela.hr\/wp-content\/uploads\/2014\/10\/Prijedlog-zaklju\u010dka-o-odricanju-prava-prvokupa-kulturnog-dobra-.pdf\">Prijedlog zaklju\u010dka o odricanju prava prvokupa kulturnog dobra &#8211; 5\/12 dijela \u010dest.zgr. 243\/1 ZU 1608 i 4\/24 dijela 243\/3 ZU 661 K.O. K. Novi<\/a><br \/>\n13. <a href=\"http:\/\/www.kastela.hr\/wp-content\/uploads\/2014\/10\/Prijedlog-Odluke-o-razrje\u0161enju-ravnateljice-Muzeja-Grada-Kastela.pdf\">Prijedlog Odluke o razrje\u0161enju ravnateljice Muzeja Grada Kastela<\/a><br \/>\n14. <a href=\"http:\/\/www.kastela.hr\/wp-content\/uploads\/2014\/10\/Prijedlog-odluke-o-imenovanju-ravnateljice-Muzeja-graga-Kastela.pdf\">Prijedlog odluke o imenovanju ravnateljice Muzeja grada Ka\u0161tela<\/a><br \/>\n<b>\u00a0 \u00a0 \u00a0 \u00a0<\/b>Izvjestiteljica t.11. &#8211; t.14.: Sandra Zoki\u0107, pro\u010delnica Upravnog odjela za dru\u0161tvene djelatnosti\u00a0i op\u0107e poslove<br \/>\n15. <a href=\"http:\/\/www.kastela.hr\/wp-content\/uploads\/2014\/10\/Prijedlog-odluke-o-imenovanju-\u010dlanova-Kulturnog-vije\u0107a-Grada-kastela.pdf\">Prijedlog odluke o imenovanju \u010dlanova Kulturnog vije\u0107a Grada Ka\u0161tela<\/a><br \/>\nIzvjestitelj: Mario Duvnjak, predsjednik Odbora za izbor i imenovanja i Sandra Zoki\u0107, pro\u010delnica\u00a0Upravnog odjela za dru\u0161tvene djelatnosti i op\u0107e poslove<br \/>\n16.\u00a0<a href=\"http:\/\/www.kastela.hr\/wp-content\/uploads\/2014\/10\/Prijedlog-Odluke-o-izmjenama-i-dopunama-odluke-o-organizaciji-parkiranja.pdf\">Prijedlog Odluke o izmjenama i dopunama odluke o organizaciji parkiranja<\/a><a href=\"http:\/\/www.kastela.hr\/wp-content\/uploads\/2014\/10\/Prijedlog-Odluke-o-izmjenama-i-dopunama-odluke-o-organizaciji-parkiranja.pdf\"><br \/>\n<\/a>Izvjestitelj: Ivan \u010cagalj, upravitelj Vlastitog pogona<br \/>\n17. <a href=\"http:\/\/www.kastela.hr\/wp-content\/uploads\/2014\/10\/Prijedlog-odluke-o-izmjeni-Odluke-o-sustavu-knjige-riznice-Grada-Ka\u0161tela-te-na\u010dinu-vo\u0111enja-jedinstvenog-ra\u010duna-riznice.pdf\">Prijedlog odluke o izmjeni Odluke o sustavu knjige riznice Grada Ka\u0161tela te na\u010dinu vo\u0111enja jedinstvenog ra\u010duna riznice<\/a><br \/>\n18. Polugodi\u0161nji izvje\u0161taj o izvr\u0161enju Prora\u010duna Grada Ka\u0161tela za razdoblje sije\u010danj-lipanj 2014.\u00a0godine<br \/>\nIzvjestitelj t. 17. i t. 18.: An\u0111elko Drnasin, vi\u0161i savjetnik &#8211; specijalist za financije i prora\u010dun<br \/>\n<a href=\"http:\/\/www.kastela.hr\/wp-content\/uploads\/2014\/10\/Prijedlog-polugodi\u0161njeg-izvje\u0161taja.pdf\">Prijedlog polugodi\u0161njeg izvje\u0161taja<\/a><br \/>\n19. <a href=\"http:\/\/www.kastela.hr\/wp-content\/uploads\/2014\/10\/Izvje\u0161\u0107e-Gradona\u010delnika-za-razdoblje-sije\u010danj-lipanj-2014.g..pdf\">Izvje\u0161\u0107e Gradona\u010delnika za razdoblje sije\u010danj &#8211; lipanj 2014.g.<\/a><br \/>\nIzvjestitelj: Ivan Udovi\u010di\u0107, gradona\u010delnik<br \/>\n20. Prijedlog zaklju\u010dka o pokretanju postupka za izbor \u010dlanova Savjeta mladih i njihovih zamjenika<br \/>\n<a href=\"http:\/\/www.kastela.hr\/wp-content\/uploads\/2014\/10\/Prijedlog-zakljucka-o-pokretanju-postupka-za-izbor-clanova-Savjeta-mladih.pdf\">Prijedlog zaklju\u010dka<\/a><br \/>\n<a href=\"http:\/\/www.kastela.hr\/prijedlozi-obrazaca\">Prijedlozi obrazaca<\/a><\/p>\n<p>21. <a href=\"http:\/\/www.kastela.hr\/wp-content\/uploads\/2014\/10\/Prijedlog-rje\u0161enja-o-izmjeni-Rje\u0161enja-o-izboru-predjsednika-i-\u010dlanova-Komisija-za-me\u0111ugradsku-i-me\u0111unarodnu-suradnju.pdf\">Prijedlog rje\u0161enja o izmjeni Rje\u0161enja o izboru predsjednika i \u010dlanova Komisija za me\u0111ugradsku i me\u0111unarodnu suradnju<\/a><\/p>\n<p>22. <a href=\"http:\/\/www.kastela.hr\/wp-content\/uploads\/2014\/10\/Prijedlog-rje\u0161enja-o-izmjeni-Rje\u0161enja-o-izboru-predsjednika-i-\u010dlanova-Komisija-za-dodjelu-javnih-priznanja.pdf\">Prijedlog rje\u0161enja o izmjeni Rje\u0161enja o izboru predsjednika i \u010dlanova Komisija za dodjelu javnih priznanja<\/a><br \/>\nIzvjestitelj t. 20.- t. 22.: Mario Duvnjak, predsjednik Odbora za izbor i imenovanja<br \/>\n23. <a href=\"http:\/\/www.kastela.hr\/wp-content\/uploads\/2014\/10\/Izvje\u0161\u0107e-o-provedenim-izborima-za-\u010dlanove-vije\u0107a-mjesnih-odbora.pdf\">Izvje\u0161\u0107e o provedenim izborima za \u010dlanove vije\u0107a mjesnih odbora<\/a><br \/>\nIzvjestiteljica: Sandra Zoki\u0107, pro\u010delnica Upravnog odjela za dru\u0161tvene djelatnosti\u00a0 i op\u0107e poslove<br \/>\n24. <a href=\"http:\/\/www.kastela.hr\/wp-content\/uploads\/2014\/10\/Program-savjeta-mladih-Grada-Ka\u0161tela-sa-financijskim-planom-za-2015.-g..pdf\">Program savjeta mladih Grada Ka\u0161tela sa financijskim planom za 2015. g.<\/a>\u00a0 \u00a0 \u00a0 \u00a0 \u00a0 \u00a0 \u00a0 \u00a0 \u00a0 \u00a0 \u00a0 \u00a0 \u00a0 \u00a0 \u00a0 \u00a0 Izvjestitelj: Ivan \u010culi\u0107, predsjednik Savjeta mladih<\/p>\n<p>Predsjednik Gradskog vije\u0107a<br \/>\nDenis Ivanovi\u0107, dipl. ing., v. r.<\/p>\n<p>\u00a0<\/p>\n<p>\u00a0<\/p>\n","protected":false},"featured_media":6243,"parent":0,"template":"","meta":{"_acf_changed":false},"obavijesti_tax":[],"class_list":["post-7794","obavijest","type-obavijest","status-publish","has-post-thumbnail","hentry"],"acf":[],"_links":{"self":[{"href":"https:\/\/kastela.hr\/en\/wp-json\/wp\/v2\/obavijest\/7794","targetHints":{"allow":["GET"]}}],"collection":[{"href":"https:\/\/kastela.hr\/en\/wp-json\/wp\/v2\/obavijest"}],"about":[{"href":"https:\/\/kastela.hr\/en\/wp-json\/wp\/v2\/types\/obavijest"}],"wp:featuredmedia":[{"embeddable":true,"href":"https:\/\/kastela.hr\/en\/wp-json\/wp\/v2\/media\/6243"}],"wp:attachment":[{"href":"https:\/\/kastela.hr\/en\/wp-json\/wp\/v2\/media?parent=7794"}],"wp:term":[{"taxonomy":"obavijesti_tax","embeddable":true,"href":"https:\/\/kastela.hr\/en\/wp-json\/wp\/v2\/obavijesti_tax?post=7794"}],"curies":[{"name":"wp","href":"https:\/\/api.w.org\/{rel}","templated":true}]}}