{"id":7693,"date":"2021-07-29T07:46:00","date_gmt":"2021-07-29T05:46:00","guid":{"rendered":"https:\/\/kastela.hr\/en\/obavijest\/lokalni-izbori-2021\/"},"modified":"2021-07-29T07:46:00","modified_gmt":"2021-07-29T05:46:00","slug":"lokalni-izbori-2021","status":"publish","type":"obavijest","link":"https:\/\/kastela.hr\/en\/obavijest\/lokalni-izbori-2021\/","title":{"rendered":"Lokalni izbori 2021."},"content":{"rendered":"<p>Gradsko izborno povjerenstvo Grada Ka\u0161tela objavljuje Odluku o pravu na naknadu i visini naknade tro\u0161kova izborne promid\u017ebe na izboru gradona\u010delnika i zamjenika gradona\u010delnika Grada Ka\u0161tela i Odluku o pravu na naknadu i visini naknade tro\u0161kova izborne promid\u017ebe na izboru \u010dlanova Gradskog vije\u0107a Grada Ka\u0161tela 2021. g.<\/p>\n<p><a href=\"\/Portals\/0\/Odluka%20o%20pravu%20na%20naknadu%20i%20visini%20naknade%20troskova%20izborne%20promidzbe%20na%20izboru%20clanova%20Gradskog%20vijeca%20Grada%20Kastela%202021_%20g__1.pdf\">Odluka o pravu na naknadu i visini naknade tro\u0161kova izborne promid\u017ebe na izboru \u010dlanova Gradskog vije\u0107a Grada Ka\u0161tela 2021. g<\/a>.<\/p>\n<p><a href=\"\/Portals\/0\/Odluka%20o%20pravu%20na%20naknadu%20i%20visinu%20naknade%20troskova%20izborne%20promidzbe%20na%20izboru%20gradonacelnika%20i%20zamjenika%20gradonacelnika%20Grada%20Kastela_1.pdf\">Odluka o pravu na naknadu i visinu naknade tro\u0161kova izborne promid\u017ebe na izboru gradona\u010delnika i zamjenika gradona\u010delnika Grada Ka\u0161tela<\/a><\/p>\n<p>&#8212;&#8212;&#8212;&#8212;&#8212;&#8212;&#8212;&#8212;&#8212;&#8212;&#8212;&#8212;&#8212;&#8212;&#8212;&#8212;&#8212;&#8212;&#8212;&#8212;&#8212;&#8212;&#8212;&#8212;&#8212;&#8212;&#8212;&#8212;&#8212;&#8212;&#8212;&#8212;&#8212;&#8212;&#8211;<\/p>\n<p><strong>Objava rezultata lokalnih izbora 2021. godine<\/strong><\/p>\n<p>Prema Zakonu o lokalnim izborima, Gradsko izborno povjerenstvo Grada Ka\u0161tela utvrdilo je i objavljuje rezultate izbora gradona\u010delnika i zamjenika gradona\u010delnika te izbora \u010dlanova Gradskog vije\u0107a Grada Ka\u0161tela<\/p>\n<p>Rezultati se nalaze na ovom linku<\/p>\n<p>&nbsp;<a href=\"https:\/\/www.kastela.hr\/novosti\/clanak\/objava-rezultata-lokalnih-izbora-2021-godine\">https:\/\/www.kastela.hr\/novosti\/clanak\/objava-rezultata-lokalnih-izbora-2021-godine<\/a><\/p>\n<p>&#8212;&#8212;&#8212;&#8212;&#8212;&#8212;&#8212;&#8212;&#8212;&#8212;&#8212;&#8212;&#8212;&#8212;&#8212;&#8212;&#8212;&#8212;&#8212;&#8212;&#8212;&#8212;&#8212;&#8212;&#8212;&#8212;&#8212;&#8212;&#8212;&#8212;&#8212;&#8212;&#8212;&#8212;&#8212;-<\/p>\n<p>Gradsko izborno povjerenstvo Grada Ka\u0161tela, utvrdilo je i prihvatilo te objavilo pravovaljane kandidature za izbor gradona\u010delnika i zamjenika gradona\u010delnika Grada Ka\u0161tela, kao i pravovaljane kandidacijske liste za izbor \u010dlanova Gradskog vije\u0107a Grada Ka\u0161tela.<\/p>\n<p>Liste se nalaze na ovoj poveznici&nbsp;<\/p>\n<p><a href=\"https:\/\/www.kastela.hr\/novosti\/clanak\/gradsko-izborno-povjerenstvo-objavilo-liste-kandidata-za-izbor-gradonacelnika-i-kandidacijske-liste-za-izbor-clanova-gradskog-vijeca\">https:\/\/www.kastela.hr\/novosti\/clanak\/gradsko-izborno-povjerenstvo-objavilo-liste-kandidata-za-izbor-gradonacelnika-i-kandidacijske-liste-za-izbor-clanova-gradskog-vijeca<\/a><\/p>\n<p>&#8212;&#8212;&#8212;&#8212;&#8212;&#8212;&#8212;&#8212;&#8212;&#8212;&#8212;&#8212;&#8212;&#8212;&#8212;&#8212;&#8212;&#8212;&#8212;&#8212;&#8212;&#8212;&#8212;&#8212;&#8212;&#8212;&#8212;&#8212;&#8212;&#8212;&#8212;&#8212;&#8212;&#8212;&#8212;-<\/p>\n<p><strong>Uredovno radno vrijeme&nbsp;<\/strong><strong>Gradskog izbornog povjerenstva Grada Ka\u0161tela, na adresi&nbsp;<\/strong><strong>Ka\u0161tel Su\u0107urac, Bra\u0107e Radi\u0107 1, u Gradskoj vije\u0107nici, za ovjeru izjava i zaprimanje kandidacijskih lista<\/strong><\/p>\n<p>-23.04.2021., &nbsp;petak, od 14:00 &#8211; 18:00<\/p>\n<p>-24.04.2021., subota, od 9:00 &#8211; 12:00<\/p>\n<p>-26.04.2021., ponedjeljak, od 14:00 &ndash; 18:00<\/p>\n<p>-27.04.2021., utorak, od 14:00 &ndash; 18:00<\/p>\n<p>-28.04.2021., srijeda, &nbsp;od 12:00 &ndash; 20:00<\/p>\n<p>-29.04.2021., \u010detvrtak, od &nbsp;12:00 &ndash; 24:00<\/p>\n<p><strong>NAPOMENA:&nbsp;&nbsp;<\/strong><u>Potrebna &nbsp;je prethodna najava dolaska , svakim &nbsp;radnim danom od 07:00 &ndash; 15:00 na telefon 021\/205-271. Nakon&nbsp; 15 sati javiti se na broj&nbsp;<\/u>&nbsp;091 537 00 53<\/p>\n<p>Molimo za pridr\u017eavanje epidemiolo\u0161kih mjera, uz obavezno no\u0161enje za\u0161titne maske i prethodno mjerenje temperature kod portira u zgradi Gradske uprave.<\/p>\n<p>GIP GRADA&nbsp; KA\u0160TELA<\/p>\n<p>&#8212;&#8212;&#8212;&#8212;&#8212;&#8212;&#8212;&#8212;&#8212;&#8212;&#8212;&#8212;&#8212;&#8212;&#8212;&#8212;&#8212;&#8212;&#8212;&#8212;&#8212;&#8212;&#8212;&#8212;&#8212;&#8212;&#8212;&#8212;&#8212;&#8212;&#8212;&#8212;&#8212;<\/p>\n<p>Vlada Republike Hrvatske na sjednici odr\u017eanoj 14. travnja 2021. donijela je Odluku o raspisivanju lokalnih izbora, koji \u0107e se odr\u017eati 16. svibnja, te Odluku o visini naknade tro\u0161kova izborne promid\u017ebe. Odluke Vlade na snagu su stupile 15. travnja, \u010dime je prestao mandat svih \u010dlanova predstavni\u010dkih tijela.<\/p>\n<p>Izbori su raspisani za \u010dlanove predstavni\u010dkih tijela jedinica lokalne i podru\u010dne (regionalne) samouprave i za izvr\u0161nu vlast u jedinicama lokalne samouprave, odnosno za op\u0107inske na\u010delnike, gradona\u010delnike i \u017eupane te njihove zamjenike.<\/p>\n<p>Op\u0107inski na\u010delnik, gradona\u010delnik i \u017eupan biraju se ve\u0107inom glasova. Na dan izbora, 16. svibnja moraju dobiti vi\u0161e od 50 posto glasova bira\u010da koji su iza\u0161li na izbore. Ukoliko im to ne po\u0111e za rukom, nakon dva tjedna, 30. svibnja, na Dan dr\u017eavnosti, odr\u017eati \u0107e se drugi izborni krug u koji ulaze dva kandidata s najve\u0107im brojem glasova, a izabran \u0107e biti kandidat koji dobije ve\u0107i broj glasova.<\/p>\n<p>&nbsp;<\/p>\n","protected":false},"featured_media":7694,"parent":0,"template":"","meta":{"_acf_changed":false},"obavijesti_tax":[],"class_list":["post-7693","obavijest","type-obavijest","status-publish","has-post-thumbnail","hentry"],"acf":[],"_links":{"self":[{"href":"https:\/\/kastela.hr\/en\/wp-json\/wp\/v2\/obavijest\/7693","targetHints":{"allow":["GET"]}}],"collection":[{"href":"https:\/\/kastela.hr\/en\/wp-json\/wp\/v2\/obavijest"}],"about":[{"href":"https:\/\/kastela.hr\/en\/wp-json\/wp\/v2\/types\/obavijest"}],"wp:featuredmedia":[{"embeddable":true,"href":"https:\/\/kastela.hr\/en\/wp-json\/wp\/v2\/media\/7694"}],"wp:attachment":[{"href":"https:\/\/kastela.hr\/en\/wp-json\/wp\/v2\/media?parent=7693"}],"wp:term":[{"taxonomy":"obavijesti_tax","embeddable":true,"href":"https:\/\/kastela.hr\/en\/wp-json\/wp\/v2\/obavijesti_tax?post=7693"}],"curies":[{"name":"wp","href":"https:\/\/api.w.org\/{rel}","templated":true}]}}