{"id":7650,"date":"2022-05-13T08:50:00","date_gmt":"2022-05-13T06:50:00","guid":{"rendered":"https:\/\/kastela.hr\/en\/obavijest\/muzej-grada-kastela-otvorenje-izlozbe-op-sjene-marinka-jelace-gost-izlozbe-je-jelena-jelaca\/"},"modified":"2022-05-13T08:50:00","modified_gmt":"2022-05-13T06:50:00","slug":"muzej-grada-kastela-otvorenje-izlozbe-op-sjene-marinka-jelace-gost-izlozbe-je-jelena-jelaca","status":"publish","type":"obavijest","link":"https:\/\/kastela.hr\/en\/obavijest\/muzej-grada-kastela-otvorenje-izlozbe-op-sjene-marinka-jelace-gost-izlozbe-je-jelena-jelaca\/","title":{"rendered":"MUZEJ GRADA KA\u0160TELA \u2013 Otvorenje izlo\u017ebe OP &#8211; SJENE Marinka Jela\u010de, gost izlo\u017ebe je Jelena Jela\u010da"},"content":{"rendered":"<p>&nbsp;<\/p>\n<p>U srijedu, 18. svibnja u 20.00 sati, kustosica Mirela Vujevi\u0107 Duvnjak poziva u Muzej grada Ka\u0161tela &ndash; Ka\u0161tel Vitturi, Lu\u0161i\u0161ko Brce 5, Ka\u0161tel Luk\u0161i\u0107 na otvorenje izlo\u017ebe OP &#8211; SJENE Marinka Jela\u010de, gost izlo\u017ebe, Jelena Jela\u010da.<\/p>\n<p>Predstavljaju\u0107i se na brojnim samostalnim i skupnim izlo\u017ebama u Hrvatskoj i inozemstvu <b>Marinko Jela\u010da<\/b> svjedo\u010di o svom radnom elanu i&nbsp; bogatoj imaginaciji.&nbsp; Iako formalnim obrazovanjem kipar,&nbsp; izra\u017eava se &nbsp;razli\u010ditim tehnikama u razli\u010ditim likovnim medijima. Osobito se afirmirao u grafi\u010dkoj tehnici dubokog tiska, suhoj igli i u kola\u017eiranju grafi\u010dkih matrica,&nbsp; ostvariv\u0161i visoku tehni\u010dku i kreativnu razinu koju je prepoznala&nbsp; publika i struka. Osim&nbsp; grafike izra\u0111uje plitke reljefe, kerami\u010dke i drvene skulpture prepoznatljiva umjetni\u010dkog rukopisa. U ka\u0161telu Vitturi u Muzeju grada Ka\u0161tela Jela\u010da se predstavlja novim radovima koji se nadovezuju na&nbsp; izlo\u017ebu s temom sjene koju je ostvario sa suprugom Tonkom i k\u0107eri Jelenom jo\u0161 2009. Polazi\u0161te za likovnu temu bile su fotografije&nbsp; sjena &quot;uhva\u0107enih&quot; u zajedni\u010dkoj \u0161etnji te njihova transpozicija i transformacija u drugi medij u skladu s individualnim likovnim jezikom svakoga od njih. Marinko je problematizirao fenomen sjene u njezinoj suprotnosti, u svjetlosti&hellip;<\/p>\n<p style=\"margin-bottom:13px\">Nakon vi\u0161e od desetlje\u0107a &nbsp;po\u017eelio se vratiti&nbsp; temi sjene i razviti je, a nastali radovi prepoznatljiva su,&nbsp;&nbsp; ali znatno reducirana&nbsp; likovnog jezika. (OP-) SJENE&nbsp; kao slika nestalnosti i promjenjivosti (varljivosti), po svojoj prirodi opre\u010dna svjetlu, inspirirala je nastanak ambijentalne umjetni\u010dke instalacije koja se sastoji od dviju serija objekata i od videa.&nbsp;<\/p>\n<p style=\"margin-bottom:13px\">Na izdu\u017eenim formatima bijelih lesonit &#8211; plo\u010da Jela\u010da prikazuje siluete, harmoni\u010dna izobli\u010denja ljudskih tijela, kako to u naravi \u010dini snop svjetlosti nailaze\u0107i na nepropusne objekte ili tvari. Iako se radi o obrisima ili plo\u0161nim crte\u017eima&nbsp; upravo se zbog crta\u010dke lako\u0107e, vje\u0161tine bar\u0161unastog traga grafitne linije,&nbsp;&nbsp; u njima&nbsp; nazire nekakav oblik&nbsp; tjelesnosti, sadr\u017eaja pomalo zbunjuju\u0107e, grani\u010dne voluminoznosti. Radovi su to dinami\u010dnih perforiranih povr\u0161ina i obrisa, neutralna kolorita svedena uglavnom na bijelu, crnu, sivu i sme\u0111u, prirodnu boju drveta koja izbija usred&nbsp; grafizama iscrtanih \u010deli\u010dnom iglom i &quot;slikarskih&quot; povr\u0161ina nastalih struganjem bijelog sloja lesonita abrazivnim kristalnim zrncima <i>karte devere<\/i>&hellip;<\/p>\n<p style=\"margin-bottom:13px\">Na izlo\u017ebi&nbsp; kao gost&nbsp; izla\u017ee i umjetnica&nbsp; <b>Jelena Jela\u010da<\/b>, predstavljaju\u0107i se sa \u0161est grafika geometrijskog&nbsp; minimalisti\u010dkog izri\u010daja u tehnici suhe igle, tako\u0111er s temom sjene. Monokromni radovi otisnuti su s trima razli\u010ditim matricama&nbsp; u varijantama crne i crvene boje&hellip;<\/p>\n<p>&nbsp;<\/p>\n<p>&nbsp;<\/p>\n","protected":false},"featured_media":7651,"parent":0,"template":"","meta":{"_acf_changed":false},"obavijesti_tax":[],"class_list":["post-7650","obavijest","type-obavijest","status-publish","has-post-thumbnail","hentry"],"acf":[],"_links":{"self":[{"href":"https:\/\/kastela.hr\/en\/wp-json\/wp\/v2\/obavijest\/7650","targetHints":{"allow":["GET"]}}],"collection":[{"href":"https:\/\/kastela.hr\/en\/wp-json\/wp\/v2\/obavijest"}],"about":[{"href":"https:\/\/kastela.hr\/en\/wp-json\/wp\/v2\/types\/obavijest"}],"wp:featuredmedia":[{"embeddable":true,"href":"https:\/\/kastela.hr\/en\/wp-json\/wp\/v2\/media\/7651"}],"wp:attachment":[{"href":"https:\/\/kastela.hr\/en\/wp-json\/wp\/v2\/media?parent=7650"}],"wp:term":[{"taxonomy":"obavijesti_tax","embeddable":true,"href":"https:\/\/kastela.hr\/en\/wp-json\/wp\/v2\/obavijesti_tax?post=7650"}],"curies":[{"name":"wp","href":"https:\/\/api.w.org\/{rel}","templated":true}]}}