{"id":7614,"date":"2022-10-14T07:38:00","date_gmt":"2022-10-14T05:38:00","guid":{"rendered":"https:\/\/kastela.hr\/en\/obavijest\/nastavak-projekta-zazeli-grad-kastela\/"},"modified":"2022-10-14T07:38:00","modified_gmt":"2022-10-14T05:38:00","slug":"nastavak-projekta-zazeli-grad-kastela","status":"publish","type":"obavijest","link":"https:\/\/kastela.hr\/en\/obavijest\/nastavak-projekta-zazeli-grad-kastela\/","title":{"rendered":"Nastavak projekta &#8216;Za\u017eeli &#8211; Grad Ka\u0161tela&#8217;!"},"content":{"rendered":"<p style=\"margin-bottom: 11px; text-align: justify;\">Odlukom o financiranju Ministarstva rada, mirovinskog sustava, obitelji i socijalne politike, 11. listopada 2022. godine, odobren je projekt &bdquo;Za\u017eeli 2 &ndash; Grad Ka\u0161tela&ldquo;. Projekt \u0107e se provoditi u partnerstvu s Udrugom sv. Jeronim, Centrom za socijalnu skrb Split podru\u017enica Ka\u0161tela i Hrvatskim zavodom za zapo\u0161ljavanje, podru\u010dna slu\u017eba Split. Vrijednost projekta je 741.600,00 HRK.<\/p>\n<p style=\"margin-bottom: 11px; text-align: justify;\">Radi se o dugo o\u010dekivanom nastavku projekta &bdquo;Za\u017eeli &ndash; Grad Ka\u0161tela&ldquo;, u kojem se o\u010dekuje zapo\u0161ljavanje 15 nezaposlenih \u017eena, sa najvi\u0161e zavr\u0161enim srednjo\u0161kolskim obrazovanjem, koje \u0107e skrbiti o najmanje 90 korisnika. Na taj na\u010din, omogu\u0107uje se pristup zapo\u0161ljavanju i tr\u017ei\u0161tu rada \u017eenama pripadnicama ranjivih skupina. Osna\u017euje i unaprje\u0111uje se radni potencijal ciljne skupine, odnosno ubla\u017eavaju se posljedice njihove nezaposlenosti, rizika od siroma\u0161tva i socijalne isklju\u010denosti. S druge strane, projektom se poti\u010de socijalna uklju\u010denost i pove\u0107anje kvalitete \u017eivota starijih osoba i osoba u nepovoljnom polo\u017eaju.<\/p>\n<p style=\"margin-bottom: 11px; text-align: justify;\">U narednim danima se o\u010dekuje potpisivanje Ugovora, te se kre\u0107e u realizaciju projekta, a prvi korak \u0107e biti raspisivanje Natje\u010daja za potporu i podr\u0161ku starijim i\/ili nemo\u0107nim osobama.<\/p>\n","protected":false},"featured_media":7615,"parent":0,"template":"","meta":{"_acf_changed":false},"obavijesti_tax":[],"class_list":["post-7614","obavijest","type-obavijest","status-publish","has-post-thumbnail","hentry"],"acf":[],"_links":{"self":[{"href":"https:\/\/kastela.hr\/en\/wp-json\/wp\/v2\/obavijest\/7614","targetHints":{"allow":["GET"]}}],"collection":[{"href":"https:\/\/kastela.hr\/en\/wp-json\/wp\/v2\/obavijest"}],"about":[{"href":"https:\/\/kastela.hr\/en\/wp-json\/wp\/v2\/types\/obavijest"}],"wp:featuredmedia":[{"embeddable":true,"href":"https:\/\/kastela.hr\/en\/wp-json\/wp\/v2\/media\/7615"}],"wp:attachment":[{"href":"https:\/\/kastela.hr\/en\/wp-json\/wp\/v2\/media?parent=7614"}],"wp:term":[{"taxonomy":"obavijesti_tax","embeddable":true,"href":"https:\/\/kastela.hr\/en\/wp-json\/wp\/v2\/obavijesti_tax?post=7614"}],"curies":[{"name":"wp","href":"https:\/\/api.w.org\/{rel}","templated":true}]}}