{"id":8374,"date":"2017-10-04T06:57:00","date_gmt":"2017-10-04T04:57:00","guid":{"rendered":"https:\/\/kastela.hr\/en\/gradsko-vijece\/3-sjednica-gradskog-vijeca-grada-kastela\/"},"modified":"2024-11-28T14:18:15","modified_gmt":"2024-11-28T13:18:15","slug":"3-sjednica-gradskog-vijeca-grada-kastela","status":"publish","type":"gradsko-vijece","link":"https:\/\/kastela.hr\/en\/gradsko-vijece\/mandatno-razdoblje-2017-2021\/3-sjednica-gradskog-vijeca-grada-kastela\/","title":{"rendered":"3. Sjednica Gradskog vije\u0107a Grada Ka\u0161tela"},"content":{"rendered":"<p>Sazvana je 3. sjednica Gradskog vije\u0107a Grada Ka\u0161tela za dan 4. listopada 2017. g. (srijeda) g. u 12,30 sati u Gradskoj vije\u0107nici. Dnevni red se sastoji od 18 to\u010daka.<\/p>\n<p>D n e v n i r e d<\/p>\n<p>1. Izvje\u0161\u0107e Mandatne komisije<\/p>\n<p>\u2013 Izvjestitelj: Mili Novak predsjednik Mandatne komisije<\/p>\n<p>2. Usvajanje Zapisnika 2. sjednice Gradskog vije\u0107a<\/p>\n<p>3. Vije\u0107ni\u010dka pitanja i prijedlozi<\/p>\n<p>4. Prijedlog Strategije kulturnog razvitka Grada Ka\u0161tela 2017 \u2013 2023<\/p>\n<p>\u2013 Izvjestitelj: predstavnik izra\u0111iva\u010da, Urbanex d.o.o. Split<\/p>\n<p>5. Izvje\u0161\u0107e o radu Muzeja grada Ka\u0161tela i Godi\u0161nje izvje\u0161\u0107e o izvr\u0161enje financijskog plana Muzeja grada<\/p>\n<p>\u2013 Izvjestitelji: Ivan \u0160uta, ravnatelj Muzeja grada Ka\u0161tela<\/p>\n<p>6. Izvje\u0161\u0107e o radu Gradske knji\u017enice Ka\u0161tela i Godi\u0161nji izvje\u0161taj o izvr\u0161enju financijskog plana Gradske knji\u017enice Ka\u0161tela za 2016. g.<\/p>\n<p>\u2013 Izvjestiteljica: Renata Dobri\u0107, ravnateljica Gradske knji\u017enice Ka\u0161tela<\/p>\n<p>7.Izvje\u0161\u0107e o radu Dje\u010djeg vrti\u0107a Ka\u0161tela za pedago\u0161ku godinu 2015 2016 i Godi\u0161nji izvje\u0161taj o izvr\u0161enju financijskog plana Dje\u010djeg vrti\u0107a Ka\u0161tela za 2016. g.<\/p>\n<p>\u2013 Izvjestiteljica: Ivanka Vu\u010dica, ravnateljica Dje\u010djeg vrti\u0107a \u201cKa\u0161tela\u201d<\/p>\n<p>8. Izvje\u0161\u0107e o radu Javne ustanove \u0160portski objekti Ka\u0161tela i Godi\u0161nji izvje\u0161taj o izvr\u0161enju financijskog plana Javne ustanove \u0160portski objekti Ka\u0161tela za 2016. godinu<\/p>\n<p>\u2013 Izvjestitelj: Ante \u0160i\u0161kov, ravnatelj Javne ustanove \u0160portski objekti Ka\u0161tela<\/p>\n<p>9. Polugodi\u0161nji izvje\u0161taj o izvr\u0161enju Prora\u010duna Grada Ka\u0161tela za razdoblje sije\u010danj-lipanj 2017. godine<\/p>\n<p>\u2013 Izvjestiteljica: Marija Matija \u0110iki\u0107, pro\u010delnica Upravnog odjela za financije, prora\u010dun i javnu nabavu<\/p>\n<p>10. Prijedlog odluke o izmjenama i dopuni Odluke o o osnivanju Savjeta mladih Grada Ka\u0161tela<\/p>\n<p>\u2013 Izvjestiteljica: Sanda Jakus, pro\u010delnica Upravnog odjela za poslove Gradona\u010delnika i Gradskog vije\u0107a<\/p>\n<p>11. Prijedlog odluke o osnivanju Postrojbi civilne za\u0161tite op\u0107e namjene<\/p>\n<p>12.Prijedlog odluke o osnivanju Postrojbi civilne za\u0161tite specijalisti\u010dke namjene<\/p>\n<p>\u2013 Izvjestiteljica Sandra Zoki\u0107, pro\u010delnica Upravnog odjela za dru\u0161tvene djelatnosti i op\u0107e poslove<\/p>\n<p>13. Prijedlog odluke o izradi Plana gospodarenja otpadom Grada Ka\u0161tela za razdoblje 2018. -2023. godine<\/p>\n<p>14. Prijedlog odluke o osnivanju Razvojne agencije Grada Ka\u0161tela<\/p>\n<p>15. Prijedlog odluke o ukidanju statusa javnog dobra u op\u0107oj uporabi na dijelu \u010dest zem 15901 k o Ka\u0161tel Su\u0107urac<\/p>\n<p>\u2013 Izvjestiteljica t. 13. do t. 15.: Marija Pelivan, pro\u010delnica Upravnog odjela za komunalno gospodarstvo i imovinsko- pravne poslove<\/p>\n<p>16. Prijedlog zaklju\u010dka o pokretanju postupka za izbor \u010dlanova Savjeta mladih i njihovih zamjenika<\/p>\n<p>17. Prijedlozi rje\u0161enja o imenovanjima i razrje\u0161enjima<\/p>\n<p>a) \u010dlanova Upravnog vije\u0107a Gradske knji\u017enice Ka\u0161tela<\/p>\n<p>b) \u010dlanova Muzejskog vije\u0107a Muzeja grada Ka\u0161tela<\/p>\n<p>c) \u010dlanova Upravnog vije\u0107a Dje\u010djeg vrti\u0107a Ka\u0161tela<\/p>\n<p>18. Prijedlog zaklju\u010dka o imenovanju promjenljivog \u010dlana Stru\u010dnog tijela za ocjenu ponuda za koncesije na pomorskom dobru na podru\u010dju Splitsko -dalmatinske \u017eupanije<\/p>\n<p>\u2013 Izvjestitelj t. 17. i t. 18: Zoran Bonacin, predsjednik Odbora za izbor i imenovanja<\/p>\n<p>POZIV_3. sjednica Gradskog vijeca_4. listopada 2017<\/p>\n","protected":false},"featured_media":8375,"template":"","meta":{"_acf_changed":true},"kategorija-gradskog-vijeca":[61,59],"class_list":["post-8374","gradsko-vijece","type-gradsko-vijece","status-publish","has-post-thumbnail","hentry","kategorija-gradskog-vijeca-mandatno-razdoblje-2017-2021","kategorija-gradskog-vijeca-sjednice-gradskog-vijeca"],"acf":[],"_links":{"self":[{"href":"https:\/\/kastela.hr\/en\/wp-json\/wp\/v2\/gradsko-vijece\/8374","targetHints":{"allow":["GET"]}}],"collection":[{"href":"https:\/\/kastela.hr\/en\/wp-json\/wp\/v2\/gradsko-vijece"}],"about":[{"href":"https:\/\/kastela.hr\/en\/wp-json\/wp\/v2\/types\/gradsko-vijece"}],"wp:featuredmedia":[{"embeddable":true,"href":"https:\/\/kastela.hr\/en\/wp-json\/wp\/v2\/media\/8375"}],"wp:attachment":[{"href":"https:\/\/kastela.hr\/en\/wp-json\/wp\/v2\/media?parent=8374"}],"wp:term":[{"taxonomy":"kategorija-gradskog-vijeca","embeddable":true,"href":"https:\/\/kastela.hr\/en\/wp-json\/wp\/v2\/kategorija-gradskog-vijeca?post=8374"}],"curies":[{"name":"wp","href":"https:\/\/api.w.org\/{rel}","templated":true}]}}