{"id":8367,"date":"2018-12-12T14:09:00","date_gmt":"2018-12-12T13:09:00","guid":{"rendered":"https:\/\/kastela.hr\/en\/gradsko-vijece\/12-sjednica-gradskog-vijeca\/"},"modified":"2024-11-28T13:53:32","modified_gmt":"2024-11-28T12:53:32","slug":"12-sjednica-gradskog-vijeca","status":"publish","type":"gradsko-vijece","link":"https:\/\/kastela.hr\/en\/gradsko-vijece\/mandatno-razdoblje-2017-2021\/12-sjednica-gradskog-vijeca\/","title":{"rendered":"12. sjednica Gradskog vije\u0107a"},"content":{"rendered":"<style type=\"text\/css\"><!--\n\t\t@page { margin: 2cm }\n\t\tP { margin-bottom: 0.21cm }\n\t--><br \/>\n<\/style>\n<p>Predsjednik Gradskog vije\u0107a Ivan Udovi\u010di\u0107 sazvao je 12. sjednicu Gradskog vije\u0107a Grada Ka\u0161tela za dan 12. prosinca 2018. g. (srijeda) u 11 sati u Gradskoj vije\u0107nici. Dnevni red se sastoji od 41 to\u010dke:<\/p>\n<p><span style=\"color: #000000;\"><span style=\"font-size: medium;\">1. <\/span><\/span><span style=\"color: #000000;\"><span style=\"font-size: medium;\">Usvajanje Zapisnika s 11. sjednice Gradskog vije\u0107a <\/span><\/span><\/p>\n<p><span style=\"font-size: medium;\"><span style=\"color: #000000;\"><span style=\"font-size: medium;\">2. Vije\u0107ni\u010dka pitanja i prijedlozi<\/span><\/span><\/span><\/p>\n<p><span style=\"font-size: medium;\"><span style=\"font-size: medium;\">3<\/span><span style=\"color: #000000;\"><span style=\"font-size: medium;\">. Prijedlog III. izmjena i dopuna Prora\u010duna Grada Ka\u0161tela za 2018. godinu<\/span><\/span><\/span><\/p>\n<p><span style=\"color: #000000;\"><span style=\"font-size: medium;\">&#8211; Izvjestiteljica: Matija Marija \u0110iki\u0107, pro\u010delnica Upravnog odjela za prora\u010dun, financije i <\/span><\/span><span style=\"color: #000000;\"><span style=\"font-size: medium;\">javnu nabavu<\/span><\/span><\/p>\n<p><span style=\"color: #000000;\"><span style=\"font-size: medium;\"><span style=\"font-size: medium;\">4. Prijedlog II. Izmjene i dopune Programa odr\u017eavanja komunalne komunalne infrastrukture u Gradu<\/span><\/span><\/span><\/p>\n<p><span style=\"color: #000000;\"><span style=\"font-size: medium;\"><span style=\"font-size: medium;\">Ka\u0161tela za <\/span><\/span><span style=\"color: #000000;\"><span style=\"font-size: medium;\">2018. godinu <\/span><\/span><\/span><\/p>\n<p><span style=\"color: #000000;\"><span style=\"font-size: medium;\">&#8211; Izvjestiteljica: Marija Pelivan, pro\u010delnica Upravnog odjela za komunalno gospodarstvo\u00a0 i imovinsko<\/span><\/span><\/p>\n<p><span style=\"color: #000000;\"><span style=\"font-size: medium;\">pravne poslove<\/span><\/span><\/p>\n<p><span style=\"font-size: medium;\"><span style=\"color: #000000;\"><span style=\"font-size: medium;\">5<\/span><\/span><span style=\"font-size: medium;\">. <\/span><span style=\"color: #000000;\"><span style=\"font-size: medium;\">Prijedlog III. izmjene Programa financiranja javnih potreba u pred\u0161kolskom odgoju Grada Ka\u0161tela za<\/span><\/span><\/span><\/p>\n<p><span style=\"color: #000000;\"><span style=\"font-size: medium;\"><span style=\"font-size: medium;\">2018. godinu<\/span><\/span><\/span><\/p>\n<p><span style=\"color: #000000;\"><span style=\"font-size: medium;\"><span style=\"font-size: medium;\">6. Prijedlog III. izmjene Programa financiranja javnih potreba udruga gra\u0111ana, institucija, ustanova i<\/span><\/span><\/span><\/p>\n<p><span style=\"color: #000000;\"><span style=\"font-size: medium;\"><span style=\"font-size: medium;\">vjerskih zajednica Grada Ka\u0161tela za 2018. godinu<\/span><\/span><\/span><\/p>\n<p><span style=\"color: #000000;\"><span style=\"font-size: medium;\"><span style=\"font-size: medium;\">7. Prijedlog III. Izmjene programa javnih potreba u kulturi Grada Ka\u0161tela za 2018. godinu <\/span><\/span><\/span><\/p>\n<p><span style=\"color: #000000;\"><span style=\"font-size: medium;\">&#8211; Izvjestiteljica <\/span><\/span><\/p>\n<style type=\"text\/css\"><!--\n\t\t@page { margin: 2cm }\n\t\tP { margin-bottom: 0.21cm }\n\t--><br \/>\n<\/style>\n<p><span style=\"color: #000000;\"><span style=\"font-size: medium;\">t. 5. do t. 7.<\/span><\/span><span style=\"color: #000000;\"><span style=\"font-size: medium;\">: Sandra Zoki\u0107, pro\u010delnica Upravnog odjela za dru\u0161tvene djelatnosti i<\/span><\/span><\/p>\n<p><span style=\"font-size: medium;\"><span style=\"color: #000000;\"><span style=\"font-size: medium;\">op\u0107e poslove<\/span><\/span><\/span><\/p>\n<p><span style=\"font-size: medium;\"><span style=\"color: #000000;\"><span style=\"font-size: medium;\">8.<\/span><\/span> <span style=\"color: #000000;\"><span style=\"font-size: medium;\">Prijedlog Prora\u010duna Grada Ka\u0161tela za 2019. g. i projekcije za 2020. i <\/span><\/span><span style=\"color: #000000;\"><span style=\"font-size: medium;\">2021. godinu<\/span><\/span><\/span><\/p>\n<p><span style=\"color: #000000;\"><span style=\"font-size: medium;\"><span style=\"font-size: medium;\">9.<\/span><\/span><span style=\"color: #000000;\"><span style=\"font-size: medium;\"> Prijedlog odluke o izvr\u0161avanju Prora\u010duna Grada Ka\u0161tela za 2019. godinu <\/span><\/span><\/span><\/p>\n<p><span style=\"font-size: medium;\"><span style=\"color: #000000;\"><span style=\"font-size: medium;\">&#8211; Izvjestiteljica t. 8. i t. 9. : Matija Marija \u0110iki\u0107, pro\u010delnica Upravnog odjela za prora\u010dun, financije i<\/span><\/span><\/span><\/p>\n<p><span style=\"font-size: medium;\"><span style=\"color: #000000;\"><span style=\"font-size: medium;\">javnu nabavu<\/span><\/span><\/span><\/p>\n<p><span style=\"font-size: medium;\"><span style=\"color: #000000;\"><span style=\"font-size: medium;\">10. Prijedlog programa gradnje objekata i ure\u0111aja komunalne infrastrukture u Gradu Ka\u0161tela za 2019.<\/span><\/span><\/span><\/p>\n<p><span style=\"font-size: medium;\"><span style=\"color: #000000;\"><span style=\"font-size: medium;\">godinu<\/span><\/span><\/span><\/p>\n<p><span style=\"font-size: medium;\"><span style=\"color: #000000;\"><span style=\"font-size: medium;\">11. Prijedlog programa odr\u017eavanja komunalne infrastrukture u Gradu Ka\u0161tela za 2019. godinu <\/span><\/span><\/span><\/p>\n<p><span style=\"font-size: medium;\"><span style=\"color: #000000;\"><span style=\"font-size: medium;\">&#8211; Izvjestiteljica t.10. i t.11. Marija Pelivan, pro\u010delnica Upravnog odjela za komunalno gospodarstvo <\/span><\/span><\/span><\/p>\n<p><span style=\"font-size: medium;\"><span style=\"color: #000000;\"><span style=\"font-size: medium;\">i imovinsko pravne poslove<\/span><\/span><\/span><\/p>\n<p><span style=\"font-size: medium;\"><span style=\"color: #000000;\"><span style=\"font-size: medium;\">12. Prijedlog programa javnih potreba u socijalnoj skrbi i zdravstvenoj za\u0161titi Grada Ka\u0161tela za 2019.<\/span><\/span><\/span><\/p>\n<p><span style=\"font-size: medium;\"><span style=\"color: #000000;\"><span style=\"font-size: medium;\">godinu<\/span><\/span><\/span><\/p>\n<p><span style=\"font-size: medium;\"><span style=\"color: #000000;\"><span style=\"font-size: medium;\">13. Prijedlog programa financiranja javnih potreba u pred\u0161kolskom odgoju Grada Ka\u0161tela za 2019. godinu<\/span><\/span><\/span><\/p>\n<p><span style=\"font-size: medium;\"><span style=\"color: #000000;\"><span style=\"font-size: medium;\">14. <\/span><\/span><span style=\"color: #000000;\"><span style=\"font-size: medium;\">Prijedlog plana mre\u017ee dje\u010djih vrti\u0107a na podru\u010dju Grada Ka\u0161tela<\/span><\/span><\/span><\/p>\n<p><span style=\"font-size: medium;\"><span style=\"color: #000000;\"><span style=\"font-size: medium;\">15.<\/span><\/span><span style=\"color: #000000;\"><span style=\"font-size: medium;\"> Prijedlog programa financiranja javnih potreba u<\/span><\/span><span style=\"color: #000000;\"><span style=\"font-size: medium;\"> obrazovanju Grada Ka\u0161tela za 2019. godinu<\/span><\/span><\/span><\/p>\n<p><span style=\"font-size: medium;\"><span style=\"color: #000000;\"><span style=\"font-size: medium;\">16. Prijedlog programa financiranja javnih potreba u \u0161portu Grada Ka\u0161tela za 2019. godinu<\/span><\/span><\/span><\/p>\n<p><span style=\"font-size: medium;\"><span style=\"color: #000000;\"><span style=\"font-size: medium;\">17. Prijedlog programa financiranja javnih potreba u tehni\u010dkoj kulturi Grada Ka\u0161tela za 2019. godinu <\/span><\/span><\/span><\/p>\n<p><span style=\"font-size: medium;\"><span style=\"color: #000000;\"><span style=\"font-size: medium;\">18. Prijedlog programa javnih potreba u kulturi Grada Ka\u0161tela za 2019. godinu<\/span><\/span><\/span><\/p>\n<p><span style=\"font-size: medium;\"><span style=\"color: #000000;\"><span style=\"font-size: medium;\">19. Prijedlog programa financiranja javnih potreba udruga gra\u0111ana, institucija, ustanova i vjerskih zajednica<\/span><\/span><\/span><\/p>\n<p><span style=\"font-size: medium;\"><span style=\"color: #000000;\"><span style=\"font-size: medium;\">Grada Ka\u0161tela za 2019. godinu<\/span><\/span><\/span><\/p>\n<p><span style=\"font-size: medium;\"><span style=\"color: #000000;\"><span style=\"font-size: medium;\">20. Prijedlog odluke o jednokratnoj nov\u010danoj pomo\u0107i za roditelje i udovice poginulih branitelja<\/span><\/span><\/span><\/p>\n<p><span style=\"font-size: medium;\"><span style=\"color: #000000;\"><span style=\"font-size: medium;\">Domovinskog rata povodom Bo\u017ei\u0107a<\/span><\/span><\/span><\/p>\n<p><span style=\"font-size: medium;\"><span style=\"color: #000000;\"><span style=\"font-size: medium;\">21. Prijedlog odluke o jednokratnoj nov\u010danoj pomo\u0107i za umirovljenike i nezaposlene povodom Bo\u017ei\u0107a<\/span><\/span><\/span><\/p>\n<p><span style=\"font-size: medium;\"><span style=\"color: #000000;\"><span style=\"font-size: medium;\">22. Analiza stanja sustava civilne za\u0161tite na podru\u010dju Grada Ka\u0161tela u 2018. godini<\/span><\/span><\/span><\/p>\n<p><span style=\"font-size: medium;\"><span style=\"color: #000000;\"><span style=\"font-size: medium;\">23. Prijedlog Plana razvoja sustava civilne za\u0161tite na podru\u010dju Grada Ka\u0161tela <\/span><\/span><\/span><\/p>\n<p><span style=\"font-size: medium;\"><span style=\"color: #000000;\"><span style=\"font-size: medium;\">24. Prijedlog programa javnih potreba u protupo\u017earnoj i civilnoj za\u0161titi Grada Ka\u0161tela za 2019. godinu<\/span><\/span><\/span><\/p>\n<p><span style=\"font-size: medium;\"><span style=\"color: #000000;\"><span style=\"font-size: medium;\">&#8211; <\/span><\/span><span style=\"color: #000000;\"><span style=\"font-size: medium;\">Izvjestiteljica t. 12. do t. 24.: Sandra Zoki\u0107, pro\u010delnica Upravnog odjela za dru\u0161tvene djelatnosti i<\/span><\/span><\/span><\/p>\n<p><span style=\"font-size: medium;\"><span style=\"color: #000000;\"><span style=\"font-size: medium;\">op\u0107e poslove<\/span><\/span><\/span><\/p>\n<p><span style=\"font-size: medium;\"><span style=\"color: #000000;\"><span style=\"font-size: medium;\">25. Prijedlog odluk<\/span><\/span><span style=\"color: #000000;\"><span style=\"font-size: medium;\">e o ras<\/span><\/span><span style=\"color: #000000;\"><span style=\"font-size: medium;\">pore\u0111ivanju sredstava za financiranje politi\u010dkih stranaka i \u010dlanova predstavni\u010dkih<\/span><\/span><\/span><\/p>\n<p><span style=\"font-size: medium;\"><span style=\"color: #000000;\"><span style=\"font-size: medium;\">tijela izabranih s liste grupe bira\u010da zastupljenih u Gradskom vije\u0107u Grada Ka\u0161tela za 2019. godinu<\/span><\/span><\/span><\/p>\n<p><span style=\"color: #000000;\"><span style=\"font-size: medium;\"><span style=\"font-size: medium;\">&#8211; <\/span><\/span><span style=\"color: #000000;\"><span style=\"font-size: medium;\">Izvjestiteljica Sanda Jakus, pro\u010delnica Upravnog odjela za poslove Gradona\u010delnika i Gradskog vije\u0107a<\/span><\/span><\/span><\/p>\n<p><span style=\"color: #000000;\"><span style=\"font-size: medium;\">26. Prijedlog odluke o davanju odobrenja na Program rada Savjeta mladih sa financijskim planom za 2019.<\/span><\/span><\/p>\n<p><span style=\"color: #000000;\"><span style=\"font-size: medium;\">&#8211; Izvjestiteljica: Andrea Bara\u0107, predsjednica Savjeta mladih<\/span><\/span><\/p>\n<p><span style=\"font-size: medium;\"><span style=\"color: #000000;\"><span style=\"font-size: medium;\">27. <\/span><\/span><span style=\"color: #000000;\"><span style=\"font-size: medium;\">a) Prijedlog Zaklju\u010dka o poni\u0161tenju programa raspolaganja poljoprivrednim zemlji\u0161tem u vlasni\u0161tvu<\/span><\/span><\/span><\/p>\n<p><span style=\"color: #000000;\"><span style=\"font-size: medium;\"><span style=\"font-size: medium;\">Republike Hrvatske za Grad Ka\u0161tela<\/span><\/span><\/span><\/p>\n<p><span style=\"color: #000000;\"><span style=\"font-size: medium;\"><span style=\"font-size: medium;\">b) Prigovori na Prijedlog programa raspolaganja poljoprivrednim zemlji\u0161tem u vlasni\u0161tvu Republike<\/span><\/span><\/span><\/p>\n<p><span style=\"color: #000000;\"><span style=\"font-size: medium;\"><span style=\"font-size: medium;\">Hrvatske za Grad Ka\u0161tela <\/span><\/span><\/span><\/p>\n<p><span style=\"color: #000000;\"><span style=\"font-size: medium;\"><span style=\"font-size: medium;\">c) Prijedlog programa raspolaganja poljoprivrednim zemlji\u0161tem u vlasni\u0161tvu Republike Hrvatske za<\/span><\/span><\/span><\/p>\n<p><span style=\"color: #000000;\"><span style=\"font-size: medium;\"><span style=\"font-size: medium;\">Grad Ka\u0161tela <\/span><\/span><\/span><\/p>\n<p><span style=\"font-size: medium;\"><span style=\"color: #000000;\"><span style=\"font-size: medium;\">28. Prijedlog odluke o agrotehni\u010dkim mjerama, mjerama za ure\u0111ivanje i odr\u017eavanje poljoprivrednih rudina i<\/span><\/span><\/span><\/p>\n<p><span style=\"color: #000000;\"><span style=\"font-size: medium;\"><span style=\"font-size: medium;\">mjerama za\u0161tite od po\u017eara na poljoprivrednom zemlji\u0161tu<\/span><\/span><\/span><\/p>\n<p><span style=\"font-size: medium;\"><span style=\"color: #000000;\"><span style=\"font-size: medium;\">29. Prijedlog odluke o komunalnoj naknadi <\/span><\/span><\/span><\/p>\n<p><span style=\"font-size: medium;\"><span style=\"color: #000000;\"><span style=\"font-size: medium;\">30. Prijedlog odluke o komunalnom doprinosu<\/span><\/span><\/span><\/p>\n<p><span style=\"font-size: medium;\"><span style=\"color: #000000;\"><span style=\"font-size: medium;\">31<\/span><\/span><span style=\"color: #000000;\"><span style=\"font-size: medium;\">. Prijedlog odluke o privremenoj zabrani izvo\u0111enja radova u 2019. godini<\/span><\/span><\/span><\/p>\n<p><span style=\"font-size: medium;\"><span style=\"color: #000000;\"><span style=\"font-size: medium;\">32. Prijedlog rje\u0161enja o osloba\u0111anju od pla\u0107anja komunalnog doprinosa obveznika \u017dupe sv. Petra Apostola \u2013<\/span><\/span><\/span><\/p>\n<p><span style=\"color: #000000;\"><span style=\"font-size: medium;\"><span style=\"font-size: medium;\">Ka\u0161tel Novi za ozakonjenje nezakonito izgra\u0111ene zgrade javne namjene na u naravi \u017eupne ku\u0107e<\/span><\/span><\/span><\/p>\n<p><span style=\"color: #000000;\"><span style=\"font-size: medium;\"><span style=\"font-size: medium;\">izgra\u0111ene na k.\u010d.zgr 237\/1 i 237\/2 k.o. Ka\u0161tel Novi <\/span><\/span><\/span><\/p>\n<p><span style=\"font-size: medium;\"><span style=\"color: #000000;\"><span style=\"font-size: medium;\">33. Prijedlog rje\u0161enja o osloba\u0111anju od pla\u0107anja komunalnog doprinosa obveznika \u017dupe sv. Petra Apostola \u2013<\/span><\/span><\/span><\/p>\n<p><span style=\"color: #000000;\"><span style=\"font-size: medium;\"><span style=\"font-size: medium;\">Ka\u0161tel Novi za ozakonjenje nezakonito izgra\u0111ene zgrade javne namjene na k.\u010d. 362 k.o. Ka\u0161tel Stari<\/span><\/span><\/span><\/p>\n<p><span style=\"font-size: medium;\"><span style=\"color: #000000;\"><span style=\"font-size: medium;\">34. Prijedlog rje\u0161enja o osloba\u0111anju od pla\u0107anja komunalnog doprinosa obveznika \u017dupe sv. Jeronima Ka\u0161tel<\/span><\/span><\/span><\/p>\n<p><span style=\"color: #000000;\"><span style=\"font-size: medium;\"><span style=\"font-size: medium;\">Gomilica<\/span><\/span><\/span><\/p>\n<p><span style=\"font-size: medium;\"><span style=\"color: #000000;\"><span style=\"font-size: medium;\">35. Prijedlog odluke o priznavanju prava vlasni\u0161tva u k.o. Ka\u0161tel Gomilica <\/span><\/span><\/span><\/p>\n<p><span style=\"font-size: medium;\"><span style=\"color: #000000;\"><span style=\"font-size: medium;\">36.<\/span><\/span> <span style=\"color: #000000;\"><span style=\"font-size: medium;\">Prijedlog odluke o ukidanju statusa javnog dobra u op\u0107oj uporabi ( na 36\/66 dijelu <\/span><\/span><span style=\"color: #000000;\"><span style=\"font-size: medium;\">\u010dest. zem. 909 k.o. K.<\/span><\/span><\/span><\/p>\n<p><span style=\"color: #000000;\"><span style=\"font-size: medium;\"><span style=\"font-size: medium;\">Su\u0107urac, po staroj izmjeri, \u0161to odgovara 36 m<\/span><\/span><span style=\"color: #000000;\"><sup><span style=\"font-size: medium;\">2<\/span><\/sup><\/span><span style=\"color: #000000;\"><span style=\"font-size: medium;\"> \u010dest. zem. 7066 k.o. K. Su\u0107urac, po novoj izmjeri)<\/span><\/span><span style=\"color: #000000;\"><span style=\"font-size: medium;\">.<\/span><\/span><\/span><\/p>\n<p><span style=\"font-size: medium;\"><span style=\"color: #000000;\"><span style=\"font-size: medium;\">37. Prijedlog odluke o ukidanju statusa javnog dobra u op\u0107oj uporabi na \u010destici zem. 1791\/13 k.o. Ka\u0161tel<\/span><\/span><\/span><\/p>\n<p><span style=\"color: #000000;\"><span style=\"font-size: medium;\"><span style=\"font-size: medium;\">Luk\u0161i\u0107<\/span><\/span><\/span><\/p>\n<p><span style=\"color: #000000;\"><span style=\"font-size: medium;\">&#8211; Izvjestiteljica t. 27. do t. 37. Marija Pelivan, pro\u010delnica Upravnog odjela za komunalno gospodarstvo <\/span><\/span><\/p>\n<p><span style=\"font-size: medium;\"><span style=\"color: #000000;\"><span style=\"font-size: medium;\">i imovinsko pravne poslove<\/span><\/span><\/span><\/p>\n<p><span style=\"font-size: medium;\"><span style=\"color: #000000;\"><span style=\"font-size: medium;\">38. Prijedlog odluke o izmjeni Odluke o sufinanciranju javnog prijevoza za gra\u0111ane<\/span><\/span><\/span><\/p>\n<p lang=\"hr-HR\"><span style=\"color: #ce181e;\"><span style=\"font-size: small;\"><span style=\"color: #000000;\"><span style=\"font-size: medium;\">39. Prijedlog odluke o izmjeni Odluke o socijalnoj skrbi<\/span><\/span><\/span><\/span><\/p>\n<p><span style=\"font-size: medium;\"><span style=\"color: #000000;\"><span style=\"font-size: medium;\">40. Prijedlog odluke o prihva\u0107anju Procjene ugro\u017eenosti od po\u017eara i tehnolo\u0161kih eksplozija za Grad Ka\u0161tela<\/span><\/span><\/span><\/p>\n<p><span style=\"color: #000000;\"><span style=\"font-size: medium;\"><span style=\"font-size: medium;\">uskla\u0111enje 1 i dono\u0161enju Plana za\u0161tite od po\u017eara za Grada Ka\u0161tela <\/span><\/span><\/span><\/p>\n<p><span style=\"font-size: medium;\"><span style=\"color: #000000;\"><span style=\"font-size: medium;\">41. Prijedlog odluke o osnivanju javne ustanova Javna vatrogasna postrojba Grada Ka\u0161tela <\/span><\/span><\/span><\/p>\n<p><span style=\"color: #000000;\"><span style=\"font-size: medium;\">&#8211; <\/span><\/span><span style=\"color: #000000;\"><span style=\"font-size: medium;\">Izvjestiteljica t. 38. do t. 41.: Sandra Zoki\u0107, pro\u010delnica Upravnog odjela za dru\u0161tvene djelatnosti i<\/span><\/span><\/p>\n<p><span style=\"font-size: medium;\"><span style=\"color: #000000;\"><span style=\"font-size: medium;\">op\u0107e poslove<\/span><\/span><\/span><\/p>\n<p><span style=\"color: #000000;\"><span style=\"font-size: medium;\">Budu\u0107i da rok za podno\u0161enje prigovora pod. to\u010dkom 2<u>7. b<\/u>) jo\u0161 traje, zaprimljeni prigovori dostavit \u0107e se do sjednice Gradskog vije\u0107a.<\/span><\/span><\/p>\n<p><strong><span style=\"font-size: medium;\">Materijale i poziv na 12. sjednicu Gradskog vije\u0107a mo\u017eete preuzeti na sljede\u0107em linku:<\/span><\/strong><\/p>\n","protected":false},"featured_media":0,"template":"","meta":{"_acf_changed":true},"kategorija-gradskog-vijeca":[61,59],"class_list":["post-8367","gradsko-vijece","type-gradsko-vijece","status-publish","hentry","kategorija-gradskog-vijeca-mandatno-razdoblje-2017-2021","kategorija-gradskog-vijeca-sjednice-gradskog-vijeca"],"acf":[],"_links":{"self":[{"href":"https:\/\/kastela.hr\/en\/wp-json\/wp\/v2\/gradsko-vijece\/8367","targetHints":{"allow":["GET"]}}],"collection":[{"href":"https:\/\/kastela.hr\/en\/wp-json\/wp\/v2\/gradsko-vijece"}],"about":[{"href":"https:\/\/kastela.hr\/en\/wp-json\/wp\/v2\/types\/gradsko-vijece"}],"wp:attachment":[{"href":"https:\/\/kastela.hr\/en\/wp-json\/wp\/v2\/media?parent=8367"}],"wp:term":[{"taxonomy":"kategorija-gradskog-vijeca","embeddable":true,"href":"https:\/\/kastela.hr\/en\/wp-json\/wp\/v2\/kategorija-gradskog-vijeca?post=8367"}],"curies":[{"name":"wp","href":"https:\/\/api.w.org\/{rel}","templated":true}]}}