{"id":8343,"date":"2016-05-03T07:34:00","date_gmt":"2016-05-03T05:34:00","guid":{"rendered":"https:\/\/kastela.hr\/en\/gradsko-vijece\/22-sjednica-gradskog-vijeca-grada-kastela\/"},"modified":"2024-11-28T14:49:00","modified_gmt":"2024-11-28T13:49:00","slug":"22-sjednica-gradskog-vijeca-grada-kastela","status":"publish","type":"gradsko-vijece","link":"https:\/\/kastela.hr\/en\/gradsko-vijece\/mandatno-razdoblje-2013-2017\/22-sjednica-gradskog-vijeca-grada-kastela\/","title":{"rendered":"22. Sjednica Gradskog vije\u0107a Grada Ka\u0161tela"},"content":{"rendered":"<div class=\"article\">\n<h1>&nbsp;<\/h1>\n<p><strong>&nbsp; &nbsp; &nbsp; &nbsp; &nbsp; &nbsp;REPUBLIKA HRVATSKA<\/strong><br \/>\n<strong>SPLITSKO-DALMATINSKA \u017dUPANIJA<\/strong><br \/>\n<strong>&nbsp;&nbsp;&nbsp;&nbsp;&nbsp;&nbsp;&nbsp;&nbsp;&nbsp;&nbsp;&nbsp;&nbsp;&nbsp;&nbsp;&nbsp;&nbsp; GRAD KA\u0160TELA<\/strong><br \/>\n<strong>&nbsp; &nbsp; &nbsp; &nbsp; &nbsp; G R A D S K O&nbsp; V I J E \u0106 E <\/strong><\/p>\n<p>KLASA: 021-05\/16-01\/0003<br \/>\nURBROJ: 2134\/01-01\/3-16-1<br \/>\nKa\u0161tel Su\u0107urac, 28. travnja 2016. g.<\/p>\n<p>&nbsp;<\/p>\n<p>Na temelju \u010dlanka 74. stavak 1. Poslovnika&nbsp; Gradskog vije\u0107a Grada Ka\u0161tela (&ldquo;Slu\u017ebeni&nbsp;glasnik Grada Ka\u0161tela&rdquo;, broj 9\/09, 7\/10, 6\/13 i 13\/14) sazivam<\/p>\n<p><strong><em>&nbsp;<\/em><\/strong><\/p>\n<p><strong><i>&nbsp; &nbsp; &nbsp; &nbsp; &nbsp; &nbsp; &nbsp; &nbsp; &nbsp; &nbsp; &nbsp; &nbsp; &nbsp; &nbsp;22.&nbsp;<\/i>sjednicu Gradskog vije\u0107a Grada Ka\u0161tela<\/strong><br \/>\n<strong>&nbsp;&nbsp;&nbsp;&nbsp; za dan 3. svibnja (utorak) 2016. g. u&nbsp; 12,00 sati u Gradskoj vije\u0107nici <\/strong><\/p>\n<p><strong>&nbsp;<\/strong><\/p>\n<p><strong><em>&nbsp;<\/em><\/strong><\/p>\n<p>Za sjednicu predla\u017eem sljede\u0107i<\/p>\n<p><strong>&nbsp; &nbsp; &nbsp; &nbsp; &nbsp;<\/strong><\/p>\n<p style=\"text-align: center;\"><strong>D &nbsp;n &nbsp;e &nbsp;v &nbsp;n &nbsp;i &nbsp; &nbsp; r &nbsp;e &nbsp;d<\/strong><\/p>\n<ol>\n<li>Usvajanje Zapisnika sa 21. sjednice Gradskog vije\u0107a<\/li>\n<li>Vije\u0107ni\u010dka pitanja i prijedlozi<\/li>\n<li>Izvje\u0161\u0107e o radu Muzeja grada Ka\u0161tela i Godi\u0161nje izvr\u0161enje financijskog plana Muzeja grada Ka\u0161tela za 2015. godinu<br \/>\n &ndash; Izvjestitelji: Ivan \u0160uta, ravnatelj Muzeja grada Ka\u0161tela<\/li>\n<li>Izvje\u0161\u0107e o radu Gradske knji\u017enice Ka\u0161tela i Godi\u0161nji izvje\u0161taj o izvr\u0161enju financijskog plana Gradske knji\u017enice Ka\u0161tela za 2015. g.<br \/>\n &ndash; Izvjestiteljica: Renata Dobri\u0107, ravnateljica Gradske knji\u017enice Ka\u0161tela<\/li>\n<li>Izvje\u0161\u0107e o radu Dje\u010djeg vrti\u0107a &ldquo;Ka\u0161tela&rdquo; za pedago\u0161ku godinu 2014\/2015. i Godi\u0161nji izvje\u0161taj o izvr\u0161enju financijskog plana Dje\u010djeg vrti\u0107a &ldquo;Ka\u0161tela&rdquo; za 2015. g.<br \/>\n &ndash; Izvjestiteljica: Ivanka Vu\u010dica, ravnateljica Dje\u010djeg vrti\u0107a &ldquo;Ka\u0161tela&rdquo;<\/li>\n<li>Izvje\u0161\u0107e o radu javne ustanove \u0160portski objekti&nbsp; Ka\u0161tela i Godi\u0161nji izvje\u0161taj o izvr\u0161enju financijskog plana Javne ustanove \u0160portski objekti Ka\u0161tela za 2015. godinu<br \/>\n &ndash; Izvjestitelj: Ante \u0160i\u0161kov,&nbsp; ravnatelj Javne ustanove \u0160portski objekti Ka\u0161tela<\/li>\n<li>Financijsko izvje\u0161\u0107e Zajednice \u0161portskih udruga Ka\u0161tela za 2015. godinu i Izvje\u0161\u0107e o realizaciji detaljnog plana sufinanciranja aktivnosti \u0161portskih udruga Grada Ka\u0161tela za 2015. g.<\/li>\n<li>Izvje\u0161\u0107e o izvr\u0161enju Programa javnih potreba u socijalnoj skrbi i zdravstvenoj za\u0161titi Grada Ka\u0161tela za 2015. godinu<\/li>\n<li>Izvje\u0161\u0107e o izvr\u0161enju Program javnih potreba pred\u0161kolskom odgoju Grada Ka\u0161tela za 2015. godinu<\/li>\n<li>Izvje\u0161\u0107e o izvr\u0161enju Program javnih potreba u kulturi Grada Ka\u0161tela za 2015. g<\/li>\n<li>Izvje\u0161\u0107e o izvr\u0161enju Program javnih potreba u tehni\u010dkoj kulturi Grada Ka\u0161tela za 2015. g.<\/li>\n<li>Izvje\u0161\u0107e o izvr\u0161enju Program javnih potreba udruga gra\u0111ana Grada Ka\u0161tela za 2015.g.<\/li>\n<li>Izvje\u0161\u0107e o izvr\u0161enju Program javnih potreba u sportu Grada Ka\u0161tela za 2015. godinu&nbsp; &nbsp; &nbsp; &nbsp; &nbsp;&ndash; Izvjestiteljica t.7. do t. 13. : Sandra Zoki\u0107, pro\u010delnica Upravnog odjela za dru\u0161tvene djelatnosti i op\u0107e poslove<\/li>\n<li>Godi\u0161nji izvje\u0161taj o izvr\u0161enju Prora\u010duna Grada Ka\u0161tela za 2015. godinu<\/li>\n<li>Prijedlog odluke o raspodjeli rezultata poslovanja za 2015. godinu<br \/>\n Zaklju\u010dak<br \/>\n Odluka<br \/>\n &ndash; Izvjestiteljica t. 14. i 15.: Marija Matija \u0110iki\u0107, pro\u010delnica Upravnog odjela za financije, prora\u010dun i javnu nabavu<\/li>\n<li>Izvje\u0161\u0107e o radu Savjeta mladih Grada Ka\u0161tela za 2015.godinu<br \/>\n &ndash; Izvjestiteljica: Tomislava Bogi\u0107, predsjednica Savjeta mladih<\/li>\n<li>Izvje\u0161\u0107e Gradona\u010delnika o radu za razdoblje srpanj-prosinac 2015. godine<br \/>\n &ndash; Izvjestitelj: Ivan Udovi\u010di\u0107, gradona\u010delnik<\/li>\n<li>Prijedlog odluke o kratkoro\u010dnom oro\u010davanju raspolo\u017eivih kunskih sredstava prora\u010duna Grada Ka\u0161tela u 2016. godini<br \/>\n Zaklju\u010dak<br \/>\n Odluka&nbsp;<br \/>\n &ndash; Izvjestiteljica: Marija Matija \u0110iki\u0107, pro\u010delnica Upravnog odjela za financije, prora\u010dun i javnu nabavu<\/li>\n<li>Prijedlog odluke o prijevozu putnika u javnom cestovnom prometu<\/li>\n<li>Prijedlog odluke o ukidanju statusa javnog dobra u op\u0107oj uporabi na dijelu \u010dest.em. 1987 k. o. Ka\u0161tel Stari<br \/>\n &ndash; Izvjestiteljica t. 19. i t. 20.&nbsp; : Marija Pelivan, pro\u010delnica Upravnog odjela za komunalno gospodarstvo i imovinsko- pravne poslove<\/li>\n<li>Prijedlog odluke o dopuni Odluke o osnivanju Vlastitog pogona za obavljanje komunalnih djelatnosti u gradu Ka\u0161tela<br \/>\n &ndash; Izvjestitelj: Ivan \u010cagalj, upravitelj Vlastitog pogona za obavljanje komunalnih djelatnosti u gradu Ka\u0161tela<\/li>\n<\/ol>\n<p>&nbsp;<\/p>\n<p>Predsjednik Gradskog vije\u0107a<\/p>\n<p>Denis Ivanovi\u0107, dipl.ing.<\/p>\n<\/div>\n","protected":false},"featured_media":0,"template":"","meta":{"_acf_changed":true},"kategorija-gradskog-vijeca":[62,59],"class_list":["post-8343","gradsko-vijece","type-gradsko-vijece","status-publish","hentry","kategorija-gradskog-vijeca-mandatno-razdoblje-2013-2017","kategorija-gradskog-vijeca-sjednice-gradskog-vijeca"],"acf":[],"_links":{"self":[{"href":"https:\/\/kastela.hr\/en\/wp-json\/wp\/v2\/gradsko-vijece\/8343","targetHints":{"allow":["GET"]}}],"collection":[{"href":"https:\/\/kastela.hr\/en\/wp-json\/wp\/v2\/gradsko-vijece"}],"about":[{"href":"https:\/\/kastela.hr\/en\/wp-json\/wp\/v2\/types\/gradsko-vijece"}],"wp:attachment":[{"href":"https:\/\/kastela.hr\/en\/wp-json\/wp\/v2\/media?parent=8343"}],"wp:term":[{"taxonomy":"kategorija-gradskog-vijeca","embeddable":true,"href":"https:\/\/kastela.hr\/en\/wp-json\/wp\/v2\/kategorija-gradskog-vijeca?post=8343"}],"curies":[{"name":"wp","href":"https:\/\/api.w.org\/{rel}","templated":true}]}}