{"id":8336,"date":"2015-05-27T07:53:00","date_gmt":"2015-05-27T05:53:00","guid":{"rendered":"https:\/\/kastela.hr\/en\/gradsko-vijece\/15-sjednica-gradskog-vijeca-grada-kastela\/"},"modified":"2024-11-28T15:08:05","modified_gmt":"2024-11-28T14:08:05","slug":"15-sjednica-gradskog-vijeca-grada-kastela","status":"publish","type":"gradsko-vijece","link":"https:\/\/kastela.hr\/en\/gradsko-vijece\/mandatno-razdoblje-2013-2017\/15-sjednica-gradskog-vijeca-grada-kastela\/","title":{"rendered":"15. Sjednica Gradskog vije\u0107a Grada Ka\u0161tela"},"content":{"rendered":"<div class=\"article\">\n<h1>&nbsp;<\/h1>\n<p><strong>&nbsp; &nbsp; &nbsp; &nbsp;<\/strong><\/p>\n<p><strong>&nbsp; &nbsp; &nbsp; &nbsp; &nbsp; REPUBLIKA HRVATSKA<\/strong><br \/>\n<strong>SPLITSKO-DALMATINSKA \u017dUPANIJA<\/strong><br \/>\n<strong>&nbsp;&nbsp;&nbsp;&nbsp;&nbsp;&nbsp;&nbsp;&nbsp;&nbsp;&nbsp;&nbsp;&nbsp;&nbsp;&nbsp;&nbsp;&nbsp; GRAD KA\u0160TELA<\/strong><br \/>\n<strong>&nbsp;&nbsp;&nbsp;&nbsp;&nbsp;&nbsp;&nbsp;&nbsp;&nbsp;&nbsp; G R A D S K O&nbsp; V I J E \u0106E<\/strong><\/p>\n<p>KLASA: 021-05\/15-01\/0004<br \/>\nURBROJ: 2134\/01-01\/3-15-1<br \/>\nKa\u0161tel Su\u0107urac, 21. svibnja 2015. g.<\/p>\n<p>Na temelju \u010dlanka 74. stavak 1. Poslovnika&nbsp; Gradskog vije\u0107a Grada Ka\u0161tela (&ldquo;Slu\u017ebeni&nbsp;glasnik Grada Ka\u0161tela&rdquo;, broj 9\/09, 7\/10, 6\/13 i 13\/14) sazivam<strong>&nbsp;<\/strong><\/p>\n<p><strong>&nbsp; &nbsp; &nbsp; &nbsp; &nbsp; &nbsp; &nbsp; &nbsp; &nbsp; &nbsp; &nbsp; &nbsp; &nbsp; &nbsp; &nbsp; 15. sjednicu Gradskog vije\u0107a Grada Ka\u0161tela<\/strong><br \/>\n<strong>&nbsp;&nbsp;&nbsp;&nbsp; za dan 27. svibnja (srijeda) 2015. g.&nbsp; u 12,00 sati u Gradskoj vije\u0107nici<\/strong><strong>&nbsp; &nbsp; &nbsp; &nbsp; &nbsp; &nbsp; &nbsp; &nbsp; &nbsp; &nbsp;<\/strong><\/p>\n<p><strong>&nbsp;<\/strong>Za sjednicu predla\u017eem sljede\u0107i &nbsp; &nbsp; &nbsp; &nbsp; &nbsp; &nbsp; &nbsp; &nbsp; &nbsp; &nbsp; &nbsp; &nbsp; &nbsp; &nbsp; &nbsp; &nbsp; &nbsp; &nbsp; &nbsp;&nbsp;<strong>&nbsp;&nbsp;&nbsp;&nbsp;&nbsp;&nbsp;&nbsp;&nbsp;&nbsp;<\/strong><\/p>\n<p><strong>&nbsp;&nbsp;&nbsp;&nbsp;&nbsp;&nbsp;&nbsp;&nbsp;&nbsp;&nbsp;&nbsp;&nbsp;&nbsp;&nbsp;&nbsp;&nbsp;&nbsp;&nbsp;&nbsp;&nbsp;&nbsp;&nbsp;&nbsp;&nbsp;&nbsp;&nbsp;&nbsp;&nbsp;&nbsp;&nbsp;&nbsp;&nbsp;&nbsp;&nbsp;&nbsp;&nbsp;&nbsp;&nbsp;&nbsp;&nbsp;&nbsp;&nbsp;&nbsp;&nbsp;&nbsp;&nbsp;&nbsp;&nbsp;&nbsp;&nbsp;&nbsp;&nbsp;&nbsp;&nbsp;&nbsp;&nbsp;&nbsp;&nbsp; <\/strong><strong>&nbsp;<\/strong><strong>D n e v n i&nbsp;&nbsp;&nbsp; r e d<\/strong><strong>&nbsp;<\/strong><\/p>\n<ol>\n<li>Usvajanje Zapisnika sa 14. sjednice Gradskog vije\u0107a<\/li>\n<li>Vije\u0107ni\u010dka pitanja i prijedlozi<\/li>\n<li>Izvje\u0161\u0107e o radu i ostvarenju financijskog plana Muzeja grada Ka\u0161tela za 2014. godinu&nbsp; &nbsp; &nbsp; &nbsp; &nbsp; &nbsp; &nbsp; &nbsp; &nbsp; &nbsp; &nbsp; &nbsp; &nbsp;&nbsp;&nbsp;&ndash; Izvjestitelj: Ivan \u0160uta, ravnatelj Muzeja grada Ka\u0161tela<\/li>\n<\/ol>\n<ol start=\"4\">\n<li>Izvje\u0161\u0107e&nbsp;o radu i izvr\u0161enju financijskog plana Gradske knji\u017enice Ka\u0161tela za 2014. godinu &nbsp; &nbsp; &nbsp; &nbsp; &nbsp; &nbsp; &nbsp; &nbsp; &nbsp; &nbsp; &nbsp;&ndash; Izvjestiteljica: Renata Dobri\u0107, ravnateljica&nbsp; Gradske knji\u017enice Ka\u0161tela<\/li>\n<\/ol>\n<ol start=\"5\">\n<li>Izvje\u0161\u0107e o radu i izvr\u0161enju financijskog plana Dje\u010djeg vrti\u0107a &ldquo;Ka\u0161tela&rdquo; za pedago\u0161ku 2013\/2014. godinu<br \/>\n &ndash; Izvjestiteljica: Ivanka Vu\u010dica, ravnateljica Dje\u010djeg vrti\u0107a &ldquo;Ka\u0161tela&rdquo;<\/li>\n<\/ol>\n<ol start=\"6\">\n<li>Izvje\u0161\u0107e o radu i izvr\u0161enju financijskog plana Javne ustanove \u0160portski objekti Ka\u0161tela za 2014.godinu<br \/>\n &ndash; Izvjestitelj: Ante \u0160i\u0161kov,&nbsp; ravnatelj JU \u0160portski objekti Ka\u0161tela<\/li>\n<\/ol>\n<ol start=\"7\">\n<li>Prijedlog odluke o dono\u0161enju Plana za\u0161tite i spa\u0161avanja i Plana civilne za\u0161tite Grada Ka\u0161tela<br \/>\n &ndash; Izvjestiteljica: Sandra Zoki\u0107, pro\u010delnica Upravnog odjela za dru\u0161tvene djelatnosti i op\u0107e poslove<br \/>\n Plan&nbsp;za\u0161tite i spa\u0161avanja<br \/>\n Plan civilne za\u0161tite<br \/>\n Planovi pozivanja<\/li>\n<\/ol>\n<ol start=\"8\">\n<li>Prijedlog odluke o dopuni Odluke o obra\u010dunu i naplati naknade za razvoj<br \/>\n &ndash; Izvjestiteljica: Marija Pelivan, pro\u010delnica Upravnog odjela za komunalno gospodarstvo i imovinsko pravne poslove<\/li>\n<\/ol>\n<ol start=\"9\">\n<li>Prijedlog zaklju\u010dka o odobravanju sklapanja sudske nagodbe izme\u0111u Grada Ka\u0161tela i Kemokompleksa d.o.o.<br \/>\n &ndash; Izvjestitelj: Jak\u0161a Sokol, vi\u0161i savjetnik za pravne poslove<\/li>\n<\/ol>\n<p><strong>Predsjednik Gradskog vije\u0107a<\/strong><\/p>\n<p>Denis Ivanovi\u0107, dipl. ing. v. r.<\/p>\n<\/div>\n","protected":false},"featured_media":0,"template":"","meta":{"_acf_changed":true},"kategorija-gradskog-vijeca":[62,59],"class_list":["post-8336","gradsko-vijece","type-gradsko-vijece","status-publish","hentry","kategorija-gradskog-vijeca-mandatno-razdoblje-2013-2017","kategorija-gradskog-vijeca-sjednice-gradskog-vijeca"],"acf":[],"_links":{"self":[{"href":"https:\/\/kastela.hr\/en\/wp-json\/wp\/v2\/gradsko-vijece\/8336","targetHints":{"allow":["GET"]}}],"collection":[{"href":"https:\/\/kastela.hr\/en\/wp-json\/wp\/v2\/gradsko-vijece"}],"about":[{"href":"https:\/\/kastela.hr\/en\/wp-json\/wp\/v2\/types\/gradsko-vijece"}],"wp:attachment":[{"href":"https:\/\/kastela.hr\/en\/wp-json\/wp\/v2\/media?parent=8336"}],"wp:term":[{"taxonomy":"kategorija-gradskog-vijeca","embeddable":true,"href":"https:\/\/kastela.hr\/en\/wp-json\/wp\/v2\/kategorija-gradskog-vijeca?post=8336"}],"curies":[{"name":"wp","href":"https:\/\/api.w.org\/{rel}","templated":true}]}}