{"id":8331,"date":"2014-12-08T11:09:00","date_gmt":"2014-12-08T10:09:00","guid":{"rendered":"https:\/\/kastela.hr\/en\/gradsko-vijece\/12-sjednica-gradskog-vijeca-grada-kastela\/"},"modified":"2024-11-28T15:15:17","modified_gmt":"2024-11-28T14:15:17","slug":"12-sjednica-gradskog-vijeca-grada-kastela","status":"publish","type":"gradsko-vijece","link":"https:\/\/kastela.hr\/en\/gradsko-vijece\/mandatno-razdoblje-2013-2017\/12-sjednica-gradskog-vijeca-grada-kastela\/","title":{"rendered":"12. Sjednica Gradskog vije\u0107a Grada Ka\u0161tela"},"content":{"rendered":"<p><b>&nbsp; &nbsp; &nbsp; &nbsp; &nbsp; REPUBLIKA HRVATSKA<\/b><br \/>\n<b>SPLITSKO-DALMATINSKA \u017dUPANIJA<\/b><br \/>\n<b>&nbsp; &nbsp; &nbsp; &nbsp; &nbsp; &nbsp; &nbsp; &nbsp; &nbsp;GRAD KA\u0160TELA<\/b><br \/>\n<b>&nbsp; &nbsp; &nbsp; &nbsp; &nbsp; G R A D S K O&nbsp; V I J E \u0106 E<\/b><\/p>\n<p>KLASA: 021-05\/14-01\/0008<br \/>\nURBROJ: 2134\/01-01\/3-14-1<br \/>\nKa\u0161tel Su\u0107urac, 3. prosinca&nbsp; 2014. g.&nbsp;<b>&nbsp; &nbsp; &nbsp; &nbsp; &nbsp; &nbsp; &nbsp; &nbsp; &nbsp; &nbsp; &nbsp; &nbsp; &nbsp; &nbsp; &nbsp; &nbsp; &nbsp; &nbsp; &nbsp; &nbsp; &nbsp; &nbsp; &nbsp; &nbsp; &nbsp; &nbsp; &nbsp; &nbsp; &nbsp; &nbsp; &nbsp; &nbsp; &nbsp; &nbsp; &nbsp;&nbsp;<\/b><\/p>\n<p>Na temelju \u010dlanka 74. stavak 1. Poslovnika&nbsp; Gradskog vije\u0107a Grada Ka\u0161tela&nbsp;(&ldquo;Slu\u017ebeni&nbsp;&nbsp;glasnik Grada Ka\u0161tela&rdquo;, broj 9\/09, 7\/10, 6\/13 i 13\/14) sazivam<br \/>\n<b>&nbsp;<\/b><\/p>\n<p align=\"center\"><b>12.&nbsp; sjednicu Gradskog vije\u0107a Grada Ka\u0161tela<\/b><br \/>\n<b>&nbsp; &nbsp; &nbsp;za dan 8. prosinca (ponedjeljak) 2014. g. u 11,00 sati u Gradskoj vije\u0107nici<\/b><\/p>\n<p>&nbsp;<\/p>\n<p>Za sjednicu predla\u017eem sljede\u0107i<\/p>\n<p style=\"text-align: center;\"><strong>D n e v n i &nbsp;r e d<\/strong><b>&nbsp;<\/b><\/p>\n<p>&nbsp;<\/p>\n<p>1. Usvajanje Zapisnika sa 11. sjednice Gradskog vije\u0107a<br \/>\n2.&nbsp;Informacija o sigurnosnim uvjetima na podru\u010dju Grada Ka\u0161tela za 2013. i prvih \u0161est mjeseci 2014. g.<br \/>\nIzvjestitelj: Marino Dra\u017ein, na\u010delnik Policijske postaje Ka\u0161tela<br \/>\n3. Vije\u0107ni\u010dka pitanja i prijedlozi<br \/>\n4.&nbsp;Prijedlog odluke o promjeni sjedi\u0161ta Javne ustanove \u0160portski objekti<br \/>\n5.&nbsp;Prijedlog odluke o izmjeni odluke o osnivanju Javne ustanove \u0160portski objekti Ka\u0161tela<br \/>\n6.&nbsp;Prijedlog zaklju\u010dka o davanju suglasnosti na prijedlog izmjena Statuta&nbsp; Javne ustanove \u0160portski&nbsp;objekti<br \/>\nIzvjestitelj t. 4. &ndash; t. 6. Ante \u0160i\u0161kov, ravnatelj JU \u0160portski objekti Ka\u0161tela<br \/>\n7.&nbsp;Izvje\u0161\u0107e o provjeri formalnih&nbsp; uvjeta&nbsp; za izbor \u010dlanova Savjeta mladih Grada Ka\u0161tela i njihovih zamjenika<br \/>\nIzvjestitelj: Mario Duvnjak, predsjednik odbora za izbor i imenovanja<br \/>\n8. Izbor \u010dlanova Savjeta mladih Grada Ka\u0161tela i njihovih zamjenika<br \/>\n9.&nbsp;Prijedlog drugih izmjena i dopuna Prora\u010duna za 2014. godinu<br \/>\nIzvjestiteljica: Matija Marija \u0110iki\u0107, pro\u010delnica Upravnog odjela za prora\u010dun, financije i javnu nabavu<br \/>\n10.&nbsp;Prijedlog&nbsp;izmjena i dopuna programa gradnje objekata i ure\u0111aja komunalne infrastrukture u Gradu&nbsp;Ka\u0161tela za 2014. g.<br \/>\n11.&nbsp;Prijedlog izmjena i dopuna odr\u017eavanja komunalne infrastrukture u&nbsp; Gradu Ka\u0161tela za&nbsp; 2014. godinu<br \/>\nIzvjestitelj t. 10. i t. 11.: Antonio Bartulovi\u0107, privremeni pro\u010delnik Upravnog odjela za komunalno&nbsp;gospodarstvo i imovinsko -pravne poslove<br \/>\n12.&nbsp;Prijedlog programa javnih potreba u socijalnoj skrbi i zdravstvenoj za\u0161titi&nbsp; Grada Ka\u0161tela za 2015.godinu<br \/>\n13.&nbsp;Prijedlog programa javnih potreba u tehni\u010dkoj kulturi Grada Ka\u0161tela za 2015.g.<br \/>\n14.&nbsp;Prijedlog&nbsp; programa javnih potreba u pred\u0161kolskom odgoju Grada Ka\u0161tela za&nbsp; 2015. godinu<br \/>\n15.&nbsp;Prijedlog programa javnih potreba u kulturi Grada Ka\u0161tela za 2015. godinu<br \/>\n16.&nbsp;Prijedlog programa javnih potreba u sportu Grada Ka\u0161tela za 2015. godinu<br \/>\n17. Prijedlog programa financiranja javnih potreba udruga gra\u0111ana Grada Ka\u0161tela za 2015. godinu<br \/>\nIzvjestiteljica t.12. &ndash; t.17.: Sandra Zoki\u0107, pro\u010delnica Upravnog odjela za dru\u0161tvene djelatnosti i op\u0107e&nbsp;poslove<br \/>\n18.&nbsp;Prijedlog programa gradnje objekata i ure\u0111aja komunalne infrastrukture u Gradu Ka\u0161tela za 2015.&nbsp;godinu<br \/>\n19.&nbsp;Prijedlog programa odr\u017eavanja komunalne infrastrukture u Gradu Ka\u0161tela za&nbsp; 2015. godinu<br \/>\nIzvjestitelj t. 18. i t. 19.: Antonio Bartulovi\u0107, privremeni pro\u010delnik Upravnog odjela za komunalno&nbsp;gospodarstvo i imovinsko -pravne poslove<br \/>\n20.&nbsp;Prijedlog odluke o raspore\u0111ivanju sredstava za financiranje politi\u010dkih stranaka i \u010dlanova izabranih s liste&nbsp;grupe bira\u010da za 2015. godinu.<br \/>\nIzvjestiteljica: Sanda Jakus, pro\u010delnica Upravnog odjela za poslove gradona\u010delnika i Gradskog vije\u0107a<br \/>\n21. Prijedlog Prora\u010duna Grada Ka\u0161tela za 2015. g.&nbsp; i projekcije za 2016. i 2017. g.<br \/>\n22.&nbsp;Prijedlog odluke o izvr\u0161avanju Prora\u010duna Grada Ka\u0161tela za 2015. godinu&nbsp;&nbsp; &nbsp; &nbsp; Izvjestiteljica t. 21. i t. 22.: Matija Marija \u0110iki\u0107, pro\u010delnica Upravnog odjela za prora\u010dun, financije i&nbsp;javnu&nbsp; nabavu<br \/>\n23.&nbsp;Prijedlog odluke o izmjenama i dopunama Odluke o obavljanju komunalnih djelatnosti na temelju pisanog ugovora<br \/>\nIzvjestitelj: Ivan \u010cagalj, upravitelj Vlastitog pogona<br \/>\n24.&nbsp;Prijedlog odluke o povjeravanju komunalnih djelatnosti iz djelokruga poslova Vlastitog pogona Grada Ka\u0161tela za koje isti nemaju potrebnu opremu<br \/>\nIzvjestitelj: Mili Novak, predsjednik Povjerenstva za provedbu javnog natje\u010daja za povjeravanje&nbsp;komunalnih djelatnosti iz djelokruga poslova Vlastitog pogona Grada Ka\u0161tela za koje isti nema potrebnu&nbsp;opremu<br \/>\n25.&nbsp;Prijedlog zaklju\u010dka o davanju suglasnosti za sklapanje Ugovora o izgradnji komunalne infrastrukture i&nbsp;prihva\u0107anju teksta ugovora<br \/>\nIzvjestitelj : Antonio Bartulovi\u0107, privremeni pro\u010delnik Upravnog odjela za komunalno &nbsp;gospodarstvo i&nbsp;imovinsko -pravne poslove<br \/>\n26.&nbsp;Prijedlog odluke o izmjenama i dopunama Odluke o osnivanju Kulturnog vije\u0107a Grada Ka\u0161tela<br \/>\n27.&nbsp;Prijedlog odluke o jednokratnoj nov\u010danoj pomo\u0107i za roditelje poginulih branitelja Domovinskog rata&nbsp;povodom Bo\u017ei\u0107a<br \/>\n28.&nbsp;Prijedlog odluke o jednokratnoj nov\u010danoj pomo\u0107i za umirovljenike povodom Bo\u017ei\u0107a<br \/>\nIzvjestiteljica t. 26. &ndash; t. 28.: Sandra Zoki\u0107, pro\u010delnica Upravnog odjela za dru\u0161tvene djelatnosti i op\u0107e&nbsp;poslove<br \/>\n29.&nbsp;Prijedlog izmjena i dopuna Plana gospodarenja otpadom Grada Ka\u0161tela<br \/>\nIzvjestitelj: Antonio Bartulovi\u0107, privremeni pro\u010delnik Upravnog odjela za komunalno gospodarstvo i&nbsp;imovinsko -pravne poslove<br \/>\n30. Prijedlog sporazuma o zaklju\u010denju nagodbe s Institutom za jadranske kulture<br \/>\nIzvjestitelj: Jak\u0161a Sokol, vi\u0161i savjetnik za pravne poslove<\/p>\n<p style=\"text-align: right;\"><b>Predsjednik Gradskog vije\u0107a<\/b><br \/>\nDenis Ivanovi\u0107, dipl. ing. v. r.<\/p>\n","protected":false},"featured_media":0,"template":"","meta":{"_acf_changed":true},"kategorija-gradskog-vijeca":[62,59],"class_list":["post-8331","gradsko-vijece","type-gradsko-vijece","status-publish","hentry","kategorija-gradskog-vijeca-mandatno-razdoblje-2013-2017","kategorija-gradskog-vijeca-sjednice-gradskog-vijeca"],"acf":[],"_links":{"self":[{"href":"https:\/\/kastela.hr\/en\/wp-json\/wp\/v2\/gradsko-vijece\/8331","targetHints":{"allow":["GET"]}}],"collection":[{"href":"https:\/\/kastela.hr\/en\/wp-json\/wp\/v2\/gradsko-vijece"}],"about":[{"href":"https:\/\/kastela.hr\/en\/wp-json\/wp\/v2\/types\/gradsko-vijece"}],"wp:attachment":[{"href":"https:\/\/kastela.hr\/en\/wp-json\/wp\/v2\/media?parent=8331"}],"wp:term":[{"taxonomy":"kategorija-gradskog-vijeca","embeddable":true,"href":"https:\/\/kastela.hr\/en\/wp-json\/wp\/v2\/kategorija-gradskog-vijeca?post=8331"}],"curies":[{"name":"wp","href":"https:\/\/api.w.org\/{rel}","templated":true}]}}