{"id":8327,"date":"2014-06-02T09:35:00","date_gmt":"2014-06-02T07:35:00","guid":{"rendered":"https:\/\/kastela.hr\/en\/gradsko-vijece\/9-sjednica-gradskog-vijeca-grada-kastela\/"},"modified":"2024-11-28T15:21:22","modified_gmt":"2024-11-28T14:21:22","slug":"9-sjednica-gradskog-vijeca-grada-kastela","status":"publish","type":"gradsko-vijece","link":"https:\/\/kastela.hr\/en\/gradsko-vijece\/mandatno-razdoblje-2013-2017\/9-sjednica-gradskog-vijeca-grada-kastela\/","title":{"rendered":"9. Sjednica Gradskog vije\u0107a Grada Ka\u0161tela"},"content":{"rendered":"<p>REPUBLIKA HRVATSKA&nbsp;<br \/>\n<strong>SPLITSKO-DALMATINSKA \u017dUPANIJA<\/strong><br \/>\n<strong>GRAD KA\u0160TELA<\/strong><br \/>\n<strong>G R A D S K O &nbsp;V I J E \u0106 E<\/strong><\/p>\n<p>&nbsp;<\/p>\n<p>KLASA: 021-05\/14-01\/0004<br \/>\n<span style=\"color: #000000;\">URBROJ: <\/span><span style=\"color: #000000;\">2134\/01-01\/3-14-1<\/span><br \/>\n<span style=\"color: #000000;\">K. Su\u0107urac&nbsp;<\/span><\/p>\n<p><span style=\"color: #000000;\"><span>Na temelju \u010dlanka 74. stavak 1. Poslovnika Gradskog vije\u0107a Grada Ka\u0161tela (&ldquo;Slu\u017ebeni glasnik Grada Ka\u0161tela&rdquo;, broj 9\/09, 7\/10 i 6\/13) sazivam<\/span><\/span><\/p>\n<p lang=\"hr-HR\" style=\"text-align: center;\"><span style=\"color: #000000;\"><span style=\"font-family: Verdana, sans-serif;\"><span><b>9. sjednicu Gradskog vije\u0107a Grada Ka\u0161tela<\/b><\/span><\/span><\/span><br \/>\n<span><span style=\"font-family: Verdana, sans-serif;\"><span style=\"color: #000000;\"><b>za dan 2. lipnja (ponedjeljak) 2014. g. u<\/b><\/span><span style=\"color: #000000;\">&nbsp;<\/span><span style=\"color: #000000;\"><b>12,00 sati<\/b><\/span><span style=\"color: #000000;\">&nbsp;<\/span><span style=\"color: #000000;\"><b>u Gradskoj vije\u0107nici&nbsp;<\/b><\/span><\/span><\/span><\/p>\n<p lang=\"hr-HR\" style=\"text-align: left;\">Za sjednicu predla\u017eem sljede\u0107i<\/p>\n<p lang=\"hr-HR\" style=\"text-align: center;\"><strong>D n e v n i &nbsp; r e d<\/strong><\/p>\n<p align=\"JUSTIFY\">1.&nbsp;Usvajanje Zapisnika sa 8. sjednice Gradskog vije\u0107a<br \/>\n2.&nbsp;Vije\u0107ni\u010dka pitanja i prijedlozi<\/p>\n<p>3.&nbsp;Financijsko izvje\u0161\u0107e Zajednice \u0161portskih udruga Ka\u0161tela za 2013. godinu<br \/>\nIzvjestitelj: Mirko Par\u010dina, predsjednik Zajednice \u0161portskih udruga Ka\u0161tela<br \/>\nPrijedlog zaklju\u010dka i izvje\u0161\u0107e<\/p>\n<p>4. Izvje\u0161\u0107e o radu i izvr\u0161enju financijskog plana Muzeja grada Ka\u0161tela za 2013. godinu<br \/>\nIzvjestiteljica: Ankica Babin, ravnateljica Muzeja grada Ka\u0161tela<br \/>\nPrijedlog zaklju\u010dka i izvje\u0161\u0107e<\/p>\n<p>5. Izvje\u0161\u0107e o radu i izvr\u0161enju financijskog plana Gradske knji\u017enice Ka\u0161tela za 2013. g.<br \/>\nIzvjestiteljica: Renata Dobri\u0107, ravnateljica Gradske knji\u017enice Ka\u0161tela<br \/>\nPrijedlog zaklju\u010dka i izvje\u0161\u0107e<\/p>\n<p>6. Izvje\u0161\u0107e o radu i izvr\u0161enju financijskog plana Dje\u010djeg vrti\u0107a &ldquo;Ka\u0161tela&rdquo; za pedago\u0161ku godinu&nbsp;2012\/2013. godinu<br \/>\nIzvjestiteljica: Ivanka Vu\u010dica , ravnateljica Dje\u010djeg vrti\u0107a &ldquo;Ka\u0161tela&rdquo;<br \/>\nPrijedlog zaklju\u010dka i izvje\u0161\u0107e<\/p>\n<p>7. Izvje\u0161\u0107e o radu Javne ustanove &ldquo;\u0160portski objekti Ka\u0161tela&rdquo; za 2013. godinu<br \/>\nIzvjestitelj: Ante \u0160i\u0161kov, ravnatelj JU \u0160portski objekti Ka\u0161tela<br \/>\nPrijedlog zaklju\u010dka i izvje\u0161\u0107e<\/p>\n<p>8. Izvje\u0161\u0107e o izvr\u0161enju Programa javnih potreba u socijalnoj skrbi i zdravstvenoj za\u0161titi Grada&nbsp;Ka\u0161tela za 2013. godinu<br \/>\nPrijedlog zaklju\u010dka i izvje\u0161\u0107e<br \/>\n9. Izvje\u0161\u0107e o izvr\u0161enju Program javnih potreba pred\u0161kolskom odgoju Grada Ka\u0161tela za&nbsp;2013. godinu<br \/>\nPrijedlog zaklju\u010dka i izvje\u0161\u0107e<\/p>\n<p>10. Izvje\u0161\u0107e o izvr\u0161enju program javnih potreba u kulturi i tehni\u010dkoj kulturi grada Ka\u0161tela za 2013.g.<br \/>\nPrijedlog zaklju\u010dka i izvje\u0161\u0107e<\/p>\n<p>11. Izvje\u0161\u0107e o izvr\u0161enju Program javnih potreba u sportu grada Ka\u0161tela za 2013. godinu<br \/>\nIzvjestiteljica t.8. do t. 11. : Sandra Zoki\u0107, pro\u010delnica Upravnog odjela za dru\u0161tvene djelatnosti i&nbsp;op\u0107e poslove<br \/>\nPrijedlog zaklju\u010dka i izvje\u0161\u0107e<\/p>\n<p>12.&nbsp;Prijedlog odluke o stavljanju izvan snage Odluke o dono\u0161enju odluke o dono\u0161enju Detaljnog&nbsp;plana ure\u0111enja dijela zone Radun 1<br \/>\nPrijedlog odluke<\/p>\n<p>13. Prijedlog odluke o stavljanju izvan sange Odluke o dono\u0161enju odluke o dono\u0161enju Plana ure\u0111enja manjeg naselja &ldquo;Rudine&rdquo; Izvjestitelj t. 12. i t. 13 : Boris \u0160kara, privremeni pro\u010delnik Upravnog odjela za prostorno ure\u0111enje, gradnju i za\u0161titu okoli\u0161a<br \/>\nPrijedlog odluke<\/p>\n<p>14. Prijedlog odluke o sudjelovanju u osnivanju lokacijske akcijske grupe &ldquo;Jadro&rdquo;<br \/>\nIzvjestitelj: Mili Novak, zamjenik Gradona\u010delnika<br \/>\nPrijedlog odluke<\/p>\n<p>15.&nbsp;Prijedlog odluke o dodjeli na kori\u0161tenje javnih povr\u0161ina<br \/>\nPrijedlog odluke<\/p>\n<p>16. Prijedlog odluke o izmjeni i dopuni Odluke o komunalnom redu<br \/>\nIzvjestitelj t. 15. i t. 16.: Antonio Bartulovi\u0107, privremeni pro\u010delnik Upravnog odjela za<br \/>\nkomunalno gospodarstvo i imovinsko -pravne poslove<br \/>\n17. Prijedlog odluke o dopuni Odluke o komunalnim djelatnostima lokalnog zna\u010daja<br \/>\nZaklju\u010dak i prijedlog odluke<\/p>\n<p>18.&nbsp;Prijedlog odluke&nbsp;o izmjenama Odluke o organizaciji parkiranja<br \/>\nZaklju\u010dak i Prijedlog odluke<\/p>\n<p>19.&nbsp;Prijedlog odluke o izmjeni Odluke o osnivanju Vlastitog pogona za obavljanje komunalnih&nbsp;djelatnosti u gradu Ka\u0161tela<br \/>\nZaklju\u010dak i prijedlog odluke<\/p>\n<p>Izvjestitelj t.17.do t. 19.: Ivan \u010cagalj, privremeni upravitelj Vlastitog pogona<br \/>\n20. Prijedlog I. izmjena i dopuna Prora\u010duna Grada za 2014. g. sa projekcijama za 2015. i 2016. g, i Plan razvojnih programa<br \/>\nIzvjestitelj: An\u0111elko Drnasin, privremeni pro\u010delnik Upravnog odjela za financije, prora\u010dun i&nbsp;javnu nabavu<br \/>\nZaklju\u010dak i prijedlog I. izmjena i dopuna Prora\u010duna Grada za 2014. g.<\/p>\n<p>21. Prijedlog zaklju\u010dka o odricanju prava prvokupa kulturnog dobra &ndash; stambena gra\u0111evina na kat.\u010des.3188 ZU K.O. K. \u0160tafili\u0107<br \/>\nPrijedlog zaklju\u010dka<\/p>\n<p>22. Prijedlog zaklju\u010dka o odricanju prava prvokupa kulturnog dobra &ndash; stambena gra\u0111evina na kat \u010dest.3015 ZU 2734 i kat. \u010dest. 3016 ZU 2735 K.O. K. \u0160tafili\u0107<br \/>\nPrijedlog zaklju\u010dka<\/p>\n<p>23.&nbsp;Prijedlog zaklju\u010dka o odricanju prava prvokupa kulturnog dobra -suvlasni\u010dki dio stambene gra\u0111evine na kat. \u010dest. 20 ZU 3611 i kat. \u010dest. 1813\/2 ZU 4713 K:O K. Stari<br \/>\nIzvjestiteljica t.21. do t.23.: Sandra Zoki\u0107, pro\u010delnica Upravnog odjela za dru\u0161tvene djelatnosti i&nbsp;op\u0107e poslove<br \/>\n24. Prijedlog rje\u0161enja o izmjeni Rje\u0161enja o odre\u0111ivanju imena ulica i trgova na podru\u010dju naselja Ka\u0161tel Stari<br \/>\nizvjestitelj: Bo\u0161ko D\u017eoli\u0107, predsjednik Komisije za imena ulica i trgova i za spomenike<br \/>\nZaklju\u010dak i Prijedlog rje\u0161enja<\/p>\n<p>25.&nbsp;Prijedlog odluke o izmjeni Odluke o osnivanju i imenovanju \u010dlanova Povjerenstva za procjenu&nbsp;\u0161teta od&nbsp;elementarnih nepogoda<br \/>\nZaklju\u010dak i Prijedlog odluke<\/p>\n<p>26. Prijedlog odluke o izboru \u010dlanova Savjeta mladih<br \/>\nIzvjestitelj t. 25. i t. 26.: Mario Duvnjak, predsjednik Odbora za izbor i imenovanja<br \/>\nZaklju\u010dak i Prijedlog odluke<\/p>\n<p align=\"JUSTIFY\" style=\"text-align: right;\">Predsjednik Gradskog vije\u0107a<br \/>\nDenis Ivanovi\u0107, dipl.ing. v.r.<\/p>\n<p align=\"JUSTIFY\">&nbsp;<\/p>\n","protected":false},"featured_media":0,"template":"","meta":{"_acf_changed":true},"kategorija-gradskog-vijeca":[62,59],"class_list":["post-8327","gradsko-vijece","type-gradsko-vijece","status-publish","hentry","kategorija-gradskog-vijeca-mandatno-razdoblje-2013-2017","kategorija-gradskog-vijeca-sjednice-gradskog-vijeca"],"acf":[],"_links":{"self":[{"href":"https:\/\/kastela.hr\/en\/wp-json\/wp\/v2\/gradsko-vijece\/8327","targetHints":{"allow":["GET"]}}],"collection":[{"href":"https:\/\/kastela.hr\/en\/wp-json\/wp\/v2\/gradsko-vijece"}],"about":[{"href":"https:\/\/kastela.hr\/en\/wp-json\/wp\/v2\/types\/gradsko-vijece"}],"wp:attachment":[{"href":"https:\/\/kastela.hr\/en\/wp-json\/wp\/v2\/media?parent=8327"}],"wp:term":[{"taxonomy":"kategorija-gradskog-vijeca","embeddable":true,"href":"https:\/\/kastela.hr\/en\/wp-json\/wp\/v2\/kategorija-gradskog-vijeca?post=8327"}],"curies":[{"name":"wp","href":"https:\/\/api.w.org\/{rel}","templated":true}]}}